{"id":70,"date":"2014-07-04T22:52:46","date_gmt":"2014-07-05T03:52:46","guid":{"rendered":"http:\/\/posletrasufac.com\/?page_id=70"},"modified":"2021-10-31T19:58:30","modified_gmt":"2021-11-01T00:58:30","slug":"dissertacoes","status":"publish","type":"page","link":"https:\/\/posletrasufac.com\/es\/dissertacoes\/","title":{"rendered":"Banco de disserta\u00e7\u00f5es e teses"},"content":{"rendered":"<div id=\"WRchTxt1d-14rw\" class=\"wysiwyg_viewer_skins_WRichTextNewSkintxtNew\">\n<h1 class=\"font_0\">Turma 2006<\/h1>\n<p class=\"font_8\">Adriana Delgado Santelli<\/p>\n<p class=\"font_8\"><a href=\"https:\/\/docs.google.com\/open?id=0B7JFZNJF-Pw0MDA1YTYwMTUtMzY0Ni00ZDgyLTgyOTEtYjAwZDVkMDFlMjdk\" target=\"_blank\" rel=\"noopener noreferrer\">Teatro das Cores: Verde Vagomundo e as Novas Propostas Est\u00e9ticas do Romance Amaz\u00f4nico<\/a><\/p>\n<p class=\"font_8\">Aelissandra Ferreira da Silva<\/p>\n<p class=\"font_8\"><a href=\"https:\/\/docs.google.com\/open?id=0B7JFZNJF-Pw0MzNkNzJlNjktYjRlOC00MTE2LTgxMGUtN2RiNzE5MDRhOTBk\" target=\"_blank\" rel=\"noopener noreferrer\">Discurso da\/na Pr\u00e1tica Docente do 8\u00b0 Ano do Ensino M\u00e9dio<\/a><\/p>\n<p class=\"font_8\">Carlos Andr\u00e9 Alexandre de Melo<\/p>\n<p class=\"font_8\"><a href=\"https:\/\/docs.google.com\/open?id=0B7JFZNJF-Pw0NmU2MDgxNmYtZGRhZC00MDRlLWFiZGQtODJhZjJmYjc5YzZk\" target=\"_blank\" rel=\"noopener noreferrer\">Universo Carnavalizado em \u201cA Vingan\u00e7a do Carapan\u00e3 At\u00f4mico\u201d Pe\u00e7a Teatral de Ediney Azancoth<\/a><\/p>\n<p class=\"font_8\">Eduardo de Ara\u00fajo Carneiro<\/p>\n<p class=\"font_8\"><a href=\"https:\/\/docs.google.com\/open?id=0B7JFZNJF-Pw0ZWFmZWNmNGEtYWFkNi00YzQxLWE2MDYtMjI3OTdhMGMzZmVm\" target=\"_blank\" rel=\"noopener noreferrer\">O Discurso Fundador do Acre: Hero\u00edsmo e Patriotismo no Ultimo Oeste<\/a><\/p>\n<p class=\"font_8\">Eliomar Rodrigues da Rocha<\/p>\n<p class=\"font_8\"><a href=\"https:\/\/docs.google.com\/open?id=0B7JFZNJF-Pw0NTdhMWU3ZWMtYmUzZi00YWZhLTkzZjAtZDI5YmYxMDk3ODU0\" target=\"_blank\" rel=\"noopener noreferrer\">Microf\u00edsicas do Imperialismo. A Amaz\u00f4nia da D\u00e9cada de 80 em Quatro Relatos de Viagem<\/a><\/p>\n<p class=\"font_8\">Franciele Maria Modesto Mendes<\/p>\n<p class=\"font_8\"><a href=\"https:\/\/docs.google.com\/open?id=0B7JFZNJF-Pw0MzZhMjYyMDYtM2Y4MS00MWZmLWExOGMtZDdiMDc3MzNjZTQ2\" target=\"_blank\" rel=\"noopener noreferrer\">Identidades H\u00edbridas: O Lugar das Personagens Ficcionais na Obra Coronel de Barranco<\/a><\/p>\n<p class=\"font_8\">Francisca Eleni Silva de Melo<\/p>\n<p class=\"font_8\"><a href=\"https:\/\/docs.google.com\/open?id=0B7JFZNJF-Pw0MWJiZDBlNjItY2MzMy00ODM4LThlODUtMzAxMGM0YWJkNzFl\" target=\"_blank\" rel=\"noopener noreferrer\">A despalatiza\u00e7\u00e3o dos fonemas \/lh\/ e \/nh\/\u00a0 na fala\u00a0 urbana de Rio Branco \u2013 AC<\/a><\/p>\n<p class=\"font_8\">Gl\u00f3ria Maria Gomes da Silva<\/p>\n<p class=\"font_8\"><a href=\"https:\/\/docs.google.com\/open?id=0B7JFZNJF-Pw0ZmY4ZTg4ODYtY2I4YS00ZmZmLWE5ZDYtZDg3ODY0ZTU3ODhj\" target=\"_blank\" rel=\"noopener noreferrer\">A M\u00e3o e a Pena: representa\u00e7\u00f5es sobre a condi\u00e7\u00e3o feminina na cidade de Rio Branco<\/a><\/p>\n<p class=\"font_8\">Iza Reis Gomes<\/p>\n<p class=\"font_8\"><a href=\"https:\/\/docs.google.com\/open?id=0B7JFZNJF-Pw0OGU2Mjk2MDEtODJmNC00MTc4LTkyMjAtZWM3ZmI0MjE2MmZj\" target=\"_blank\" rel=\"noopener noreferrer\">Ana \u2013 Uma \u00cdndia\u00a0 Nau\u00e1 na Fronteira de sua Constru\u00e7\u00e3o Identit\u00e1ria<\/a><\/p>\n<p class=\"font_8\">Jairo Ant\u00f4nio Marques Nogueira<\/p>\n<p class=\"font_8\"><a href=\"https:\/\/docs.google.com\/open?id=0B7JFZNJF-Pw0Y2I4MWE5MjUtODA1Ni00Y2IyLTgwYjYtMzUzNGQzZGE3NDE5\" target=\"_blank\" rel=\"noopener noreferrer\">A Pr\u00e1tica da Alfabetiza\u00e7\u00e3o e Letramento do Professor na S\u00e9rie Inicial do Ensino Fundamental<\/a><\/p>\n<p class=\"font_8\">Kelen Gleysse Maia Andrade Dantas<\/p>\n<p class=\"font_8\"><a href=\"https:\/\/docs.google.com\/open?id=0B7JFZNJF-Pw0MTViYWU5ZDEtNDRlMy00NjU1LWE4Y2MtNGYwYWNjNTcwMGUy\" target=\"_blank\" rel=\"noopener noreferrer\">Nas Fronteiras da \u201cTerra Prometida\u201d: Trajet\u00f3rias de Trabalhadores Rurais do Alto Acr<\/a>e<\/p>\n<p class=\"font_8\">Maria Alzenir Alves Rabelo Mendes<\/p>\n<p class=\"font_8\"><a href=\"https:\/\/docs.google.com\/open?id=0B7JFZNJF-Pw0Nzg4ODU1N2QtNzBkNy00MGZlLTg2MzEtNzVlZTkzMTczYzZj\" target=\"_blank\" rel=\"noopener noreferrer\">Marcas da mem\u00f3ria cultural nas cr\u00f4nicas jornal\u00edsticas de Xapuri \u2013 1907 a 1971<\/a><\/p>\n<p class=\"font_8\">Maria Iracilda Gomes Cavalcante Bonif\u00e1cio<\/p>\n<p class=\"font_8\"><a href=\"https:\/\/docs.google.com\/open?id=0B7JFZNJF-Pw0ZTIwOGQzM2ItOTcxZS00ZmFlLTgyY2ItOGVjYjJhNGYwMzFm\" target=\"_blank\" rel=\"noopener noreferrer\">O Discurso nas Redes do Poder: As vozes sociais nos editoriais dos jornais \u201cO Rio Branco\u201d e \u201cVaradouro\u201d (1977 \u2013 1981)<\/a><\/p>\n<p class=\"font_8\">Nayra Claudinne Guedes Menezes Colombo<\/p>\n<p class=\"font_8\"><a href=\"https:\/\/docs.google.com\/open?id=0B7JFZNJF-Pw0ZjJmMTdhOTItYTRjMy00Nzg0LTgyNzctMWJhNGYwODMxNjZj\" target=\"_blank\" rel=\"noopener noreferrer\">Corpos negros x falas brancas: as representa\u00e7\u00f5es do negro na literatura de express\u00e3o amaz\u00f4nica<\/a><\/p>\n<p class=\"font_8\">Queila Barbosa Lopes<\/p>\n<p class=\"font_8\"><a href=\"https:\/\/docs.google.com\/open?id=0B7JFZNJF-Pw0Mjk3MDIxMmEtMDJmYi00YzU2LWFkMjMtY2EyZGFiODY2MDdl\" target=\"_blank\" rel=\"noopener noreferrer\">Anglicismos e Acreanidade<\/a><\/p>\n<p class=\"font_8\">Regin\u00e2mio Bonif\u00e1cio de Lima<\/p>\n<p class=\"font_8\"><a href=\"https:\/\/docs.google.com\/open?id=0B7JFZNJF-Pw0MWE2MTdiNTItMWU0ZS00NjllLTlhNmMtYzdiZjc1NWRhNDIw\" target=\"_blank\" rel=\"noopener noreferrer\">Mem\u00f3rias de Velhos no Terceiro Eixo Ocupacional de Rio Branco<\/a><\/p>\n<p class=\"font_8\">Sergio da Silva Santos<\/p>\n<p class=\"font_8\"><a href=\"https:\/\/docs.google.com\/open?id=0B7JFZNJF-Pw0NTUyNzJhYWYtZjVkYi00NDNmLWFlZDEtZWE2ZjBiZTFiZjZi\" target=\"_blank\" rel=\"noopener noreferrer\">A Varia\u00e7\u00e3o Ling\u00fc\u00edstica nos Jornais Escritos de Rio Branco<\/a><\/p>\n<p class=\"font_8\">Simone Rosely Torres Pessoa<\/p>\n<p class=\"font_8\"><a href=\"https:\/\/docs.google.com\/open?id=0B7JFZNJF-Pw0MTc5OWFhYTUtOGVmMy00ODMzLWI0OWYtZWM2YjA3Y2MyMjM0\" target=\"_blank\" rel=\"noopener noreferrer\">O Signo Po\u00e9tico na Poesia de Henrique Silvestre: Significa\u00e7\u00e3o, Sonoridade e Visualidade<\/a><\/p>\n<p class=\"font_8\">Tatiane Castro dos Santos<\/p>\n<p class=\"font_8\"><a href=\"https:\/\/docs.google.com\/open?id=0B7JFZNJF-Pw0NWQyNmUxMGMtYzZlNC00YmI3LWI5Y2UtMWI5MjI4N2Y5ODNl\" target=\"_blank\" rel=\"noopener noreferrer\">Leitura na 4\u00aa S\u00e9rie: Discursos, Pr\u00e1ticas e Contribui\u00e7\u00f5es para o Letramento<\/a><\/p>\n<p class=\"font_8\">Vera L\u00facia de Magalh\u00e3es Bambirra<\/p>\n<p class=\"font_8\"><a href=\"https:\/\/docs.google.com\/open?id=0B7JFZNJF-Pw0ZTQwZDMyZDgtMGUzYy00M2Y2LTk5M2YtZWQzNDgwZGJiNzcy\" target=\"_blank\" rel=\"noopener noreferrer\">As Fronteiras do Imagin\u00e1rio de Conquista: As Vozes de Ocupa\u00e7\u00e3o na Literatura de Express\u00e3o Amaz\u00f4nica em Makaloba<\/a><\/p>\n<\/div>\n<div id=\"WRchTxt1f-z63\" class=\"wysiwyg_viewer_skins_WRichTextNewSkintxtNew\">\n<h1 class=\"font_0\">Turma 2007<\/h1>\n<\/div>\n<div id=\"WRchTxt1g-10u\" class=\"wysiwyg_viewer_skins_WRichTextNewSkintxtNew\">\n<p class=\"font_8\">Amilton Jos\u00e9 Freire de Queiroz<\/p>\n<p class=\"font_8\"><a href=\"https:\/\/docs.google.com\/open?id=0B7JFZNJF-Pw0MGMwZjA2ZWUtOWQwYS00NzY1LTgwMTYtODBlYzljM2EyYzRi\" target=\"_blank\" rel=\"noopener noreferrer\">Narrativas em Tr\u00e2nsito: Literatura, Fronteiras e L\u00edngua (GENS) do Alto Amazonas no Romance Sim\u00e1<\/a><\/p>\n<p class=\"font_8\">Cleide Vilanova Hanisch<\/p>\n<p class=\"font_8\"><a href=\"https:\/\/docs.google.com\/open?id=0B7JFZNJF-Pw0MzJjM2MwOGUtZTFjYS00ZDJiLTliZmEtM2FhNDQwYjM1YjNi\" target=\"_blank\" rel=\"noopener noreferrer\">As Marcas da Oralidade nas Produ\u00e7\u00f5es Escritas dos Alunos da Escola de Ensino M\u00e9dio Dom Henrique Ruth<\/a><\/p>\n<p class=\"font_8\">Girlane Souza de Avilar<\/p>\n<p class=\"font_8\"><a href=\"https:\/\/docs.google.com\/open?id=0B7JFZNJF-Pw0NTBjNDE4YWMtMzcxMi00YzJjLThjZmQtN2Q0YTE4NzVhY2Ez\" target=\"_blank\" rel=\"noopener noreferrer\">Imagens do Lirismo nas Poesias de Mario de Oliveira e Romeu Barbosa Jobim<\/a><\/p>\n<p class=\"font_8\">Grassinete Carioca de Albuquerque Oliveira<\/p>\n<p class=\"font_8\"><a href=\"https:\/\/docs.google.com\/open?id=0B7JFZNJF-Pw0Zjg0NDgxNDMtMTgxMC00ZGI2LThkOGQtOWEwNDAzYWJhN2Iw\" target=\"_blank\" rel=\"noopener noreferrer\">A Constru\u00e7\u00e3o da Produ\u00e7\u00e3o Escrita do G\u00eanero Resenha por Alunos do 1\u00b0 Per\u00edodo da Gradua\u00e7\u00e3o do Curso de Hist\u00f3ria<\/a><\/p>\n<p class=\"font_8\">Italva Miranda da Silva<\/p>\n<p class=\"font_8\"><a href=\"https:\/\/docs.google.com\/open?id=0B7JFZNJF-Pw0NTgzNGE5NDctNTMzYS00NjYzLWI3NGUtMDcxNjJhOWI1N2Fi\" target=\"_blank\" rel=\"noopener noreferrer\">Terreiros de Candombl\u00e9 na Amaz\u00f4nia: lutas e solidariedades na constru\u00e7\u00e3o de territ\u00f3rios e identidades<\/a><\/p>\n<p>Kelce Nayra Guedes Menezes Paes<\/p>\n<p class=\"font_8\"><a href=\"https:\/\/docs.google.com\/open?id=0B7JFZNJF-Pw0ZTRlNjIyY2MtYmQwNi00YjA5LWIyMmEtZDFhOTAxNjY5ZDli\" target=\"_blank\" rel=\"noopener noreferrer\">O Processo de Autoria em Textos Escritos por Alunos do Curso de Direito<\/a><\/p>\n<p class=\"font_8\">Manoel Est\u00e9bio Cavalcante da Cunha<\/p>\n<p class=\"font_8\"><a href=\"https:\/\/docs.google.com\/open?id=0B7JFZNJF-Pw0NzFmM2JjNTAtYjcxNS00OGNkLWJhMGMtYmYwOGFkNGU0NGUz\" target=\"_blank\" rel=\"noopener noreferrer\">O Acre e a Educa\u00e7\u00e3o Escolar Ind\u00edgena Intercultural, Diferenciada e Bil\u00edng\u00fce<\/a><\/p>\n<p class=\"font_8\">Osvaldo Barreto Oliveira Junior<\/p>\n<p class=\"font_8\"><a href=\"https:\/\/docs.google.com\/open?id=0B7JFZNJF-Pw0ODUyNTM0YzktZjY5Ni00NzZkLWI4MDAtMzgzN2I0YjNjZWIz\" target=\"_blank\" rel=\"noopener noreferrer\">Pr\u00e1ticas de Oralidade, Leitura e Escrita no Com\u00e9rcio Popular do Centro da Cidade de Rio Branco \u2013 AC<\/a><\/p>\n<p class=\"font_8\">Raimundo Ibernon Chaves da Silva<\/p>\n<p class=\"font_8\"><a href=\"https:\/\/docs.google.com\/open?id=0B7JFZNJF-Pw0ZDZiNTc5NzItNmIwMS00ODkwLWJlNTEtMmI1NTU2OGU5Y2Jj\" target=\"_blank\" rel=\"noopener noreferrer\">Chico Mendes e a inven\u00e7\u00e3o do Acre comtepor\u00e2neo: Imagens e confrontos em Alex Shoumatoff, Marcio Souza e Zuenir Ventura<\/a><\/p>\n<p class=\"font_8\">Rossemildo da Silva Santos<\/p>\n<p class=\"font_8\"><a href=\"https:\/\/docs.google.com\/open?id=0B7JFZNJF-Pw0NjIwMmJjOWUtODY0Zi00MzE5LThlYTctYmU3YWRlNWFjMDg1\" target=\"_blank\" rel=\"noopener noreferrer\">Poesia de Fronteira: Resist\u00eancia e Movimento na Po\u00e9tica Amaz\u00f4nia de Carmen Elsy Alpire, Francis Mary, Javier D\u00e1vila Durand e Thiago de Melo<\/a><\/p>\n<\/div>\n<div id=\"FvGrdLn9-2tz\" class=\"wysiwyg_viewer_skins_line_DoubleLinehl3\">\u00a0<\/div>\n<div id=\"WRchTxt1j-k2c\" class=\"wysiwyg_viewer_skins_WRichTextNewSkintxtNew\">\n<h1 class=\"font_0\">Turma 2008<\/h1>\n<\/div>\n<div id=\"FvGrdLna-u51\" class=\"wysiwyg_viewer_skins_line_DoubleLinehl3\">\u00a0Ana Maria Cassarotti Franco<\/div>\n<div id=\"WRchTxt1k-w3h\" class=\"wysiwyg_viewer_skins_WRichTextNewSkintxtNew\">\n<p class=\"font_8\"><a href=\"https:\/\/docs.google.com\/open?id=0B7JFZNJF-Pw0MGJlMWZlODMtNGViOC00NDA5LTlkNTctYWFkNWZjMTU5NDlh\" target=\"_blank\" rel=\"noopener noreferrer\">O curr\u00edculo de um curso de forma\u00e7\u00e3o pr\u00e9-servi\u00e7o de professores de Espanhol no Acre<\/a><\/p>\n<p class=\"font_8\">Armando C\u00e9zar da Silva Pompermaier<\/p>\n<p class=\"font_8\"><a href=\"https:\/\/docs.google.com\/open?id=0B7JFZNJF-Pw0ZmIwNTM5NTktZjdkMS00MTYyLTkzYjMtMDdjYzkxNDVlNTM5\" target=\"_blank\" rel=\"noopener noreferrer\">Os c\u00e1rceres de ferro e as sociedades alternativas: contracultura e a revolu\u00e7\u00e3o das mentalidades na Amaz\u00f4nia Acreana, no Brasil e no Mundo<\/a><\/p>\n<p class=\"font_8\">Ceildes da Silva Pereira<\/p>\n<p class=\"font_8\"><a href=\"https:\/\/docs.google.com\/open?id=0B7JFZNJF-Pw0OTcwM2RmNWYtOGEyMS00NjkzLWFiMTItYzhmMzViNTVlMWYy\" target=\"_blank\" rel=\"noopener noreferrer\">A realiza\u00e7\u00e3o aberta ou fechada das vogais m\u00e9dias pret\u00f4nicas \/e, o\/ no falar de uma zona urbana de Rio Branco (AC)<\/a><\/p>\n<p class=\"font_8\">C\u00e9lia Maria Pires de Almeida<\/p>\n<p class=\"font_8\"><a href=\"https:\/\/docs.google.com\/open?id=0B7JFZNJF-Pw0ODJmNmFlZjEtNWMxNS00NTg3LWEwYmEtY2U4NmIxOTk1N2Q1\" target=\"_blank\" rel=\"noopener noreferrer\">Trajet\u00f3rias de Professores do Vale do Juru\u00e1: Relatos, Hist\u00f3rias e Mem\u00f3rias<\/a><\/p>\n<p class=\"font_8\">Daniel da Silva Klein<\/p>\n<p class=\"font_8\"><a href=\"https:\/\/docs.google.com\/open?id=0B7JFZNJF-Pw0NDVlY2RkODAtMzlhZS00YWQwLTg3YTMtZjg2YTU1MzVkYmUz\" target=\"_blank\" rel=\"noopener noreferrer\">\u00c0 Margem da Vida: Personagem, Lugarese Pol\u00edtica na Obra Romanesca de Francisco Augusto Vieira Nunes (Bacurau)<\/a><\/p>\n<p class=\"font_8\">Edilene da Silva Ferreira<\/p>\n<p class=\"font_8\"><a href=\"https:\/\/docs.google.com\/open?id=0B7JFZNJF-Pw0OTRhMTM3MGMtMTI5OC00MmI3LWIxODctYjUyZThlZGU0YzFj\" target=\"_blank\" rel=\"noopener noreferrer\">Entre rios, cidades e florestas:identidades acreanas em A represa &#8211; romance da Amaz\u00f4nia e Certos caminhos domundo &#8211; romance do Acre<\/a><\/p>\n<p class=\"font_8\">Fl\u00e1via Rodrigues Lima da Rocha<\/p>\n<p class=\"font_8\"><a href=\"https:\/\/docs.google.com\/open?id=0B7JFZNJF-Pw0YzYyMjc1MWMtYTc3ZS00OWVmLWIwODktMWQ0ZGU0ZWMzNzcz\" target=\"_blank\" rel=\"noopener noreferrer\">Inaud\u00edveis e invis\u00edveis:representa\u00e7\u00f5es de negros na historiografia acreana<\/a><\/p>\n<p class=\"font_8\">Francemilda Lopes do Nascimento<\/p>\n<p class=\"font_8\"><a href=\"https:\/\/docs.google.com\/open?id=0B7JFZNJF-Pw0MTBhMGMyN2MtZTZhNS00MWI5LWIyMDktYzdiMDMzZmYxN2I5\" target=\"_blank\" rel=\"noopener noreferrer\">Gosto, sabores e dissabores: Contatos culturais entre as fronteiras da Amaz\u00f4nia acreana<\/a><\/p>\n<p class=\"font_8\">Francisco das Chagas Vieira de Oliveira<\/p>\n<p class=\"font_8\"><a href=\"https:\/\/docs.google.com\/open?id=0B7JFZNJF-Pw0MDAxMzEzNmItY2UwZi00Mjc2LTg2YmQtNTk0MjlhYmE2ZmU4\" target=\"_blank\" rel=\"noopener noreferrer\">Interfer\u00eancias do portugu\u00eas nas produ\u00e7\u00f5es orais e escritas de estudantes brasileiros de Espanhol<\/a><\/p>\n<p class=\"font_8\">Joelma da Silva Mour\u00e3o<\/p>\n<p class=\"font_8\"><a href=\"https:\/\/docs.google.com\/open?id=0B7JFZNJF-Pw0WHlBMzBzby1RQS10QVQ1OWtqTy0xQQ\" target=\"_blank\" rel=\"noopener noreferrer\">Antinomias do feminino: g\u00eanero e fic\u00e7\u00e3o em Ressuscitados e \u00d4 de casa!<\/a><\/p>\n<p class=\"font_8\">Jos\u00e9 Mauro Souza Uchoa<\/p>\n<p class=\"font_8\"><a href=\"https:\/\/docs.google.com\/open?id=0B7JFZNJF-Pw0NjZmMmNjMDgtYjAyMy00MzM0LWExOGQtMjA2MDlkYWY0YTI5\" target=\"_blank\" rel=\"noopener noreferrer\">O G\u00eanero Podcast Educacional: Descri\u00e7\u00e3o do Conte\u00fado Tem\u00e1tico, Estilo e Constru\u00e7\u00e3o Composicional<\/a><\/p>\n<p class=\"font_8\">M\u00e1rcio Bezerra da Costa<\/p>\n<p class=\"font_8\"><a href=\"https:\/\/docs.google.com\/open?id=0B7JFZNJF-Pw0MjYxNTlhOTQtZGZkZS00MTI2LTljZTQtY2Q4YjYzZGE3MjQ3\" target=\"_blank\" rel=\"noopener noreferrer\">Arte e of\u00edcio: exerc\u00edcios de leitura na pintura de H\u00e9lio Melo<\/a><\/p>\n<p class=\"font_8\">Maria do Livramento Cerqueira Farias<\/p>\n<p class=\"font_8\"><a href=\"https:\/\/docs.google.com\/open?id=0B7JFZNJF-Pw0N2ZiYmE5ZjctMDEzNC00ZjA2LWE3NzItN2EwZmExODZhOGY5\" target=\"_blank\" rel=\"noopener noreferrer\">Um lugar ao sol: mem\u00f3rias de uma radialista acriana<\/a><\/p>\n<p class=\"font_8\">Maria Evanilde Barbosa Sobrinho<\/p>\n<p class=\"font_8\"><a href=\"https:\/\/docs.google.com\/open?id=0B7JFZNJF-Pw0ZGVhYzcxYTEtNDg0OC00NzA2LTk2NmUtMjYyZGYwNjc3MjFl\" target=\"_blank\" rel=\"noopener noreferrer\">Creio no Acre e nos acreanos: o ide\u00e1rio da modernidade presente no governo Guiomard dos Santos (1946-1950)<\/a><\/p>\n<p class=\"font_8\">Marileize Fran\u00e7a Mattar<\/p>\n<p class=\"font_8\"><a href=\"https:\/\/docs.google.com\/open?id=0B7JFZNJF-Pw0YzY5YzMwOWUtY2ZkYy00YWE1LWE0N2MtNTQ2ZTMyYmJhZDM2\" target=\"_blank\" rel=\"noopener noreferrer\">A constru\u00e7\u00e3o do Processo de Leitura emL\u00edngua Inglesa do G\u00eanero Tiras em Quadrinhos no 7\u00ba Ano do Ensino Fundamental<\/a><\/p>\n<p class=\"font_8\">Milvane Almeida de Oliveira<\/p>\n<p class=\"font_8\"><a href=\"https:\/\/docs.google.com\/open?id=0B7JFZNJF-Pw0NmJhZjViMWItYTNjOS00NjExLWJiNjYtYjI1MDQ4MWMxNjQ5\" target=\"_blank\" rel=\"noopener noreferrer\">Colcha de retalhos: cr\u00f4nicas do di\u00e1rioescondido<\/a><\/p>\n<p class=\"font_8\">Pelegrino Santos Ver\u00e7osa<\/p>\n<p class=\"font_8\"><a href=\"https:\/\/docs.google.com\/open?id=0B7JFZNJF-Pw0YzkxYmQyMjgtOTAxNi00NDU3LWE3MTMtYWUxNjZhNzgxNDJl\" target=\"_blank\" rel=\"noopener noreferrer\">O discurso anisiano na RevistaBrasileira de Estudos Pedag\u00f3gicos &#8211; RBEP no per\u00edodo de 1952-1964<\/a><\/p>\n<p class=\"font_8\">Rog\u00e9rio de Mendon\u00e7a Correia<\/p>\n<p class=\"font_8\"><a href=\"https:\/\/docs.google.com\/open?id=0B7JFZNJF-Pw0YTcwNDQyZjQtNmVmYi00ZWM4LTg4MTEtNjY1MDI1NWE2YTc5\" target=\"_blank\" rel=\"noopener noreferrer\">Compet\u00eancia em leitura no interior da escola: um estudo de caso em tr\u00eas escolas de Rio Branco<\/a><\/p>\n<p class=\"font_8\">Sheila da Costa Mota Bispo<\/p>\n<p class=\"font_8\"><a href=\"https:\/\/docs.google.com\/open?id=0B7JFZNJF-Pw0YzJiYTI5NWYtOTcxNS00YTE4LWJhNDktNTBjMzgyN2EwNjhj\" target=\"_blank\" rel=\"noopener noreferrer\">Discurso Autorizado x Discurso do Professor: Uma Reflex\u00e3o Sobre Leitura<\/a><\/p>\n<p class=\"font_8\">Vilma do Nascimento Rodrigues<\/p>\n<p class=\"font_8\"><a href=\"https:\/\/docs.google.com\/open?id=0B7JFZNJF-Pw0MGMxNmIyZjYtNzVhYy00Y2IzLWJjMGMtZmRlMjE3MDI4ODI1\" target=\"_blank\" rel=\"noopener noreferrer\">A linguagem atr\u00e1s das grades: o vocabul\u00e1rio dos reeducandos do complexo penitenci\u00e1rio Dr. Francisco de Oliveira Conde<\/a><\/p>\n<\/div>\n<div id=\"WRchTxt1m-12bt\" class=\"wysiwyg_viewer_skins_WRichTextNewSkintxtNew\">\n<h1 class=\"font_0\">Turma 2009<\/h1>\n<\/div>\n<div id=\"FvGrdLnb-g2f\" class=\"wysiwyg_viewer_skins_line_DoubleLinehl3\">Ana Carla Clementino de Lima<\/div>\n<div id=\"WRchTxt1n-n7r\" class=\"wysiwyg_viewer_skins_WRichTextNewSkintxtNew\">\n<p class=\"font_8\"><a href=\"https:\/\/drive.google.com\/open?id=1l1UVcZDV51Z4OQYEQOCT3A18bHYY226k\" target=\"_blank\" rel=\"noopener noreferrer\">Pal\u00e1cio Rio Branco: linguagens de uma arquitetura de poder no Acre<\/a><\/p>\n<p class=\"font_8\">Angela de Oliveira Rodrigues<\/p>\n<p class=\"font_8\"><a href=\"https:\/\/drive.google.com\/file\/d\/0B7JFZNJF-Pw0aTdKRzlTdTk4aVk\/view?usp=sharing\" target=\"_blank\" rel=\"noopener noreferrer\">O discurso jur\u00eddico sobre cultura na Constitui\u00e7\u00e3o Federal do Brasil de 1988<\/a><\/p>\n<p class=\"font_8\">Anna L\u00facia Leandro de Abreu<\/p>\n<p class=\"font_8\"><a href=\"https:\/\/docs.google.com\/open?id=0B7JFZNJF-Pw0cXV5YTE3a0RRXy1LZlM2aHc1Q2l2dw\" target=\"_blank\" rel=\"noopener noreferrer\">Viajando entre vozes e mem\u00f3rias dos Povos da Floresta<\/a><\/p>\n<p>\u00c9cio Rog\u00e9rio da Cunha<\/p>\n<p><a href=\"https:\/\/drive.google.com\/open?id=1U1Xy60XtJCu7VyzEM99o56gXtLwTIKKX\" target=\"_blank\" rel=\"noopener noreferrer\">Etnomusicologia de JB Costa: um sambista negro da Amaz\u00f4nia Acreana<\/a><\/p>\n<p class=\"font_8\">Gracione Teixeira de Souza<\/p>\n<p class=\"font_8\"><a href=\"https:\/\/drive.google.com\/file\/d\/0B7JFZNJF-Pw0bDdnMm5vQ0ZDcXM\/view?usp=sharing\" target=\"_blank\" rel=\"noopener noreferrer\">Atlas Lingu\u00edstico do Acre: cartas fon\u00e9ticas da regi\u00e3o do Purus<\/a><\/p>\n<p class=\"font_8\">Guadalupe Justa Delgadillo Torrez<\/p>\n<p class=\"font_8\"><a href=\"https:\/\/drive.google.com\/file\/d\/0B7JFZNJF-Pw0WVlMc0x0T0JrQW8\/view?usp=sharing\" target=\"_blank\" rel=\"noopener noreferrer\">As artes pl\u00e1sticas na tri-fronteira Bolpebra: lo percurso art\u00edstico de Jorge Rivasplata<\/a><\/p>\n<p class=\"font_8\">Keiliane Cust\u00f3dio de Souza<\/p>\n<p class=\"font_8\"><a href=\"https:\/\/drive.google.com\/file\/d\/0B7JFZNJF-Pw0U2N6NF8zcms0bFk\/view?usp=sharing\" target=\"_blank\" rel=\"noopener noreferrer\">Marupiara Jabuti-Bumb\u00e1: a inven\u00e7\u00e3o da tradi\u00e7\u00e3o<\/a><\/p>\n<p class=\"font_8\">Liviane Rodrigues Maia<\/p>\n<p class=\"font_8\"><a href=\"https:\/\/docs.google.com\/open?id=0B7JFZNJF-Pw0NjZlODA4M2MtNmVkMS00ZmM2LWIwMmMtNjNmNWIxOThlNjNj\" target=\"_blank\" rel=\"noopener noreferrer\">Dentro de uma bolsa, atr\u00e1s de m\u00e1scaras: a constru\u00e7\u00e3o de identidades infantis &#8211; uma leitura de duas obras de Lygia Bojunga<\/a><\/p>\n<p>Luciana Sarquiz de Oliveira<\/p>\n<p><a href=\"https:\/\/drive.google.com\/open?id=1R7XswHLvPKqTu6yE7pP7_IwTJeUGQqOd\" target=\"_blank\" rel=\"noopener noreferrer\">Do \u201cGoverno da Floresta\u201d ao \u201cMelhor lugar para se viver\u201d: estrat\u00e9gias discursivas na constru\u00e7\u00e3o da \u201cNova Ordem\u201d acreana<\/a><\/p>\n<p class=\"font_8\">Maria Aparecida Soares de Souza<\/p>\n<p class=\"font_8\">Pelos fios da mem\u00f3ria: uma leitura de Corda bamba, de Lygia Bojunga<\/p>\n<p class=\"font_8\">Marta Cleonice Costa R\u00eago<\/p>\n<p class=\"font_8\"><a href=\"https:\/\/docs.google.com\/viewer?a=v&amp;pid=explorer&amp;chrome=true&amp;srcid=0B7JFZNJF-Pw0MTU3ZmQ0ZTQtYmJlMi00ODc1LThiMzEtODc0ZGQ0ZTE2MDk4&amp;hl=en_US\" target=\"_blank\" rel=\"noopener noreferrer\">Discurso de professores sobre a inclus\u00e3o de alunos com defici\u00eancias em uma escola regular de Rio Branco \u2013 Acre<\/a><\/p>\n<p class=\"font_8\">Myully dos Santos Sousa<\/p>\n<p class=\"font_8\"><a href=\"https:\/\/docs.google.com\/open?id=0B7JFZNJF-Pw0cjh5T1pOdEZRZk9HX0xYd3Q4MjlBQQ\" target=\"_blank\" rel=\"noopener noreferrer\">Sob mesti\u00e7os olhares: leitura do ind\u00edgena acreano em Darci Seles, Raimundo Moraes e Lullu Manchineri<\/a><\/p>\n<p class=\"font_8\">P\u00e2mela Cl\u00edvela Anast\u00e1cio<\/p>\n<p class=\"font_8\"><a href=\"https:\/\/drive.google.com\/file\/d\/0B7JFZNJF-Pw0Z2pNcXo1TTdNQzg\/view?usp=sharing\" target=\"_blank\" rel=\"noopener noreferrer\">Vidas errantes: leitura do tr\u00e2nsito das personagens de A Selva, Terra Ca\u00edda e Seringal<\/a><\/p>\n<p class=\"font_8\">Patr\u00edcia Carvalho Red\u00edgulo<\/p>\n<p class=\"font_8\"><a href=\"https:\/\/docs.google.com\/open?id=0B7JFZNJF-Pw0M2Y2ZjE5NmQtNGRmNC00M2UxLTk1MjUtYzJmMDIxODZhNzA2\" target=\"_blank\" rel=\"noopener noreferrer\">Di\u00e1logos, vozes e deslocamentos sociais: trajet\u00f3rias de residentes do Lar Vicentino, em Rio Branco &#8211; Acre<\/a><\/p>\n<p class=\"font_8\">Raquel Alves Ishii<\/p>\n<p class=\"font_8\"><a href=\"https:\/\/docs.google.com\/open?id=0B7JFZNJF-Pw0MzcyNmIzMzktYzg4ZS00NjRjLWIwZTQtOTRjNjM0ZDMwMGEy\" target=\"_blank\" rel=\"noopener noreferrer\">Viagens do \u201chomem que virou rio\u201d: narrativas, tradu\u00e7\u00f5es e percursos de William Chandless, pelas Amaz\u00f4nias, no s\u00e9culo XIX<\/a><\/p>\n<p class=\"font_8\">Rauana Batalha Albuquerque<\/p>\n<p class=\"font_8\"><a href=\"https:\/\/docs.google.com\/open?id=0B7JFZNJF-Pw0ZWFmYmFjYTQtOTJkYS00NGY5LTk2OTMtNTFlODYyNjMxODM2\" target=\"_blank\" rel=\"noopener noreferrer\">Veredas po\u00e9ticas de Juvenal Antunes<\/a><\/p>\n<p class=\"font_8\">Rivanda dos Santos Nogueira<\/p>\n<p class=\"font_8\"><a href=\"https:\/\/docs.google.com\/open?id=0B7JFZNJF-Pw0ODg3MTI4ZWMtZjk2YS00N2NkLThmZDEtNjBkODY1YWNhODVm\" target=\"_blank\" rel=\"noopener noreferrer\">Entre falas e escritas: reda\u00e7\u00e3o no vestibular<\/a><\/p>\n<p class=\"font_8\">Roseli Adriani da Silva<\/p>\n<p class=\"font_8\"><a href=\"https:\/\/drive.google.com\/file\/d\/0B7JFZNJF-Pw0TGZiXzdnQm5OMnM\/view?usp=sharing\" target=\"_blank\" rel=\"noopener noreferrer\">As tirinhas em quadrinhos no livro did\u00e1tico de L\u00edngua Portuguesa: usos e abusos<\/a><\/p>\n<p class=\"font_8\">Tavifa Smoly<\/p>\n<p class=\"font_8\"><a href=\"https:\/\/docs.google.com\/open?id=0B7JFZNJF-Pw0ODc5Y2E1NTMtNDdhOS00YzY0LThkNzUtMTgyZjRjYzZhYTYz\" target=\"_blank\" rel=\"noopener noreferrer\">Alfabetiza\u00e7\u00e3o e letramento: percep\u00e7\u00e3o e instrumentos em escolas acreanas<\/a><\/p>\n<p class=\"font_8\">Val\u00e9ria Barbosa Ferreira Silveira<\/p>\n<p class=\"font_8\"><a href=\"https:\/\/docs.google.com\/open?id=0B7JFZNJF-Pw0ODhkZjZiZTYtYmEyOS00YjVlLWE4NjgtYzE2ODU1NzgzZTkw\" target=\"_blank\" rel=\"noopener noreferrer\">Trilhas de leitura na floresta acreana<\/a><\/p>\n<p class=\"font_8\">Wheliton Souza da Silva<\/p>\n<p class=\"font_8\"><a href=\"https:\/\/docs.google.com\/open?id=0B7JFZNJF-Pw0YjhjNzZiMGMtZWY0MS00ZTM1LWExNzctNmJkMDkzY2Q0MzNh\" target=\"_blank\" rel=\"noopener noreferrer\">As hist\u00f3rias comandam a vida: par\u00e1frase, par\u00f3dia e carnavaliza\u00e7\u00e3o em A ilha da consci\u00eancia, de S\u00edlvio Martinello<\/a><\/p>\n<h1 class=\"font_0\">Turma 2010<\/h1>\n<p>Adel Malek Hanna<\/p>\n<p><a href=\"https:\/\/drive.google.com\/file\/d\/0B7JFZNJF-Pw0WXlhWFpuR05FTkE\/view?usp=sharing\" target=\"_blank\" rel=\"noopener noreferrer\">Judas-Asvero: historicidade e cren\u00e7a judaico-crist\u00e3 no interior da Amaz\u00f4nia<\/a><\/p>\n<p>Amanda Silva Alves<\/p>\n<p><a href=\"https:\/\/drive.google.com\/file\/d\/0B7JFZNJF-Pw0TlJ1NUVMMUNNX2M\/view?usp=sharing\" target=\"_blank\" rel=\"noopener noreferrer\">Africanismos em quatro Atlas Lingu\u00edsticos regionais brasileiros e sua dicionariza\u00e7\u00e3o<\/a><\/p>\n<p>Belchior Carrilho dos Santos<\/p>\n<p><a href=\"https:\/\/drive.google.com\/file\/d\/0B7JFZNJF-Pw0WnJCckdMZGlqdUk\/view?usp=sharing\" target=\"_blank\" rel=\"noopener noreferrer\">A Amaz\u00f4nia de Edgardo Ubaldo Genta: recortes de vozes<\/a><\/p>\n<p>Den\u00edlson Claro de Souza<\/p>\n<p><a href=\"https:\/\/drive.google.com\/open?id=0B7JFZNJF-Pw0QXUtUnZYbUhZWUE\" target=\"_blank\" rel=\"noopener noreferrer\">Discursos produzidos pelo Sindicato de Trabalhadores Rurais de Xapuri em sua funda\u00e7\u00e3o at\u00e9 2007: espa\u00e7os da floresta e espa\u00e7os da mem\u00f3ria<\/a><\/p>\n<p>Edmara Alves de Andrade<\/p>\n<p><a href=\"https:\/\/drive.google.com\/file\/d\/0B7JFZNJF-Pw0RV9GM0lHU1VtV28\/view?usp=sharing\" target=\"_blank\" rel=\"noopener noreferrer\">As dobras do sil\u00eancio: uma leitura de um romance de Miguel Jeronymo Ferrante<\/a><\/p>\n<p>Francisca Karoline Rodrigues Braga<\/p>\n<p><a href=\"https:\/\/drive.google.com\/file\/d\/0B7JFZNJF-Pw0SG1wUzBYcnpnNnc\/view?usp=sharing\" target=\"_blank\" rel=\"noopener noreferrer\">A configura\u00e7\u00e3o da identidade cidad\u00e3 e a Educa\u00e7\u00e3o de Jovens e Adultos<\/a><\/p>\n<p>Ionara Fonseca da Silva Andrade<\/p>\n<p><a href=\"https:\/\/drive.google.com\/file\/d\/0B7JFZNJF-Pw0c3NKckdzTm5UWEU\/view?usp=sharing\" target=\"_blank\" rel=\"noopener noreferrer\">Representa\u00e7\u00f5es do docente no concurso professor nota 10 da Funda\u00e7\u00e3o Victor Civita<\/a><\/p>\n<p>Jannice Moraes de Oliveira Cavalcante<\/p>\n<p><a href=\"https:\/\/drive.google.com\/file\/d\/0B7JFZNJF-Pw0dnREM0R2MENQdGM\/view?usp=sharing\" target=\"_blank\" rel=\"noopener noreferrer\">A realidade do ensino de l\u00edngua inglesa: dificuldades e problemas enfrentados em uma escola rural<\/a><\/p>\n<p>Ladislane Nunes Aguiar Dantas<\/p>\n<p><a href=\"https:\/\/drive.google.com\/file\/d\/0B7JFZNJF-Pw0cEhLU0VydjJxeUk\/view?usp=sharing\" target=\"_blank\" rel=\"noopener noreferrer\">Nomes de doen\u00e7as, pragas e plantas daninhas na cultura agr\u00edcola do Estado do Acre: proposta de um gloss\u00e1rio ilustrado<\/a><\/p>\n<p>Maria da Luz Fran\u00e7a Maia<\/p>\n<p><a href=\"https:\/\/drive.google.com\/file\/d\/0B7JFZNJF-Pw0cnpWZWlPejI5ODQ\/view?usp=sharing\" target=\"_blank\" rel=\"noopener noreferrer\">Representa\u00e7\u00e3o da adolesc\u00eancia no jornal A Gazeta (1989 &#8211; 2010)<\/a><\/p>\n<p>Maria Josineia Arruda Sab\u00f3ia<\/p>\n<p><a href=\"https:\/\/drive.google.com\/open?id=0B7JFZNJF-Pw0WTZHTWFWbUhJZUVFOWRRclhoaXNSZlJzQWg4\" target=\"_blank\" rel=\"noopener noreferrer\">Aspectos lexicais de Icuri\u00e3 (Acre): uma contribui\u00e7\u00e3o para o nome das \u00e1rvores do Seringal<\/a><\/p>\n<p>Maristela Alves de Souza Diniz<\/p>\n<p><a href=\"https:\/\/drive.google.com\/file\/d\/0B7JFZNJF-Pw0Rzh1ODQ3eUl0ZWM\/view?usp=sharing\" target=\"_blank\" rel=\"noopener noreferrer\">Contato transfronteiri\u00e7o: interfer\u00eancias da L2 na escrita em L1 de alunos de escolas de Brasileia (Brasil) e Cobija (Bol\u00edvia)<\/a><\/p>\n<p>Mirna Suelby Martins<\/p>\n<p><a href=\"https:\/\/drive.google.com\/file\/d\/0B7JFZNJF-Pw0amdYZ3Nqc1BZNlE\/view?usp=sharing\" target=\"_blank\" rel=\"noopener noreferrer\">A Amaz\u00f4nia entre vozes: narrativa e hist\u00f3ria<\/a><\/p>\n<p>Nina Rosa Silva de Ara\u00fajo<\/p>\n<p><a href=\"https:\/\/drive.google.com\/file\/d\/0B7JFZNJF-Pw0T2VuOEx1eWZVdGs\/view?usp=sharing\" target=\"_blank\" rel=\"noopener noreferrer\">A posi\u00e7\u00e3o de sujeito em senten\u00e7as da L\u00edngua de Sinais Brasileira<\/a><\/p>\n<p>Odineide Farias de Oliveira<\/p>\n<p><a href=\"https:\/\/drive.google.com\/file\/d\/0B7JFZNJF-Pw0bGFPWWFXRzJpTVE\/view?usp=sharing\" target=\"_blank\" rel=\"noopener noreferrer\">Atitudes lingu\u00edsticas e vari\u00e1veis sociais na fronteira Brasil Bol\u00edvia<\/a><\/p>\n<p>Priscila de Ara\u00fajo Pinheiro<\/p>\n<p><a href=\"https:\/\/drive.google.com\/file\/d\/0B7JFZNJF-Pw0LTFoZkZwMmtHVGM\/view?usp=sharing\" target=\"_blank\" rel=\"noopener noreferrer\">Leitura e ensino: discursos de alunos de Letras<\/a><\/p>\n<p>Simone Cordeiro de Oliveira<\/p>\n<p><a href=\"https:\/\/drive.google.com\/file\/d\/0B7JFZNJF-Pw0dnFNNTRLeTRqZkE\/view?usp=sharing\" target=\"_blank\" rel=\"noopener noreferrer\">A express\u00e3o do aspecto em per\u00edfrases verbais compostas por \u201cter\u201d, \u201chaver\u201d, \u201cestar\u201d, \u201cir\u201d e \u201cvir\u201d na obra \u201cTrabalhadores do Muru, o Rio das Cigarras\u201d<\/a><\/p>\n<p>Val\u00e9rio Oliveira da Silva<\/p>\n<p><a href=\"https:\/\/drive.google.com\/file\/d\/0B7JFZNJF-Pw0WFBZakwzNGpvVzA\/view?usp=sharing\" target=\"_blank\" rel=\"noopener noreferrer\">Cartas Fon\u00e9ticas da Regional do Juru\u00e1<\/a><\/p>\n<h1 class=\"font_0\">Turma 2011<\/h1>\n<p>D\u00e9bora Souza do Nascimento<\/p>\n<p><a href=\"https:\/\/drive.google.com\/file\/d\/0B7JFZNJF-Pw0S01xWEtLME9Zc1k\/view?usp=sharing\" target=\"_blank\" rel=\"noopener noreferrer\">Valdiza Alencar de Souza: a mulher do sindicato<\/a><\/p>\n<p>Douglas Marques Luiz<\/p>\n<p><a href=\"https:\/\/drive.google.com\/file\/d\/0B7JFZNJF-Pw0UklrVEZLUzlXaVE\/view?usp=sharing\" target=\"_blank\" rel=\"noopener noreferrer\">Chega de saudade: perman\u00eancia e a atualidade da Bossa Nova<\/a><\/p>\n<p>Emilania Souza Cabral<\/p>\n<p><a href=\"https:\/\/drive.google.com\/file\/d\/0B7JFZNJF-Pw0S19SbkJHRVRPNXM\/view?usp=sharing\" target=\"_blank\" rel=\"noopener noreferrer\">Fronteira MAP: a constru\u00e7\u00e3o de uma comunidade imaginada<\/a><\/p>\n<p>Emilson Ferreira de Souza<\/p>\n<p><a href=\"https:\/\/drive.google.com\/file\/d\/0B7JFZNJF-Pw0bkxjX205ZXJJMXM\/view?usp=sharing\" target=\"_blank\" rel=\"noopener noreferrer\">Novos cen\u00e1rios, outras identidades \u2013 seringueiros nas fronteiras (Brasil \u2013 Acre, Bol\u00edvia \u2013 Pando)<\/a><\/p>\n<p>Essio dos Santos Maciel<\/p>\n<p><a href=\"https:\/\/drive.google.com\/file\/d\/0B7JFZNJF-Pw0T1ZPcmFjZ1RQTVU\/view?usp=sharing\" target=\"_blank\" rel=\"noopener noreferrer\">O discurso do livro did\u00e1tico no Ensino de Hist\u00f3ria<\/a><\/p>\n<p>Ezilda Maciel da Silva<\/p>\n<p><a href=\"https:\/\/drive.google.com\/file\/d\/0B7JFZNJF-Pw0WFdMVkwzM25xd1k\/view?usp=sharing\" target=\"_blank\" rel=\"noopener noreferrer\">Entre cinzas e vozes: figura\u00e7\u00f5es das Amaz\u00f4nias em Milton Hatoum e Vargas Llosa<\/a><\/p>\n<p>Francisco Aquinei Tim\u00f3teo Queiros<\/p>\n<p><a href=\"https:\/\/drive.google.com\/file\/d\/0B7JFZNJF-Pw0RHU0djg4SEFaM1E\/view?usp=sharing\" target=\"_blank\" rel=\"noopener noreferrer\">Novo jornalismo: um rasgo liter\u00e1rio na sisudez do jornalismo tradicional, sob o vi\u00e9s das obras A Sangue Frio e Radical Chique<\/a><\/p>\n<p>Jacqueline Goes da Silva<\/p>\n<p><a href=\"https:\/\/drive.google.com\/file\/d\/0B7JFZNJF-Pw0bWJCV3pBWm9sdGc\/view?usp=sharing\" target=\"_blank\" rel=\"noopener noreferrer\">Estudo da nasalidade fon\u00e9tica em 4 Atlas L\u00edngu\u00edsticos Brasileiros: ALIAC, ALAM, ALISPA E AFeBG<\/a><\/p>\n<p>Jefferson Henrique Cidreira<\/p>\n<p><a href=\"https:\/\/drive.google.com\/file\/d\/0B7JFZNJF-Pw0bXpjODl5ZHd6ZlE\/view?usp=sharing\" target=\"_blank\" rel=\"noopener noreferrer\">R\u00e1dio Difusora Acreana, Jornal Varadouro e outras m\u00eddias: discurso oficial e discurso de resist\u00eancia na Amaz\u00f4nia Acreana (1971-1981)<\/a><\/p>\n<p>Joseane de Lima Martins<\/p>\n<p><a href=\"https:\/\/drive.google.com\/file\/d\/0B7JFZNJF-Pw0b2Q1M0taMDgtcDA\/view?usp=sharing\" target=\"_blank\" rel=\"noopener noreferrer\">O C\u00f3digo Braille no ensino\/aprendizagem da Qu\u00edmica: o caso de uma aluna cega<\/a><\/p>\n<p>Luciane Ferreira de Morais<\/p>\n<p><a href=\"https:\/\/drive.google.com\/file\/d\/0B7JFZNJF-Pw0RktOQk1OY2Y2Rk0\/view?usp=sharing\" target=\"_blank\" rel=\"noopener noreferrer\">\u201cEntre florestas e cidades\u201d: experi\u00eancias de homens e mulheres ind\u00edgenas na cidade de Rio Branco \u2013 Acre<\/a><\/p>\n<p>Luciene de Bittencourt Martins<\/p>\n<p><a href=\"https:\/\/drive.google.com\/file\/d\/0B7JFZNJF-Pw0NEpvREZOV0M3a0k\/view?usp=sharing\" target=\"_blank\" rel=\"noopener noreferrer\">Louvores a Iemanj\u00e1: um estudo do Ciclo Beiramar, opus 21b, de Marlos Nobre<\/a><\/p>\n<p>Maria Cristina Lobregat<\/p>\n<p><a href=\"https:\/\/drive.google.com\/file\/d\/0B7JFZNJF-Pw0UHA5SE5xbFNXV1U\/view?usp=sharing\" target=\"_blank\" rel=\"noopener noreferrer\">\u201cPedra que canta\u201d, lembran\u00e7as que latejam: vozes de deslocados de Itaipu para a Amaz\u00f4nia Acreana<\/a><\/p>\n<p>Maria Nalrizete da Silva Costa<\/p>\n<p><a href=\"https:\/\/drive.google.com\/file\/d\/0B7JFZNJF-Pw0QU10R2lFRXNpRW8\/view?usp=sharing\" target=\"_blank\" rel=\"noopener noreferrer\">Um povo que murmura no Purus: uma leitura de narrativas Madija<\/a><\/p>\n<p>Maria Regiana Ara\u00fajo da Costa<\/p>\n<p><a href=\"https:\/\/drive.google.com\/file\/d\/0B7JFZNJF-Pw0QzBBRTJUTzZRNDQ\/view?usp=sharing\" target=\"_blank\" rel=\"noopener noreferrer\">Projeto Poronga: entre marcas de fracassos e letramentos<\/a><\/p>\n<p>Maria Oz\u00e9lia Andrade Reges<\/p>\n<p><a href=\"https:\/\/drive.google.com\/open?id=0B7JFZNJF-Pw0Qzd2andmZ2R0MnBROU9XWjViYi1JcERlSlNR\" target=\"_blank\" rel=\"noopener noreferrer\">Corpo como manuscrito viol\u00eancia de g\u00eanero em recortes da literatura amaz\u00f4nica<\/a><\/p>\n<p>Marinete Rodrigues da Silva<\/p>\n<p><a href=\"https:\/\/drive.google.com\/file\/d\/0B7JFZNJF-Pw0Ykh0LWNabUxiRlE\/view?usp=sharing\" target=\"_blank\" rel=\"noopener noreferrer\">Os pronomes N\u00f3s e A gente no portugu\u00eas falado em Rio Branco Acre<\/a><\/p>\n<p>R\u00fabia de Abreu Cavalcante<\/p>\n<p><a href=\"https:\/\/drive.google.com\/file\/d\/0B7JFZNJF-Pw0UDI4andJRzdQdWM\/view?usp=sharing\" target=\"_blank\" rel=\"noopener noreferrer\">Entre o que se diz e o que se faz: o ensino de L\u00edngua Portuguesa a partir dos g\u00eaneros do discurso<\/a><\/p>\n<p>Sandra Sales de Oliveira<\/p>\n<p><a href=\"https:\/\/drive.google.com\/file\/d\/0B7JFZNJF-Pw0ZFZQUWllMXJBSUE\/view?usp=sharing\" target=\"_blank\" rel=\"noopener noreferrer\">Guardas Territoriais do Acre: mem\u00f3rias, sujeitos e esquecimentos<\/a><\/p>\n<h1 class=\"font_0\">Turma 2012<\/h1>\n<p>Alcicl\u00e9ia Souza Valente<\/p>\n<p><a href=\"https:\/\/drive.google.com\/file\/d\/0B7JFZNJF-Pw0alByZ2NDS2Q3Wms\/view?usp=sharing\" target=\"_blank\" rel=\"noopener noreferrer\">O ensino de l\u00edngua escrita no curr\u00edculo do curso de Pedagogia da UFAC: repercuss\u00f5es na pr\u00e1tica docente<\/a><\/p>\n<p>Ana Paula Melo Saraiva Vieira<\/p>\n<p><a href=\"https:\/\/drive.google.com\/file\/d\/0B7JFZNJF-Pw0OTh4ZWM4WXNLRzA\/view?usp=sharing\" target=\"_blank\" rel=\"noopener noreferrer\">Materiais curriculares de L\u00edngua Inglesa do Centro de Idiomas do Ifac: uma an\u00e1lise das habilidades para comunica\u00e7\u00e3o<\/a><\/p>\n<p>Armstrong da Silva Santos<\/p>\n<p><a href=\"https:\/\/drive.google.com\/file\/d\/0B7JFZNJF-Pw0SnJMdThnREU2Y1E\/view?usp=sharing\" target=\"_blank\" rel=\"noopener noreferrer\">Haitianos na Amaz\u00f4nia Sul-Ocidental: identidades e narrativas em tr\u00e2nsito<\/a><\/p>\n<p>Delbiany Lima de Oliveira<\/p>\n<p><a href=\"https:\/\/drive.google.com\/open?id=0B7JFZNJF-Pw0MDUwUjBRQWFDazBwTThfeXBnNGpaTEJuQWxN\" target=\"_blank\" rel=\"noopener noreferrer\">A topon\u00edmia das regionais, bairros e ruas de Rio Branco<\/a><\/p>\n<p>Egina Carli de Ara\u00fajo Rodrigues Carneiro<\/p>\n<p><a href=\"https:\/\/drive.google.com\/file\/d\/0B7JFZNJF-Pw0a0tsbUhLN0otWjg\/view?usp=sharing\" target=\"_blank\" rel=\"noopener noreferrer\">A identidade profissional do coordenador pedag\u00f3gico da rede p\u00fablica estadual de Rio Branco: entre as normatiza\u00e7\u00f5es legais e a pr\u00e1tica cotidiana<\/a><\/p>\n<p>\u00cdtala Oliveira da Silva<\/p>\n<p><a href=\"https:\/\/drive.google.com\/open?id=0B7JFZNJF-Pw0bDgzYlpkc2s4MVU\" target=\"_blank\" rel=\"noopener noreferrer\">Representa\u00e7\u00f5es pol\u00edticas e sociais nas cartas de Jos\u00e9 Guiomard dos Santos<\/a><\/p>\n<p>Janiere Santos Gouveia<\/p>\n<p><a href=\"https:\/\/drive.google.com\/open?id=0B7JFZNJF-Pw0VkpXUnhCRW1wNmc\" target=\"_blank\" rel=\"noopener noreferrer\">Ensino de Hist\u00f3ria e suas linguagens: uma an\u00e1lise a partir dos curr\u00edculos prescritos e moldados<\/a><\/p>\n<p>Maria da Concei\u00e7\u00e3o Encarna\u00e7\u00e3o Silva<\/p>\n<p><a href=\"https:\/\/drive.google.com\/file\/d\/0B7JFZNJF-Pw0cWlzSkVxdXpjdlk\/view?usp=sharing\" target=\"_blank\" rel=\"noopener noreferrer\">Recreio na escola de Ensino Fundamental I: espa\u00e7os e tempos na constru\u00e7\u00e3o do sujeito<\/a><\/p>\n<p>N\u00e1gila Maria Silva Oliveira<\/p>\n<p><a href=\"https:\/\/drive.google.com\/file\/d\/0B7JFZNJF-Pw0NFFXV2kxVHFmaDQ\/view?usp=sharing\" target=\"_blank\" rel=\"noopener noreferrer\">Texto para ser falado: um estudo sobre o g\u00eanero discursivo mensagem radiof\u00f4nica utilizado por ribeirinhos de Cruzeiro do Sul-AC<\/a><\/p>\n<p>Rebeka da Silva Aguiar<\/p>\n<p><a href=\"https:\/\/drive.google.com\/file\/d\/0B7JFZNJF-Pw0M0o2NFROOWRja3M\/view?usp=sharing\" target=\"_blank\" rel=\"noopener noreferrer\">Gloss\u00e1rio socioterminol\u00f3gico dos termos do queijo no munic\u00edpio de Apu\u00ed &#8211; Amazonas<\/a><\/p>\n<p>Vanessa Nogueira de Oliveira<\/p>\n<p><a href=\"https:\/\/drive.google.com\/open?id=0B7JFZNJF-Pw0amhaWEs0NFN0NG8\" target=\"_blank\" rel=\"noopener noreferrer\">Filtros e margens do corpo: trajet\u00f3rias de alunos do curso de Artes C\u00eanicas \u2013 Teatro na amaz\u00f4nia acreana<\/a><\/p>\n<p>Weima Paula Nogueira Lima da Cruz<\/p>\n<p><a href=\"https:\/\/drive.google.com\/file\/d\/0B7JFZNJF-Pw0dzVSSmd2Y2ZhVmc\/view?usp=sharing\" target=\"_blank\" rel=\"noopener noreferrer\">\u201cPara aprender a ler e escrever\u201d:\u00a0um estudo sobre o letramento<\/a><\/p>\n<h1 class=\"font_0\">Turma 2013<\/h1>\n<p>Antonia Maria Silva de Oliveira<\/p>\n<p><a href=\"https:\/\/drive.google.com\/open?id=0B7JFZNJF-Pw0NHBfN2Rvd0tSSVU\" target=\"_blank\" rel=\"noopener noreferrer\">As representa\u00e7\u00f5es sociais de alunos com defici\u00eancia f\u00edsica sobre a sua inclus\u00e3o, em uma escola p\u00fablica de Rio Branco\/AC<\/a><\/p>\n<p>Elaine Costa Honorato<\/p>\n<p><a href=\"https:\/\/drive.google.com\/open?id=0B7JFZNJF-Pw0SXlpUVY2S2Rxd28\" target=\"_blank\" rel=\"noopener noreferrer\">Ensino Religioso: concep\u00e7\u00f5es e pr\u00e1ticas pedag\u00f3gicas no contexto da escola p\u00fablica de Rio Branco<\/a><\/p>\n<p>Gizeli Fernandes Sessa Mendon\u00e7a<\/p>\n<p><a href=\"https:\/\/drive.google.com\/open?id=0B7JFZNJF-Pw0MUd1VTNWa2VBbjg\" target=\"_blank\" rel=\"noopener noreferrer\">O processo da constru\u00e7\u00e3o da linguagem escrita dos alunos do 6\u00ba ano do Ensino Fundamental: uma an\u00e1lise a partir das pr\u00e1ticas pedag\u00f3gicas do professor de L\u00edngua Portuguesa<\/a><\/p>\n<p>Josaf\u00e1 Batista do Nascimento<\/p>\n<p><a href=\"https:\/\/drive.google.com\/open?id=0B7JFZNJF-Pw0eDN2SnpSQy01TlU\" target=\"_blank\" rel=\"noopener noreferrer\">Agon\u00edstica do sentido: a constru\u00e7\u00e3o das verdades na imprensa de Rio Branco de 1999 a 2006<\/a><\/p>\n<p>Jos\u00e9 Cabral Mendes<\/p>\n<p><a href=\"https:\/\/drive.google.com\/open?id=0B7JFZNJF-Pw0dklYdU96WnBnanc\" target=\"_blank\" rel=\"noopener noreferrer\">De p\u00edcaros e picardias: a m\u00e1scara de \u201cLazarillo\u201d na Amaz\u00f4nia de Galvez<\/a><\/p>\n<p>Luciano Mendes Saraiva<\/p>\n<p><a href=\"https:\/\/drive.google.com\/open?id=0B7JFZNJF-Pw0V2tyejZFcl9IZWM\" target=\"_blank\" rel=\"noopener noreferrer\">O lugar da fon\u00e9tica em dois manuais de ensino de espanhol \u2013 l\u00edngua estrangeira: Enlaces \u2013 espa\u00f1ol para brasile\u00f1os e S\u00edntesis \u2013 curso de lengua espa\u00f1ola.<\/a><\/p>\n<p>M\u00e1rcia Barroso Loureto<\/p>\n<p><a href=\"https:\/\/drive.google.com\/file\/d\/0B7JFZNJF-Pw0ZFlfWVFUNDJkTkE\/view?usp=sharing\" target=\"_blank\" rel=\"noopener noreferrer\">Pr\u00e1ticas de letramento na creche: um estudo de caso<\/a><\/p>\n<p>Maria Ivanilda Souza da Silva<\/p>\n<p><a href=\"https:\/\/drive.google.com\/file\/d\/0B7JFZNJF-Pw0Y08weUlfbmIzZTA\/view?usp=sharing\" target=\"_blank\" rel=\"noopener noreferrer\">Linguagem e identidade em Plat\u00e3o<\/a><\/p>\n<p>Maria Jonilda Alves de Souza<\/p>\n<p><a href=\"https:\/\/drive.google.com\/open?id=0B7JFZNJF-Pw0RjBIWE5oclNaWU0\">Entre a mem\u00f3ria social e a identidade: trajet\u00f3rias da uni\u00e3o do Vegetal (UDV) na Amaz\u00f4nia Acreana<\/a><\/p>\n<p>Marinete Adriano de Melo<\/p>\n<p><a href=\"https:\/\/drive.google.com\/open?id=0B7JFZNJF-Pw0SnJIc2ljYzZqY00\" target=\"_blank\" rel=\"noopener noreferrer\">Percursos amaz\u00f4nicos: um estudo de A Voragem, de Jos\u00e9 Eustasio Rivera<\/a><\/p>\n<h1 class=\"font_0\">Turma 2014<\/h1>\n<p>Alta\u00edza Liane Marinho<\/p>\n<p><a href=\"https:\/\/drive.google.com\/file\/d\/0B7JFZNJF-Pw0T09Tb1VpbHppcWs\/view?usp=sharing&amp;resourcekey=0-bB0ZaP5cs3otLxW8sprxuw\">Narrativas de papoucos, siribolos e pontap\u00e9s: representa\u00e7\u00f5es sobre prostitui\u00e7\u00e3o em peri\u00f3dicos de Rio Branco<\/a><\/p>\n<p>Ana Cl\u00e1udia de Souza Garcia<\/p>\n<p><a href=\"https:\/\/drive.google.com\/file\/d\/0B7JFZNJF-Pw0ZlJvYzhFRXhoZTA\/view?usp=sharing&amp;resourcekey=0-JAmtv4kHTfIpbP0ck0DZxA\">G\u00eaneros textuais e cotidiano: desvelando a Cruzeiro do Sul-Acre das p\u00e1ginas de \u201cO Juru\u00e1\u201d (de 1953 a 1962)<\/a><\/p>\n<p>Ana Paula Teixeira Gouveia<\/p>\n<p><a href=\"https:\/\/drive.google.com\/file\/d\/0B7JFZNJF-Pw0a1hTRTJWc1Y3anc\/view?usp=sharing&amp;resourcekey=0-WVT4rev0fOGyz_KT_UtPQA\">A motiva\u00e7\u00e3o topon\u00edmica a partir da mem\u00f3ria de comunidades tradicionais do sul do Amazonas<\/a><\/p>\n<p>Cleilton Fran\u00e7a dos Santos<\/p>\n<p><a href=\"https:\/\/drive.google.com\/file\/d\/0B7JFZNJF-Pw0a1hTRTJWc1Y3anc\/view?usp=sharing&amp;resourcekey=0-WVT4rev0fOGyz_KT_UtPQA\">O silenciamento da cultura boliviana: uma experi\u00eancia na forma\u00e7\u00e3o de professores de espanhol no Acre<\/a><\/p>\n<p>Evandro Luzia Teixeira<\/p>\n<p><a href=\"https:\/\/drive.google.com\/file\/d\/0B7JFZNJF-Pw0a1hTRTJWc1Y3anc\/view?usp=sharing&amp;resourcekey=0-WVT4rev0fOGyz_KT_UtPQA\">Vendedores ambulantes &#8211; \u201ccamel\u00f4s\u201d: sujeitos, discursos e identidades no \u201ccentro\u201d de Rio Branco<\/a><\/p>\n<p>Fernanda Cougo Mendon\u00e7a<\/p>\n<p><a href=\"https:\/\/drive.google.com\/file\/d\/0B7JFZNJF-Pw0a1hTRTJWc1Y3anc\/view?usp=sharing&amp;resourcekey=0-WVT4rev0fOGyz_KT_UtPQA\">Mem\u00f3rias e artes verbais de Luiz Mendes do Nascimento: o Orador do Mestre Irineu<\/a><\/p>\n<p>Guilherme da Silva Cunha<\/p>\n<p><a href=\"https:\/\/drive.google.com\/file\/d\/0B7JFZNJF-Pw0WXZ4VUJ0Ty1SMjQ\/view?usp=sharing&amp;resourcekey=0-2jXzIf7fug32O2FlSO02MA\">O curr\u00edculo de Filosofia no Acre sob uma perspectiva Nietzschiana<\/a><\/p>\n<p>Jairo de Ara\u00fajo Souza<\/p>\n<p><a href=\"https:\/\/drive.google.com\/file\/d\/0B7JFZNJF-Pw0UldVZzhTdzhzM2c\/view?usp=sharing&amp;resourcekey=0-5HyY-l_33jUlFdX7xd9aRg\">Os Memoriais da Cabanagem e dos Autonomistas: as instrumentaliza\u00e7\u00f5es das mem\u00f3rias hist\u00f3ricas nas amaz\u00f4nias<\/a><\/p>\n<p>Jamila Nascimento Pontes<\/p>\n<p><a href=\"https:\/\/drive.google.com\/file\/d\/0B7JFZNJF-Pw0QlEyTzZJUGZ1ODg\/view?usp=sharing&amp;resourcekey=0-0B4c45WkiVfev6Sr8elvmw\">Lambada \u2013 um artista da cena: Labirintos dos processos criativos<\/a><\/p>\n<p>Julia Lobato Pinto de Moura<\/p>\n<p><a href=\"https:\/\/drive.google.com\/file\/d\/0B7JFZNJF-Pw0UlhFZ202di1DQm8\/view?usp=sharing&amp;resourcekey=0-hbfxiImnd22DBqpBMNZUzA\">Palavras m\u00e1gicas e mitos modernos: o desenvolvimento no Acre da \u201cFrente Popular\u201d<\/a><\/p>\n<p>Luciana Maira Sales de Pereira<\/p>\n<p><a href=\"https:\/\/drive.google.com\/file\/d\/0B7JFZNJF-Pw0amxmRFR2YldOUjQ\/view?usp=sharing&amp;resourcekey=0-SX4VAHe7xTJIHH9PCWXJYQ\">Dos trilhos da literatura \u00e0 esta\u00e7\u00e3o de TV: uma an\u00e1lise da tradu\u00e7\u00e3o intersemi\u00f3tica do romance Mad Maria, de M\u00e1rcio Souza<\/a><\/p>\n<p>Marcelo Zaboetzki<\/p>\n<p><a href=\"https:\/\/drive.google.com\/file\/d\/0B7JFZNJF-Pw0ZDgxT2wxNC1LUUE\/view?usp=sharing&amp;resourcekey=0-lbpprZeP6X2bBAirKEP7-A\">Narrativas da Madeira &#8211; Mamor\u00e9: estudo das representa\u00e7\u00f5es amaz\u00f4nicas em Hist\u00f3ria tr\u00e1gica de uma expedi\u00e7\u00e3o, de Neville B. Graig<\/a><\/p>\n<p>M\u00e1rcio Adriano Chocorosqui<\/p>\n<p><a href=\"https:\/\/drive.google.com\/file\/d\/0B7JFZNJF-Pw0UWprSEdUT2dmME0\/view?usp=sharing&amp;resourcekey=0-1UQjEpNA64EXvtP0qftHcg\">Ecos discursivos e ideol\u00f3gicos nos recontos de Vov\u00f3 Amaz\u00f4nia e nas aventuras de Tizinho<\/a><\/p>\n<p>Maria Alexandrina F\u00e9lix de Andrade<\/p>\n<p><a href=\"https:\/\/drive.google.com\/file\/d\/0B7JFZNJF-Pw0Wm40OU1laDNxaEk\/view?usp=sharing&amp;resourcekey=0-pKxC9afAPGXVOjGedFq9nw\">Cotidiano e distanciamento: uma leitura de<em> \u00d3rf\u00e3os do Eldorado<\/em> de Milton Hatoum<\/a><\/p>\n<p>Maria Janete Ces\u00e1rio Braga<\/p>\n<p><a href=\"https:\/\/drive.google.com\/file\/d\/0B7JFZNJF-Pw0NmNORmlfNkNLTDQ\/view?usp=sharing&amp;resourcekey=0-Gi1rDi8uplFosj1E8zl4qQ\">As representa\u00e7\u00f5es sociais dos servidores da Biblioteca Central da Universidade Federal do Acre sobre a informatiza\u00e7\u00e3o e automa\u00e7\u00e3o dos servi\u00e7os<\/a><\/p>\n<p>Mayra Raelly da Costa Silva<\/p>\n<p><a href=\"https:\/\/drive.google.com\/file\/d\/0B7JFZNJF-Pw0Y2Z0dE1qUkFFVGM\/view?usp=sharing&amp;resourcekey=0-3363Uu-ffCxcGFuSM68PXg\">Topon\u00edmia e religi\u00e3o: a contribui\u00e7\u00e3o nordestina na nomea\u00e7\u00e3o de lugares acrianos<\/a><\/p>\n<p>Pabla Alexandre Pinheiro da Silva<\/p>\n<p><a href=\"https:\/\/drive.google.com\/file\/d\/0B7JFZNJF-Pw0a2g4M2VIdWFlMGc\/view?usp=sharing&amp;resourcekey=0-4CQWrkLGHCld2gl31oiwCw\">Nos banzeiros do Rio Croa: linguagem, identidade e cultura ribeirinha no Vale do Juru\u00e1<\/a><\/p>\n<p>Rom\u00e1rio Ney Rodrigues de Souza<\/p>\n<p>Educa\u00e7\u00e3o nas grades do poder: o Projovem prisional na escola \u201cF\u00e1brica de asas\u201d<\/p>\n<p>Silvia Rejane Teixeira de Abreu<\/p>\n<p><a href=\"https:\/\/drive.google.com\/file\/d\/0B7JFZNJF-Pw0UFZ6Q2VnOEhyQlE\/view?usp=sharing&amp;resourcekey=0-okBNis8x0TnlB20IxRRakA\">A expressividade sonora em letras de can\u00e7\u00f5es de Luiz Tatit: an\u00e1lise fonoestil\u00edstica<\/a><\/p>\n<p>S\u00f4nia Elina Sampaio Enes<\/p>\n<p><a href=\"https:\/\/drive.google.com\/file\/d\/0B7JFZNJF-Pw0X3o1YVR4Q0YycG8\/view?usp=sharing&amp;resourcekey=0-1RY5qAOxFJLJccSNOIN5_A\">Pr\u00e1ticas de letramento para alunos com defici\u00eancia em uma escola comum inclusiva em Cruzeiro do Sul\/Acre<\/a><\/p>\n<p>Suerda Mara Monteiro Vital Lima<\/p>\n<p><a href=\"https:\/\/drive.google.com\/file\/d\/0B7JFZNJF-Pw0Uk9tcjFoNWFXZVU\/view?usp=sharing&amp;resourcekey=0--kWrvyH6_2igVtTtOQuATQ\">Entre o banquete e o corpo: a carnavaliza\u00e7\u00e3o em &#8220;Como \u00e1gua para chocolate&#8221;<\/a><\/p>\n<h1 class=\"font_0\">Turma 2015<\/h1>\n<p>Amarilio Saraiva de Oliveira<\/p>\n<p><a href=\"https:\/\/sucupira.capes.gov.br\/sucupira\/public\/consultas\/coleta\/trabalhoConclusao\/viewTrabalhoConclusao.jsf?popup=true&amp;id_trabalho=4873396\" target=\"_blank\" rel=\"noopener noreferrer\">O Programa Asas da Florestania\/Fundamental como varadouro de m\u00e3o dupla: encurtando caminhos entre governo, escola e povos da floresta<\/a><\/p>\n<p>\u00c2ngela Maria dos Santos Rufino<\/p>\n<p><a href=\"https:\/\/sucupira.capes.gov.br\/sucupira\/public\/consultas\/coleta\/trabalhoConclusao\/viewTrabalhoConclusao.jsf?popup=true&amp;id_trabalho=5016897\" target=\"_blank\" rel=\"noopener noreferrer\">O uso das TICs na leitura e escrita com alunos\/as e professoras de l\u00edngua portuguesa, em escolas do Ensino Fundamental I, em Cruzeiro do Sul-Acre<\/a><\/p>\n<p>Caue de Camargo dos Santos<\/p>\n<p><a href=\"https:\/\/sucupira.capes.gov.br\/sucupira\/public\/consultas\/coleta\/trabalhoConclusao\/viewTrabalhoConclusao.jsf?popup=true&amp;id_trabalho=5085080\" target=\"_blank\" rel=\"noopener noreferrer\">Costurando tecidos de mem\u00f3rias do eu-professor-artista<\/a><\/p>\n<p>Damiana Nascimento de Ara\u00fajo<\/p>\n<p><a href=\"https:\/\/sucupira.capes.gov.br\/sucupira\/public\/consultas\/coleta\/trabalhoConclusao\/viewTrabalhoConclusao.jsf?popup=true&amp;id_trabalho=5058419\" target=\"_blank\" rel=\"noopener noreferrer\">Ambientalismo e acreanidade: espa\u00e7os de mem\u00f3ria e cultural no governo da Frente Popular (1999-2017)<\/a><\/p>\n<p>Daniele de Fran\u00e7a Nolasco<\/p>\n<p><a href=\"https:\/\/sucupira.capes.gov.br\/sucupira\/public\/consultas\/coleta\/trabalhoConclusao\/viewTrabalhoConclusao.jsf?popup=true&amp;id_trabalho=6217303\" target=\"_blank\" rel=\"noopener noreferrer\">Vogais anteriores do franc\u00eas: an\u00e1lise de seu tratamento fon\u00e9tico nos m\u00e9todos \u00c9CHO e ALTER EGO PLUS e proposta de interven\u00e7\u00e3o<\/a><\/p>\n<p>Francisco Rodrigues Pedrosa<\/p>\n<p><a href=\"https:\/\/sucupira.capes.gov.br\/sucupira\/public\/consultas\/coleta\/trabalhoConclusao\/viewTrabalhoConclusao.jsf?popup=true&amp;id_trabalho=5017193\" target=\"_blank\" rel=\"noopener noreferrer\">Discursos, normatiza\u00e7\u00f5es e poder: uma abordagem do regulamento do Seringal Santa Rosa no Departamento do Alto Juru\u00e1 no ano de 1906<\/a><\/p>\n<p>Gilberto Mendes da Silveira Lobo<\/p>\n<p><a href=\"https:\/\/sucupira.capes.gov.br\/sucupira\/public\/consultas\/coleta\/trabalhoConclusao\/viewTrabalhoConclusao.jsf?popup=true&amp;id_trabalho=5058421\" target=\"_blank\" rel=\"noopener noreferrer\">Da reda\u00e7\u00e3o: a constru\u00e7\u00e3o discursiva do Jornal Commercio do Amazonas sobre a quest\u00e3o do Acre<\/a><\/p>\n<p>Jirlany Marreiro da Costa Bezerra<\/p>\n<p><a href=\"https:\/\/sucupira.capes.gov.br\/sucupira\/public\/consultas\/coleta\/trabalhoConclusao\/viewTrabalhoConclusao.jsf?popup=true&amp;id_trabalho=4873414\" target=\"_blank\" rel=\"noopener noreferrer\">Entre as grades e as ruas: estudo do percurso da mulher no sistema prisional de Sena Madureira &#8211; AC<\/a><\/p>\n<p>Juliana Feitosa Albuquerque<\/p>\n<p><a href=\"https:\/\/sucupira.capes.gov.br\/sucupira\/public\/consultas\/coleta\/trabalhoConclusao\/viewTrabalhoConclusao.jsf?popup=true&amp;id_trabalho=5852404\" target=\"_blank\" rel=\"noopener noreferrer\">\u201cBeco do mijo\u201d: drama em cena na Amaz\u00f4nia acreana<\/a><\/p>\n<p>Liberacy Sousa Oliveira<\/p>\n<p><a href=\"https:\/\/sucupira.capes.gov.br\/sucupira\/public\/consultas\/coleta\/trabalhoConclusao\/viewTrabalhoConclusao.jsf?popup=true&amp;id_trabalho=6285322\" target=\"_blank\" rel=\"noopener noreferrer\">Protagonismo feminino e representa\u00e7\u00f5es sobre os Movimentos de Mulheres no Acre (1980-90)<\/a><\/p>\n<p>Linneker Belinni Jovino Maia<\/p>\n<p><a href=\"https:\/\/sucupira.capes.gov.br\/sucupira\/public\/consultas\/coleta\/trabalhoConclusao\/viewTrabalhoConclusao.jsf?popup=true&amp;id_trabalho=5552874\" target=\"_blank\" rel=\"noopener noreferrer\">O acontecer do sentido no direito: um estudo fenomenol\u00f3gico- hermen\u00eautico da significa\u00e7\u00e3o jur\u00eddica<\/a><\/p>\n<p>Luciana Pereira Ogando<\/p>\n<p><a href=\"https:\/\/sucupira.capes.gov.br\/sucupira\/public\/consultas\/coleta\/trabalhoConclusao\/viewTrabalhoConclusao.jsf?popup=true&amp;id_trabalho=5058426\" target=\"_blank\" rel=\"noopener noreferrer\">Os sentidos constru\u00eddos sobre o est\u00e1gio supervisionado de Letras\/Ingl\u00eas: os saberes da teoria e da pr\u00e1tica<\/a><\/p>\n<p>Luciano Santos de Farias<\/p>\n<p><a href=\"https:\/\/sucupira.capes.gov.br\/sucupira\/public\/consultas\/coleta\/trabalhoConclusao\/viewTrabalhoConclusao.jsf?popup=true&amp;id_trabalho=5465033\" target=\"_blank\" rel=\"noopener noreferrer\">As Marcas da Avalia\u00e7\u00e3o Extensiva em uma Escola de Rio Branco: as linguagens de colonialidades no curr\u00edculo do 5\u00ba Ano do Ensino Fundamental<\/a><\/p>\n<p>Maria Jeane Oliveira de Almeida<\/p>\n<p><a href=\"https:\/\/sucupira.capes.gov.br\/sucupira\/public\/consultas\/coleta\/trabalhoConclusao\/viewTrabalhoConclusao.jsf?popup=true&amp;id_trabalho=5058428\" target=\"_blank\" rel=\"noopener noreferrer\">Narrativas do Rio Moa: um estudo sobre mitos e lendas na comunidade S\u00e3o Salvador<\/a><\/p>\n<p>Maria Jucilandia Vanderlei Cavalcante<\/p>\n<p><a href=\"https:\/\/sucupira.capes.gov.br\/sucupira\/public\/consultas\/coleta\/trabalhoConclusao\/viewTrabalhoConclusao.jsf?popup=true&amp;id_trabalho=5085317\" target=\"_blank\" rel=\"noopener noreferrer\">Os neologismos populares em letras dos grupos de rap de Rio Branco: Kalibre 12, Zona IX e Yaconawas<\/a><\/p>\n<p>Nayara Maria Pessoa Lessa<\/p>\n<p><a href=\"https:\/\/sucupira.capes.gov.br\/sucupira\/public\/consultas\/coleta\/trabalhoConclusao\/viewTrabalhoConclusao.jsf?popup=true&amp;id_trabalho=5060013\" target=\"_blank\" rel=\"noopener noreferrer\">Topon\u00edmia em Rio Branco: a revolu\u00e7\u00e3o acreana e o movimento dos trabalhadores rurais no Acre como s\u00edmbolos identit\u00e1rios da patrimonializa\u00e7\u00e3o na cidade<\/a><\/p>\n<p>Raildo Brito Barbosa<\/p>\n<p><a href=\"https:\/\/sucupira.capes.gov.br\/sucupira\/public\/consultas\/coleta\/trabalhoConclusao\/viewTrabalhoConclusao.jsf?popup=true&amp;id_trabalho=4873372\" target=\"_blank\" rel=\"noopener noreferrer\">O Festival Acreano de M\u00fasica Popular \u2013 FAMP: entre pr\u00e1ticas e representa\u00e7\u00f5es<\/a><\/p>\n<p>Rozangela de Melo Martins<\/p>\n<p><a href=\"https:\/\/sucupira.capes.gov.br\/sucupira\/public\/consultas\/coleta\/trabalhoConclusao\/viewTrabalhoConclusao.jsf?popup=true&amp;id_trabalho=5060015\" target=\"_blank\" rel=\"noopener noreferrer\">O perfil da topon\u00edmia ind\u00edgena na zona rural do Estado do Acre<\/a><\/p>\n<p>Sandra Mara Souza de Oliveira Silva<\/p>\n<p><a href=\"https:\/\/sucupira.capes.gov.br\/sucupira\/public\/consultas\/coleta\/trabalhoConclusao\/viewTrabalhoConclusao.jsf?popup=true&amp;id_trabalho=5060016\" target=\"_blank\" rel=\"noopener noreferrer\">A topon\u00edmia da zona rural do Alto Acre: abordagem lingu\u00edstica dos sintagmas topon\u00edmicos<\/a><\/p>\n<p>Simone da Silva Pinheiro<\/p>\n<p><a href=\"https:\/\/sucupira.capes.gov.br\/sucupira\/public\/consultas\/coleta\/trabalhoConclusao\/viewTrabalhoConclusao.jsf?popup=true&amp;id_trabalho=5085263\" target=\"_blank\" rel=\"noopener noreferrer\">Asas da florestania: o \u201cdistante\u201d e o \u201cdif\u00edcil\u201d no discurso de educa\u00e7\u00e3o para os povos da cidade\/floresta<\/a><\/p>\n<p>Suelen Germano Costa<\/p>\n<p><a href=\"https:\/\/sucupira.capes.gov.br\/sucupira\/public\/consultas\/coleta\/trabalhoConclusao\/viewTrabalhoConclusao.jsf?popup=true&amp;id_trabalho=6284922\" target=\"_blank\" rel=\"noopener noreferrer\">Batuques e enverseios de Ant\u00f4nio Pedro em leituras de Alexandre Anselmo<\/a><\/p>\n<p>Suziane Alves de Farias<\/p>\n<p><a href=\"https:\/\/sucupira.capes.gov.br\/sucupira\/public\/consultas\/coleta\/trabalhoConclusao\/viewTrabalhoConclusao.jsf?popup=true&amp;id_trabalho=5060068\" target=\"_blank\" rel=\"noopener noreferrer\">Identidades constru\u00eddas: discursos e representa\u00e7\u00f5es na inven\u00e7\u00e3o da identidade acreana \u2013 um estudo expositivo do Museu da Borracha<\/a><\/p>\n<p>Tamara Afonso dos Santos<\/p>\n<p><a href=\"https:\/\/sucupira.capes.gov.br\/sucupira\/public\/consultas\/coleta\/trabalhoConclusao\/viewTrabalhoConclusao.jsf?popup=true&amp;id_trabalho=5060083\" target=\"_blank\" rel=\"noopener noreferrer\">Narrativas, p\u00f3s-colonialismo e tradu\u00e7\u00e3o: vozes e olhares em <strong>Galvez Imperador do Acre<\/strong> e sua vers\u00e3o para a l\u00edngua inglesa<\/a><\/p>\n<p>Tayson Ribeiro Teles<\/p>\n<p><a href=\"https:\/\/sucupira.capes.gov.br\/sucupira\/public\/consultas\/coleta\/trabalhoConclusao\/viewTrabalhoConclusao.jsf?popup=true&amp;id_trabalho=4894217\" target=\"_blank\" rel=\"noopener noreferrer\">A fala de Ulysses Guimar\u00e3es no ato promulgador da Constitui\u00e7\u00e3o de 1988: uma an\u00e1lise bakhtiniana<\/a><\/p>\n<h1 class=\"font_0\">Turma 2016<\/h1>\n<p>Adriana Azevedo Santiago<\/p>\n<p><a href=\"https:\/\/sucupira.capes.gov.br\/sucupira\/public\/consultas\/coleta\/trabalhoConclusao\/viewTrabalhoConclusao.jsf?popup=true&amp;id_trabalho=6424847\" target=\"_blank\" rel=\"noopener noreferrer\">Ensino de leitura: concep\u00e7\u00f5es e pr\u00e1ticas pedag\u00f3gicas das professoras dos 5\u00ba anos do Ensino Fundamental de uma escola p\u00fablica de Cruzeiro do Sul-Acre<\/a><\/p>\n<p>Alexon de Lima Moura Barros<\/p>\n<p><a href=\"https:\/\/sucupira.capes.gov.br\/sucupira\/public\/consultas\/coleta\/trabalhoConclusao\/viewTrabalhoConclusao.jsf?popup=true&amp;id_trabalho=6424832\" target=\"_blank\" rel=\"noopener noreferrer\">O (n\u00e3o) espa\u00e7o dos letramentos sociais em uma pol\u00edtica nacional de alfabetiza\u00e7\u00e3o: PNAIC 2015<\/a><\/p>\n<p>Alu\u00edzio Oliveira de Souza<\/p>\n<p><a href=\"https:\/\/sucupira.capes.gov.br\/sucupira\/public\/consultas\/coleta\/trabalhoConclusao\/viewTrabalhoConclusao.jsf?popup=true&amp;id_trabalho=6424954\" target=\"_blank\" rel=\"noopener noreferrer\">Leituras deleuzianas de <strong>Seringal<\/strong>, de Miguel Ferrante\u00a0<\/a><\/p>\n<p>Alyne Brand\u00e3o Alves<\/p>\n<p><a href=\"https:\/\/sucupira.capes.gov.br\/sucupira\/public\/consultas\/coleta\/trabalhoConclusao\/viewTrabalhoConclusao.jsf?popup=true&amp;id_trabalho=6315417\" target=\"_blank\" rel=\"noopener noreferrer\">Adolesc\u00eancia e sexualidade: estudo anal\u00edtico descritivo dos discursos de alunos acerca de concep\u00e7\u00f5es e viv\u00eancias em uma escola p\u00fablica de Rio Branco \u2013 AC<\/a><\/p>\n<p>Andrea Almeida Camp\u00ealo<\/p>\n<p><a href=\"https:\/\/sucupira.capes.gov.br\/sucupira\/public\/consultas\/coleta\/trabalhoConclusao\/viewTrabalhoConclusao.jsf?popup=true&amp;id_trabalho=6429084\" target=\"_blank\" rel=\"noopener noreferrer\">Bilinguismo e identidade: um olhar sobre a escola Noke Ko\u0129\/Katukina<\/a><\/p>\n<p>Andressa Almeida de Souza<\/p>\n<p><a href=\"https:\/\/sucupira.capes.gov.br\/sucupira\/public\/consultas\/coleta\/trabalhoConclusao\/viewTrabalhoConclusao.jsf?popup=true&amp;id_trabalho=6432793\" target=\"_blank\" rel=\"noopener noreferrer\">As narrativas de Algot Lange em comunidades do alto Solim\u00f5es \u2013 uma vila amaz\u00f4nica sob o olhar do outro<\/a><\/p>\n<p>Anselmo de Jesus Damasceno<\/p>\n<p><a href=\"https:\/\/sucupira.capes.gov.br\/sucupira\/public\/consultas\/coleta\/trabalhoConclusao\/viewTrabalhoConclusao.jsf?popup=true&amp;id_trabalho=7608483\" target=\"_blank\" rel=\"noopener noreferrer\">Vozes dissonantes: pol\u00edtica, escola e pr\u00e1ticas culturais em uma comunidade Puyan\u00e1wa<\/a><\/p>\n<p>Antonia Aparecida Lima Lopes<\/p>\n<p><a href=\"https:\/\/sucupira.capes.gov.br\/sucupira\/public\/consultas\/coleta\/trabalhoConclusao\/viewTrabalhoConclusao.jsf?popup=true&amp;id_trabalho=6745059\" target=\"_blank\" rel=\"noopener noreferrer\">Narrativas de professoras da educa\u00e7\u00e3o infantil sobre letramento: l\u00f3gica de forma\u00e7\u00e3o continuada<\/a><\/p>\n<p>Ant\u00f4nio Artheson Silva da Cruz<\/p>\n<p><a href=\"https:\/\/sucupira.capes.gov.br\/sucupira\/public\/consultas\/coleta\/trabalhoConclusao\/viewTrabalhoConclusao.jsf?popup=true&amp;id_trabalho=6432814\" target=\"_blank\" rel=\"noopener noreferrer\">A aus\u00eancia da dimens\u00e3o social do letramento: um estudo sobre o ensino da l\u00edngua portuguesa no Ensino M\u00e9dio<\/a><\/p>\n<p>Carla Fernanda Coelho de Melo Sampaio<\/p>\n<p><a href=\"https:\/\/sucupira.capes.gov.br\/sucupira\/public\/consultas\/coleta\/trabalhoConclusao\/viewTrabalhoConclusao.jsf?popup=true&amp;id_trabalho=6432884\" target=\"_blank\" rel=\"noopener noreferrer\">O perfil topon\u00edmico da zona rural da regional Juru\u00e1\/AC: an\u00e1lise quantitativa das taxionomias topon\u00edmicas<\/a><\/p>\n<p>Carlos Frederico Silva de Oliveira<\/p>\n<p><a href=\"https:\/\/sucupira.capes.gov.br\/sucupira\/public\/consultas\/coleta\/trabalhoConclusao\/viewTrabalhoConclusao.jsf?popup=true&amp;id_trabalho=5563142\" target=\"_blank\" rel=\"noopener noreferrer\">An\u00e1lise semi\u00f3tica do quadrinho \u201cGalvez, imperador do Acre\u201d<\/a><\/p>\n<p>Claudio Luiz da Silva Oliveira<\/p>\n<p><a href=\"https:\/\/sucupira.capes.gov.br\/sucupira\/public\/consultas\/coleta\/trabalhoConclusao\/viewTrabalhoConclusao.jsf?popup=true&amp;id_trabalho=6432914\" target=\"_blank\" rel=\"noopener noreferrer\">Luz, c\u00e2mera, a\u00e7\u00e3o! uma proposta pedag\u00f3gica no ensino de l\u00edngua espanhola na UFAC \u2013 campus floresta<\/a><\/p>\n<p>Cristiane Moreno de Andrade<\/p>\n<p><a href=\"https:\/\/sucupira.capes.gov.br\/sucupira\/public\/consultas\/coleta\/trabalhoConclusao\/viewTrabalhoConclusao.jsf?popup=true&amp;id_trabalho=6432962\" target=\"_blank\" rel=\"noopener noreferrer\">O noven\u00e1rio de Nossa Senhora da Gl\u00f3ria como manifesta\u00e7\u00e3o religiosa e profana da cidade de Cruzeiro do Sul<\/a><\/p>\n<p>Edilson Batista de S\u00e1<\/p>\n<p><a href=\"https:\/\/sucupira.capes.gov.br\/sucupira\/public\/consultas\/coleta\/trabalhoConclusao\/viewTrabalhoConclusao.jsf?popup=true&amp;id_trabalho=6315423\" target=\"_blank\" rel=\"noopener noreferrer\">As representa\u00e7\u00f5es sociais dos professores sobre planejamento de ensino no contexto das pol\u00edticas de avalia\u00e7\u00e3o em larga escala da educa\u00e7\u00e3o<\/a><\/p>\n<p>\u00camily Gerusa da Silva Oliveira<\/p>\n<p><a href=\"https:\/\/sucupira.capes.gov.br\/sucupira\/public\/consultas\/coleta\/trabalhoConclusao\/viewTrabalhoConclusao.jsf?popup=true&amp;id_trabalho=6432951\" target=\"_blank\" rel=\"noopener noreferrer\">A conquista e a coloniza\u00e7\u00e3o latino-americana no livro did\u00e1tico: um debate sobre a colonialidade<\/a><\/p>\n<p>Fernanda Cristina Damasceno Juc\u00e1<\/p>\n<p><a href=\"https:\/\/sucupira.capes.gov.br\/sucupira\/public\/consultas\/coleta\/trabalhoConclusao\/viewTrabalhoConclusao.jsf?popup=true&amp;id_trabalho=6433021\" target=\"_blank\" rel=\"noopener noreferrer\">As representa\u00e7\u00f5es de Cruzeiro do Sul disseminadas pelo site Juru\u00e1 Online<\/a><\/p>\n<p>Iara da Silva Castro Almeida<\/p>\n<p><a href=\"https:\/\/sucupira.capes.gov.br\/sucupira\/public\/consultas\/coleta\/trabalhoConclusao\/viewTrabalhoConclusao.jsf?popup=true&amp;id_trabalho=6745136\" target=\"_blank\" rel=\"noopener noreferrer\">Hist\u00f3ria e cultura dos povos ind\u00edgenas: abordagem e pr\u00e1tica escolar a partir da lei 11.645\/08 em Rio Branco \/ estudo do caso CAp<\/a><\/p>\n<p>Isamayra Junqueira de Lima<\/p>\n<p><a href=\"https:\/\/sucupira.capes.gov.br\/sucupira\/public\/consultas\/coleta\/trabalhoConclusao\/viewTrabalhoConclusao.jsf?popup=true&amp;id_trabalho=6433209\" target=\"_blank\" rel=\"noopener noreferrer\">Ana Cristina Cesar: a po\u00e9tica das identidades perdidas<\/a><\/p>\n<p>Jason de Oliveira Gomes<\/p>\n<p><a href=\"https:\/\/sucupira.capes.gov.br\/sucupira\/public\/consultas\/coleta\/trabalhoConclusao\/viewTrabalhoConclusao.jsf?popup=true&amp;id_trabalho=6315424\" target=\"_blank\" rel=\"noopener noreferrer\">Mem\u00f3rias do santo daime em Cruzeiro do Sul: vozes e narrativas dos poetas do Centro ecl\u00e9tico de fluente luz universal Ant\u00f4nio Gomes da Silva<\/a><\/p>\n<p>Jesus Jos\u00e9 Diez Canseco Carranza<\/p>\n<p><a href=\"https:\/\/sucupira.capes.gov.br\/sucupira\/public\/consultas\/coleta\/trabalhoConclusao\/viewTrabalhoConclusao.jsf?popup=true&amp;id_trabalho=6315398\" target=\"_blank\" rel=\"noopener noreferrer\">Narrativas del descentramiento en <em>La noche es virgen<\/em>, de Jaime Bayly, y L<em>a virgen de los sicarios<\/em>, de Fernando Vallejo<\/a><\/p>\n<p>Jo\u00e3o Batista Nogueira Cruz<\/p>\n<p><a href=\"https:\/\/sucupira.capes.gov.br\/sucupira\/public\/consultas\/coleta\/trabalhoConclusao\/viewTrabalhoConclusao.jsf?popup=true&amp;id_trabalho=6745199\" target=\"_blank\" rel=\"noopener noreferrer\">Ensino e aprendizagem na Escola Estadual Ind\u00edgena Tam\u00e3k\u00e3y\u00e3: um olhar sobre as tens\u00f5es entre a l\u00edngua materna (Noke Vana) e a L\u00edngua Portuguesa<\/a><\/p>\n<p>\u00a0<\/p>\n<p>Jo\u00e3o Itamar Melo de Almeida<\/p>\n<p><a href=\"https:\/\/sucupira.capes.gov.br\/sucupira\/public\/consultas\/coleta\/trabalhoConclusao\/viewTrabalhoConclusao.jsf?popup=true&amp;id_trabalho=6433258\" target=\"_blank\" rel=\"noopener noreferrer\">Possibilidades pedag\u00f3gicas do aplicativo Whatsapp em um curso de Letras Ingl\u00eas: sentidos constru\u00eddos durante uma experi\u00eancia de ensino da l\u00edngua inglesa<\/a><\/p>\n<p>Jorge Neto de Andrade Nobre<\/p>\n<p><a href=\"https:\/\/sucupira.capes.gov.br\/sucupira\/public\/consultas\/coleta\/trabalhoConclusao\/viewTrabalhoConclusao.jsf?popup=true&amp;id_trabalho=6745268\" target=\"_blank\" rel=\"noopener noreferrer\">Hip hop cultura de rua: minha ferramenta de descoloniza\u00e7\u00e3o<\/a><\/p>\n<p>Manoel Messias Feitosa Soares<\/p>\n<p><a href=\"https:\/\/sucupira.capes.gov.br\/sucupira\/public\/consultas\/coleta\/trabalhoConclusao\/viewTrabalhoConclusao.jsf?popup=true&amp;id_trabalho=7511134\" target=\"_blank\" rel=\"noopener noreferrer\">Linguagens que indicam fatores de adoecimento psicol\u00f3gico, depress\u00e3o e ansiedade, nos docentes do munic\u00edpio de Rio Branco \u2013 Acre<\/a><\/p>\n<p>Maria Alberlani Morais de Brito<\/p>\n<p><a href=\"https:\/\/sucupira.capes.gov.br\/sucupira\/public\/consultas\/coleta\/trabalhoConclusao\/viewTrabalhoConclusao.jsf?popup=true&amp;id_trabalho=7461467\">O Est\u00e1gio Supervisionado do curso de Letras Espanhol da Ufac \u2013 Campus Floresta: viv\u00eancias e desafios<\/a><\/p>\n<p>Maria Antonieta Melo de Almeida<\/p>\n<p><a href=\"https:\/\/sucupira.capes.gov.br\/sucupira\/public\/consultas\/coleta\/trabalhoConclusao\/viewTrabalhoConclusao.jsf?popup=true&amp;id_trabalho=6433277\" target=\"_blank\" rel=\"noopener noreferrer\">A presen\u00e7a feminina nos seringais do Alto Juru\u00e1 na obra Terra ca\u00edda, de Jos\u00e9 Potyguara<\/a><\/p>\n<p>Maria Ederlene da Silva Correia<\/p>\n<p><a href=\"https:\/\/sucupira.capes.gov.br\/sucupira\/public\/consultas\/coleta\/trabalhoConclusao\/viewTrabalhoConclusao.jsf?popup=true&amp;id_trabalho=6745354\" target=\"_blank\" rel=\"noopener noreferrer\">Possibilidades pedag\u00f3gicas no ensino de l\u00edngua inglesa com uso de aplicativos para smartphone<\/a><\/p>\n<p>Ney Willians Salgado Mazzaro<\/p>\n<p><a href=\"https:\/\/sucupira.capes.gov.br\/sucupira\/public\/consultas\/coleta\/trabalhoConclusao\/viewTrabalhoConclusao.jsf?popup=true&amp;id_trabalho=6433270\" target=\"_blank\" rel=\"noopener noreferrer\">As marcas dos novos letramentos em uma escola de ensino m\u00e9dio de Cruzeiro do Sul\/AC: da itiner\u00e2ncia dos discursos escritos \u00e0s pr\u00e1ticas sociais<\/a><\/p>\n<p>Priscila da Silva Machado Carvalho<\/p>\n<p><a href=\"https:\/\/sucupira.capes.gov.br\/sucupira\/public\/consultas\/coleta\/trabalhoConclusao\/viewTrabalhoConclusao.jsf?popup=true&amp;id_trabalho=6433316\" target=\"_blank\" rel=\"noopener noreferrer\">Um olhar sobre a implanta\u00e7\u00e3o da instru\u00e7\u00e3o prim\u00e1ria no Departamento do Alto Juru\u00e1 (1904 a 1910)<\/a><\/p>\n<p>Queila Batista dos Santos<\/p>\n<p><a href=\"https:\/\/sucupira.capes.gov.br\/sucupira\/public\/consultas\/coleta\/trabalhoConclusao\/viewTrabalhoConclusao.jsf?popup=true&amp;id_trabalho=6467095\" target=\"_blank\" rel=\"noopener noreferrer\">Movimento estudantil na Universidade Federal do Acre: pr\u00e1ticas e representa\u00e7\u00f5es sobre a Amaz\u00f4nia (1977-1990)<\/a><\/p>\n<p>Rafaela da Silva de Lima<\/p>\n<p><a href=\"https:\/\/sucupira.capes.gov.br\/sucupira\/public\/consultas\/coleta\/trabalhoConclusao\/viewTrabalhoConclusao.jsf?popup=true&amp;id_trabalho=6433307\">Os conte\u00fados afro-brasileiros e ind\u00edgenas na escola Gl\u00f3ria Perez: um enfoque na disciplina de Arte <\/a><\/p>\n<p>Rannife Augusta Carvalho Mastub de Oliveira<\/p>\n<p><a href=\"https:\/\/sucupira.capes.gov.br\/sucupira\/public\/consultas\/coleta\/trabalhoConclusao\/viewTrabalhoConclusao.jsf?popup=true&amp;id_trabalho=6433338\" target=\"_blank\" rel=\"noopener noreferrer\">Decantando a can\u00e7\u00e3o: as leituras d\u201cAs cr\u00f4nicas de gelo e fogo\u201d de George R. R. Martin<\/a><\/p>\n<p>Ruth Negreiros da Silva<\/p>\n<p><a href=\"https:\/\/sucupira.capes.gov.br\/sucupira\/public\/consultas\/coleta\/trabalhoConclusao\/viewTrabalhoConclusao.jsf?popup=true&amp;id_trabalho=6315400\" target=\"_blank\" rel=\"noopener noreferrer\">O l\u00e9xico de \u201cRios e barrancos do Acre\u201d \u2013 obra de M\u00e1rio Maia<\/a><\/p>\n<p>Samyr Alexssander Farias Leite<\/p>\n<p><a href=\"https:\/\/sucupira.capes.gov.br\/sucupira\/public\/consultas\/coleta\/trabalhoConclusao\/viewTrabalhoConclusao.jsf?popup=true&amp;id_trabalho=6315386\" target=\"_blank\" rel=\"noopener noreferrer\">\u201cSapat\u00f5es\u201d, \u201cGays\u201d, \u201cbaitolas\u201d, \u201cmeninas\u201d, \u201cbonecas\u201d, \u201ctravestis\u201d e \u201cgilete\u201d: Os discursos da heteronormatividade nos jornais O Rio Branco e Gazeta do Acre\/A Gazeta (1980-1990)\u00a0<\/a><\/p>\n<p>Silvania Maria Pinheiro da Silva Diniz<\/p>\n<p><a href=\"https:\/\/sucupira.capes.gov.br\/sucupira\/public\/consultas\/coleta\/trabalhoConclusao\/viewTrabalhoConclusao.jsf?popup=true&amp;id_trabalho=5563290\" target=\"_blank\" rel=\"noopener noreferrer\">Representa\u00e7\u00f5es da imprensa acreana sobre a problem\u00e1tica ind\u00edgena na cidade de Sena Madureira<\/a><\/p>\n<p>Simone Vieira Nieto Blanco<\/p>\n<p><a href=\"https:\/\/sucupira.capes.gov.br\/sucupira\/public\/consultas\/coleta\/trabalhoConclusao\/viewTrabalhoConclusao.jsf?popup=true&amp;id_trabalho=6467091\" target=\"_blank\" rel=\"noopener noreferrer\">Encena\u00e7\u00f5es nas aulas de l\u00edngua espanhola: contribui\u00e7\u00f5es para o desenvolvimento da oralidade<\/a><\/p>\n<p>Thiago Muniz da Silva<\/p>\n<p><a href=\"https:\/\/sucupira.capes.gov.br\/sucupira\/public\/consultas\/coleta\/trabalhoConclusao\/viewTrabalhoConclusao.jsf?popup=true&amp;id_trabalho=6433344\">Um curumim na Amaz\u00f4nia: as representa\u00e7\u00f5es da cultura ind\u00edgena em Yaguar\u00ea Yam\u00e3<\/a><\/p>\n<p>Valdirene Nascimento<\/p>\n<p><a href=\"https:\/\/sucupira.capes.gov.br\/sucupira\/public\/consultas\/coleta\/trabalhoConclusao\/viewTrabalhoConclusao.jsf?popup=true&amp;id_trabalho=6433345\">Identidade e pr\u00e1ticas interculturais na escola ind\u00edgena Apurin\u00e2 na aldeia Camicu\u00e3 &#8211; Boca do Acre<\/a><\/p>\n<p>V\u00e2ngela Nogueira de Oliveira<\/p>\n<p><a href=\"https:\/\/sucupira.capes.gov.br\/sucupira\/public\/consultas\/coleta\/trabalhoConclusao\/viewTrabalhoConclusao.jsf?popup=true&amp;id_trabalho=7609174\">Artistas nas ruas de Rio Branco \u2013 Amaz\u00f4nia Acreana: linguagens de corpos em movimento<\/a><\/p>\n<p>Vivian Gon\u00e7alves Louro Vargas<\/p>\n<p><a href=\"https:\/\/sucupira.capes.gov.br\/sucupira\/public\/consultas\/coleta\/trabalhoConclusao\/viewTrabalhoConclusao.jsf?popup=true&amp;id_trabalho=5563557\" target=\"_blank\" rel=\"noopener noreferrer\">Varia\u00e7\u00e3o diat\u00f3pica na L\u00edngua Brasileira de Sinais: a quest\u00e3o do l\u00e9xico no campo sem\u00e2ntico \u201cfam\u00edlia\u201d<\/a><\/p>\n<h1 class=\"font_0\">Turma 2017<\/h1>\n<p>Aline Kieling Juliano Honorato Santos<\/p>\n<p><a href=\"https:\/\/sucupira.capes.gov.br\/sucupira\/public\/consultas\/coleta\/trabalhoConclusao\/viewTrabalhoConclusao.xhtml?popup=true&amp;id_trabalho=7750244\">Projeto Pol\u00edtico Curricular de Letras Ingl\u00eas da Ufac e a Base Nacional Comum Curricular: poss\u00edveis conex\u00f5es dial\u00f3gicas para o uso das tecnologias digitais<\/a><\/p>\n<p>Carlos David Larraondo Chauca<\/p>\n<p><a href=\"https:\/\/sucupira.capes.gov.br\/sucupira\/public\/consultas\/coleta\/trabalhoConclusao\/viewTrabalhoConclusao.jsf?popup=true&amp;id_trabalho=7855423\">Leituras decoloniais do corpo, da sexualidade e do espa\u00e7o urbano nas cr\u00f4nicas de La esquina es mi coraz\u00f3n de Pedro Lemebel<\/a><\/p>\n<p>Cicero Dantas dos Santos Filho<\/p>\n<p><a href=\"https:\/\/sucupira.capes.gov.br\/sucupira\/public\/consultas\/coleta\/trabalhoConclusao\/viewTrabalhoConclusao.jsf?popup=true&amp;id_trabalho=7670555\">Trabalhadores do PAD Boa Esperan\u00e7a: trajet\u00f3rias e identidades<\/a><\/p>\n<p>Darlan Machado Dorneles<\/p>\n<p><a href=\"https:\/\/sucupira.capes.gov.br\/sucupira\/public\/consultas\/coleta\/trabalhoConclusao\/viewTrabalhoConclusao.jsf?popup=true&amp;id_trabalho=7750192\">Tra\u00e7os de regionalismos no l\u00e9xico da obra \u201cTerra Ca\u00edda\u201d, de Jos\u00e9 Potyguara<\/a><\/p>\n<p class=\"x_MsoNormal\">D\u00e9bora de Almeida<\/p>\n<p class=\"x_MsoNormal\"><a href=\"https:\/\/sucupira.capes.gov.br\/sucupira\/public\/consultas\/coleta\/trabalhoConclusao\/viewTrabalhoConclusao.jsf?popup=true&amp;id_trabalho=7924361\"><span style=\"text-decoration: underline;\">Matias: linguagem e teatro popular\u00a0do Acre<\/span><\/a><\/p>\n<p class=\"x_MsoNormal\">Francisco Charles Fernandes Falc\u00e3o<\/p>\n<p class=\"x_MsoNormal\"><a href=\"https:\/\/sucupira.capes.gov.br\/sucupira\/public\/consultas\/coleta\/trabalhoConclusao\/viewTrabalhoConclusao.jsf?popup=true&amp;id_trabalho=7924218\">Projeto Pol\u00edtico-Pedag\u00f3gico Shanenawa: saberes, fazeres e pr\u00e1ticas discursivas<\/a><\/p>\n<div>Francisco Marcelo da Silva Ara\u00fajo<\/div>\n<div>\u00a0<\/div>\n<div><a href=\"https:\/\/sucupira.capes.gov.br\/sucupira\/public\/consultas\/coleta\/trabalhoConclusao\/viewTrabalhoConclusao.jsf?popup=true&amp;id_trabalho=8253221\">Sexualidades e Identidades de g\u00eanero em quest\u00e3o: uma leitura da obra \u201cBom-Crioulo\u201d de Adolfo Caminha sob a perspectiva da Lingu\u00edstica\u00a0<i>Queer<\/i><i>\u00a0<\/i><\/a><\/div>\n<p class=\"x_MsoNormal\">Jos\u00e9 Elizi\u00e1rio de Moura<\/p>\n<p class=\"x_MsoNormal\"><a href=\"https:\/\/sucupira.capes.gov.br\/sucupira\/public\/consultas\/coleta\/trabalhoConclusao\/viewTrabalhoConclusao.jsf?popup=true&amp;id_trabalho=7652404\">Representa\u00e7\u00f5es semi\u00f3ticas na produ\u00e7\u00e3o musical de Jorge Cardoso (1980 a 1989)<\/a><\/p>\n<p class=\"x_MsoNormal\">Lar\u00edcia Pinheiro Silva Ramo<\/p>\n<p class=\"x_MsoNormal\"><a href=\"https:\/\/sucupira.capes.gov.br\/sucupira\/public\/consultas\/coleta\/trabalhoConclusao\/viewTrabalhoConclusao.jsf?popup=true&amp;id_trabalho=7750187\">Romance hist\u00f3rico contempor\u00e2neo: o perfil feminino na obra\u00a0<i>No tempo fr\u00e1gil das horas<\/i>\u00a0(2003), de Luzil\u00e1 Gon\u00e7alves Ferreira<\/a><\/p>\n<p class=\"x_MsoNormal\">Lays Emanuelle Vi\u00e9des Lima<\/p>\n<p class=\"x_MsoNormal\"><a href=\"https:\/\/sucupira.capes.gov.br\/sucupira\/public\/consultas\/coleta\/trabalhoConclusao\/viewTrabalhoConclusao.jsf?popup=true&amp;id_trabalho=7855390\">A \u201cvelhice\u201d e o \u201ccorpo\u201d em Clarice Lispector: uma leitura de V<i>iagem a Petr\u00f3polis<\/i><\/a><\/p>\n<p class=\"x_MsoNormal\">Let\u00edcia Porto Ribeiro<\/p>\n<p class=\"x_MsoNormal\"><a href=\"https:\/\/sucupira.capes.gov.br\/sucupira\/public\/consultas\/coleta\/trabalhoConclusao\/viewTrabalhoConclusao.jsf?popup=true&amp;id_trabalho=7634620\">Sentidos decoloniais na\u00a0<i>Nueva Canci\u00f3n Chilena<\/i>: o idioma musical de V\u00edctor Jara<\/a><\/p>\n<p class=\"x_MsoNormal\">Maria de Nazar\u00e9 Rodrigues de Lima<\/p>\n<p class=\"x_MsoNormal\"><a href=\"https:\/\/sucupira.capes.gov.br\/sucupira\/public\/consultas\/coleta\/trabalhoConclusao\/viewTrabalhoConclusao.xhtml?popup=true&amp;id_trabalho=7652380\">Discursos e pr\u00e1ticas pedag\u00f3gicas de professores da Educa\u00e7\u00e3o B\u00e1sica do interior da Amaz\u00f4nia Acreana sobre o uso das TICs e letramento digital no ensino de L\u00edngua Portuguesa<\/a><\/p>\n<p class=\"x_MsoNormal\">Maria Izaun\u00edria Nunes da Silva<\/p>\n<p class=\"x_MsoNormal\"><a href=\"https:\/\/sucupira.capes.gov.br\/sucupira\/public\/consultas\/coleta\/trabalhoConclusao\/viewTrabalhoConclusao.jsf?popup=true&amp;id_trabalho=7924241\">Desenho infantil, linguagem e sentido: o que dizem as crian\u00e7as sobre seus desenhos?<\/a><\/p>\n<p class=\"x_MsoNormal\">Maria Rosana Lopes do Nascimento<\/p>\n<p class=\"x_MsoNormal\"><a href=\"https:\/\/sucupira.capes.gov.br\/sucupira\/public\/consultas\/coleta\/trabalhoConclusao\/viewTrabalhoConclusao.jsf?popup=true&amp;id_trabalho=7924281\">Contribui\u00e7\u00f5es do Pibid-Hist\u00f3ria Ufac \u00e0 forma\u00e7\u00e3o do docente: saberes e experi\u00eancias<\/a><\/p>\n<p>Rodrigo Monteiro de Carvalho<\/p>\n<p><a href=\"https:\/\/sucupira.capes.gov.br\/sucupira\/public\/consultas\/coleta\/trabalhoConclusao\/viewTrabalhoConclusao.jsf?popup=true&amp;id_trabalho=8867843\" target=\"_blank\" rel=\"noopener noreferrer\">A consagra\u00e7\u00e3o da Santa Maria do Padrinho Sebasti\u00e3o na Col\u00f4nia Cinco Mil (1975-1982)<\/a><\/p>\n<p class=\"x_MsoNormal\">Teresa Di Somma<\/p>\n<p class=\"x_MsoNormal\"><a href=\"https:\/\/sucupira.capes.gov.br\/sucupira\/public\/consultas\/coleta\/trabalhoConclusao\/viewTrabalhoConclusao.jsf?popup=true&amp;id_trabalho=7855472\">Representa\u00e7\u00f5es sobre ra\u00e7a, g\u00eanero e \u201cdefici\u00eancia\u201d no Festival da Can\u00e7\u00e3o Italiana de Sanremo<\/a><\/p>\n<\/div>\n\n\n<h2 class=\"wp-block-heading\">Turma 2018<\/h2>\n\n\n\n<p class=\"wp-block-paragraph\">Airton Santos de Souza Junior<\/p>\n\n\n\n<p class=\"wp-block-paragraph\"><a href=\"https:\/\/sucupira.capes.gov.br\/sucupira\/public\/consultas\/coleta\/trabalhoConclusao\/viewTrabalhoConclusao.xhtml?popup=true&amp;id_trabalho=9341273\" target=\"_blank\" rel=\"noreferrer noopener\">Constru\u00e7\u00f5es identit\u00e1rias em enunciados de \u201cseringueiros(as) acreanos(as)\u201d&nbsp;<\/a><\/p>\n\n\n\n<p class=\"wp-block-paragraph\">Cristiane De Bortoli<\/p>\n\n\n\n<p class=\"wp-block-paragraph\"><a href=\"https:\/\/sucupira.capes.gov.br\/sucupira\/public\/consultas\/coleta\/trabalhoConclusao\/viewTrabalhoConclusao.jsf?popup=true&amp;id_trabalho=9239033\">Tradi\u00e7\u00f5es orais e can\u00e7\u00f5es Shanenawa atrav\u00e9s das mem\u00f3rias de Shuayne, patriarca da aldeia Shane Kaya<\/a><\/p>\n\n\n\n<p class=\"wp-block-paragraph\">Daniele Silva da Cunha Almeida&nbsp;<\/p>\n\n\n\n<p class=\"wp-block-paragraph\"><a rel=\"noreferrer noopener\" href=\"https:\/\/sucupira.capes.gov.br\/sucupira\/public\/consultas\/coleta\/trabalhoConclusao\/viewTrabalhoConclusao.jsf?popup=true&amp;id_trabalho=9726141\" target=\"_blank\">Narrativas orais na Amaz\u00f4nia: um estudo de caso no Vale do Juru\u00e1<\/a><\/p>\n\n\n\n<p class=\"wp-block-paragraph\">Emilly Nayra Soares Albuquerque&nbsp;&nbsp;<\/p>\n\n\n\n<p class=\"wp-block-paragraph\"><a href=\"https:\/\/sucupira.capes.gov.br\/sucupira\/public\/consultas\/coleta\/trabalhoConclusao\/viewTrabalhoConclusao.jsf?popup=true&amp;id_trabalho=9728149\" target=\"_blank\" rel=\"noreferrer noopener\">Semente: leituras sobre a trajet\u00f3ria de um grupo de teatro da cidade Rio Branco \u2013 Acre<\/a><\/p>\n\n\n\n<p class=\"wp-block-paragraph\">Isa\u00edas Morais Souza<\/p>\n\n\n\n<p class=\"wp-block-paragraph\"><a href=\"https:\/\/sucupira.capes.gov.br\/sucupira\/public\/consultas\/coleta\/trabalhoConclusao\/viewTrabalhoConclusao.jsf?popup=true&amp;id_trabalho=9726100\" target=\"_blank\" rel=\"noreferrer noopener\">Professores egressos da Ufac e a pr\u00e1tica de letramento liter\u00e1rio<\/a><\/p>\n\n\n\n<p class=\"wp-block-paragraph\">Jeissyane Furtado da Silva<\/p>\n\n\n\n<p class=\"wp-block-paragraph\"><a rel=\"noreferrer noopener\" href=\"https:\/\/sucupira.capes.gov.br\/sucupira\/public\/consultas\/coleta\/trabalhoConclusao\/viewTrabalhoConclusao.xhtml?popup=true&amp;id_trabalho=9341455\" target=\"_blank\">Nas trilhas liter\u00e1rias de Maria Firmina dos Reis&nbsp;&nbsp;<\/a><\/p>\n\n\n\n<p class=\"wp-block-paragraph\">Kelen Pinto Mendes<\/p>\n\n\n\n<p class=\"wp-block-paragraph\"><a rel=\"noreferrer noopener\" href=\"https:\/\/sucupira.capes.gov.br\/sucupira\/public\/consultas\/coleta\/trabalhoConclusao\/viewTrabalhoConclusao.xhtml?popup=true&amp;id_trabalho=9342241\" target=\"_blank\">M\u00fasica e po\u00e9tica: cantarolando saberes na Amaz\u00f4nia Acreana&nbsp;&nbsp;<\/a><\/p>\n\n\n\n<p class=\"wp-block-paragraph\">Lis\u00e2nia Ghisi Gomes&nbsp;<\/p>\n\n\n\n<p class=\"wp-block-paragraph\"><a href=\"https:\/\/sucupira.capes.gov.br\/sucupira\/public\/consultas\/coleta\/trabalhoConclusao\/viewTrabalhoConclusao.xhtml?popup=true&amp;id_trabalho=9342457\" target=\"_blank\" rel=\"noreferrer noopener\">Representa\u00e7\u00f5es no Jornal P\u00e1gina 20: um estudo sobre mulheres negras na coluna Cultura 20&nbsp;<\/a><\/p>\n\n\n\n<p class=\"wp-block-paragraph\">Soleane de Souza Brasil Manchineri&nbsp;<\/p>\n\n\n\n<p class=\"wp-block-paragraph\"><a href=\"https:\/\/sucupira.capes.gov.br\/sucupira\/public\/consultas\/coleta\/trabalhoConclusao\/viewTrabalhoConclusao.jsf?popup=true&amp;id_trabalho=9244215\">Trajet\u00f3rias dos Manchineri do seringal Guanabara<\/a><\/p>\n\n\n\n<p class=\"wp-block-paragraph\"><\/p>","protected":false},"excerpt":{"rendered":"<p>Turma 2006 Adriana Delgado Santelli Teatro das Cores: Verde Vagomundo e as Novas Propostas Est\u00e9ticas do Romance Amaz\u00f4nico Aelissandra Ferreira da Silva Discurso da\/na Pr\u00e1tica Docente do 8\u00b0 Ano do Ensino M\u00e9dio Carlos Andr\u00e9 Alexandre de Melo Universo Carnavalizado em<\/p>","protected":false},"author":65883018,"featured_media":0,"parent":0,"menu_order":3,"comment_status":"closed","ping_status":"closed","template":"","meta":{"_coblocks_attr":"","_coblocks_dimensions":"","_coblocks_responsive_height":"","_coblocks_accordion_ie_support":"","_crdt_document":"","advanced_seo_description":"","jetpack_seo_html_title":"","jetpack_seo_noindex":false,"footnotes":""},"class_list":["post-70","page","type-page","status-publish","hentry"],"jetpack_likes_enabled":false,"jetpack_sharing_enabled":true,"jetpack_shortlink":"https:\/\/wp.me\/P4Na16-18","amp_enabled":true,"_links":{"self":[{"href":"https:\/\/posletrasufac.com\/es\/wp-json\/wp\/v2\/pages\/70","targetHints":{"allow":["GET"]}}],"collection":[{"href":"https:\/\/posletrasufac.com\/es\/wp-json\/wp\/v2\/pages"}],"about":[{"href":"https:\/\/posletrasufac.com\/es\/wp-json\/wp\/v2\/types\/page"}],"author":[{"embeddable":true,"href":"https:\/\/posletrasufac.com\/es\/wp-json\/wp\/v2\/users\/65883018"}],"replies":[{"embeddable":true,"href":"https:\/\/posletrasufac.com\/es\/wp-json\/wp\/v2\/comments?post=70"}],"version-history":[{"count":41,"href":"https:\/\/posletrasufac.com\/es\/wp-json\/wp\/v2\/pages\/70\/revisions"}],"predecessor-version":[{"id":8355,"href":"https:\/\/posletrasufac.com\/es\/wp-json\/wp\/v2\/pages\/70\/revisions\/8355"}],"wp:attachment":[{"href":"https:\/\/posletrasufac.com\/es\/wp-json\/wp\/v2\/media?parent=70"}],"curies":[{"name":"wp","href":"https:\/\/api.w.org\/{rel}","templated":true}]}}