{"id":6465,"date":"2020-07-29T13:19:18","date_gmt":"2020-07-29T18:19:18","guid":{"rendered":"https:\/\/posletrasufac.com\/?page_id=6465"},"modified":"2022-05-11T14:34:21","modified_gmt":"2022-05-11T19:34:21","slug":"cooperacoes","status":"publish","type":"page","link":"https:\/\/posletrasufac.com\/es\/cooperacoes\/","title":{"rendered":"Cooperaciones"},"content":{"rendered":"<h2 class=\"has-text-align-center wp-block-heading\">Escuela Doctoral Tordesillas - Lenguas, Sociedades y Culturas<\/h2>\n\n\n\n<h6 class=\"has-text-align-center wp-block-heading\">Universidad Presbiteriana Mackenzie (Brasil) | Universidad Federal de Acre (Brasil) | Universidad de Minho (Portugal) | Universidad de Salamanca (Espa\u00f1a)<\/h6>\n\n\n\n<p class=\"wp-block-paragraph\">Los objetivos generales de la Escuela de Doctorado en Lenguas, Sociedades y Culturas de Tordesilhas son:\u00a0<\/p>\n\n\n\n<ol class=\"wp-block-list\"><li>promover la formaci\u00f3n de nuevos investigadores en el campo de las Humanidades con el objetivo de mejorar la calidad de la investigaci\u00f3n en el \u00e1rea, aglutinando recursos y l\u00edneas de investigaci\u00f3n que se han desarrollado de forma aislada en las distintas universidades miembros del GT;\u00a0<\/li><li>promover un CDT en Lenguas, Sociedades y Culturas entre las universidades firmantes de este Acuerdo, que contribuya a alcanzar altos est\u00e1ndares en docencia, extensi\u00f3n e investigaci\u00f3n, compartidos por las diferentes comunidades acad\u00e9micas implicadas en la acci\u00f3n;\u00a0<\/li><li>promover la cooperaci\u00f3n y el intercambio en investigaci\u00f3n cient\u00edfica entre los equipos implicados, as\u00ed como con otras IES nacionales e internacionales, buscando optimizar los recursos y alcanzar una masa cr\u00edtica y un contexto de investigaci\u00f3n intensivo y relevante;\u00a0<\/li><li>promover la movilidad de doctorandos y profesores entre universidades europeas y brasile\u00f1as, que puedan incorporarse a equipos de investigaci\u00f3n de IES distintas de las de origen;\u00a0<\/li><li>socializar el conocimiento producido en el CDT Lenguas, Sociedades y Culturas, utilizando tecnolog\u00edas que permitan a usuarios e instituciones un mayor acceso a este conocimiento.<\/li><\/ol>\n\n\n\n<p class=\"wp-block-paragraph\"> <\/p>\n\n\n\n<figure class=\"wp-block-image size-large\"><a href=\"https:\/\/i0.wp.com\/posletrasufac.com\/wp-content\/uploads\/2022\/05\/logo.png?ssl=1\"><img data-recalc-dims=\"1\" loading=\"lazy\" decoding=\"async\" width=\"750\" height=\"289\" data-attachment-id=\"9234\" data-permalink=\"https:\/\/posletrasufac.com\/es\/cooperacoes\/logo-2\/\" data-orig-file=\"https:\/\/i0.wp.com\/posletrasufac.com\/wp-content\/uploads\/2022\/05\/logo.png?fit=1300%2C500&amp;ssl=1\" data-orig-size=\"1300,500\" data-comments-opened=\"0\" data-image-meta=\"{&quot;aperture&quot;:&quot;0&quot;,&quot;credit&quot;:&quot;&quot;,&quot;camera&quot;:&quot;&quot;,&quot;caption&quot;:&quot;&quot;,&quot;created_timestamp&quot;:&quot;0&quot;,&quot;copyright&quot;:&quot;&quot;,&quot;focal_length&quot;:&quot;0&quot;,&quot;iso&quot;:&quot;0&quot;,&quot;shutter_speed&quot;:&quot;0&quot;,&quot;title&quot;:&quot;&quot;,&quot;orientation&quot;:&quot;0&quot;}\" data-image-title=\"logo\" data-image-description=\"\" data-image-caption=\"\" data-large-file=\"https:\/\/i0.wp.com\/posletrasufac.com\/wp-content\/uploads\/2022\/05\/logo.png?fit=750%2C289&amp;ssl=1\" src=\"https:\/\/i0.wp.com\/posletrasufac.com\/wp-content\/uploads\/2022\/05\/logo.png?resize=750%2C289&#038;ssl=1\" alt=\"\" class=\"wp-image-9234\" srcset=\"https:\/\/i0.wp.com\/posletrasufac.com\/wp-content\/uploads\/2022\/05\/logo.png?resize=1024%2C394&amp;ssl=1 1024w, https:\/\/i0.wp.com\/posletrasufac.com\/wp-content\/uploads\/2022\/05\/logo.png?resize=300%2C115&amp;ssl=1 300w, https:\/\/i0.wp.com\/posletrasufac.com\/wp-content\/uploads\/2022\/05\/logo.png?resize=768%2C295&amp;ssl=1 768w, https:\/\/i0.wp.com\/posletrasufac.com\/wp-content\/uploads\/2022\/05\/logo.png?resize=1200%2C462&amp;ssl=1 1200w, https:\/\/i0.wp.com\/posletrasufac.com\/wp-content\/uploads\/2022\/05\/logo.png?w=1300&amp;ssl=1 1300w\" sizes=\"auto, (max-width: 750px) 100vw, 750px\" \/><\/a><\/figure>\n\n\n\n<h2 class=\"wp-block-heading\" id=\"h.724nc42y8qm8_l\">OBJETIVOS<\/h2>\n\n\n\n<ul class=\"wp-block-list\"><li>Desarrollar acciones a corto, medio y largo plazo con la implicaci\u00f3n de profesores y estudiantes de m\u00e1ster y doctorado de los programas.<\/li><li>Asegurar la integraci\u00f3n de los GPP para formar una red de solidaridad e intercambios que mitigue las asimetr\u00edas regionales.<\/li><li>Establecer asociaciones en actividades de ense\u00f1anza (asignaturas compartidas, tr\u00e1nsito de productos bibliogr\u00e1ficos) y extensi\u00f3n (eventos, seminarios abiertos, publicaciones).<\/li><li>Formar redes de grupos de investigaci\u00f3n sobre temas e intereses comunes a la regi\u00f3n (lenguas y literaturas ind\u00edgenas, traducci\u00f3n cultural, educaci\u00f3n intercultural).<\/li><\/ul>\n\n\n\n<h2 class=\"wp-block-heading\" id=\"h.o8vddlkr8p78_l\"><a href=\"https:\/\/www.ppgsnorte.org\/#h.o8vddlkr8p78\"><\/a><a href=\"https:\/\/www.ppgsnorte.org\/#h.o8vddlkr8p78\"><\/a>ACCIONES<\/h2>\n\n\n\n<ul class=\"wp-block-list\"><li>Participaci\u00f3n en Consejos de M\u00e1ster y Doctorado<\/li><li>Publicaciones<\/li><li>Periodos de pr\u00e1cticas posdoctorales<\/li><li>Misiones de estudio<\/li><li>Investigaci\u00f3n en red (formaci\u00f3n de profesores, lenguas y literaturas ind\u00edgenas)<\/li><li>Materias compartidas<\/li><li>Organizaci\u00f3n de eventos<\/li><li>Intercambios entre estudiantes y profesores<\/li><li>Intercambio de productos y servicios y bibliograf\u00edas<\/li><li>Acciones de internacionalizaci\u00f3n<\/li><\/ul>\n\n\n\n<h3 class=\"wp-block-heading\">PROGRAMAS ASOCIADOS<\/h3>\n\n\n\n<p class=\"wp-block-paragraph\">Programa de Postgrado en Letras: Lengua e Identidad - Ufa<br>M\u00e1sters y doctorados<br>\u00c1rea de especializaci\u00f3n: Lengua y Cultura<br><\/p>\n\n\n\n<p class=\"wp-block-paragraph\">Programa de Postgrado en Letras - UFT (Porto Nacional)<br>M\u00e1ster<br>\u00c1reas de especializaci\u00f3n: Estudios Ling\u00fc\u00edsticos | Estudios Literarios<br><\/p>\n\n\n\n<p class=\"wp-block-paragraph\">Programa de Postgrado en Letras - UFPA<br>M\u00e1sters y doctorados<br>\u00c1reas de especializaci\u00f3n: Estudios Ling\u00fc\u00edsticos | Estudios Literarios<br><\/p>\n\n\n\n<p class=\"wp-block-paragraph\">Programa de Postgrado en Letras: Did\u00e1ctica de la Lengua y la Literatura - UFT (Aragua\u00edna)<br>M\u00e1sters y doctorados<br>\u00c1reas de especializaci\u00f3n: Ense\u00f1anza de Lengua y Literatura y Formaci\u00f3n del Profesorado<br><\/p>\n\n\n\n<p class=\"wp-block-paragraph\">Programa de Postgrado en Letras y Artes - UEA<br>M\u00e1ster<br>\u00c1reas de concentraci\u00f3n: Representaci\u00f3n e interpretaci\u00f3n art\u00edstica, literaria y lingu\u00edstica<br><\/p>\n\n\n\n<p class=\"wp-block-paragraph\">Programa de Postgrado en Letras - Unifesspa<br>M\u00e1ster<br>\u00c1reas de especializaci\u00f3n: Lengua y sociedad<br><\/p>\n\n\n\n<p class=\"wp-block-paragraph\">Programa de posgrado en Letras - Unir<br>M\u00e1ster<br>\u00c1reas de especializaci\u00f3n: Lenguas, Lenguas y Culturas a<br>Amaz\u00f3nicas<br><\/p>\n\n\n\n<p class=\"wp-block-paragraph\">Programa de Postgrado en Letras - Ufam<br>M\u00e1ster<br>\u00c1reas de especializaci\u00f3n: Teor\u00eda y an\u00e1lisis ling\u00fc\u00edstico | Estudios literarios<br><\/p>\n\n\n\n<p class=\"wp-block-paragraph\">Programa de Postgrado en Estudios Literarios - Unir<br>M\u00e1ster<br>\u00c1reas de especializaci\u00f3n: Estudios literarios<br><\/p>\n\n\n\n<p class=\"wp-block-paragraph\">Programa de Postgrado en Letras - UFRR<br>M\u00e1ster<br>\u00c1reas de especializaci\u00f3n: Estudios Ling\u00fc\u00edsticos y Cultura Regional<br><\/p>\n\n\n\n<p class=\"wp-block-paragraph\">Programa de Postgrado en Letras - Unifap<br>M\u00e1ster<br>\u00c1reas de especializaci\u00f3n: Estudios Ling\u00fc\u00edsticos y Cultura Regional<br><\/p>\n\n\n\n<p class=\"wp-block-paragraph\">Programa de Postgrado en Artes Esc\u00e9nicas - Ufac<\/p>\n\n\n\n<p class=\"wp-block-paragraph\">M\u00e1ster<\/p>","protected":false},"excerpt":{"rendered":"<p>Col\u00e9gio Doutoral Tordesilhas \u2013 Linguagens, Sociedades e Culturas Universidade Presbiteriana Mackenzie (Brasil) | Universidade Federal do Acre (Brasil) | Universidade do Minho (Portugal) | Universidad de Salamanca (Espanha) Os objetivos gerais que se pretendem alcan\u00e7ar com o Col\u00e9gio Doutoral Tordesilhas<\/p>","protected":false},"author":65883018,"featured_media":0,"parent":0,"menu_order":0,"comment_status":"closed","ping_status":"closed","template":"","meta":{"_coblocks_attr":"","_coblocks_dimensions":"","_coblocks_responsive_height":"","_coblocks_accordion_ie_support":"","_crdt_document":"","advanced_seo_description":"","jetpack_seo_html_title":"","jetpack_seo_noindex":false,"footnotes":""},"class_list":["post-6465","page","type-page","status-publish","hentry"],"jetpack_likes_enabled":false,"jetpack_sharing_enabled":true,"jetpack_shortlink":"https:\/\/wp.me\/P4Na16-1Gh","amp_enabled":true,"_links":{"self":[{"href":"https:\/\/posletrasufac.com\/es\/wp-json\/wp\/v2\/pages\/6465","targetHints":{"allow":["GET"]}}],"collection":[{"href":"https:\/\/posletrasufac.com\/es\/wp-json\/wp\/v2\/pages"}],"about":[{"href":"https:\/\/posletrasufac.com\/es\/wp-json\/wp\/v2\/types\/page"}],"author":[{"embeddable":true,"href":"https:\/\/posletrasufac.com\/es\/wp-json\/wp\/v2\/users\/65883018"}],"replies":[{"embeddable":true,"href":"https:\/\/posletrasufac.com\/es\/wp-json\/wp\/v2\/comments?post=6465"}],"version-history":[{"count":7,"href":"https:\/\/posletrasufac.com\/es\/wp-json\/wp\/v2\/pages\/6465\/revisions"}],"predecessor-version":[{"id":9236,"href":"https:\/\/posletrasufac.com\/es\/wp-json\/wp\/v2\/pages\/6465\/revisions\/9236"}],"wp:attachment":[{"href":"https:\/\/posletrasufac.com\/es\/wp-json\/wp\/v2\/media?parent=6465"}],"curies":[{"name":"wp","href":"https:\/\/api.w.org\/{rel}","templated":true}]}}