{"id":6311,"date":"2020-07-14T12:43:26","date_gmt":"2020-07-14T17:43:26","guid":{"rendered":"http:\/\/posletrasufac.com\/?page_id=6311"},"modified":"2020-12-16T14:36:59","modified_gmt":"2020-12-16T19:36:59","slug":"margens-e-fronteiras-moveis-programa-de-extensao","status":"publish","type":"page","link":"https:\/\/posletrasufac.com\/es\/margens-e-fronteiras-moveis-programa-de-extensao\/","title":{"rendered":"Margens e Fronteiras M\u00f3veis &#8211; Programa de Extens\u00e3o"},"content":{"rendered":"<p class=\"wp-block-paragraph\">O Programa de Extens\u00e3o \u201cMargens e Fronteiras M\u00f3veis\u201d tem como objetivo geral possibilitar um di\u00e1logo a partir da \u00c1rea de Concentra\u00e7\u00e3o &#8220;Linguagem e Cultura&#8221; do Programa de P\u00f3s-Gradua\u00e7\u00e3o em Letras: Linguagem e Identidade entre a comunidade interna e externa \u00e0 Universidade Federal do Acre, articulando a linhas de pesquisa L\u00edngua(gens) e Forma\u00e7\u00e3o Docente e Culturas e a linha de pesquisa Narrativas e Identidades Amaz\u00f4nicas, por meio da realiza\u00e7\u00e3o de semin\u00e1rios abertos, cursos, produ\u00e7\u00f5es bibliogr\u00e1ficas e t\u00e9cnicas, no per\u00edodo de junho de 2020 a maio de 2022.<\/p>\n\n\n\n<div class=\"wp-block-image\"><figure class=\"aligncenter size-large\"><img data-recalc-dims=\"1\" loading=\"lazy\" decoding=\"async\" width=\"500\" height=\"500\" data-attachment-id=\"6348\" data-permalink=\"https:\/\/posletrasufac.com\/es\/programa-de-extensc3a3o-margens-e-fronteiras-mc3b3veis-logo-1\/\" data-orig-file=\"https:\/\/i0.wp.com\/posletrasufac.com\/wp-content\/uploads\/2020\/07\/programa-de-extensc3a3o-margens-e-fronteiras-mc3b3veis-logo-1.png?fit=500%2C500&amp;ssl=1\" data-orig-size=\"500,500\" data-comments-opened=\"0\" data-image-meta=\"{&quot;aperture&quot;:&quot;0&quot;,&quot;credit&quot;:&quot;&quot;,&quot;camera&quot;:&quot;&quot;,&quot;caption&quot;:&quot;&quot;,&quot;created_timestamp&quot;:&quot;0&quot;,&quot;copyright&quot;:&quot;&quot;,&quot;focal_length&quot;:&quot;0&quot;,&quot;iso&quot;:&quot;0&quot;,&quot;shutter_speed&quot;:&quot;0&quot;,&quot;title&quot;:&quot;&quot;,&quot;orientation&quot;:&quot;0&quot;}\" data-image-title=\"programa-de-extensc3a3o-margens-e-fronteiras-mc3b3veis-logo-1\" data-image-description=\"\" data-image-caption=\"\" data-large-file=\"https:\/\/i0.wp.com\/posletrasufac.com\/wp-content\/uploads\/2020\/07\/programa-de-extensc3a3o-margens-e-fronteiras-mc3b3veis-logo-1.png?fit=500%2C500&amp;ssl=1\" src=\"https:\/\/i0.wp.com\/posletrasufac.com\/wp-content\/uploads\/2020\/07\/programa-de-extensc3a3o-margens-e-fronteiras-mc3b3veis-logo-1.png?resize=500%2C500&#038;ssl=1\" alt=\"\" class=\"wp-image-6348\"\/><\/figure><\/div>\n\n\n\n<div class=\"wp-block-media-text alignwide is-stacked-on-mobile\"><figure class=\"wp-block-media-text__media\"><img data-recalc-dims=\"1\" loading=\"lazy\" decoding=\"async\" width=\"601\" height=\"601\" data-attachment-id=\"7437\" data-permalink=\"https:\/\/posletrasufac.com\/es\/margens-e-fronteiras-moveis-programa-de-extensao\/card-600\/\" data-orig-file=\"https:\/\/i0.wp.com\/posletrasufac.com\/wp-content\/uploads\/2020\/12\/Card-600.png?fit=601%2C601&amp;ssl=1\" data-orig-size=\"601,601\" data-comments-opened=\"0\" data-image-meta=\"{&quot;aperture&quot;:&quot;0&quot;,&quot;credit&quot;:&quot;&quot;,&quot;camera&quot;:&quot;&quot;,&quot;caption&quot;:&quot;&quot;,&quot;created_timestamp&quot;:&quot;0&quot;,&quot;copyright&quot;:&quot;&quot;,&quot;focal_length&quot;:&quot;0&quot;,&quot;iso&quot;:&quot;0&quot;,&quot;shutter_speed&quot;:&quot;0&quot;,&quot;title&quot;:&quot;&quot;,&quot;orientation&quot;:&quot;0&quot;}\" data-image-title=\"Card-600\" data-image-description=\"\" data-image-caption=\"\" data-large-file=\"https:\/\/i0.wp.com\/posletrasufac.com\/wp-content\/uploads\/2020\/12\/Card-600.png?fit=601%2C601&amp;ssl=1\" src=\"https:\/\/i0.wp.com\/posletrasufac.com\/wp-content\/uploads\/2020\/12\/Card-600.png?resize=601%2C601&#038;ssl=1\" alt=\"\" class=\"wp-image-7437 size-full\" srcset=\"https:\/\/i0.wp.com\/posletrasufac.com\/wp-content\/uploads\/2020\/12\/Card-600.png?w=601&amp;ssl=1 601w, https:\/\/i0.wp.com\/posletrasufac.com\/wp-content\/uploads\/2020\/12\/Card-600.png?resize=300%2C300&amp;ssl=1 300w, https:\/\/i0.wp.com\/posletrasufac.com\/wp-content\/uploads\/2020\/12\/Card-600.png?resize=150%2C150&amp;ssl=1 150w, https:\/\/i0.wp.com\/posletrasufac.com\/wp-content\/uploads\/2020\/12\/Card-600.png?resize=400%2C400&amp;ssl=1 400w, https:\/\/i0.wp.com\/posletrasufac.com\/wp-content\/uploads\/2020\/12\/Card-600.png?resize=200%2C200&amp;ssl=1 200w, https:\/\/i0.wp.com\/posletrasufac.com\/wp-content\/uploads\/2020\/12\/Card-600.png?resize=270%2C270&amp;ssl=1 270w, https:\/\/i0.wp.com\/posletrasufac.com\/wp-content\/uploads\/2020\/12\/Card-600.png?resize=230%2C230&amp;ssl=1 230w\" sizes=\"auto, (max-width: 601px) 100vw, 601px\" \/><\/figure><div class=\"wp-block-media-text__content\">\n<p class=\"wp-block-paragraph\">Inscri\u00e7\u00f5es at\u00e9 02 de dezembro de 2020. Clique&nbsp;<a rel=\"noreferrer noopener\" href=\"https:\/\/forms.gle\/fwtqNvXQ4skMe2cb6\" target=\"_blank\">aqu\u00ed<\/a><\/p>\n\n\n\n<p class=\"wp-block-paragraph\">Link de Transmiss\u00e3o: <\/p>\n<\/div><\/div>\n\n\n\n<div class=\"wp-block-media-text alignwide is-stacked-on-mobile\"><figure class=\"wp-block-media-text__media\"><img data-recalc-dims=\"1\" loading=\"lazy\" decoding=\"async\" width=\"750\" height=\"422\" data-attachment-id=\"6924\" data-permalink=\"https:\/\/posletrasufac.com\/es\/2020\/09\/16\/convite-155\/seminarios-abertos-interculturalidade\/\" data-orig-file=\"https:\/\/i0.wp.com\/posletrasufac.com\/wp-content\/uploads\/2020\/09\/Seminarios-Abertos-Interculturalidade.png?fit=1280%2C720&amp;ssl=1\" data-orig-size=\"1280,720\" data-comments-opened=\"0\" data-image-meta=\"{&quot;aperture&quot;:&quot;0&quot;,&quot;credit&quot;:&quot;&quot;,&quot;camera&quot;:&quot;&quot;,&quot;caption&quot;:&quot;&quot;,&quot;created_timestamp&quot;:&quot;0&quot;,&quot;copyright&quot;:&quot;&quot;,&quot;focal_length&quot;:&quot;0&quot;,&quot;iso&quot;:&quot;0&quot;,&quot;shutter_speed&quot;:&quot;0&quot;,&quot;title&quot;:&quot;&quot;,&quot;orientation&quot;:&quot;0&quot;}\" data-image-title=\"Seminarios-Abertos-Interculturalidade\" data-image-description=\"\" data-image-caption=\"\" data-large-file=\"https:\/\/i0.wp.com\/posletrasufac.com\/wp-content\/uploads\/2020\/09\/Seminarios-Abertos-Interculturalidade.png?fit=750%2C422&amp;ssl=1\" src=\"https:\/\/i0.wp.com\/posletrasufac.com\/wp-content\/uploads\/2020\/09\/Seminarios-Abertos-Interculturalidade.png?resize=750%2C422&#038;ssl=1\" alt=\"\" class=\"wp-image-6924 size-full\" srcset=\"https:\/\/i0.wp.com\/posletrasufac.com\/wp-content\/uploads\/2020\/09\/Seminarios-Abertos-Interculturalidade.png?resize=1024%2C576&amp;ssl=1 1024w, https:\/\/i0.wp.com\/posletrasufac.com\/wp-content\/uploads\/2020\/09\/Seminarios-Abertos-Interculturalidade.png?resize=300%2C169&amp;ssl=1 300w, https:\/\/i0.wp.com\/posletrasufac.com\/wp-content\/uploads\/2020\/09\/Seminarios-Abertos-Interculturalidade.png?resize=768%2C432&amp;ssl=1 768w, https:\/\/i0.wp.com\/posletrasufac.com\/wp-content\/uploads\/2020\/09\/Seminarios-Abertos-Interculturalidade.png?resize=1200%2C675&amp;ssl=1 1200w, https:\/\/i0.wp.com\/posletrasufac.com\/wp-content\/uploads\/2020\/09\/Seminarios-Abertos-Interculturalidade.png?w=1280&amp;ssl=1 1280w\" sizes=\"auto, (max-width: 750px) 100vw, 750px\" \/><\/figure><div class=\"wp-block-media-text__content\">\n<p class=\"wp-block-paragraph\">Inscri\u00e7\u00f5es at\u00e9 21 de setembro de 2020, clique <a href=\"https:\/\/forms.gle\/LgZsQZ8TzRXCXB6X8\">aqu\u00ed<\/a><\/p>\n\n\n\n<p class=\"wp-block-paragraph\">O link de  transmiss\u00e3o: <\/p>\n\n\n\n<figure class=\"wp-block-embed is-type-video is-provider-youtube wp-block-embed-youtube wp-embed-aspect-16-9 wp-has-aspect-ratio\"><div class=\"wp-block-embed__wrapper\">\n<div class=\"epyt-video-wrapper\"><iframe loading=\"lazy\"  style=\"display: block; margin: 0px auto;\"  id=\"_ytid_62529\"  width=\"750\" height=\"422\"  data-origwidth=\"750\" data-origheight=\"422\" src=\"https:\/\/www.youtube.com\/embed\/Qp8ctrOlrrs?enablejsapi=1&#038;autoplay=0&#038;cc_load_policy=0&#038;cc_lang_pref=&#038;iv_load_policy=1&#038;loop=0&#038;rel=0&#038;fs=1&#038;playsinline=0&#038;autohide=2&#038;theme=dark&#038;color=red&#038;controls=1&#038;disablekb=0&#038;\" class=\"__youtube_prefs__  epyt-is-override  no-lazyload\" title=\"YouTube player\"  allow=\"fullscreen; accelerometer; autoplay; clipboard-write; encrypted-media; gyroscope; picture-in-picture; web-share\" referrerpolicy=\"strict-origin-when-cross-origin\" allowfullscreen data-no-lazy=\"1\" data-skipgform_ajax_framebjll=\"\"><\/iframe><\/div>\n<\/div><\/figure>\n<\/div><\/div>\n\n\n\n<div class=\"wp-block-media-text alignwide has-media-on-the-right is-stacked-on-mobile\"><figure class=\"wp-block-media-text__media\"><img data-recalc-dims=\"1\" loading=\"lazy\" decoding=\"async\" width=\"600\" height=\"600\" data-attachment-id=\"6877\" data-permalink=\"https:\/\/posletrasufac.com\/es\/margens-e-fronteiras-moveis-programa-de-extensao\/seminarios-abertos-o-desafio-do-pensamento-andino-em-gamaliel-churata\/\" data-orig-file=\"https:\/\/i0.wp.com\/posletrasufac.com\/wp-content\/uploads\/2020\/09\/Seminarios-Abertos-O-desafio-do-pensamento-andino-em-Gamaliel-Churata.png?fit=600%2C600&amp;ssl=1\" data-orig-size=\"600,600\" data-comments-opened=\"0\" data-image-meta=\"{&quot;aperture&quot;:&quot;0&quot;,&quot;credit&quot;:&quot;&quot;,&quot;camera&quot;:&quot;&quot;,&quot;caption&quot;:&quot;&quot;,&quot;created_timestamp&quot;:&quot;0&quot;,&quot;copyright&quot;:&quot;&quot;,&quot;focal_length&quot;:&quot;0&quot;,&quot;iso&quot;:&quot;0&quot;,&quot;shutter_speed&quot;:&quot;0&quot;,&quot;title&quot;:&quot;&quot;,&quot;orientation&quot;:&quot;0&quot;}\" data-image-title=\"Semin\u00e1rios Abertos &amp;#8211; O desafio do pensamento andino em Gamaliel Churata\" data-image-description=\"\" data-image-caption=\"\" data-large-file=\"https:\/\/i0.wp.com\/posletrasufac.com\/wp-content\/uploads\/2020\/09\/Seminarios-Abertos-O-desafio-do-pensamento-andino-em-Gamaliel-Churata.png?fit=600%2C600&amp;ssl=1\" src=\"https:\/\/i0.wp.com\/posletrasufac.com\/wp-content\/uploads\/2020\/09\/Seminarios-Abertos-O-desafio-do-pensamento-andino-em-Gamaliel-Churata.png?resize=600%2C600&#038;ssl=1\" alt=\"\" class=\"wp-image-6877 size-full\" srcset=\"https:\/\/i0.wp.com\/posletrasufac.com\/wp-content\/uploads\/2020\/09\/Seminarios-Abertos-O-desafio-do-pensamento-andino-em-Gamaliel-Churata.png?w=600&amp;ssl=1 600w, https:\/\/i0.wp.com\/posletrasufac.com\/wp-content\/uploads\/2020\/09\/Seminarios-Abertos-O-desafio-do-pensamento-andino-em-Gamaliel-Churata.png?resize=300%2C300&amp;ssl=1 300w, https:\/\/i0.wp.com\/posletrasufac.com\/wp-content\/uploads\/2020\/09\/Seminarios-Abertos-O-desafio-do-pensamento-andino-em-Gamaliel-Churata.png?resize=150%2C150&amp;ssl=1 150w, https:\/\/i0.wp.com\/posletrasufac.com\/wp-content\/uploads\/2020\/09\/Seminarios-Abertos-O-desafio-do-pensamento-andino-em-Gamaliel-Churata.png?resize=400%2C400&amp;ssl=1 400w, https:\/\/i0.wp.com\/posletrasufac.com\/wp-content\/uploads\/2020\/09\/Seminarios-Abertos-O-desafio-do-pensamento-andino-em-Gamaliel-Churata.png?resize=200%2C200&amp;ssl=1 200w, https:\/\/i0.wp.com\/posletrasufac.com\/wp-content\/uploads\/2020\/09\/Seminarios-Abertos-O-desafio-do-pensamento-andino-em-Gamaliel-Churata.png?resize=270%2C270&amp;ssl=1 270w, https:\/\/i0.wp.com\/posletrasufac.com\/wp-content\/uploads\/2020\/09\/Seminarios-Abertos-O-desafio-do-pensamento-andino-em-Gamaliel-Churata.png?resize=230%2C230&amp;ssl=1 230w\" sizes=\"auto, (max-width: 600px) 100vw, 600px\" \/><\/figure><div class=\"wp-block-media-text__content\">\n<p class=\"wp-block-paragraph\">Inscri\u00e7\u00f5es at\u00e9 19\/10\/2020. Link para inscri\u00e7\u00e3o, clique <a rel=\"noreferrer noopener\" href=\"https:\/\/forms.gle\/GJUFhvjdmV9KjBpT8\" target=\"_blank\">aqu\u00ed<\/a><\/p>\n\n\n\n<p class=\"wp-block-paragraph\">Link de Transmiss\u00e3o: <\/p>\n\n\n\n<figure class=\"wp-block-embed is-type-video is-provider-youtube wp-block-embed-youtube wp-embed-aspect-16-9 wp-has-aspect-ratio\"><div class=\"wp-block-embed__wrapper\">\n<div class=\"epyt-video-wrapper\"><iframe loading=\"lazy\"  style=\"display: block; margin: 0px auto;\"  id=\"_ytid_59210\"  width=\"750\" height=\"422\"  data-origwidth=\"750\" data-origheight=\"422\" src=\"https:\/\/www.youtube.com\/embed\/XgCiKZ8yiM8?enablejsapi=1&#038;autoplay=0&#038;cc_load_policy=0&#038;cc_lang_pref=&#038;iv_load_policy=1&#038;loop=0&#038;rel=0&#038;fs=1&#038;playsinline=0&#038;autohide=2&#038;theme=dark&#038;color=red&#038;controls=1&#038;disablekb=0&#038;\" class=\"__youtube_prefs__  epyt-is-override  no-lazyload\" title=\"YouTube player\"  allow=\"fullscreen; accelerometer; autoplay; clipboard-write; encrypted-media; gyroscope; picture-in-picture; web-share\" referrerpolicy=\"strict-origin-when-cross-origin\" allowfullscreen data-no-lazy=\"1\" data-skipgform_ajax_framebjll=\"\"><\/iframe><\/div>\n<\/div><\/figure>\n<\/div><\/div>\n\n\n\n<div class=\"wp-block-media-text alignwide is-stacked-on-mobile\"><figure class=\"wp-block-media-text__media\"><img data-recalc-dims=\"1\" loading=\"lazy\" decoding=\"async\" width=\"600\" height=\"600\" data-attachment-id=\"6688\" data-permalink=\"https:\/\/posletrasufac.com\/es\/margens-e-fronteiras-moveis-programa-de-extensao\/seminarios-abertos-as-relacoes-entre-literatura-e-natureza-na-america-latina-e-caribe\/\" data-orig-file=\"https:\/\/i0.wp.com\/posletrasufac.com\/wp-content\/uploads\/2020\/07\/Semin%C3%A1rios-Abertos-As-rela%C3%A7%C3%B5es-entre-literatura-e-natureza-na-Am%C3%A9rica-Latina-e-Caribe.png?fit=600%2C600&amp;ssl=1\" data-orig-size=\"600,600\" data-comments-opened=\"0\" data-image-meta=\"{&quot;aperture&quot;:&quot;0&quot;,&quot;credit&quot;:&quot;&quot;,&quot;camera&quot;:&quot;&quot;,&quot;caption&quot;:&quot;&quot;,&quot;created_timestamp&quot;:&quot;0&quot;,&quot;copyright&quot;:&quot;&quot;,&quot;focal_length&quot;:&quot;0&quot;,&quot;iso&quot;:&quot;0&quot;,&quot;shutter_speed&quot;:&quot;0&quot;,&quot;title&quot;:&quot;&quot;,&quot;orientation&quot;:&quot;0&quot;}\" data-image-title=\"Semin\u00e1rios Abertos As rela\u00e7\u00f5es entre literatura e natureza na Am\u00e9rica Latina e Caribe\" data-image-description=\"\" data-image-caption=\"\" data-large-file=\"https:\/\/i0.wp.com\/posletrasufac.com\/wp-content\/uploads\/2020\/07\/Semin%C3%A1rios-Abertos-As-rela%C3%A7%C3%B5es-entre-literatura-e-natureza-na-Am%C3%A9rica-Latina-e-Caribe.png?fit=600%2C600&amp;ssl=1\" src=\"https:\/\/i0.wp.com\/posletrasufac.com\/wp-content\/uploads\/2020\/07\/Semin%C3%A1rios-Abertos-As-rela%C3%A7%C3%B5es-entre-literatura-e-natureza-na-Am%C3%A9rica-Latina-e-Caribe.png?resize=600%2C600&#038;ssl=1\" alt=\"\" class=\"wp-image-6688 size-full\" srcset=\"https:\/\/i0.wp.com\/posletrasufac.com\/wp-content\/uploads\/2020\/07\/Semin%C3%A1rios-Abertos-As-rela%C3%A7%C3%B5es-entre-literatura-e-natureza-na-Am%C3%A9rica-Latina-e-Caribe.png?w=600&amp;ssl=1 600w, https:\/\/i0.wp.com\/posletrasufac.com\/wp-content\/uploads\/2020\/07\/Semin%C3%A1rios-Abertos-As-rela%C3%A7%C3%B5es-entre-literatura-e-natureza-na-Am%C3%A9rica-Latina-e-Caribe.png?resize=300%2C300&amp;ssl=1 300w, https:\/\/i0.wp.com\/posletrasufac.com\/wp-content\/uploads\/2020\/07\/Semin%C3%A1rios-Abertos-As-rela%C3%A7%C3%B5es-entre-literatura-e-natureza-na-Am%C3%A9rica-Latina-e-Caribe.png?resize=150%2C150&amp;ssl=1 150w, https:\/\/i0.wp.com\/posletrasufac.com\/wp-content\/uploads\/2020\/07\/Semin%C3%A1rios-Abertos-As-rela%C3%A7%C3%B5es-entre-literatura-e-natureza-na-Am%C3%A9rica-Latina-e-Caribe.png?resize=400%2C400&amp;ssl=1 400w, https:\/\/i0.wp.com\/posletrasufac.com\/wp-content\/uploads\/2020\/07\/Semin%C3%A1rios-Abertos-As-rela%C3%A7%C3%B5es-entre-literatura-e-natureza-na-Am%C3%A9rica-Latina-e-Caribe.png?resize=200%2C200&amp;ssl=1 200w, https:\/\/i0.wp.com\/posletrasufac.com\/wp-content\/uploads\/2020\/07\/Semin%C3%A1rios-Abertos-As-rela%C3%A7%C3%B5es-entre-literatura-e-natureza-na-Am%C3%A9rica-Latina-e-Caribe.png?resize=270%2C270&amp;ssl=1 270w, https:\/\/i0.wp.com\/posletrasufac.com\/wp-content\/uploads\/2020\/07\/Semin%C3%A1rios-Abertos-As-rela%C3%A7%C3%B5es-entre-literatura-e-natureza-na-Am%C3%A9rica-Latina-e-Caribe.png?resize=230%2C230&amp;ssl=1 230w\" sizes=\"auto, (max-width: 600px) 100vw, 600px\" \/><\/figure><div class=\"wp-block-media-text__content\">\n<p class=\"wp-block-paragraph\">Inscri\u00e7\u00f5es at\u00e9 25\/10\/2020. Link para inscri\u00e7\u00e3o, clique <a href=\"https:\/\/forms.gle\/oPzYfnvGQtUBrGycA\" target=\"_blank\" rel=\"noreferrer noopener\">aqu\u00ed<\/a><\/p>\n\n\n\n<p class=\"wp-block-paragraph\">Link de Transmiss\u00e3o: <\/p>\n\n\n\n<figure class=\"wp-block-embed is-type-video is-provider-youtube wp-block-embed-youtube wp-embed-aspect-16-9 wp-has-aspect-ratio\"><div class=\"wp-block-embed__wrapper\">\n<div class=\"epyt-video-wrapper\"><iframe loading=\"lazy\"  style=\"display: block; margin: 0px auto;\"  id=\"_ytid_96501\"  width=\"750\" height=\"422\"  data-origwidth=\"750\" data-origheight=\"422\" src=\"https:\/\/www.youtube.com\/embed\/tS1dmJXUSSY?enablejsapi=1&#038;autoplay=0&#038;cc_load_policy=0&#038;cc_lang_pref=&#038;iv_load_policy=1&#038;loop=0&#038;rel=0&#038;fs=1&#038;playsinline=0&#038;autohide=2&#038;theme=dark&#038;color=red&#038;controls=1&#038;disablekb=0&#038;\" class=\"__youtube_prefs__  epyt-is-override  no-lazyload\" title=\"YouTube player\"  allow=\"fullscreen; accelerometer; autoplay; clipboard-write; encrypted-media; gyroscope; picture-in-picture; web-share\" referrerpolicy=\"strict-origin-when-cross-origin\" allowfullscreen data-no-lazy=\"1\" data-skipgform_ajax_framebjll=\"\"><\/iframe><\/div>\n<\/div><\/figure>\n<\/div><\/div>\n\n\n\n<div class=\"wp-block-media-text alignwide has-media-on-the-right is-stacked-on-mobile\"><figure class=\"wp-block-media-text__media\"><img data-recalc-dims=\"1\" loading=\"lazy\" decoding=\"async\" width=\"600\" height=\"600\" data-attachment-id=\"6670\" data-permalink=\"https:\/\/posletrasufac.com\/es\/margens-e-fronteiras-moveis-programa-de-extensao\/seminarios-abertos\/\" data-orig-file=\"https:\/\/i0.wp.com\/posletrasufac.com\/wp-content\/uploads\/2020\/07\/Semin%C3%A1rios-Abertos.png?fit=600%2C600&amp;ssl=1\" data-orig-size=\"600,600\" data-comments-opened=\"0\" data-image-meta=\"{&quot;aperture&quot;:&quot;0&quot;,&quot;credit&quot;:&quot;&quot;,&quot;camera&quot;:&quot;&quot;,&quot;caption&quot;:&quot;&quot;,&quot;created_timestamp&quot;:&quot;0&quot;,&quot;copyright&quot;:&quot;&quot;,&quot;focal_length&quot;:&quot;0&quot;,&quot;iso&quot;:&quot;0&quot;,&quot;shutter_speed&quot;:&quot;0&quot;,&quot;title&quot;:&quot;&quot;,&quot;orientation&quot;:&quot;0&quot;}\" data-image-title=\"Semin\u00e1rios Abertos\" data-image-description=\"\" data-image-caption=\"\" data-large-file=\"https:\/\/i0.wp.com\/posletrasufac.com\/wp-content\/uploads\/2020\/07\/Semin%C3%A1rios-Abertos.png?fit=600%2C600&amp;ssl=1\" src=\"https:\/\/i0.wp.com\/posletrasufac.com\/wp-content\/uploads\/2020\/07\/Semin%C3%A1rios-Abertos.png?resize=600%2C600&#038;ssl=1\" alt=\"\" class=\"wp-image-6670 size-full\" srcset=\"https:\/\/i0.wp.com\/posletrasufac.com\/wp-content\/uploads\/2020\/07\/Semin%C3%A1rios-Abertos.png?w=600&amp;ssl=1 600w, https:\/\/i0.wp.com\/posletrasufac.com\/wp-content\/uploads\/2020\/07\/Semin%C3%A1rios-Abertos.png?resize=300%2C300&amp;ssl=1 300w, https:\/\/i0.wp.com\/posletrasufac.com\/wp-content\/uploads\/2020\/07\/Semin%C3%A1rios-Abertos.png?resize=150%2C150&amp;ssl=1 150w, https:\/\/i0.wp.com\/posletrasufac.com\/wp-content\/uploads\/2020\/07\/Semin%C3%A1rios-Abertos.png?resize=400%2C400&amp;ssl=1 400w, https:\/\/i0.wp.com\/posletrasufac.com\/wp-content\/uploads\/2020\/07\/Semin%C3%A1rios-Abertos.png?resize=200%2C200&amp;ssl=1 200w, https:\/\/i0.wp.com\/posletrasufac.com\/wp-content\/uploads\/2020\/07\/Semin%C3%A1rios-Abertos.png?resize=270%2C270&amp;ssl=1 270w, https:\/\/i0.wp.com\/posletrasufac.com\/wp-content\/uploads\/2020\/07\/Semin%C3%A1rios-Abertos.png?resize=230%2C230&amp;ssl=1 230w\" sizes=\"auto, (max-width: 600px) 100vw, 600px\" \/><\/figure><div class=\"wp-block-media-text__content\">\n<p class=\"wp-block-paragraph\">Inscri\u00e7\u00f5es at\u00e9 31\/08\/2020. Link para inscri\u00e7\u00e3o, clique <a rel=\"noreferrer noopener\" href=\"https:\/\/forms.gle\/aer1dnEXWmhMCKXo8\" target=\"_blank\">aqu\u00ed<\/a><\/p>\n\n\n\n<p class=\"wp-block-paragraph\">Link de Transmiss\u00e3o: <\/p>\n\n\n\n<figure class=\"wp-block-embed is-type-video is-provider-youtube wp-block-embed-youtube wp-embed-aspect-16-9 wp-has-aspect-ratio\"><div class=\"wp-block-embed__wrapper\">\n<div class=\"epyt-video-wrapper\"><iframe loading=\"lazy\"  style=\"display: block; margin: 0px auto;\"  id=\"_ytid_50780\"  width=\"750\" height=\"422\"  data-origwidth=\"750\" data-origheight=\"422\" src=\"https:\/\/www.youtube.com\/embed\/Iu5RALaYfBs?enablejsapi=1&#038;autoplay=0&#038;cc_load_policy=0&#038;cc_lang_pref=&#038;iv_load_policy=1&#038;loop=0&#038;rel=0&#038;fs=1&#038;playsinline=0&#038;autohide=2&#038;theme=dark&#038;color=red&#038;controls=1&#038;disablekb=0&#038;\" class=\"__youtube_prefs__  epyt-is-override  no-lazyload\" title=\"YouTube player\"  allow=\"fullscreen; accelerometer; autoplay; clipboard-write; encrypted-media; gyroscope; picture-in-picture; web-share\" referrerpolicy=\"strict-origin-when-cross-origin\" allowfullscreen data-no-lazy=\"1\" data-skipgform_ajax_framebjll=\"\"><\/iframe><\/div>\n<\/div><\/figure>\n<\/div><\/div>\n\n\n\n<div class=\"wp-block-media-text alignwide is-stacked-on-mobile\"><figure class=\"wp-block-media-text__media\"><img data-recalc-dims=\"1\" loading=\"lazy\" decoding=\"async\" width=\"600\" height=\"600\" data-attachment-id=\"6336\" data-permalink=\"https:\/\/posletrasufac.com\/es\/margens-e-fronteiras-moveis-programa-de-extensao\/2-literatura-em-tempos-de-crises-2\/\" data-orig-file=\"https:\/\/i0.wp.com\/posletrasufac.com\/wp-content\/uploads\/2020\/07\/2.-literatura-em-tempos-de-crises-1.png?fit=600%2C600&amp;ssl=1\" data-orig-size=\"600,600\" data-comments-opened=\"0\" data-image-meta=\"{&quot;aperture&quot;:&quot;0&quot;,&quot;credit&quot;:&quot;&quot;,&quot;camera&quot;:&quot;&quot;,&quot;caption&quot;:&quot;&quot;,&quot;created_timestamp&quot;:&quot;0&quot;,&quot;copyright&quot;:&quot;&quot;,&quot;focal_length&quot;:&quot;0&quot;,&quot;iso&quot;:&quot;0&quot;,&quot;shutter_speed&quot;:&quot;0&quot;,&quot;title&quot;:&quot;&quot;,&quot;orientation&quot;:&quot;0&quot;}\" data-image-title=\"2. Literatura em tempos de crises\" data-image-description=\"\" data-image-caption=\"\" data-large-file=\"https:\/\/i0.wp.com\/posletrasufac.com\/wp-content\/uploads\/2020\/07\/2.-literatura-em-tempos-de-crises-1.png?fit=600%2C600&amp;ssl=1\" src=\"https:\/\/i0.wp.com\/posletrasufac.com\/wp-content\/uploads\/2020\/07\/2.-literatura-em-tempos-de-crises-1.png?resize=600%2C600&#038;ssl=1\" alt=\"\" class=\"wp-image-6336 size-full\"\/><\/figure><div class=\"wp-block-media-text__content\">\n<p class=\"wp-block-paragraph\">Inscri\u00e7\u00f5es at\u00e9 10\/08\/2020. Link para inscri\u00e7\u00e3o, clique <a rel=\"noreferrer noopener\" href=\"https:\/\/forms.gle\/Gc4dMV8Nc1mNDZ7S7\" target=\"_blank\">aqu\u00ed<\/a><\/p>\n\n\n\n<p class=\"wp-block-paragraph\">Link de Transmiss\u00e3o ao vivo: <\/p>\n\n\n\n<figure class=\"wp-block-embed is-type-video is-provider-youtube wp-block-embed-youtube wp-embed-aspect-16-9 wp-has-aspect-ratio\"><div class=\"wp-block-embed__wrapper\">\n<div class=\"epyt-video-wrapper\"><iframe loading=\"lazy\"  style=\"display: block; margin: 0px auto;\"  id=\"_ytid_64155\"  width=\"750\" height=\"422\"  data-origwidth=\"750\" data-origheight=\"422\" src=\"https:\/\/www.youtube.com\/embed\/gTY3CvY3Xio?enablejsapi=1&#038;autoplay=0&#038;cc_load_policy=0&#038;cc_lang_pref=&#038;iv_load_policy=1&#038;loop=0&#038;rel=0&#038;fs=1&#038;playsinline=0&#038;autohide=2&#038;theme=dark&#038;color=red&#038;controls=1&#038;disablekb=0&#038;\" class=\"__youtube_prefs__  epyt-is-override  no-lazyload\" title=\"YouTube player\"  allow=\"fullscreen; accelerometer; autoplay; clipboard-write; encrypted-media; gyroscope; picture-in-picture; web-share\" referrerpolicy=\"strict-origin-when-cross-origin\" allowfullscreen data-no-lazy=\"1\" data-skipgform_ajax_framebjll=\"\"><\/iframe><\/div>\n<\/div><\/figure>\n<\/div><\/div>\n\n\n\n<div class=\"wp-block-media-text alignwide has-media-on-the-right is-stacked-on-mobile\"><figure class=\"wp-block-media-text__media\"><img data-recalc-dims=\"1\" loading=\"lazy\" decoding=\"async\" width=\"600\" height=\"600\" data-attachment-id=\"6340\" data-permalink=\"https:\/\/posletrasufac.com\/es\/margens-e-fronteiras-moveis-programa-de-extensao\/4-literatura-fantastica-relacoes-entre-o-discurso-historico-e-o-discurso-literario\/\" data-orig-file=\"https:\/\/i0.wp.com\/posletrasufac.com\/wp-content\/uploads\/2020\/07\/4.-literatura-fantc3a1stica-relac3a7c3b5es-entre-o-discurso-histc3b3rico-e-o-discurso-literc3a1rio.png?fit=600%2C600&amp;ssl=1\" data-orig-size=\"600,600\" data-comments-opened=\"0\" data-image-meta=\"{&quot;aperture&quot;:&quot;0&quot;,&quot;credit&quot;:&quot;&quot;,&quot;camera&quot;:&quot;&quot;,&quot;caption&quot;:&quot;&quot;,&quot;created_timestamp&quot;:&quot;0&quot;,&quot;copyright&quot;:&quot;&quot;,&quot;focal_length&quot;:&quot;0&quot;,&quot;iso&quot;:&quot;0&quot;,&quot;shutter_speed&quot;:&quot;0&quot;,&quot;title&quot;:&quot;&quot;,&quot;orientation&quot;:&quot;0&quot;}\" data-image-title=\"4. Literatura fant\u00e1stica rela\u00e7\u00f5es entre o discurso hist\u00f3rico e o discurso liter\u00e1rio\" data-image-description=\"\" data-image-caption=\"\" data-large-file=\"https:\/\/i0.wp.com\/posletrasufac.com\/wp-content\/uploads\/2020\/07\/4.-literatura-fantc3a1stica-relac3a7c3b5es-entre-o-discurso-histc3b3rico-e-o-discurso-literc3a1rio.png?fit=600%2C600&amp;ssl=1\" src=\"https:\/\/i0.wp.com\/posletrasufac.com\/wp-content\/uploads\/2020\/07\/4.-literatura-fantc3a1stica-relac3a7c3b5es-entre-o-discurso-histc3b3rico-e-o-discurso-literc3a1rio.png?resize=600%2C600&#038;ssl=1\" alt=\"\" class=\"wp-image-6340 size-full\"\/><\/figure><div class=\"wp-block-media-text__content\">\n<p class=\"wp-block-paragraph\">Inscri\u00e7\u00f5es at\u00e9 07\/09\/2020. Link para inscri\u00e7\u00e3o, clique <a rel=\"noreferrer noopener\" href=\"https:\/\/forms.gle\/yNzA6NhYSKwdw44M7\" target=\"_blank\">aqu\u00ed<\/a><\/p>\n\n\n\n<p class=\"wp-block-paragraph\">Link de Transmiss\u00e3o: <\/p>\n\n\n\n<figure class=\"wp-block-embed is-type-video is-provider-youtube wp-block-embed-youtube wp-embed-aspect-16-9 wp-has-aspect-ratio\"><div class=\"wp-block-embed__wrapper\">\n<div class=\"epyt-video-wrapper\"><iframe loading=\"lazy\"  style=\"display: block; margin: 0px auto;\"  id=\"_ytid_45819\"  width=\"750\" height=\"422\"  data-origwidth=\"750\" data-origheight=\"422\" src=\"https:\/\/www.youtube.com\/embed\/M7NYEuOjHgY?enablejsapi=1&#038;autoplay=0&#038;cc_load_policy=0&#038;cc_lang_pref=&#038;iv_load_policy=1&#038;loop=0&#038;rel=0&#038;fs=1&#038;playsinline=0&#038;autohide=2&#038;theme=dark&#038;color=red&#038;controls=1&#038;disablekb=0&#038;\" class=\"__youtube_prefs__  epyt-is-override  no-lazyload\" title=\"YouTube player\"  allow=\"fullscreen; accelerometer; autoplay; clipboard-write; encrypted-media; gyroscope; picture-in-picture; web-share\" referrerpolicy=\"strict-origin-when-cross-origin\" allowfullscreen data-no-lazy=\"1\" data-skipgform_ajax_framebjll=\"\"><\/iframe><\/div>\n<\/div><\/figure>\n<\/div><\/div>\n\n\n\n<div class=\"wp-block-media-text alignwide is-stacked-on-mobile\"><figure class=\"wp-block-media-text__media\"><img data-recalc-dims=\"1\" loading=\"lazy\" decoding=\"async\" width=\"600\" height=\"600\" data-attachment-id=\"6755\" data-permalink=\"https:\/\/posletrasufac.com\/es\/margens-e-fronteiras-moveis-programa-de-extensao\/seminarios-abertos-estudos-lusofonos-na-educacao-basica\/\" data-orig-file=\"https:\/\/i0.wp.com\/posletrasufac.com\/wp-content\/uploads\/2020\/08\/Semin%C3%A1rios-Abertos-Estudos-lus%C3%B3fonos-na-educa%C3%A7%C3%A3o-b%C3%A1sica.png?fit=600%2C600&amp;ssl=1\" data-orig-size=\"600,600\" data-comments-opened=\"0\" data-image-meta=\"{&quot;aperture&quot;:&quot;0&quot;,&quot;credit&quot;:&quot;&quot;,&quot;camera&quot;:&quot;&quot;,&quot;caption&quot;:&quot;&quot;,&quot;created_timestamp&quot;:&quot;0&quot;,&quot;copyright&quot;:&quot;&quot;,&quot;focal_length&quot;:&quot;0&quot;,&quot;iso&quot;:&quot;0&quot;,&quot;shutter_speed&quot;:&quot;0&quot;,&quot;title&quot;:&quot;&quot;,&quot;orientation&quot;:&quot;0&quot;}\" data-image-title=\"Semin\u00e1rios Abertos Estudos lus\u00f3fonos na educa\u00e7\u00e3o b\u00e1sica\" data-image-description=\"\" data-image-caption=\"\" data-large-file=\"https:\/\/i0.wp.com\/posletrasufac.com\/wp-content\/uploads\/2020\/08\/Semin%C3%A1rios-Abertos-Estudos-lus%C3%B3fonos-na-educa%C3%A7%C3%A3o-b%C3%A1sica.png?fit=600%2C600&amp;ssl=1\" src=\"https:\/\/i0.wp.com\/posletrasufac.com\/wp-content\/uploads\/2020\/08\/Semin%C3%A1rios-Abertos-Estudos-lus%C3%B3fonos-na-educa%C3%A7%C3%A3o-b%C3%A1sica.png?resize=600%2C600&#038;ssl=1\" alt=\"\" class=\"wp-image-6755 size-full\" srcset=\"https:\/\/i0.wp.com\/posletrasufac.com\/wp-content\/uploads\/2020\/08\/Semin%C3%A1rios-Abertos-Estudos-lus%C3%B3fonos-na-educa%C3%A7%C3%A3o-b%C3%A1sica.png?w=600&amp;ssl=1 600w, https:\/\/i0.wp.com\/posletrasufac.com\/wp-content\/uploads\/2020\/08\/Semin%C3%A1rios-Abertos-Estudos-lus%C3%B3fonos-na-educa%C3%A7%C3%A3o-b%C3%A1sica.png?resize=300%2C300&amp;ssl=1 300w, https:\/\/i0.wp.com\/posletrasufac.com\/wp-content\/uploads\/2020\/08\/Semin%C3%A1rios-Abertos-Estudos-lus%C3%B3fonos-na-educa%C3%A7%C3%A3o-b%C3%A1sica.png?resize=150%2C150&amp;ssl=1 150w, https:\/\/i0.wp.com\/posletrasufac.com\/wp-content\/uploads\/2020\/08\/Semin%C3%A1rios-Abertos-Estudos-lus%C3%B3fonos-na-educa%C3%A7%C3%A3o-b%C3%A1sica.png?resize=400%2C400&amp;ssl=1 400w, https:\/\/i0.wp.com\/posletrasufac.com\/wp-content\/uploads\/2020\/08\/Semin%C3%A1rios-Abertos-Estudos-lus%C3%B3fonos-na-educa%C3%A7%C3%A3o-b%C3%A1sica.png?resize=200%2C200&amp;ssl=1 200w, https:\/\/i0.wp.com\/posletrasufac.com\/wp-content\/uploads\/2020\/08\/Semin%C3%A1rios-Abertos-Estudos-lus%C3%B3fonos-na-educa%C3%A7%C3%A3o-b%C3%A1sica.png?resize=270%2C270&amp;ssl=1 270w, https:\/\/i0.wp.com\/posletrasufac.com\/wp-content\/uploads\/2020\/08\/Semin%C3%A1rios-Abertos-Estudos-lus%C3%B3fonos-na-educa%C3%A7%C3%A3o-b%C3%A1sica.png?resize=230%2C230&amp;ssl=1 230w\" sizes=\"auto, (max-width: 600px) 100vw, 600px\" \/><\/figure><div class=\"wp-block-media-text__content\">\n<p class=\"wp-block-paragraph\">Inscri\u00e7\u00f5es at\u00e9 14\/09\/2020. Link para inscri\u00e7\u00e3o, clique <a href=\"https:\/\/forms.gle\/8xzAu9Apbfpyj8nh6\">aqu\u00ed<\/a><\/p>\n\n\n\n<p class=\"wp-block-paragraph\">Link de Transmiss\u00e3o: <\/p>\n\n\n\n<figure class=\"wp-block-embed is-type-video is-provider-youtube wp-block-embed-youtube wp-embed-aspect-16-9 wp-has-aspect-ratio\"><div class=\"wp-block-embed__wrapper\">\n<div class=\"epyt-video-wrapper\"><iframe loading=\"lazy\"  style=\"display: block; margin: 0px auto;\"  id=\"_ytid_45875\"  width=\"750\" height=\"422\"  data-origwidth=\"750\" data-origheight=\"422\" src=\"https:\/\/www.youtube.com\/embed\/sHCE_-WCWrU?enablejsapi=1&#038;autoplay=0&#038;cc_load_policy=0&#038;cc_lang_pref=&#038;iv_load_policy=1&#038;loop=0&#038;rel=0&#038;fs=1&#038;playsinline=0&#038;autohide=2&#038;theme=dark&#038;color=red&#038;controls=1&#038;disablekb=0&#038;\" class=\"__youtube_prefs__  epyt-is-override  no-lazyload\" title=\"YouTube player\"  allow=\"fullscreen; accelerometer; autoplay; clipboard-write; encrypted-media; gyroscope; picture-in-picture; web-share\" referrerpolicy=\"strict-origin-when-cross-origin\" allowfullscreen data-no-lazy=\"1\" data-skipgform_ajax_framebjll=\"\"><\/iframe><\/div>\n<\/div><\/figure>\n<\/div><\/div>\n\n\n\n<div class=\"wp-block-media-text alignwide has-media-on-the-right is-stacked-on-mobile\"><figure class=\"wp-block-media-text__media\"><img data-recalc-dims=\"1\" loading=\"lazy\" decoding=\"async\" width=\"600\" height=\"600\" data-attachment-id=\"6375\" data-permalink=\"https:\/\/posletrasufac.com\/es\/margens-e-fronteiras-moveis-programa-de-extensao\/seminarios-abertos-indigenas-em-contexto-urbano-e-suas-producoes-durante-a-pandemia\/\" data-orig-file=\"https:\/\/i0.wp.com\/posletrasufac.com\/wp-content\/uploads\/2020\/07\/seminc3a1rios-abertos-indc3adgenas-em-contexto-urbano-e-suas-produc3a7c3b5es-durante-a-pandemia.png?fit=600%2C600&amp;ssl=1\" data-orig-size=\"600,600\" data-comments-opened=\"0\" data-image-meta=\"{&quot;aperture&quot;:&quot;0&quot;,&quot;credit&quot;:&quot;&quot;,&quot;camera&quot;:&quot;&quot;,&quot;caption&quot;:&quot;&quot;,&quot;created_timestamp&quot;:&quot;0&quot;,&quot;copyright&quot;:&quot;&quot;,&quot;focal_length&quot;:&quot;0&quot;,&quot;iso&quot;:&quot;0&quot;,&quot;shutter_speed&quot;:&quot;0&quot;,&quot;title&quot;:&quot;&quot;,&quot;orientation&quot;:&quot;0&quot;}\" data-image-title=\"Semin\u00e1rios Abertos Ind\u00edgenas em contexto urbano e suas produ\u00e7\u00f5es durante a pandemia\" data-image-description=\"\" data-image-caption=\"\" data-large-file=\"https:\/\/i0.wp.com\/posletrasufac.com\/wp-content\/uploads\/2020\/07\/seminc3a1rios-abertos-indc3adgenas-em-contexto-urbano-e-suas-produc3a7c3b5es-durante-a-pandemia.png?fit=600%2C600&amp;ssl=1\" src=\"https:\/\/i0.wp.com\/posletrasufac.com\/wp-content\/uploads\/2020\/07\/seminc3a1rios-abertos-indc3adgenas-em-contexto-urbano-e-suas-produc3a7c3b5es-durante-a-pandemia.png?resize=600%2C600&#038;ssl=1\" alt=\"\" class=\"wp-image-6375 size-full\"\/><\/figure><div class=\"wp-block-media-text__content\">\n<p class=\"wp-block-paragraph\">Inscri\u00e7\u00f5es at\u00e9 03\/08\/2020. Link para inscri\u00e7\u00e3o, clique <a rel=\"noreferrer noopener\" href=\"https:\/\/forms.gle\/bH4WSKVkZRfFzMF79\" target=\"_blank\">aqu\u00ed<\/a><\/p>\n\n\n\n<p class=\"wp-block-paragraph\">Link de Transmiss\u00e3o ao vivo: <a rel=\"noreferrer noopener\" href=\"https:\/\/youtu.be\/FmDSAQuymc0\" target=\"_blank\">https:\/\/youtu.be\/HNAD-eBAB6Q<\/a><\/p>\n<\/div><\/div>\n\n\n\n<div class=\"wp-block-media-text alignwide is-stacked-on-mobile\"><figure class=\"wp-block-media-text__media\"><img data-recalc-dims=\"1\" loading=\"lazy\" decoding=\"async\" width=\"600\" height=\"600\" data-attachment-id=\"6338\" data-permalink=\"https:\/\/posletrasufac.com\/es\/margens-e-fronteiras-moveis-programa-de-extensao\/3-temas-e-problemas-da-literatura-latino-americana-contemporanea-2\/\" data-orig-file=\"https:\/\/i0.wp.com\/posletrasufac.com\/wp-content\/uploads\/2020\/07\/3.-temas-e-problemas-da-literatura-latino-americana-contemporc3a2nea-1.png?fit=600%2C600&amp;ssl=1\" data-orig-size=\"600,600\" data-comments-opened=\"0\" data-image-meta=\"{&quot;aperture&quot;:&quot;0&quot;,&quot;credit&quot;:&quot;&quot;,&quot;camera&quot;:&quot;&quot;,&quot;caption&quot;:&quot;&quot;,&quot;created_timestamp&quot;:&quot;0&quot;,&quot;copyright&quot;:&quot;&quot;,&quot;focal_length&quot;:&quot;0&quot;,&quot;iso&quot;:&quot;0&quot;,&quot;shutter_speed&quot;:&quot;0&quot;,&quot;title&quot;:&quot;&quot;,&quot;orientation&quot;:&quot;0&quot;}\" data-image-title=\"3. Temas e problemas da literatura latino-americana contempor\u00e2nea\" data-image-description=\"\" data-image-caption=\"\" data-large-file=\"https:\/\/i0.wp.com\/posletrasufac.com\/wp-content\/uploads\/2020\/07\/3.-temas-e-problemas-da-literatura-latino-americana-contemporc3a2nea-1.png?fit=600%2C600&amp;ssl=1\" src=\"https:\/\/i0.wp.com\/posletrasufac.com\/wp-content\/uploads\/2020\/07\/3.-temas-e-problemas-da-literatura-latino-americana-contemporc3a2nea-1.png?resize=600%2C600&#038;ssl=1\" alt=\"\" class=\"wp-image-6338 size-full\"\/><\/figure><div class=\"wp-block-media-text__content\">\n<p class=\"wp-block-paragraph\">Inscri\u00e7\u00f5es at\u00e9 17\/08\/2020. Link para inscri\u00e7\u00e3o, clique <a rel=\"noreferrer noopener\" href=\"https:\/\/forms.gle\/3RVpXmYjfB88QA819\" target=\"_blank\">aqu\u00ed<\/a><\/p>\n\n\n\n<p class=\"wp-block-paragraph\">Link de Transmiss\u00e3o:<a href=\"https:\/\/youtu.be\/L3AYxLrhsYg\"> <\/a><\/p>\n\n\n\n<figure class=\"wp-block-embed is-type-video is-provider-youtube wp-block-embed-youtube wp-embed-aspect-16-9 wp-has-aspect-ratio\"><div class=\"wp-block-embed__wrapper\">\n<div class=\"epyt-video-wrapper\"><iframe loading=\"lazy\"  style=\"display: block; margin: 0px auto;\"  id=\"_ytid_17036\"  width=\"750\" height=\"422\"  data-origwidth=\"750\" data-origheight=\"422\" src=\"https:\/\/www.youtube.com\/embed\/L3AYxLrhsYg?enablejsapi=1&#038;autoplay=0&#038;cc_load_policy=0&#038;cc_lang_pref=&#038;iv_load_policy=1&#038;loop=0&#038;rel=0&#038;fs=1&#038;playsinline=0&#038;autohide=2&#038;theme=dark&#038;color=red&#038;controls=1&#038;disablekb=0&#038;\" class=\"__youtube_prefs__  epyt-is-override  no-lazyload\" title=\"YouTube player\"  allow=\"fullscreen; accelerometer; autoplay; clipboard-write; encrypted-media; gyroscope; picture-in-picture; web-share\" referrerpolicy=\"strict-origin-when-cross-origin\" allowfullscreen data-no-lazy=\"1\" data-skipgform_ajax_framebjll=\"\"><\/iframe><\/div>\n<\/div><\/figure>\n<\/div><\/div>\n\n\n\n<p class=\"wp-block-paragraph\"><\/p>\n\n\n\n<div class=\"wp-block-media-text alignwide has-media-on-the-right is-stacked-on-mobile is-vertically-aligned-center\"><figure class=\"wp-block-media-text__media\"><img data-recalc-dims=\"1\" loading=\"lazy\" decoding=\"async\" width=\"600\" height=\"600\" data-attachment-id=\"6866\" data-permalink=\"https:\/\/posletrasufac.com\/es\/margens-e-fronteiras-moveis-programa-de-extensao\/cursos\/\" data-orig-file=\"https:\/\/i0.wp.com\/posletrasufac.com\/wp-content\/uploads\/2020\/09\/Cursos.png?fit=600%2C600&amp;ssl=1\" data-orig-size=\"600,600\" data-comments-opened=\"0\" data-image-meta=\"{&quot;aperture&quot;:&quot;0&quot;,&quot;credit&quot;:&quot;&quot;,&quot;camera&quot;:&quot;&quot;,&quot;caption&quot;:&quot;&quot;,&quot;created_timestamp&quot;:&quot;0&quot;,&quot;copyright&quot;:&quot;&quot;,&quot;focal_length&quot;:&quot;0&quot;,&quot;iso&quot;:&quot;0&quot;,&quot;shutter_speed&quot;:&quot;0&quot;,&quot;title&quot;:&quot;&quot;,&quot;orientation&quot;:&quot;0&quot;}\" data-image-title=\"Cursos\" data-image-description=\"\" data-image-caption=\"\" data-large-file=\"https:\/\/i0.wp.com\/posletrasufac.com\/wp-content\/uploads\/2020\/09\/Cursos.png?fit=600%2C600&amp;ssl=1\" src=\"https:\/\/i0.wp.com\/posletrasufac.com\/wp-content\/uploads\/2020\/09\/Cursos.png?resize=600%2C600&#038;ssl=1\" alt=\"\" class=\"wp-image-6866 size-full\" srcset=\"https:\/\/i0.wp.com\/posletrasufac.com\/wp-content\/uploads\/2020\/09\/Cursos.png?w=600&amp;ssl=1 600w, https:\/\/i0.wp.com\/posletrasufac.com\/wp-content\/uploads\/2020\/09\/Cursos.png?resize=300%2C300&amp;ssl=1 300w, https:\/\/i0.wp.com\/posletrasufac.com\/wp-content\/uploads\/2020\/09\/Cursos.png?resize=150%2C150&amp;ssl=1 150w, https:\/\/i0.wp.com\/posletrasufac.com\/wp-content\/uploads\/2020\/09\/Cursos.png?resize=400%2C400&amp;ssl=1 400w, https:\/\/i0.wp.com\/posletrasufac.com\/wp-content\/uploads\/2020\/09\/Cursos.png?resize=200%2C200&amp;ssl=1 200w, https:\/\/i0.wp.com\/posletrasufac.com\/wp-content\/uploads\/2020\/09\/Cursos.png?resize=270%2C270&amp;ssl=1 270w, https:\/\/i0.wp.com\/posletrasufac.com\/wp-content\/uploads\/2020\/09\/Cursos.png?resize=230%2C230&amp;ssl=1 230w\" sizes=\"auto, (max-width: 600px) 100vw, 600px\" \/><\/figure><div class=\"wp-block-media-text__content\">\n<p class=\"wp-block-paragraph\">Inscri\u00e7\u00f5es at\u00e9 02\/09\/2020. Link para inscri\u00e7\u00e3o, clique <a rel=\"noreferrer noopener\" href=\"https:\/\/forms.gle\/1pwwyXeFz33z1FKs8\" target=\"_blank\">aqu\u00ed<\/a><\/p>\n\n\n\n<p class=\"wp-block-paragraph\">Link de acesso \u00e0 sala virtual ser\u00e1 enviado por e-mail aos inscritos.<\/p>\n<\/div><\/div>","protected":false},"excerpt":{"rendered":"<p>O Programa de Extens\u00e3o \u201cMargens e Fronteiras M\u00f3veis\u201d tem como objetivo geral possibilitar um di\u00e1logo a partir da \u00c1rea de Concentra\u00e7\u00e3o &#8220;Linguagem e Cultura&#8221; do Programa de P\u00f3s-Gradua\u00e7\u00e3o em Letras: Linguagem e Identidade entre a comunidade interna e externa \u00e0<\/p>","protected":false},"author":65883018,"featured_media":0,"parent":0,"menu_order":0,"comment_status":"closed","ping_status":"closed","template":"","meta":{"_coblocks_attr":"","_coblocks_dimensions":"","_coblocks_responsive_height":"","_coblocks_accordion_ie_support":"","_crdt_document":"","advanced_seo_description":"","jetpack_seo_html_title":"","jetpack_seo_noindex":false,"footnotes":""},"class_list":["post-6311","page","type-page","status-publish","hentry"],"jetpack_likes_enabled":false,"jetpack_sharing_enabled":true,"jetpack_shortlink":"https:\/\/wp.me\/P4Na16-1DN","amp_enabled":true,"_links":{"self":[{"href":"https:\/\/posletrasufac.com\/es\/wp-json\/wp\/v2\/pages\/6311","targetHints":{"allow":["GET"]}}],"collection":[{"href":"https:\/\/posletrasufac.com\/es\/wp-json\/wp\/v2\/pages"}],"about":[{"href":"https:\/\/posletrasufac.com\/es\/wp-json\/wp\/v2\/types\/page"}],"author":[{"embeddable":true,"href":"https:\/\/posletrasufac.com\/es\/wp-json\/wp\/v2\/users\/65883018"}],"replies":[{"embeddable":true,"href":"https:\/\/posletrasufac.com\/es\/wp-json\/wp\/v2\/comments?post=6311"}],"version-history":[{"count":44,"href":"https:\/\/posletrasufac.com\/es\/wp-json\/wp\/v2\/pages\/6311\/revisions"}],"predecessor-version":[{"id":7439,"href":"https:\/\/posletrasufac.com\/es\/wp-json\/wp\/v2\/pages\/6311\/revisions\/7439"}],"wp:attachment":[{"href":"https:\/\/posletrasufac.com\/es\/wp-json\/wp\/v2\/media?parent=6311"}],"curies":[{"name":"wp","href":"https:\/\/api.w.org\/{rel}","templated":true}]}}