{"id":32,"date":"2014-07-04T21:22:54","date_gmt":"2014-07-04T21:22:54","guid":{"rendered":"http:\/\/posletrasufac.com\/?page_id=32"},"modified":"2026-01-07T10:40:06","modified_gmt":"2026-01-07T15:40:06","slug":"corpo-docente","status":"publish","type":"page","link":"https:\/\/posletrasufac.com\/es\/corpo-docente\/","title":{"rendered":"Docentes (Quadri\u00eanio 2025-2028)"},"content":{"rendered":"<p class=\"wp-block-paragraph\">O corpo docente do PPGLI da UFAC, com ampla e s\u00f3lida forma\u00e7\u00e3o na \u00e1rea de Lingu\u00edstica e Literatura, aliada a uma diversidade de outras \u00e1reas das Ci\u00eancias Humanas , apresenta um perfil robusto e din\u00e2mico, com uma configura\u00e7\u00e3o que tem favorecido a forma\u00e7\u00e3o de pesquisadoras e pesquisadores com uma vis\u00e3o cr\u00edtica e integrada, capacitando-as(os) para enfrentar os desafios contempor\u00e2neos no ensino, na pesquisa, na extens\u00e3o, em diferentes campos da atua\u00e7\u00e3o profissional no \u00e2mbito da Amaz\u00f4nia Sul-Ocidental. A integra\u00e7\u00e3o interdisciplinar \u00e9 essencial para que discentes de mestrado e doutorado apreendam as complexas rela\u00e7\u00f5es e possibilidades de investiga\u00e7\u00e3o que se estabelecem a partir da \u00e1rea de concentra\u00e7\u00e3o em linguagem e cultura, norteadora da forma\u00e7\u00e3o no Programa.<\/p>\n\n\n\n<h3 class=\"wp-block-heading\">Distribui\u00e7\u00e3o por \u00c1rea de Forma\u00e7\u00e3o:<\/h3>\n\n\n\n<ul class=\"wp-block-list\">\n<li><em>Lingu\u00edstica e Literatura<\/em>: 14 docentes<\/li>\n\n\n\n<li><em>Hist\u00f3ria<\/em>: 3 docentes<\/li>\n\n\n\n<li><em>Comunica\u00e7\u00e3o<\/em>: 1 docente<\/li>\n\n\n\n<li><em>Composi\u00e7\u00e3o Musical<\/em>: 1 docente<\/li>\n\n\n\n<li><em>Sociedade, Cultura e Fronteiras<\/em>: 1 docente<\/li>\n\n\n\n<li><em>Geografia Humana<\/em>: 1 docente<\/li>\n<\/ul>\n\n\n<div class=\"wp-block-image\">\n<figure class=\"aligncenter size-full\"><a href=\"https:\/\/i0.wp.com\/posletrasufac.com\/wp-content\/uploads\/2026\/01\/Contagem-2.png?ssl=1\"><img data-recalc-dims=\"1\" loading=\"lazy\" decoding=\"async\" width=\"750\" height=\"409\" data-attachment-id=\"17389\" data-permalink=\"https:\/\/posletrasufac.com\/es\/corpo-docente\/contagem-2\/\" data-orig-file=\"https:\/\/i0.wp.com\/posletrasufac.com\/wp-content\/uploads\/2026\/01\/Contagem-2.png?fit=777%2C424&amp;ssl=1\" data-orig-size=\"777,424\" data-comments-opened=\"0\" data-image-meta=\"{&quot;aperture&quot;:&quot;0&quot;,&quot;credit&quot;:&quot;&quot;,&quot;camera&quot;:&quot;&quot;,&quot;caption&quot;:&quot;&quot;,&quot;created_timestamp&quot;:&quot;0&quot;,&quot;copyright&quot;:&quot;&quot;,&quot;focal_length&quot;:&quot;0&quot;,&quot;iso&quot;:&quot;0&quot;,&quot;shutter_speed&quot;:&quot;0&quot;,&quot;title&quot;:&quot;&quot;,&quot;orientation&quot;:&quot;0&quot;}\" data-image-title=\"Contagem (2)\" data-image-description=\"\" data-image-caption=\"\" data-large-file=\"https:\/\/i0.wp.com\/posletrasufac.com\/wp-content\/uploads\/2026\/01\/Contagem-2.png?fit=750%2C409&amp;ssl=1\" src=\"https:\/\/i0.wp.com\/posletrasufac.com\/wp-content\/uploads\/2026\/01\/Contagem-2.png?resize=750%2C409&#038;ssl=1\" alt=\"Gr\u00e1fico de pizza mostrando a distribui\u00e7\u00e3o percentual de diferentes \u00e1reas de estudo, com Lingu\u00edstica e Literatura representando 66,7%.\" class=\"wp-image-17389\" srcset=\"https:\/\/i0.wp.com\/posletrasufac.com\/wp-content\/uploads\/2026\/01\/Contagem-2.png?w=777&amp;ssl=1 777w, https:\/\/i0.wp.com\/posletrasufac.com\/wp-content\/uploads\/2026\/01\/Contagem-2.png?resize=300%2C164&amp;ssl=1 300w, https:\/\/i0.wp.com\/posletrasufac.com\/wp-content\/uploads\/2026\/01\/Contagem-2.png?resize=768%2C419&amp;ssl=1 768w, https:\/\/i0.wp.com\/posletrasufac.com\/wp-content\/uploads\/2026\/01\/Contagem-2.png?resize=18%2C10&amp;ssl=1 18w\" sizes=\"auto, (max-width: 750px) 100vw, 750px\" \/><\/a><\/figure>\n<\/div>\n\n\n<p class=\"wp-block-paragraph\"><em>Predomin\u00e2ncia em Lingu\u00edstica e Literatura<\/em>: A maioria dos docentes possui forma\u00e7\u00e3o em Lingu\u00edstica e Literatura. A \u00eanfase na referida \u00e1rea busca manter a base da forma\u00e7\u00e3o do Programa e sua capacidade de nuclea\u00e7\u00e3o e inser\u00e7\u00e3o social.<\/p>\n\n\n\n<p class=\"wp-block-paragraph\"><em>Interdisciplinaridade<\/em>: A presen\u00e7a de docentes de \u00e1reas como Hist\u00f3ria, Comunica\u00e7\u00e3o, Composi\u00e7\u00e3o Musical e Sociedade, Cultura e Fronteiras enriquece o perfil do programa, permitindo uma abordagem interdisciplinar, essencial para a forma\u00e7\u00e3o de uma vis\u00e3o cr\u00edtica e abrangente sobre a linguagem e suas rela\u00e7\u00f5es sociais, culturais e hist\u00f3ricas em contextos amaz\u00f4nicos e pan-amaz\u00f4nicos.<\/p>\n\n\n\n<figure class=\"wp-block-table\"><table class=\"has-fixed-layout\"><tbody><tr><td>DOCENTE<\/td><td>\u00c1REA DE FORMA\u00c7\u00c3O<\/td><td>E-MAIL<\/td><td>LATTES<\/td><\/tr><tr><td>Adriana Alves de Lima<\/td><td>Lingu\u00edstica e Literatura<\/td><td>drycaalves25@gmail.com<\/td><td><a href=\"https:\/\/lattes.cnpq.br\/1089782908019561\" target=\"_blank\" rel=\"noreferrer noopener\">https:\/\/lattes.cnpq.br\/1089782908019561<\/a><\/td><\/tr><tr><td>Amilton Jos\u00e9 Freire de Queiroz<\/td><td>Lingu\u00edstica e Literatura<\/td><td>amilton.queiroz@ufac.br<\/td><td><a href=\"http:\/\/lattes.cnpq.br\/1943867841823471\" target=\"_blank\" rel=\"noreferrer noopener\"><\/a><a target=\"_blank\" href=\"http:\/\/lattes.cnpq.br\/1943867841823471\" rel=\"noreferrer noopener\">http:\/\/lattes.cnpq.br\/1943867841823471<\/a><\/td><\/tr><tr><td>Armstrong da Silva Santos<\/td><td>Lingu\u00edstica e Literatura<\/td><td>armstrong.santos@ufac.br<\/td><td><a href=\"http:\/\/lattes.cnpq.br\/4779015089100726\" target=\"_blank\" rel=\"noreferrer noopener\">http:\/\/lattes.cnpq.br\/4779015089100726<\/a><\/td><\/tr><tr><td>Fernando Simpl\u00edcio dos Santos<\/td><td>Lingu\u00edstica e Literatura<\/td><td>fernandosimpliciosantos@gmail.com<\/td><td><a href=\"http:\/\/lattes.cnpq.br\/3201471894283721\" target=\"_blank\" rel=\"noreferrer noopener\"><\/a><a target=\"_blank\" href=\"http:\/\/lattes.cnpq.br\/3201471894283721\" rel=\"noreferrer noopener\">http:\/\/lattes.cnpq.br\/3201471894283721<\/a><\/td><\/tr><tr><td>Francielle Maria Modesto Mendes<\/td><td>Hist\u00f3ria<\/td><td>francielle.mendes@ufac.br<\/td><td><a href=\"http:\/\/lattes.cnpq.br\/8347971153762524\" target=\"_blank\" rel=\"noreferrer noopener\"><\/a><a target=\"_blank\" href=\"http:\/\/lattes.cnpq.br\/8347971153762524\" rel=\"noreferrer noopener\">http:\/\/lattes.cnpq.br\/8347971153762524<\/a><\/td><\/tr><tr><td>Francisco Aquinei Tim\u00f3teo Queir\u00f3s<\/td><td>Comunica\u00e7\u00e3o<\/td><td>francisco.queiros@ufac.br<\/td><td><a href=\"http:\/\/lattes.cnpq.br\/4885464768659855\" target=\"_blank\" rel=\"noreferrer noopener\">http:\/\/lattes.cnpq.br\/4885464768659855<\/a><\/td><\/tr><tr><td>Francisco Bento da Silva<\/td><td>Hist\u00f3ria<\/td><td>francisco.bento@ufac.br<\/td><td><a href=\"http:\/\/lattes.cnpq.br\/0436209499628660\" target=\"_blank\" rel=\"noreferrer noopener\"><\/a><a target=\"_blank\" href=\"http:\/\/lattes.cnpq.br\/0436209499628660\" rel=\"noreferrer noopener\">http:\/\/lattes.cnpq.br\/0436209499628660<\/a><\/td><\/tr><tr><td>Gerson Rodrigues de Albuquerque<\/td><td>Hist\u00f3ria<\/td><td>gerson.albuquerque@ufac.br<\/td><td><a href=\"http:\/\/lattes.cnpq.br\/7042183462903180\" target=\"_blank\" rel=\"noreferrer noopener\">http:\/\/lattes.cnpq.br\/7042183462903180<\/a><\/td><\/tr><tr><td>Jorge Fernandes da Silva<\/td><td>Lingu\u00edstica e Literatura<\/td><td>jorge.silva@ufac.br<\/td><td><a href=\"http:\/\/lattes.cnpq.br\/4355850211446310\" target=\"_blank\" rel=\"noreferrer noopener\">http:\/\/lattes.cnpq.br\/4355850211446310<\/a><\/td><\/tr><tr><td>Luiz Eduardo Guedes<\/td><td>Lingu\u00edstica e Literatura<\/td><td>luiz.guedes@ifac.edu.br<\/td><td><a href=\"http:\/\/lattes.cnpq.br\/5193187462988092\" target=\"_blank\" rel=\"noreferrer noopener\"><\/a><a target=\"_blank\" href=\"http:\/\/lattes.cnpq.br\/5193187462988092\" rel=\"noreferrer noopener\">http:\/\/lattes.cnpq.br\/5193187462988092<\/a><\/td><\/tr><tr><td>Marcello Messina<\/td><td>Composi\u00e7\u00e3o Musical<\/td><td>marcellomessina@mail.ru<\/td><td><a href=\"http:\/\/lattes.cnpq.br\/4292648170113228\" target=\"_blank\" rel=\"noreferrer noopener\">http:\/\/lattes.cnpq.br\/4292648170113228<\/a><\/td><\/tr><tr><td>Maria Cristina Lobregat<\/td><td>Sociedade, Cultura e Fronteiras<\/td><td>cristinalobregat@gmail.com<\/td><td><a href=\"http:\/\/lattes.cnpq.br\/2839301744524820\" target=\"_blank\" rel=\"noreferrer noopener\">http:\/\/lattes.cnpq.br\/2839301744524820<\/a><\/td><\/tr><tr><td>Maria de Jesus Morais<\/td><td>Geografia Humana<\/td><td>maria.morais@ufac.br<\/td><td><a href=\"http:\/\/lattes.cnpq.br\/4298057110860988\" target=\"_blank\" rel=\"noreferrer noopener\">http:\/\/lattes.cnpq.br\/4298057110860988<\/a><\/td><\/tr><tr><td>Michel Ferreira dos Reis<\/td><td>Lingu\u00edstica e Literatura<\/td><td>michel.reis@ufac.br<\/td><td><a href=\"http:\/\/lattes.cnpq.br\/1008053640738092\" target=\"_blank\" rel=\"noreferrer noopener\">http:\/\/lattes.cnpq.br\/1008053640738092<\/a><\/td><\/tr><tr><td>N\u00e1gila Maria Silva Oliveira<\/td><td>Lingu\u00edstica e Literatura<\/td><td>nagila.oliveira@ufac.br<\/td><td><a href=\"https:\/\/lattes.cnpq.br\/3689932209118748\" target=\"_blank\" rel=\"noreferrer noopener\">https:\/\/lattes.cnpq.br\/3689932209118748<\/a><\/td><\/tr><tr><td>Queila Barbosa Lopes<\/td><td>Lingu\u00edstica e Literatura<\/td><td>queila.lopes@ufac.br<\/td><td><a href=\"http:\/\/lattes.cnpq.br\/9470160035017805\" target=\"_blank\" rel=\"noreferrer noopener\">http:\/\/lattes.cnpq.br\/9470160035017805<\/a><\/td><\/tr><tr><td>Raquel Alves Ishii<\/td><td>Lingu\u00edstica e Literatura<\/td><td>raquel.ishii@ufac.br<\/td><td><a href=\"http:\/\/lattes.cnpq.br\/1148962952312135\" target=\"_blank\" rel=\"noreferrer noopener\">http:\/\/lattes.cnpq.br\/1148962952312135<\/a><\/td><\/tr><tr><td>Sandra Mara Souza de Oliveira Silva<\/td><td>Lingu\u00edstica e Literatura<\/td><td>sandramaravilha2023@gmail.com<\/td><td><a href=\"http:\/\/lattes.cnpq.br\/2066219871723851\" target=\"_blank\" rel=\"noreferrer noopener\">http:\/\/lattes.cnpq.br\/2066219871723851<\/a><\/td><\/tr><tr><td>Shelton Lima de Souza<\/td><td>Lingu\u00edstica e Literatura<\/td><td>shelton.souza@ufac.br<\/td><td><a href=\"http:\/\/lattes.cnpq.br\/0189097197608498\" target=\"_blank\" rel=\"noreferrer noopener\">http:\/\/lattes.cnpq.br\/0189097197608498<\/a><\/td><\/tr><tr><td>Simone Cordeiro Oliveira<\/td><td>Lingu\u00edstica e Literatura<\/td><td>simone.cordeiro@ufac.br<\/td><td><a href=\"http:\/\/lattes.cnpq.br\/6559571522415724\" target=\"_blank\" rel=\"noreferrer noopener\">http:\/\/lattes.cnpq.br\/6559571522415724<\/a><\/td><\/tr><tr><td>Suerda Mara Monteiro Vital<\/td><td>Lingu\u00edstica e Literatura<\/td><td>suerda.vital@ufac.br<\/td><td><a href=\"https:\/\/lattes.cnpq.br\/5887909228055013\" target=\"_blank\" rel=\"noreferrer noopener\">https:\/\/lattes.cnpq.br\/5887909228055013<\/a><\/td><\/tr><\/tbody><\/table><\/figure>\n\n\n\n<figure class=\"wp-block-gallery has-nested-images columns-default is-cropped wp-block-gallery-1 is-layout-flex wp-block-gallery-is-layout-flex\">\n<figure class=\"wp-block-image size-large\"><img data-recalc-dims=\"1\" loading=\"lazy\" decoding=\"async\" width=\"750\" height=\"750\" data-attachment-id=\"17402\" data-permalink=\"https:\/\/posletrasufac.com\/es\/corpo-docente\/4-10\/\" data-orig-file=\"https:\/\/i0.wp.com\/posletrasufac.com\/wp-content\/uploads\/2026\/01\/4.jpg?fit=1080%2C1080&amp;ssl=1\" data-orig-size=\"1080,1080\" data-comments-opened=\"0\" data-image-meta=\"{&quot;aperture&quot;:&quot;0&quot;,&quot;credit&quot;:&quot;&quot;,&quot;camera&quot;:&quot;&quot;,&quot;caption&quot;:&quot;&quot;,&quot;created_timestamp&quot;:&quot;0&quot;,&quot;copyright&quot;:&quot;&quot;,&quot;focal_length&quot;:&quot;0&quot;,&quot;iso&quot;:&quot;0&quot;,&quot;shutter_speed&quot;:&quot;0&quot;,&quot;title&quot;:&quot;&quot;,&quot;orientation&quot;:&quot;1&quot;}\" data-image-title=\"4\" data-image-description=\"\" data-image-caption=\"\" data-large-file=\"https:\/\/i0.wp.com\/posletrasufac.com\/wp-content\/uploads\/2026\/01\/4.jpg?fit=750%2C750&amp;ssl=1\" data-id=\"17402\" src=\"https:\/\/i0.wp.com\/posletrasufac.com\/wp-content\/uploads\/2026\/01\/4.jpg?resize=750%2C750&#038;ssl=1\" alt=\"Retrato de Adriana Alves de Lima, docente do PPGLI da UFAC, com um fundo colorido que celebra os 20 anos do programa.\" class=\"wp-image-17402\" srcset=\"https:\/\/i0.wp.com\/posletrasufac.com\/wp-content\/uploads\/2026\/01\/4.jpg?resize=1024%2C1024&amp;ssl=1 1024w, https:\/\/i0.wp.com\/posletrasufac.com\/wp-content\/uploads\/2026\/01\/4.jpg?resize=300%2C300&amp;ssl=1 300w, https:\/\/i0.wp.com\/posletrasufac.com\/wp-content\/uploads\/2026\/01\/4.jpg?resize=150%2C150&amp;ssl=1 150w, https:\/\/i0.wp.com\/posletrasufac.com\/wp-content\/uploads\/2026\/01\/4.jpg?resize=768%2C768&amp;ssl=1 768w, https:\/\/i0.wp.com\/posletrasufac.com\/wp-content\/uploads\/2026\/01\/4.jpg?resize=12%2C12&amp;ssl=1 12w, https:\/\/i0.wp.com\/posletrasufac.com\/wp-content\/uploads\/2026\/01\/4.jpg?resize=800%2C800&amp;ssl=1 800w, https:\/\/i0.wp.com\/posletrasufac.com\/wp-content\/uploads\/2026\/01\/4.jpg?resize=600%2C600&amp;ssl=1 600w, https:\/\/i0.wp.com\/posletrasufac.com\/wp-content\/uploads\/2026\/01\/4.jpg?resize=400%2C400&amp;ssl=1 400w, https:\/\/i0.wp.com\/posletrasufac.com\/wp-content\/uploads\/2026\/01\/4.jpg?resize=200%2C200&amp;ssl=1 200w, https:\/\/i0.wp.com\/posletrasufac.com\/wp-content\/uploads\/2026\/01\/4.jpg?resize=270%2C270&amp;ssl=1 270w, https:\/\/i0.wp.com\/posletrasufac.com\/wp-content\/uploads\/2026\/01\/4.jpg?resize=230%2C230&amp;ssl=1 230w, https:\/\/i0.wp.com\/posletrasufac.com\/wp-content\/uploads\/2026\/01\/4.jpg?w=1080&amp;ssl=1 1080w\" sizes=\"auto, (max-width: 750px) 100vw, 750px\" \/><\/figure>\n\n\n\n<figure class=\"wp-block-image size-large\"><img data-recalc-dims=\"1\" loading=\"lazy\" decoding=\"async\" width=\"750\" height=\"750\" data-attachment-id=\"17405\" data-permalink=\"https:\/\/posletrasufac.com\/es\/corpo-docente\/1-17\/\" data-orig-file=\"https:\/\/i0.wp.com\/posletrasufac.com\/wp-content\/uploads\/2026\/01\/1.jpg?fit=1080%2C1080&amp;ssl=1\" data-orig-size=\"1080,1080\" data-comments-opened=\"0\" data-image-meta=\"{&quot;aperture&quot;:&quot;0&quot;,&quot;credit&quot;:&quot;&quot;,&quot;camera&quot;:&quot;&quot;,&quot;caption&quot;:&quot;&quot;,&quot;created_timestamp&quot;:&quot;0&quot;,&quot;copyright&quot;:&quot;&quot;,&quot;focal_length&quot;:&quot;0&quot;,&quot;iso&quot;:&quot;0&quot;,&quot;shutter_speed&quot;:&quot;0&quot;,&quot;title&quot;:&quot;&quot;,&quot;orientation&quot;:&quot;1&quot;}\" data-image-title=\"1\" data-image-description=\"\" data-image-caption=\"\" data-large-file=\"https:\/\/i0.wp.com\/posletrasufac.com\/wp-content\/uploads\/2026\/01\/1.jpg?fit=750%2C750&amp;ssl=1\" data-id=\"17405\" src=\"https:\/\/i0.wp.com\/posletrasufac.com\/wp-content\/uploads\/2026\/01\/1.jpg?resize=750%2C750&#038;ssl=1\" alt=\"Retrato de Jorge Fernandes da Silva, docente do PPGLI da UFAC, com fundo decorativo colorido e o logotipo do programa, celebrando 20 anos.\" class=\"wp-image-17405\" srcset=\"https:\/\/i0.wp.com\/posletrasufac.com\/wp-content\/uploads\/2026\/01\/1.jpg?resize=1024%2C1024&amp;ssl=1 1024w, https:\/\/i0.wp.com\/posletrasufac.com\/wp-content\/uploads\/2026\/01\/1.jpg?resize=300%2C300&amp;ssl=1 300w, https:\/\/i0.wp.com\/posletrasufac.com\/wp-content\/uploads\/2026\/01\/1.jpg?resize=150%2C150&amp;ssl=1 150w, https:\/\/i0.wp.com\/posletrasufac.com\/wp-content\/uploads\/2026\/01\/1.jpg?resize=768%2C768&amp;ssl=1 768w, https:\/\/i0.wp.com\/posletrasufac.com\/wp-content\/uploads\/2026\/01\/1.jpg?resize=12%2C12&amp;ssl=1 12w, https:\/\/i0.wp.com\/posletrasufac.com\/wp-content\/uploads\/2026\/01\/1.jpg?resize=270%2C270&amp;ssl=1 270w, https:\/\/i0.wp.com\/posletrasufac.com\/wp-content\/uploads\/2026\/01\/1.jpg?resize=230%2C230&amp;ssl=1 230w, https:\/\/i0.wp.com\/posletrasufac.com\/wp-content\/uploads\/2026\/01\/1.jpg?w=1080&amp;ssl=1 1080w\" sizes=\"auto, (max-width: 750px) 100vw, 750px\" \/><\/figure>\n\n\n\n<figure class=\"wp-block-image size-large\"><img data-recalc-dims=\"1\" loading=\"lazy\" decoding=\"async\" width=\"750\" height=\"750\" data-attachment-id=\"17406\" data-permalink=\"https:\/\/posletrasufac.com\/es\/corpo-docente\/2-12\/\" data-orig-file=\"https:\/\/i0.wp.com\/posletrasufac.com\/wp-content\/uploads\/2026\/01\/2.jpg?fit=1080%2C1080&amp;ssl=1\" data-orig-size=\"1080,1080\" data-comments-opened=\"0\" data-image-meta=\"{&quot;aperture&quot;:&quot;0&quot;,&quot;credit&quot;:&quot;&quot;,&quot;camera&quot;:&quot;&quot;,&quot;caption&quot;:&quot;&quot;,&quot;created_timestamp&quot;:&quot;0&quot;,&quot;copyright&quot;:&quot;&quot;,&quot;focal_length&quot;:&quot;0&quot;,&quot;iso&quot;:&quot;0&quot;,&quot;shutter_speed&quot;:&quot;0&quot;,&quot;title&quot;:&quot;&quot;,&quot;orientation&quot;:&quot;1&quot;}\" data-image-title=\"2\" data-image-description=\"\" data-image-caption=\"\" data-large-file=\"https:\/\/i0.wp.com\/posletrasufac.com\/wp-content\/uploads\/2026\/01\/2.jpg?fit=750%2C750&amp;ssl=1\" data-id=\"17406\" src=\"https:\/\/i0.wp.com\/posletrasufac.com\/wp-content\/uploads\/2026\/01\/2.jpg?resize=750%2C750&#038;ssl=1\" alt=\"Porter evento em comemora\u00e7\u00e3o aos 20 anos do PPGLI da UFAC, com destaque para o docente Armstrong da Silva Santos, apresentado em um fundo colorido e festivo.\" class=\"wp-image-17406\" srcset=\"https:\/\/i0.wp.com\/posletrasufac.com\/wp-content\/uploads\/2026\/01\/2.jpg?resize=1024%2C1024&amp;ssl=1 1024w, https:\/\/i0.wp.com\/posletrasufac.com\/wp-content\/uploads\/2026\/01\/2.jpg?resize=300%2C300&amp;ssl=1 300w, https:\/\/i0.wp.com\/posletrasufac.com\/wp-content\/uploads\/2026\/01\/2.jpg?resize=150%2C150&amp;ssl=1 150w, https:\/\/i0.wp.com\/posletrasufac.com\/wp-content\/uploads\/2026\/01\/2.jpg?resize=768%2C768&amp;ssl=1 768w, https:\/\/i0.wp.com\/posletrasufac.com\/wp-content\/uploads\/2026\/01\/2.jpg?resize=12%2C12&amp;ssl=1 12w, https:\/\/i0.wp.com\/posletrasufac.com\/wp-content\/uploads\/2026\/01\/2.jpg?resize=270%2C270&amp;ssl=1 270w, https:\/\/i0.wp.com\/posletrasufac.com\/wp-content\/uploads\/2026\/01\/2.jpg?resize=230%2C230&amp;ssl=1 230w, https:\/\/i0.wp.com\/posletrasufac.com\/wp-content\/uploads\/2026\/01\/2.jpg?w=1080&amp;ssl=1 1080w\" sizes=\"auto, (max-width: 750px) 100vw, 750px\" \/><\/figure>\n\n\n\n<figure class=\"wp-block-image size-large\"><img data-recalc-dims=\"1\" loading=\"lazy\" decoding=\"async\" width=\"750\" height=\"750\" data-attachment-id=\"17407\" data-permalink=\"https:\/\/posletrasufac.com\/es\/corpo-docente\/3-13\/\" data-orig-file=\"https:\/\/i0.wp.com\/posletrasufac.com\/wp-content\/uploads\/2026\/01\/3.jpg?fit=1080%2C1080&amp;ssl=1\" data-orig-size=\"1080,1080\" data-comments-opened=\"0\" data-image-meta=\"{&quot;aperture&quot;:&quot;0&quot;,&quot;credit&quot;:&quot;&quot;,&quot;camera&quot;:&quot;&quot;,&quot;caption&quot;:&quot;&quot;,&quot;created_timestamp&quot;:&quot;0&quot;,&quot;copyright&quot;:&quot;&quot;,&quot;focal_length&quot;:&quot;0&quot;,&quot;iso&quot;:&quot;0&quot;,&quot;shutter_speed&quot;:&quot;0&quot;,&quot;title&quot;:&quot;&quot;,&quot;orientation&quot;:&quot;1&quot;}\" data-image-title=\"3\" data-image-description=\"\" data-image-caption=\"\" data-large-file=\"https:\/\/i0.wp.com\/posletrasufac.com\/wp-content\/uploads\/2026\/01\/3.jpg?fit=750%2C750&amp;ssl=1\" data-id=\"17407\" src=\"https:\/\/i0.wp.com\/posletrasufac.com\/wp-content\/uploads\/2026\/01\/3.jpg?resize=750%2C750&#038;ssl=1\" alt=\"Retrato de Luiz Eduardo Guedes, docente do PPGLI-UFAC, com um fundo colorido e elementos gr\u00e1ficos alusivos aos 20 anos do programa.\" class=\"wp-image-17407\" srcset=\"https:\/\/i0.wp.com\/posletrasufac.com\/wp-content\/uploads\/2026\/01\/3.jpg?resize=1024%2C1024&amp;ssl=1 1024w, https:\/\/i0.wp.com\/posletrasufac.com\/wp-content\/uploads\/2026\/01\/3.jpg?resize=300%2C300&amp;ssl=1 300w, https:\/\/i0.wp.com\/posletrasufac.com\/wp-content\/uploads\/2026\/01\/3.jpg?resize=150%2C150&amp;ssl=1 150w, https:\/\/i0.wp.com\/posletrasufac.com\/wp-content\/uploads\/2026\/01\/3.jpg?resize=768%2C768&amp;ssl=1 768w, https:\/\/i0.wp.com\/posletrasufac.com\/wp-content\/uploads\/2026\/01\/3.jpg?resize=12%2C12&amp;ssl=1 12w, https:\/\/i0.wp.com\/posletrasufac.com\/wp-content\/uploads\/2026\/01\/3.jpg?resize=270%2C270&amp;ssl=1 270w, https:\/\/i0.wp.com\/posletrasufac.com\/wp-content\/uploads\/2026\/01\/3.jpg?resize=230%2C230&amp;ssl=1 230w, https:\/\/i0.wp.com\/posletrasufac.com\/wp-content\/uploads\/2026\/01\/3.jpg?w=1080&amp;ssl=1 1080w\" sizes=\"auto, (max-width: 750px) 100vw, 750px\" \/><\/figure>\n\n\n\n<figure class=\"wp-block-image size-large\"><img data-recalc-dims=\"1\" loading=\"lazy\" decoding=\"async\" width=\"750\" height=\"750\" data-attachment-id=\"17408\" data-permalink=\"https:\/\/posletrasufac.com\/es\/corpo-docente\/5-8\/\" data-orig-file=\"https:\/\/i0.wp.com\/posletrasufac.com\/wp-content\/uploads\/2026\/01\/5.jpg?fit=1080%2C1080&amp;ssl=1\" data-orig-size=\"1080,1080\" data-comments-opened=\"0\" data-image-meta=\"{&quot;aperture&quot;:&quot;0&quot;,&quot;credit&quot;:&quot;&quot;,&quot;camera&quot;:&quot;&quot;,&quot;caption&quot;:&quot;&quot;,&quot;created_timestamp&quot;:&quot;0&quot;,&quot;copyright&quot;:&quot;&quot;,&quot;focal_length&quot;:&quot;0&quot;,&quot;iso&quot;:&quot;0&quot;,&quot;shutter_speed&quot;:&quot;0&quot;,&quot;title&quot;:&quot;&quot;,&quot;orientation&quot;:&quot;1&quot;}\" data-image-title=\"5\" data-image-description=\"\" data-image-caption=\"\" data-large-file=\"https:\/\/i0.wp.com\/posletrasufac.com\/wp-content\/uploads\/2026\/01\/5.jpg?fit=750%2C750&amp;ssl=1\" data-id=\"17408\" src=\"https:\/\/i0.wp.com\/posletrasufac.com\/wp-content\/uploads\/2026\/01\/5.jpg?resize=750%2C750&#038;ssl=1\" alt=\"Retrato de Marcello Messina, docente do PPGLI da UFAC, com fundo decorativo colorido e elementos gr\u00e1ficos que representam a cultura amaz\u00f4nica.\" class=\"wp-image-17408\" srcset=\"https:\/\/i0.wp.com\/posletrasufac.com\/wp-content\/uploads\/2026\/01\/5.jpg?resize=1024%2C1024&amp;ssl=1 1024w, https:\/\/i0.wp.com\/posletrasufac.com\/wp-content\/uploads\/2026\/01\/5.jpg?resize=300%2C300&amp;ssl=1 300w, https:\/\/i0.wp.com\/posletrasufac.com\/wp-content\/uploads\/2026\/01\/5.jpg?resize=150%2C150&amp;ssl=1 150w, https:\/\/i0.wp.com\/posletrasufac.com\/wp-content\/uploads\/2026\/01\/5.jpg?resize=768%2C768&amp;ssl=1 768w, https:\/\/i0.wp.com\/posletrasufac.com\/wp-content\/uploads\/2026\/01\/5.jpg?resize=12%2C12&amp;ssl=1 12w, https:\/\/i0.wp.com\/posletrasufac.com\/wp-content\/uploads\/2026\/01\/5.jpg?resize=270%2C270&amp;ssl=1 270w, https:\/\/i0.wp.com\/posletrasufac.com\/wp-content\/uploads\/2026\/01\/5.jpg?resize=230%2C230&amp;ssl=1 230w, https:\/\/i0.wp.com\/posletrasufac.com\/wp-content\/uploads\/2026\/01\/5.jpg?w=1080&amp;ssl=1 1080w\" sizes=\"auto, (max-width: 750px) 100vw, 750px\" \/><\/figure>\n\n\n\n<figure class=\"wp-block-image size-large\"><img data-recalc-dims=\"1\" loading=\"lazy\" decoding=\"async\" width=\"750\" height=\"750\" data-attachment-id=\"17409\" data-permalink=\"https:\/\/posletrasufac.com\/es\/corpo-docente\/6-9\/\" data-orig-file=\"https:\/\/i0.wp.com\/posletrasufac.com\/wp-content\/uploads\/2026\/01\/6.jpg?fit=1080%2C1080&amp;ssl=1\" data-orig-size=\"1080,1080\" data-comments-opened=\"0\" data-image-meta=\"{&quot;aperture&quot;:&quot;0&quot;,&quot;credit&quot;:&quot;&quot;,&quot;camera&quot;:&quot;&quot;,&quot;caption&quot;:&quot;&quot;,&quot;created_timestamp&quot;:&quot;0&quot;,&quot;copyright&quot;:&quot;&quot;,&quot;focal_length&quot;:&quot;0&quot;,&quot;iso&quot;:&quot;0&quot;,&quot;shutter_speed&quot;:&quot;0&quot;,&quot;title&quot;:&quot;&quot;,&quot;orientation&quot;:&quot;1&quot;}\" data-image-title=\"6\" data-image-description=\"\" data-image-caption=\"\" data-large-file=\"https:\/\/i0.wp.com\/posletrasufac.com\/wp-content\/uploads\/2026\/01\/6.jpg?fit=750%2C750&amp;ssl=1\" data-id=\"17409\" src=\"https:\/\/i0.wp.com\/posletrasufac.com\/wp-content\/uploads\/2026\/01\/6.jpg?resize=750%2C750&#038;ssl=1\" alt=\"Retrato de Francisco Aquinei Tim\u00f3teo Queir\u00f3s, docente do PPGLI da UFAC, com uma camisa jeans e \u00f3culos, sobre um fundo colorido que celebra os 20 anos do programa.\" class=\"wp-image-17409\" srcset=\"https:\/\/i0.wp.com\/posletrasufac.com\/wp-content\/uploads\/2026\/01\/6.jpg?resize=1024%2C1024&amp;ssl=1 1024w, https:\/\/i0.wp.com\/posletrasufac.com\/wp-content\/uploads\/2026\/01\/6.jpg?resize=300%2C300&amp;ssl=1 300w, https:\/\/i0.wp.com\/posletrasufac.com\/wp-content\/uploads\/2026\/01\/6.jpg?resize=150%2C150&amp;ssl=1 150w, https:\/\/i0.wp.com\/posletrasufac.com\/wp-content\/uploads\/2026\/01\/6.jpg?resize=768%2C768&amp;ssl=1 768w, https:\/\/i0.wp.com\/posletrasufac.com\/wp-content\/uploads\/2026\/01\/6.jpg?resize=12%2C12&amp;ssl=1 12w, https:\/\/i0.wp.com\/posletrasufac.com\/wp-content\/uploads\/2026\/01\/6.jpg?resize=270%2C270&amp;ssl=1 270w, https:\/\/i0.wp.com\/posletrasufac.com\/wp-content\/uploads\/2026\/01\/6.jpg?resize=230%2C230&amp;ssl=1 230w, https:\/\/i0.wp.com\/posletrasufac.com\/wp-content\/uploads\/2026\/01\/6.jpg?w=1080&amp;ssl=1 1080w\" sizes=\"auto, (max-width: 750px) 100vw, 750px\" \/><\/figure>\n\n\n\n<figure class=\"wp-block-image size-large\"><img data-recalc-dims=\"1\" loading=\"lazy\" decoding=\"async\" width=\"750\" height=\"750\" data-attachment-id=\"17410\" data-permalink=\"https:\/\/posletrasufac.com\/es\/corpo-docente\/7-5\/\" data-orig-file=\"https:\/\/i0.wp.com\/posletrasufac.com\/wp-content\/uploads\/2026\/01\/7.jpg?fit=1080%2C1080&amp;ssl=1\" data-orig-size=\"1080,1080\" data-comments-opened=\"0\" data-image-meta=\"{&quot;aperture&quot;:&quot;0&quot;,&quot;credit&quot;:&quot;&quot;,&quot;camera&quot;:&quot;&quot;,&quot;caption&quot;:&quot;&quot;,&quot;created_timestamp&quot;:&quot;0&quot;,&quot;copyright&quot;:&quot;&quot;,&quot;focal_length&quot;:&quot;0&quot;,&quot;iso&quot;:&quot;0&quot;,&quot;shutter_speed&quot;:&quot;0&quot;,&quot;title&quot;:&quot;&quot;,&quot;orientation&quot;:&quot;1&quot;}\" data-image-title=\"7\" data-image-description=\"\" data-image-caption=\"\" data-large-file=\"https:\/\/i0.wp.com\/posletrasufac.com\/wp-content\/uploads\/2026\/01\/7.jpg?fit=750%2C750&amp;ssl=1\" data-id=\"17410\" src=\"https:\/\/i0.wp.com\/posletrasufac.com\/wp-content\/uploads\/2026\/01\/7.jpg?resize=750%2C750&#038;ssl=1\" alt=\"Imagem de Queila Barbosa Lopes, docente do PPGLI-UFAC, com fundo decorado e elementos gr\u00e1ficos coloridos. O texto destaca seu nome e a celebra\u00e7\u00e3o dos 20 anos do programa.\" class=\"wp-image-17410\" srcset=\"https:\/\/i0.wp.com\/posletrasufac.com\/wp-content\/uploads\/2026\/01\/7.jpg?resize=1024%2C1024&amp;ssl=1 1024w, https:\/\/i0.wp.com\/posletrasufac.com\/wp-content\/uploads\/2026\/01\/7.jpg?resize=300%2C300&amp;ssl=1 300w, https:\/\/i0.wp.com\/posletrasufac.com\/wp-content\/uploads\/2026\/01\/7.jpg?resize=150%2C150&amp;ssl=1 150w, https:\/\/i0.wp.com\/posletrasufac.com\/wp-content\/uploads\/2026\/01\/7.jpg?resize=768%2C768&amp;ssl=1 768w, https:\/\/i0.wp.com\/posletrasufac.com\/wp-content\/uploads\/2026\/01\/7.jpg?resize=12%2C12&amp;ssl=1 12w, https:\/\/i0.wp.com\/posletrasufac.com\/wp-content\/uploads\/2026\/01\/7.jpg?resize=270%2C270&amp;ssl=1 270w, https:\/\/i0.wp.com\/posletrasufac.com\/wp-content\/uploads\/2026\/01\/7.jpg?resize=230%2C230&amp;ssl=1 230w, https:\/\/i0.wp.com\/posletrasufac.com\/wp-content\/uploads\/2026\/01\/7.jpg?w=1080&amp;ssl=1 1080w\" sizes=\"auto, (max-width: 750px) 100vw, 750px\" \/><\/figure>\n\n\n\n<figure class=\"wp-block-image size-large\"><img data-recalc-dims=\"1\" loading=\"lazy\" decoding=\"async\" width=\"750\" height=\"750\" data-attachment-id=\"17411\" data-permalink=\"https:\/\/posletrasufac.com\/es\/corpo-docente\/8-4\/\" data-orig-file=\"https:\/\/i0.wp.com\/posletrasufac.com\/wp-content\/uploads\/2026\/01\/8.jpg?fit=1080%2C1080&amp;ssl=1\" data-orig-size=\"1080,1080\" data-comments-opened=\"0\" data-image-meta=\"{&quot;aperture&quot;:&quot;0&quot;,&quot;credit&quot;:&quot;&quot;,&quot;camera&quot;:&quot;&quot;,&quot;caption&quot;:&quot;&quot;,&quot;created_timestamp&quot;:&quot;0&quot;,&quot;copyright&quot;:&quot;&quot;,&quot;focal_length&quot;:&quot;0&quot;,&quot;iso&quot;:&quot;0&quot;,&quot;shutter_speed&quot;:&quot;0&quot;,&quot;title&quot;:&quot;&quot;,&quot;orientation&quot;:&quot;1&quot;}\" data-image-title=\"8\" data-image-description=\"\" data-image-caption=\"\" data-large-file=\"https:\/\/i0.wp.com\/posletrasufac.com\/wp-content\/uploads\/2026\/01\/8.jpg?fit=750%2C750&amp;ssl=1\" data-id=\"17411\" src=\"https:\/\/i0.wp.com\/posletrasufac.com\/wp-content\/uploads\/2026\/01\/8.jpg?resize=750%2C750&#038;ssl=1\" alt=\"Retrato de Amilton Jos\u00e9 Freire de Queiroz, docente do PPGLI da UFAC, com fundo decorativo em tons de roxo e verde, celebrando os 20 anos do programa.\" class=\"wp-image-17411\" srcset=\"https:\/\/i0.wp.com\/posletrasufac.com\/wp-content\/uploads\/2026\/01\/8.jpg?resize=1024%2C1024&amp;ssl=1 1024w, https:\/\/i0.wp.com\/posletrasufac.com\/wp-content\/uploads\/2026\/01\/8.jpg?resize=300%2C300&amp;ssl=1 300w, https:\/\/i0.wp.com\/posletrasufac.com\/wp-content\/uploads\/2026\/01\/8.jpg?resize=150%2C150&amp;ssl=1 150w, https:\/\/i0.wp.com\/posletrasufac.com\/wp-content\/uploads\/2026\/01\/8.jpg?resize=768%2C768&amp;ssl=1 768w, https:\/\/i0.wp.com\/posletrasufac.com\/wp-content\/uploads\/2026\/01\/8.jpg?resize=12%2C12&amp;ssl=1 12w, https:\/\/i0.wp.com\/posletrasufac.com\/wp-content\/uploads\/2026\/01\/8.jpg?resize=270%2C270&amp;ssl=1 270w, https:\/\/i0.wp.com\/posletrasufac.com\/wp-content\/uploads\/2026\/01\/8.jpg?resize=230%2C230&amp;ssl=1 230w, https:\/\/i0.wp.com\/posletrasufac.com\/wp-content\/uploads\/2026\/01\/8.jpg?w=1080&amp;ssl=1 1080w\" sizes=\"auto, (max-width: 750px) 100vw, 750px\" \/><\/figure>\n\n\n\n<figure class=\"wp-block-image size-large\"><img data-recalc-dims=\"1\" loading=\"lazy\" decoding=\"async\" width=\"750\" height=\"750\" data-attachment-id=\"17412\" data-permalink=\"https:\/\/posletrasufac.com\/es\/corpo-docente\/9-5\/\" data-orig-file=\"https:\/\/i0.wp.com\/posletrasufac.com\/wp-content\/uploads\/2026\/01\/9.jpg?fit=1080%2C1080&amp;ssl=1\" data-orig-size=\"1080,1080\" data-comments-opened=\"0\" data-image-meta=\"{&quot;aperture&quot;:&quot;0&quot;,&quot;credit&quot;:&quot;&quot;,&quot;camera&quot;:&quot;&quot;,&quot;caption&quot;:&quot;&quot;,&quot;created_timestamp&quot;:&quot;0&quot;,&quot;copyright&quot;:&quot;&quot;,&quot;focal_length&quot;:&quot;0&quot;,&quot;iso&quot;:&quot;0&quot;,&quot;shutter_speed&quot;:&quot;0&quot;,&quot;title&quot;:&quot;&quot;,&quot;orientation&quot;:&quot;1&quot;}\" data-image-title=\"9\" data-image-description=\"\" data-image-caption=\"\" data-large-file=\"https:\/\/i0.wp.com\/posletrasufac.com\/wp-content\/uploads\/2026\/01\/9.jpg?fit=750%2C750&amp;ssl=1\" data-id=\"17412\" src=\"https:\/\/i0.wp.com\/posletrasufac.com\/wp-content\/uploads\/2026\/01\/9.jpg?resize=750%2C750&#038;ssl=1\" alt=\"Imagem de Nagila Maria Silva Oliveira, docente do PPGLI-UFAC, com fundo decorado e o logo de 20 anos do programa.\" class=\"wp-image-17412\" srcset=\"https:\/\/i0.wp.com\/posletrasufac.com\/wp-content\/uploads\/2026\/01\/9.jpg?resize=1024%2C1024&amp;ssl=1 1024w, https:\/\/i0.wp.com\/posletrasufac.com\/wp-content\/uploads\/2026\/01\/9.jpg?resize=300%2C300&amp;ssl=1 300w, https:\/\/i0.wp.com\/posletrasufac.com\/wp-content\/uploads\/2026\/01\/9.jpg?resize=150%2C150&amp;ssl=1 150w, https:\/\/i0.wp.com\/posletrasufac.com\/wp-content\/uploads\/2026\/01\/9.jpg?resize=768%2C768&amp;ssl=1 768w, https:\/\/i0.wp.com\/posletrasufac.com\/wp-content\/uploads\/2026\/01\/9.jpg?resize=12%2C12&amp;ssl=1 12w, https:\/\/i0.wp.com\/posletrasufac.com\/wp-content\/uploads\/2026\/01\/9.jpg?resize=270%2C270&amp;ssl=1 270w, https:\/\/i0.wp.com\/posletrasufac.com\/wp-content\/uploads\/2026\/01\/9.jpg?resize=230%2C230&amp;ssl=1 230w, https:\/\/i0.wp.com\/posletrasufac.com\/wp-content\/uploads\/2026\/01\/9.jpg?w=1080&amp;ssl=1 1080w\" sizes=\"auto, (max-width: 750px) 100vw, 750px\" \/><\/figure>\n\n\n\n<figure class=\"wp-block-image size-large\"><img data-recalc-dims=\"1\" loading=\"lazy\" decoding=\"async\" width=\"750\" height=\"750\" data-attachment-id=\"17413\" data-permalink=\"https:\/\/posletrasufac.com\/es\/corpo-docente\/10-4\/\" data-orig-file=\"https:\/\/i0.wp.com\/posletrasufac.com\/wp-content\/uploads\/2026\/01\/10.jpg?fit=1080%2C1080&amp;ssl=1\" data-orig-size=\"1080,1080\" data-comments-opened=\"0\" data-image-meta=\"{&quot;aperture&quot;:&quot;0&quot;,&quot;credit&quot;:&quot;&quot;,&quot;camera&quot;:&quot;&quot;,&quot;caption&quot;:&quot;&quot;,&quot;created_timestamp&quot;:&quot;0&quot;,&quot;copyright&quot;:&quot;&quot;,&quot;focal_length&quot;:&quot;0&quot;,&quot;iso&quot;:&quot;0&quot;,&quot;shutter_speed&quot;:&quot;0&quot;,&quot;title&quot;:&quot;&quot;,&quot;orientation&quot;:&quot;1&quot;}\" data-image-title=\"10\" data-image-description=\"\" data-image-caption=\"\" data-large-file=\"https:\/\/i0.wp.com\/posletrasufac.com\/wp-content\/uploads\/2026\/01\/10.jpg?fit=750%2C750&amp;ssl=1\" data-id=\"17413\" src=\"https:\/\/i0.wp.com\/posletrasufac.com\/wp-content\/uploads\/2026\/01\/10.jpg?resize=750%2C750&#038;ssl=1\" alt=\"Retrato de Suerda Mara Monteiro Vital, docente do PPGLI\/UFAC, com um fundo colorido que celebra os 20 anos do programa.\" class=\"wp-image-17413\" srcset=\"https:\/\/i0.wp.com\/posletrasufac.com\/wp-content\/uploads\/2026\/01\/10.jpg?resize=1024%2C1024&amp;ssl=1 1024w, https:\/\/i0.wp.com\/posletrasufac.com\/wp-content\/uploads\/2026\/01\/10.jpg?resize=300%2C300&amp;ssl=1 300w, https:\/\/i0.wp.com\/posletrasufac.com\/wp-content\/uploads\/2026\/01\/10.jpg?resize=150%2C150&amp;ssl=1 150w, https:\/\/i0.wp.com\/posletrasufac.com\/wp-content\/uploads\/2026\/01\/10.jpg?resize=768%2C768&amp;ssl=1 768w, https:\/\/i0.wp.com\/posletrasufac.com\/wp-content\/uploads\/2026\/01\/10.jpg?resize=12%2C12&amp;ssl=1 12w, https:\/\/i0.wp.com\/posletrasufac.com\/wp-content\/uploads\/2026\/01\/10.jpg?resize=270%2C270&amp;ssl=1 270w, https:\/\/i0.wp.com\/posletrasufac.com\/wp-content\/uploads\/2026\/01\/10.jpg?resize=230%2C230&amp;ssl=1 230w, https:\/\/i0.wp.com\/posletrasufac.com\/wp-content\/uploads\/2026\/01\/10.jpg?w=1080&amp;ssl=1 1080w\" sizes=\"auto, (max-width: 750px) 100vw, 750px\" \/><\/figure>\n\n\n\n<figure class=\"wp-block-image size-large\"><img data-recalc-dims=\"1\" loading=\"lazy\" decoding=\"async\" width=\"750\" height=\"750\" data-attachment-id=\"17414\" data-permalink=\"https:\/\/posletrasufac.com\/es\/corpo-docente\/11-5\/\" data-orig-file=\"https:\/\/i0.wp.com\/posletrasufac.com\/wp-content\/uploads\/2026\/01\/11.jpg?fit=1080%2C1080&amp;ssl=1\" data-orig-size=\"1080,1080\" data-comments-opened=\"0\" data-image-meta=\"{&quot;aperture&quot;:&quot;0&quot;,&quot;credit&quot;:&quot;&quot;,&quot;camera&quot;:&quot;&quot;,&quot;caption&quot;:&quot;&quot;,&quot;created_timestamp&quot;:&quot;0&quot;,&quot;copyright&quot;:&quot;&quot;,&quot;focal_length&quot;:&quot;0&quot;,&quot;iso&quot;:&quot;0&quot;,&quot;shutter_speed&quot;:&quot;0&quot;,&quot;title&quot;:&quot;&quot;,&quot;orientation&quot;:&quot;1&quot;}\" data-image-title=\"11\" data-image-description=\"\" data-image-caption=\"\" data-large-file=\"https:\/\/i0.wp.com\/posletrasufac.com\/wp-content\/uploads\/2026\/01\/11.jpg?fit=750%2C750&amp;ssl=1\" data-id=\"17414\" src=\"https:\/\/i0.wp.com\/posletrasufac.com\/wp-content\/uploads\/2026\/01\/11.jpg?resize=750%2C750&#038;ssl=1\" alt=\"Imagem do docente Shelton Lima de Souza, com fundo colorido e elementos gr\u00e1ficos alusivos aos 20 anos do PPGLI da UFAC.\" class=\"wp-image-17414\" srcset=\"https:\/\/i0.wp.com\/posletrasufac.com\/wp-content\/uploads\/2026\/01\/11.jpg?resize=1024%2C1024&amp;ssl=1 1024w, https:\/\/i0.wp.com\/posletrasufac.com\/wp-content\/uploads\/2026\/01\/11.jpg?resize=300%2C300&amp;ssl=1 300w, https:\/\/i0.wp.com\/posletrasufac.com\/wp-content\/uploads\/2026\/01\/11.jpg?resize=150%2C150&amp;ssl=1 150w, https:\/\/i0.wp.com\/posletrasufac.com\/wp-content\/uploads\/2026\/01\/11.jpg?resize=768%2C768&amp;ssl=1 768w, https:\/\/i0.wp.com\/posletrasufac.com\/wp-content\/uploads\/2026\/01\/11.jpg?resize=12%2C12&amp;ssl=1 12w, https:\/\/i0.wp.com\/posletrasufac.com\/wp-content\/uploads\/2026\/01\/11.jpg?resize=270%2C270&amp;ssl=1 270w, https:\/\/i0.wp.com\/posletrasufac.com\/wp-content\/uploads\/2026\/01\/11.jpg?resize=230%2C230&amp;ssl=1 230w, https:\/\/i0.wp.com\/posletrasufac.com\/wp-content\/uploads\/2026\/01\/11.jpg?w=1080&amp;ssl=1 1080w\" sizes=\"auto, (max-width: 750px) 100vw, 750px\" \/><\/figure>\n\n\n\n<figure class=\"wp-block-image size-large\"><img data-recalc-dims=\"1\" loading=\"lazy\" decoding=\"async\" width=\"750\" height=\"750\" data-attachment-id=\"17415\" data-permalink=\"https:\/\/posletrasufac.com\/es\/corpo-docente\/12-5\/\" data-orig-file=\"https:\/\/i0.wp.com\/posletrasufac.com\/wp-content\/uploads\/2026\/01\/12.jpg?fit=1080%2C1080&amp;ssl=1\" data-orig-size=\"1080,1080\" data-comments-opened=\"0\" data-image-meta=\"{&quot;aperture&quot;:&quot;0&quot;,&quot;credit&quot;:&quot;&quot;,&quot;camera&quot;:&quot;&quot;,&quot;caption&quot;:&quot;&quot;,&quot;created_timestamp&quot;:&quot;0&quot;,&quot;copyright&quot;:&quot;&quot;,&quot;focal_length&quot;:&quot;0&quot;,&quot;iso&quot;:&quot;0&quot;,&quot;shutter_speed&quot;:&quot;0&quot;,&quot;title&quot;:&quot;&quot;,&quot;orientation&quot;:&quot;1&quot;}\" data-image-title=\"12\" data-image-description=\"\" data-image-caption=\"\" data-large-file=\"https:\/\/i0.wp.com\/posletrasufac.com\/wp-content\/uploads\/2026\/01\/12.jpg?fit=750%2C750&amp;ssl=1\" data-id=\"17415\" src=\"https:\/\/i0.wp.com\/posletrasufac.com\/wp-content\/uploads\/2026\/01\/12.jpg?resize=750%2C750&#038;ssl=1\" alt=\"Imagem de Fernando Simpl\u00edcio dos Santos, docente do PPGLI-UFAC, apresentando em um evento. O fundo possui elementos gr\u00e1ficos coloridos, destacando a celebra\u00e7\u00e3o dos 20 anos do programa.\" class=\"wp-image-17415\" srcset=\"https:\/\/i0.wp.com\/posletrasufac.com\/wp-content\/uploads\/2026\/01\/12.jpg?resize=1024%2C1024&amp;ssl=1 1024w, https:\/\/i0.wp.com\/posletrasufac.com\/wp-content\/uploads\/2026\/01\/12.jpg?resize=300%2C300&amp;ssl=1 300w, https:\/\/i0.wp.com\/posletrasufac.com\/wp-content\/uploads\/2026\/01\/12.jpg?resize=150%2C150&amp;ssl=1 150w, https:\/\/i0.wp.com\/posletrasufac.com\/wp-content\/uploads\/2026\/01\/12.jpg?resize=768%2C768&amp;ssl=1 768w, https:\/\/i0.wp.com\/posletrasufac.com\/wp-content\/uploads\/2026\/01\/12.jpg?resize=12%2C12&amp;ssl=1 12w, https:\/\/i0.wp.com\/posletrasufac.com\/wp-content\/uploads\/2026\/01\/12.jpg?resize=270%2C270&amp;ssl=1 270w, https:\/\/i0.wp.com\/posletrasufac.com\/wp-content\/uploads\/2026\/01\/12.jpg?resize=230%2C230&amp;ssl=1 230w, https:\/\/i0.wp.com\/posletrasufac.com\/wp-content\/uploads\/2026\/01\/12.jpg?w=1080&amp;ssl=1 1080w\" sizes=\"auto, (max-width: 750px) 100vw, 750px\" \/><\/figure>\n\n\n\n<figure class=\"wp-block-image size-large\"><img data-recalc-dims=\"1\" loading=\"lazy\" decoding=\"async\" width=\"750\" height=\"750\" data-attachment-id=\"17416\" data-permalink=\"https:\/\/posletrasufac.com\/es\/corpo-docente\/13-5\/\" data-orig-file=\"https:\/\/i0.wp.com\/posletrasufac.com\/wp-content\/uploads\/2026\/01\/13.jpg?fit=1080%2C1080&amp;ssl=1\" data-orig-size=\"1080,1080\" data-comments-opened=\"0\" data-image-meta=\"{&quot;aperture&quot;:&quot;0&quot;,&quot;credit&quot;:&quot;&quot;,&quot;camera&quot;:&quot;&quot;,&quot;caption&quot;:&quot;&quot;,&quot;created_timestamp&quot;:&quot;0&quot;,&quot;copyright&quot;:&quot;&quot;,&quot;focal_length&quot;:&quot;0&quot;,&quot;iso&quot;:&quot;0&quot;,&quot;shutter_speed&quot;:&quot;0&quot;,&quot;title&quot;:&quot;&quot;,&quot;orientation&quot;:&quot;1&quot;}\" data-image-title=\"13\" data-image-description=\"\" data-image-caption=\"\" data-large-file=\"https:\/\/i0.wp.com\/posletrasufac.com\/wp-content\/uploads\/2026\/01\/13.jpg?fit=750%2C750&amp;ssl=1\" data-id=\"17416\" src=\"https:\/\/i0.wp.com\/posletrasufac.com\/wp-content\/uploads\/2026\/01\/13.jpg?resize=750%2C750&#038;ssl=1\" alt=\"Retrato de Simone Cordeiro Oliveira Pinheiro com fundo colorido e elementos gr\u00e1ficos, celebrando 20 anos do PPGLI da UFAC.\" class=\"wp-image-17416\" srcset=\"https:\/\/i0.wp.com\/posletrasufac.com\/wp-content\/uploads\/2026\/01\/13.jpg?resize=1024%2C1024&amp;ssl=1 1024w, https:\/\/i0.wp.com\/posletrasufac.com\/wp-content\/uploads\/2026\/01\/13.jpg?resize=300%2C300&amp;ssl=1 300w, https:\/\/i0.wp.com\/posletrasufac.com\/wp-content\/uploads\/2026\/01\/13.jpg?resize=150%2C150&amp;ssl=1 150w, https:\/\/i0.wp.com\/posletrasufac.com\/wp-content\/uploads\/2026\/01\/13.jpg?resize=768%2C768&amp;ssl=1 768w, https:\/\/i0.wp.com\/posletrasufac.com\/wp-content\/uploads\/2026\/01\/13.jpg?resize=12%2C12&amp;ssl=1 12w, https:\/\/i0.wp.com\/posletrasufac.com\/wp-content\/uploads\/2026\/01\/13.jpg?resize=270%2C270&amp;ssl=1 270w, https:\/\/i0.wp.com\/posletrasufac.com\/wp-content\/uploads\/2026\/01\/13.jpg?resize=230%2C230&amp;ssl=1 230w, https:\/\/i0.wp.com\/posletrasufac.com\/wp-content\/uploads\/2026\/01\/13.jpg?w=1080&amp;ssl=1 1080w\" sizes=\"auto, (max-width: 750px) 100vw, 750px\" \/><\/figure>\n\n\n\n<figure class=\"wp-block-image size-large\"><img data-recalc-dims=\"1\" loading=\"lazy\" decoding=\"async\" width=\"750\" height=\"750\" data-attachment-id=\"17417\" data-permalink=\"https:\/\/posletrasufac.com\/es\/corpo-docente\/14-4\/\" data-orig-file=\"https:\/\/i0.wp.com\/posletrasufac.com\/wp-content\/uploads\/2026\/01\/14.jpg?fit=1080%2C1080&amp;ssl=1\" data-orig-size=\"1080,1080\" data-comments-opened=\"0\" data-image-meta=\"{&quot;aperture&quot;:&quot;0&quot;,&quot;credit&quot;:&quot;&quot;,&quot;camera&quot;:&quot;&quot;,&quot;caption&quot;:&quot;&quot;,&quot;created_timestamp&quot;:&quot;0&quot;,&quot;copyright&quot;:&quot;&quot;,&quot;focal_length&quot;:&quot;0&quot;,&quot;iso&quot;:&quot;0&quot;,&quot;shutter_speed&quot;:&quot;0&quot;,&quot;title&quot;:&quot;&quot;,&quot;orientation&quot;:&quot;1&quot;}\" data-image-title=\"14\" data-image-description=\"\" data-image-caption=\"\" data-large-file=\"https:\/\/i0.wp.com\/posletrasufac.com\/wp-content\/uploads\/2026\/01\/14.jpg?fit=750%2C750&amp;ssl=1\" data-id=\"17417\" src=\"https:\/\/i0.wp.com\/posletrasufac.com\/wp-content\/uploads\/2026\/01\/14.jpg?resize=750%2C750&#038;ssl=1\" alt=\"Imagem de um docente chamado Francisco Bento da Silva, sorrindo, com uma camiseta vermelha, em um fundo colorido e decorativo que celebra os 20 anos do PPGLI-UFAC.\" class=\"wp-image-17417\" srcset=\"https:\/\/i0.wp.com\/posletrasufac.com\/wp-content\/uploads\/2026\/01\/14.jpg?resize=1024%2C1024&amp;ssl=1 1024w, https:\/\/i0.wp.com\/posletrasufac.com\/wp-content\/uploads\/2026\/01\/14.jpg?resize=300%2C300&amp;ssl=1 300w, https:\/\/i0.wp.com\/posletrasufac.com\/wp-content\/uploads\/2026\/01\/14.jpg?resize=150%2C150&amp;ssl=1 150w, https:\/\/i0.wp.com\/posletrasufac.com\/wp-content\/uploads\/2026\/01\/14.jpg?resize=768%2C768&amp;ssl=1 768w, https:\/\/i0.wp.com\/posletrasufac.com\/wp-content\/uploads\/2026\/01\/14.jpg?resize=12%2C12&amp;ssl=1 12w, https:\/\/i0.wp.com\/posletrasufac.com\/wp-content\/uploads\/2026\/01\/14.jpg?resize=270%2C270&amp;ssl=1 270w, https:\/\/i0.wp.com\/posletrasufac.com\/wp-content\/uploads\/2026\/01\/14.jpg?resize=230%2C230&amp;ssl=1 230w, https:\/\/i0.wp.com\/posletrasufac.com\/wp-content\/uploads\/2026\/01\/14.jpg?w=1080&amp;ssl=1 1080w\" sizes=\"auto, (max-width: 750px) 100vw, 750px\" \/><\/figure>\n\n\n\n<figure class=\"wp-block-image size-large\"><img data-recalc-dims=\"1\" loading=\"lazy\" decoding=\"async\" width=\"750\" height=\"750\" data-attachment-id=\"17418\" data-permalink=\"https:\/\/posletrasufac.com\/es\/corpo-docente\/15-4\/\" data-orig-file=\"https:\/\/i0.wp.com\/posletrasufac.com\/wp-content\/uploads\/2026\/01\/15.jpg?fit=1080%2C1080&amp;ssl=1\" data-orig-size=\"1080,1080\" data-comments-opened=\"0\" data-image-meta=\"{&quot;aperture&quot;:&quot;0&quot;,&quot;credit&quot;:&quot;&quot;,&quot;camera&quot;:&quot;&quot;,&quot;caption&quot;:&quot;&quot;,&quot;created_timestamp&quot;:&quot;0&quot;,&quot;copyright&quot;:&quot;&quot;,&quot;focal_length&quot;:&quot;0&quot;,&quot;iso&quot;:&quot;0&quot;,&quot;shutter_speed&quot;:&quot;0&quot;,&quot;title&quot;:&quot;&quot;,&quot;orientation&quot;:&quot;1&quot;}\" data-image-title=\"15\" data-image-description=\"\" data-image-caption=\"\" data-large-file=\"https:\/\/i0.wp.com\/posletrasufac.com\/wp-content\/uploads\/2026\/01\/15.jpg?fit=750%2C750&amp;ssl=1\" data-id=\"17418\" src=\"https:\/\/i0.wp.com\/posletrasufac.com\/wp-content\/uploads\/2026\/01\/15.jpg?resize=750%2C750&#038;ssl=1\" alt=\"Retrato de Francielle Maria Modesto Mendes, docente do PPGLI-UFAC, com um fundo colorido representando o 20\u00ba anivers\u00e1rio do programa.\" class=\"wp-image-17418\" srcset=\"https:\/\/i0.wp.com\/posletrasufac.com\/wp-content\/uploads\/2026\/01\/15.jpg?resize=1024%2C1024&amp;ssl=1 1024w, https:\/\/i0.wp.com\/posletrasufac.com\/wp-content\/uploads\/2026\/01\/15.jpg?resize=300%2C300&amp;ssl=1 300w, https:\/\/i0.wp.com\/posletrasufac.com\/wp-content\/uploads\/2026\/01\/15.jpg?resize=150%2C150&amp;ssl=1 150w, https:\/\/i0.wp.com\/posletrasufac.com\/wp-content\/uploads\/2026\/01\/15.jpg?resize=768%2C768&amp;ssl=1 768w, https:\/\/i0.wp.com\/posletrasufac.com\/wp-content\/uploads\/2026\/01\/15.jpg?resize=12%2C12&amp;ssl=1 12w, https:\/\/i0.wp.com\/posletrasufac.com\/wp-content\/uploads\/2026\/01\/15.jpg?resize=270%2C270&amp;ssl=1 270w, https:\/\/i0.wp.com\/posletrasufac.com\/wp-content\/uploads\/2026\/01\/15.jpg?resize=230%2C230&amp;ssl=1 230w, https:\/\/i0.wp.com\/posletrasufac.com\/wp-content\/uploads\/2026\/01\/15.jpg?w=1080&amp;ssl=1 1080w\" sizes=\"auto, (max-width: 750px) 100vw, 750px\" \/><\/figure>\n\n\n\n<figure class=\"wp-block-image size-large\"><img data-recalc-dims=\"1\" loading=\"lazy\" decoding=\"async\" width=\"750\" height=\"750\" data-attachment-id=\"17419\" data-permalink=\"https:\/\/posletrasufac.com\/es\/corpo-docente\/16-4\/\" data-orig-file=\"https:\/\/i0.wp.com\/posletrasufac.com\/wp-content\/uploads\/2026\/01\/16.jpg?fit=1080%2C1080&amp;ssl=1\" data-orig-size=\"1080,1080\" data-comments-opened=\"0\" data-image-meta=\"{&quot;aperture&quot;:&quot;0&quot;,&quot;credit&quot;:&quot;&quot;,&quot;camera&quot;:&quot;&quot;,&quot;caption&quot;:&quot;&quot;,&quot;created_timestamp&quot;:&quot;0&quot;,&quot;copyright&quot;:&quot;&quot;,&quot;focal_length&quot;:&quot;0&quot;,&quot;iso&quot;:&quot;0&quot;,&quot;shutter_speed&quot;:&quot;0&quot;,&quot;title&quot;:&quot;&quot;,&quot;orientation&quot;:&quot;1&quot;}\" data-image-title=\"16\" data-image-description=\"\" data-image-caption=\"\" data-large-file=\"https:\/\/i0.wp.com\/posletrasufac.com\/wp-content\/uploads\/2026\/01\/16.jpg?fit=750%2C750&amp;ssl=1\" data-id=\"17419\" src=\"https:\/\/i0.wp.com\/posletrasufac.com\/wp-content\/uploads\/2026\/01\/16.jpg?resize=750%2C750&#038;ssl=1\" alt=\"Imagem de Maria de Jesus Morais, docente do PPGLI-UFAC, durante uma apresenta\u00e7\u00e3o. Ela est\u00e1 usando uma blusa sem mangas e segurando um microfone, com uma ta\u00e7a de vidro e um tecido colorido em frente.\" class=\"wp-image-17419\" srcset=\"https:\/\/i0.wp.com\/posletrasufac.com\/wp-content\/uploads\/2026\/01\/16.jpg?resize=1024%2C1024&amp;ssl=1 1024w, https:\/\/i0.wp.com\/posletrasufac.com\/wp-content\/uploads\/2026\/01\/16.jpg?resize=300%2C300&amp;ssl=1 300w, https:\/\/i0.wp.com\/posletrasufac.com\/wp-content\/uploads\/2026\/01\/16.jpg?resize=150%2C150&amp;ssl=1 150w, https:\/\/i0.wp.com\/posletrasufac.com\/wp-content\/uploads\/2026\/01\/16.jpg?resize=768%2C768&amp;ssl=1 768w, https:\/\/i0.wp.com\/posletrasufac.com\/wp-content\/uploads\/2026\/01\/16.jpg?resize=12%2C12&amp;ssl=1 12w, https:\/\/i0.wp.com\/posletrasufac.com\/wp-content\/uploads\/2026\/01\/16.jpg?resize=270%2C270&amp;ssl=1 270w, https:\/\/i0.wp.com\/posletrasufac.com\/wp-content\/uploads\/2026\/01\/16.jpg?resize=230%2C230&amp;ssl=1 230w, https:\/\/i0.wp.com\/posletrasufac.com\/wp-content\/uploads\/2026\/01\/16.jpg?w=1080&amp;ssl=1 1080w\" sizes=\"auto, (max-width: 750px) 100vw, 750px\" \/><\/figure>\n\n\n\n<figure class=\"wp-block-image size-large\"><img data-recalc-dims=\"1\" loading=\"lazy\" decoding=\"async\" width=\"750\" height=\"750\" data-attachment-id=\"17420\" data-permalink=\"https:\/\/posletrasufac.com\/es\/corpo-docente\/17-5\/\" data-orig-file=\"https:\/\/i0.wp.com\/posletrasufac.com\/wp-content\/uploads\/2026\/01\/17.jpg?fit=1080%2C1080&amp;ssl=1\" data-orig-size=\"1080,1080\" data-comments-opened=\"0\" data-image-meta=\"{&quot;aperture&quot;:&quot;0&quot;,&quot;credit&quot;:&quot;&quot;,&quot;camera&quot;:&quot;&quot;,&quot;caption&quot;:&quot;&quot;,&quot;created_timestamp&quot;:&quot;0&quot;,&quot;copyright&quot;:&quot;&quot;,&quot;focal_length&quot;:&quot;0&quot;,&quot;iso&quot;:&quot;0&quot;,&quot;shutter_speed&quot;:&quot;0&quot;,&quot;title&quot;:&quot;&quot;,&quot;orientation&quot;:&quot;1&quot;}\" data-image-title=\"17\" data-image-description=\"\" data-image-caption=\"\" data-large-file=\"https:\/\/i0.wp.com\/posletrasufac.com\/wp-content\/uploads\/2026\/01\/17.jpg?fit=750%2C750&amp;ssl=1\" data-id=\"17420\" src=\"https:\/\/i0.wp.com\/posletrasufac.com\/wp-content\/uploads\/2026\/01\/17.jpg?resize=750%2C750&#038;ssl=1\" alt=\"Retrato de Gerson Rodrigues de Albuquerque, docente do PPGLI da UFAC, com fundo roxo decorado e logotipo do programa em destaque.\" class=\"wp-image-17420\" srcset=\"https:\/\/i0.wp.com\/posletrasufac.com\/wp-content\/uploads\/2026\/01\/17.jpg?resize=1024%2C1024&amp;ssl=1 1024w, https:\/\/i0.wp.com\/posletrasufac.com\/wp-content\/uploads\/2026\/01\/17.jpg?resize=300%2C300&amp;ssl=1 300w, https:\/\/i0.wp.com\/posletrasufac.com\/wp-content\/uploads\/2026\/01\/17.jpg?resize=150%2C150&amp;ssl=1 150w, https:\/\/i0.wp.com\/posletrasufac.com\/wp-content\/uploads\/2026\/01\/17.jpg?resize=768%2C768&amp;ssl=1 768w, https:\/\/i0.wp.com\/posletrasufac.com\/wp-content\/uploads\/2026\/01\/17.jpg?resize=12%2C12&amp;ssl=1 12w, https:\/\/i0.wp.com\/posletrasufac.com\/wp-content\/uploads\/2026\/01\/17.jpg?resize=270%2C270&amp;ssl=1 270w, https:\/\/i0.wp.com\/posletrasufac.com\/wp-content\/uploads\/2026\/01\/17.jpg?resize=230%2C230&amp;ssl=1 230w, https:\/\/i0.wp.com\/posletrasufac.com\/wp-content\/uploads\/2026\/01\/17.jpg?w=1080&amp;ssl=1 1080w\" sizes=\"auto, (max-width: 750px) 100vw, 750px\" \/><\/figure>\n\n\n\n<figure class=\"wp-block-image size-large\"><img data-recalc-dims=\"1\" loading=\"lazy\" decoding=\"async\" width=\"750\" height=\"750\" data-attachment-id=\"17421\" data-permalink=\"https:\/\/posletrasufac.com\/es\/corpo-docente\/18-4\/\" data-orig-file=\"https:\/\/i0.wp.com\/posletrasufac.com\/wp-content\/uploads\/2026\/01\/18.jpg?fit=1080%2C1080&amp;ssl=1\" data-orig-size=\"1080,1080\" data-comments-opened=\"0\" data-image-meta=\"{&quot;aperture&quot;:&quot;0&quot;,&quot;credit&quot;:&quot;&quot;,&quot;camera&quot;:&quot;&quot;,&quot;caption&quot;:&quot;&quot;,&quot;created_timestamp&quot;:&quot;0&quot;,&quot;copyright&quot;:&quot;&quot;,&quot;focal_length&quot;:&quot;0&quot;,&quot;iso&quot;:&quot;0&quot;,&quot;shutter_speed&quot;:&quot;0&quot;,&quot;title&quot;:&quot;&quot;,&quot;orientation&quot;:&quot;1&quot;}\" data-image-title=\"18\" data-image-description=\"\" data-image-caption=\"\" data-large-file=\"https:\/\/i0.wp.com\/posletrasufac.com\/wp-content\/uploads\/2026\/01\/18.jpg?fit=750%2C750&amp;ssl=1\" data-id=\"17421\" src=\"https:\/\/i0.wp.com\/posletrasufac.com\/wp-content\/uploads\/2026\/01\/18.jpg?resize=750%2C750&#038;ssl=1\" alt=\"Imagem de Michel Ferreira dos Reis, docente do PPGLI da UFAC, com uma ilustra\u00e7\u00e3o colorida ao fundo que inclui elementos culturais, acompanhada do logo dos 20 anos do programa.\" class=\"wp-image-17421\" srcset=\"https:\/\/i0.wp.com\/posletrasufac.com\/wp-content\/uploads\/2026\/01\/18.jpg?resize=1024%2C1024&amp;ssl=1 1024w, https:\/\/i0.wp.com\/posletrasufac.com\/wp-content\/uploads\/2026\/01\/18.jpg?resize=300%2C300&amp;ssl=1 300w, https:\/\/i0.wp.com\/posletrasufac.com\/wp-content\/uploads\/2026\/01\/18.jpg?resize=150%2C150&amp;ssl=1 150w, https:\/\/i0.wp.com\/posletrasufac.com\/wp-content\/uploads\/2026\/01\/18.jpg?resize=768%2C768&amp;ssl=1 768w, https:\/\/i0.wp.com\/posletrasufac.com\/wp-content\/uploads\/2026\/01\/18.jpg?resize=12%2C12&amp;ssl=1 12w, https:\/\/i0.wp.com\/posletrasufac.com\/wp-content\/uploads\/2026\/01\/18.jpg?resize=270%2C270&amp;ssl=1 270w, https:\/\/i0.wp.com\/posletrasufac.com\/wp-content\/uploads\/2026\/01\/18.jpg?resize=230%2C230&amp;ssl=1 230w, https:\/\/i0.wp.com\/posletrasufac.com\/wp-content\/uploads\/2026\/01\/18.jpg?w=1080&amp;ssl=1 1080w\" sizes=\"auto, (max-width: 750px) 100vw, 750px\" \/><\/figure>\n\n\n\n<figure class=\"wp-block-image size-large\"><img data-recalc-dims=\"1\" loading=\"lazy\" decoding=\"async\" width=\"750\" height=\"750\" data-attachment-id=\"17422\" data-permalink=\"https:\/\/posletrasufac.com\/es\/corpo-docente\/19-3\/\" data-orig-file=\"https:\/\/i0.wp.com\/posletrasufac.com\/wp-content\/uploads\/2026\/01\/19.jpg?fit=1080%2C1080&amp;ssl=1\" data-orig-size=\"1080,1080\" data-comments-opened=\"0\" data-image-meta=\"{&quot;aperture&quot;:&quot;0&quot;,&quot;credit&quot;:&quot;&quot;,&quot;camera&quot;:&quot;&quot;,&quot;caption&quot;:&quot;&quot;,&quot;created_timestamp&quot;:&quot;0&quot;,&quot;copyright&quot;:&quot;&quot;,&quot;focal_length&quot;:&quot;0&quot;,&quot;iso&quot;:&quot;0&quot;,&quot;shutter_speed&quot;:&quot;0&quot;,&quot;title&quot;:&quot;&quot;,&quot;orientation&quot;:&quot;1&quot;}\" data-image-title=\"19\" data-image-description=\"\" data-image-caption=\"\" data-large-file=\"https:\/\/i0.wp.com\/posletrasufac.com\/wp-content\/uploads\/2026\/01\/19.jpg?fit=750%2C750&amp;ssl=1\" data-id=\"17422\" src=\"https:\/\/i0.wp.com\/posletrasufac.com\/wp-content\/uploads\/2026\/01\/19.jpg?resize=750%2C750&#038;ssl=1\" alt=\"Retrato de Maria Cristina Lobregat, docente do PPGLI-UFAC, com fundo colorido e elementos gr\u00e1ficos, comemorando 20 anos do programa.\" class=\"wp-image-17422\" srcset=\"https:\/\/i0.wp.com\/posletrasufac.com\/wp-content\/uploads\/2026\/01\/19.jpg?resize=1024%2C1024&amp;ssl=1 1024w, https:\/\/i0.wp.com\/posletrasufac.com\/wp-content\/uploads\/2026\/01\/19.jpg?resize=300%2C300&amp;ssl=1 300w, https:\/\/i0.wp.com\/posletrasufac.com\/wp-content\/uploads\/2026\/01\/19.jpg?resize=150%2C150&amp;ssl=1 150w, https:\/\/i0.wp.com\/posletrasufac.com\/wp-content\/uploads\/2026\/01\/19.jpg?resize=768%2C768&amp;ssl=1 768w, https:\/\/i0.wp.com\/posletrasufac.com\/wp-content\/uploads\/2026\/01\/19.jpg?resize=12%2C12&amp;ssl=1 12w, https:\/\/i0.wp.com\/posletrasufac.com\/wp-content\/uploads\/2026\/01\/19.jpg?resize=270%2C270&amp;ssl=1 270w, https:\/\/i0.wp.com\/posletrasufac.com\/wp-content\/uploads\/2026\/01\/19.jpg?resize=230%2C230&amp;ssl=1 230w, https:\/\/i0.wp.com\/posletrasufac.com\/wp-content\/uploads\/2026\/01\/19.jpg?w=1080&amp;ssl=1 1080w\" sizes=\"auto, (max-width: 750px) 100vw, 750px\" \/><\/figure>\n\n\n\n<figure class=\"wp-block-image size-large\"><img data-recalc-dims=\"1\" loading=\"lazy\" decoding=\"async\" width=\"750\" height=\"750\" data-attachment-id=\"17423\" data-permalink=\"https:\/\/posletrasufac.com\/es\/corpo-docente\/20-2\/\" data-orig-file=\"https:\/\/i0.wp.com\/posletrasufac.com\/wp-content\/uploads\/2026\/01\/20.jpg?fit=1080%2C1080&amp;ssl=1\" data-orig-size=\"1080,1080\" data-comments-opened=\"0\" data-image-meta=\"{&quot;aperture&quot;:&quot;0&quot;,&quot;credit&quot;:&quot;&quot;,&quot;camera&quot;:&quot;&quot;,&quot;caption&quot;:&quot;&quot;,&quot;created_timestamp&quot;:&quot;0&quot;,&quot;copyright&quot;:&quot;&quot;,&quot;focal_length&quot;:&quot;0&quot;,&quot;iso&quot;:&quot;0&quot;,&quot;shutter_speed&quot;:&quot;0&quot;,&quot;title&quot;:&quot;&quot;,&quot;orientation&quot;:&quot;1&quot;}\" data-image-title=\"20\" data-image-description=\"\" data-image-caption=\"\" data-large-file=\"https:\/\/i0.wp.com\/posletrasufac.com\/wp-content\/uploads\/2026\/01\/20.jpg?fit=750%2C750&amp;ssl=1\" data-id=\"17423\" src=\"https:\/\/i0.wp.com\/posletrasufac.com\/wp-content\/uploads\/2026\/01\/20.jpg?resize=750%2C750&#038;ssl=1\" alt=\"Imagem de Raquel Alves Ishii, docente do PPGLI-UFAC, com fundo decorado em cores vibrantes. Ela usa \u00f3culos e est\u00e1 vestida com uma blusa clara, sorrindo levemente para a c\u00e2mera.\" class=\"wp-image-17423\" srcset=\"https:\/\/i0.wp.com\/posletrasufac.com\/wp-content\/uploads\/2026\/01\/20.jpg?resize=1024%2C1024&amp;ssl=1 1024w, https:\/\/i0.wp.com\/posletrasufac.com\/wp-content\/uploads\/2026\/01\/20.jpg?resize=300%2C300&amp;ssl=1 300w, https:\/\/i0.wp.com\/posletrasufac.com\/wp-content\/uploads\/2026\/01\/20.jpg?resize=150%2C150&amp;ssl=1 150w, https:\/\/i0.wp.com\/posletrasufac.com\/wp-content\/uploads\/2026\/01\/20.jpg?resize=768%2C768&amp;ssl=1 768w, https:\/\/i0.wp.com\/posletrasufac.com\/wp-content\/uploads\/2026\/01\/20.jpg?resize=12%2C12&amp;ssl=1 12w, https:\/\/i0.wp.com\/posletrasufac.com\/wp-content\/uploads\/2026\/01\/20.jpg?resize=270%2C270&amp;ssl=1 270w, https:\/\/i0.wp.com\/posletrasufac.com\/wp-content\/uploads\/2026\/01\/20.jpg?resize=230%2C230&amp;ssl=1 230w, https:\/\/i0.wp.com\/posletrasufac.com\/wp-content\/uploads\/2026\/01\/20.jpg?w=1080&amp;ssl=1 1080w\" sizes=\"auto, (max-width: 750px) 100vw, 750px\" \/><\/figure>\n\n\n\n<figure class=\"wp-block-image size-large\"><img data-recalc-dims=\"1\" loading=\"lazy\" decoding=\"async\" width=\"750\" height=\"750\" data-attachment-id=\"17424\" data-permalink=\"https:\/\/posletrasufac.com\/es\/corpo-docente\/attachment\/21\/\" data-orig-file=\"https:\/\/i0.wp.com\/posletrasufac.com\/wp-content\/uploads\/2026\/01\/21.jpg?fit=1080%2C1080&amp;ssl=1\" data-orig-size=\"1080,1080\" data-comments-opened=\"0\" data-image-meta=\"{&quot;aperture&quot;:&quot;0&quot;,&quot;credit&quot;:&quot;&quot;,&quot;camera&quot;:&quot;&quot;,&quot;caption&quot;:&quot;&quot;,&quot;created_timestamp&quot;:&quot;0&quot;,&quot;copyright&quot;:&quot;&quot;,&quot;focal_length&quot;:&quot;0&quot;,&quot;iso&quot;:&quot;0&quot;,&quot;shutter_speed&quot;:&quot;0&quot;,&quot;title&quot;:&quot;&quot;,&quot;orientation&quot;:&quot;1&quot;}\" data-image-title=\"21\" data-image-description=\"\" data-image-caption=\"\" data-large-file=\"https:\/\/i0.wp.com\/posletrasufac.com\/wp-content\/uploads\/2026\/01\/21.jpg?fit=750%2C750&amp;ssl=1\" data-id=\"17424\" src=\"https:\/\/i0.wp.com\/posletrasufac.com\/wp-content\/uploads\/2026\/01\/21.jpg?resize=750%2C750&#038;ssl=1\" alt=\"Retrato de Sandra Mara Silva, docente do PPGLI da UFAC, com um fundo colorido que celebra os 20 anos do programa.\" class=\"wp-image-17424\" srcset=\"https:\/\/i0.wp.com\/posletrasufac.com\/wp-content\/uploads\/2026\/01\/21.jpg?resize=1024%2C1024&amp;ssl=1 1024w, https:\/\/i0.wp.com\/posletrasufac.com\/wp-content\/uploads\/2026\/01\/21.jpg?resize=300%2C300&amp;ssl=1 300w, https:\/\/i0.wp.com\/posletrasufac.com\/wp-content\/uploads\/2026\/01\/21.jpg?resize=150%2C150&amp;ssl=1 150w, https:\/\/i0.wp.com\/posletrasufac.com\/wp-content\/uploads\/2026\/01\/21.jpg?resize=768%2C768&amp;ssl=1 768w, https:\/\/i0.wp.com\/posletrasufac.com\/wp-content\/uploads\/2026\/01\/21.jpg?resize=12%2C12&amp;ssl=1 12w, https:\/\/i0.wp.com\/posletrasufac.com\/wp-content\/uploads\/2026\/01\/21.jpg?resize=270%2C270&amp;ssl=1 270w, https:\/\/i0.wp.com\/posletrasufac.com\/wp-content\/uploads\/2026\/01\/21.jpg?resize=230%2C230&amp;ssl=1 230w, https:\/\/i0.wp.com\/posletrasufac.com\/wp-content\/uploads\/2026\/01\/21.jpg?w=1080&amp;ssl=1 1080w\" sizes=\"auto, (max-width: 750px) 100vw, 750px\" \/><\/figure>\n<\/figure>","protected":false},"excerpt":{"rendered":"<p>O corpo docente do PPGLI da UFAC, com ampla e s\u00f3lida forma\u00e7\u00e3o na \u00e1rea de Lingu\u00edstica e Literatura, aliada a uma diversidade de outras \u00e1reas das Ci\u00eancias Humanas , apresenta um perfil robusto e din\u00e2mico, com uma configura\u00e7\u00e3o que tem<\/p>","protected":false},"author":65883018,"featured_media":0,"parent":0,"menu_order":1,"comment_status":"closed","ping_status":"closed","template":"","meta":{"_coblocks_attr":"","_coblocks_dimensions":"","_coblocks_responsive_height":"","_coblocks_accordion_ie_support":"","_crdt_document":"","advanced_seo_description":"","jetpack_seo_html_title":"","jetpack_seo_noindex":false,"footnotes":""},"class_list":["post-32","page","type-page","status-publish","hentry"],"jetpack_likes_enabled":false,"jetpack_sharing_enabled":true,"jetpack_shortlink":"https:\/\/wp.me\/P4Na16-w","amp_enabled":true,"_links":{"self":[{"href":"https:\/\/posletrasufac.com\/es\/wp-json\/wp\/v2\/pages\/32","targetHints":{"allow":["GET"]}}],"collection":[{"href":"https:\/\/posletrasufac.com\/es\/wp-json\/wp\/v2\/pages"}],"about":[{"href":"https:\/\/posletrasufac.com\/es\/wp-json\/wp\/v2\/types\/page"}],"author":[{"embeddable":true,"href":"https:\/\/posletrasufac.com\/es\/wp-json\/wp\/v2\/users\/65883018"}],"replies":[{"embeddable":true,"href":"https:\/\/posletrasufac.com\/es\/wp-json\/wp\/v2\/comments?post=32"}],"version-history":[{"count":99,"href":"https:\/\/posletrasufac.com\/es\/wp-json\/wp\/v2\/pages\/32\/revisions"}],"predecessor-version":[{"id":17450,"href":"https:\/\/posletrasufac.com\/es\/wp-json\/wp\/v2\/pages\/32\/revisions\/17450"}],"wp:attachment":[{"href":"https:\/\/posletrasufac.com\/es\/wp-json\/wp\/v2\/media?parent=32"}],"curies":[{"name":"wp","href":"https:\/\/api.w.org\/{rel}","templated":true}]}}