{"id":2988,"date":"2017-04-17T17:21:56","date_gmt":"2017-04-17T22:21:56","guid":{"rendered":"http:\/\/posletrasufac.com\/?page_id=2988"},"modified":"2026-04-27T12:15:23","modified_gmt":"2026-04-27T17:15:23","slug":"horarioeplanos","status":"publish","type":"page","link":"https:\/\/posletrasufac.com\/es\/horarioeplanos\/","title":{"rendered":"Horario y planes de estudio"},"content":{"rendered":"<h2 class=\"wp-block-heading\"><a href=\"https:\/\/drive.google.com\/file\/d\/1imqZcNASTT22ORfONuKxnnKi1EYlFWX5\/view?usp=sharing\" target=\"_blank\" rel=\"noreferrer noopener\"><strong>Hor\u00e1rio 1\u00ba Semestre de 2026 &#8211; Rio Branco<\/strong><\/a><\/h2>\n\n\n\n<h2 class=\"wp-block-heading\"><a href=\"https:\/\/posletrasufac.com\/es\/2025\/10\/20\/horario-retificado-do-2o-semestre-de-2025-rio-branco\/\" target=\"_blank\" rel=\"noreferrer noopener\"><strong>Hor\u00e1rio 2\u00ba Semestre de 2025 &#8211; Rio Branco<\/strong><\/a><\/h2>\n\n\n\n<figure class=\"wp-block-table\"><table class=\"has-fixed-layout\"><tbody><tr><td>ASIGNATURAS <\/td><td>DOCENTES<\/td><\/tr><tr><td><a href=\"https:\/\/drive.google.com\/file\/d\/1HOqT66z4gMfUIborLmeMOUkjAhDnFk3b\/view?usp=sharing\" data-type=\"link\" data-id=\"https:\/\/drive.google.com\/file\/d\/1HOqT66z4gMfUIborLmeMOUkjAhDnFk3b\/view?usp=sharing\">LEM370 &#8211; T\u00f3picos Especiais IV: Tempo, mem\u00f3ria, esquecimento e narra\u00e7\u00e3o<\/a><\/td><td>Armstrong da Silva Santos<\/td><\/tr><tr><td><a href=\"https:\/\/drive.google.com\/file\/d\/1Raz9taAIFPi-W0fo_Y8MLFBHkRZpMXnq\/view?usp=sharing\" data-type=\"link\" data-id=\"https:\/\/drive.google.com\/file\/d\/1Raz9taAIFPi-W0fo_Y8MLFBHkRZpMXnq\/view?usp=sharing\">LEM360 &#8211; T\u00f3picos Especiais III: Hist\u00f3ria das exist\u00eancias sens\u00edveis: humanos e n\u00e3o-humanos como esp\u00e9cies companheiras<\/a><\/td><td>Francisco Bento da Silva<\/td><\/tr><tr><td><a href=\"https:\/\/drive.google.com\/file\/d\/1Rm7wg6N_iOByKQbHP5ZO6mAqrm_VZi4a\/view?usp=sharing\" data-type=\"link\" data-id=\"https:\/\/drive.google.com\/file\/d\/1Rm7wg6N_iOByKQbHP5ZO6mAqrm_VZi4a\/view?usp=sharing\">LEM210 &#8211; Culturas e Literaturas na Pan-Amaz\u00f4nia<\/a><\/td><td>Francielle Maria Modesto Mendes<br>Queila Barbosa Lopes<\/td><\/tr><tr><td>LEM180 &#8211; Semin\u00e1rio de Pesquisa II<\/td><td>Gerson Rodrigues Albuquerque<\/td><\/tr><tr><td>LEM350 &#8211; T\u00f3picos Especiais II: Linguagem, mem\u00f3ria, testemunho e identidades<\/td><td>Maria Cristina Lobregat<\/td><\/tr><tr><td><a href=\"https:\/\/drive.google.com\/file\/d\/1_GRUcsVQcjjIH_m5cIlvjcg76XPmkIC1\/view?usp=sharing\" data-type=\"link\" data-id=\"https:\/\/drive.google.com\/file\/d\/1_GRUcsVQcjjIH_m5cIlvjcg76XPmkIC1\/view?usp=sharing\">LEM330 &#8211; Sociolingu\u00edstica<\/a><\/td><td>Sandra Mara Souza de Oliveira Silva<\/td><\/tr><tr><td>LEM410 &#8211; Discursos, Sujeitos e Identidades<\/td><td>Gerson Rodrigues Albuquerque<\/td><\/tr><\/tbody><\/table><\/figure>\n\n\n\n<h2 class=\"wp-block-heading\"><a href=\"https:\/\/posletrasufac.com\/wp-content\/uploads\/2025\/05\/Horario-2025-1-CZS.pdf\" target=\"_blank\" rel=\"noreferrer noopener\"><strong>Horario del primer semestre de 2025 \u2013 Cruzeiro do Sul<\/strong><\/a><\/h2>\n\n\n\n<figure class=\"wp-block-table\"><table class=\"has-fixed-layout\"><tbody><tr><td>ASIGNATURAS <\/td><td>DOCENTES<\/td><\/tr><tr><td><a href=\"https:\/\/drive.google.com\/file\/d\/1UPQCfj7x2FaB8RAfwpwJ8Dts4IGJcLHh\/view?usp=sharing\">LEM400 Culturas, Linguagens e Sociedades Amaz\u00f4nicas<\/a><\/td><td>Suerda Mara Monteiro Vital<\/td><\/tr><tr><td><a href=\"https:\/\/drive.google.com\/file\/d\/1tjl9x_M4hJbOp7aANdf-btANNAzbBeCk\/view?usp=sharing\">LEM420 Teorias Lingu\u00edsticas<\/a><\/td><td>Simone Cordeiro Oliveira Pinheiro<\/td><\/tr><\/tbody><\/table><\/figure>\n\n\n\n<h2 class=\"wp-block-heading\"><a href=\"https:\/\/posletrasufac.com\/wp-content\/uploads\/2025\/05\/Horario-2025-1-Rio-Branco-1.pdf\" target=\"_blank\" rel=\"noreferrer noopener\"><strong>Horario del primer semestre de 2025 \u2013 Rio Branco<\/strong><\/a><\/h2>\n\n\n\n<figure class=\"wp-block-table\"><table class=\"has-fixed-layout\"><tbody><tr><td>ASIGNATURAS <\/td><td>DOCENTES<\/td><\/tr><tr><td>LEM430 Semin\u00e1rio de Tese I<\/td><td>Gerson Rodrigues de Albuquerque<br>Jorge Fernandes da Silva<\/td><\/tr><tr><td>LEM170 Semin\u00e1rio de Pesquisa I<\/td><td>Luiz Eduardo Guedes<\/td><\/tr><tr><td><a href=\"https:\/\/drive.google.com\/file\/d\/1l32GCo33eBks7IVW_rBYXc94QoCsdgbQ\/view?usp=sharing\">LEM400 Culturas, Linguagens e Sociedades Amaz\u00f4nicas<\/a><\/td><td>Raquel Alves Ishii<br>Amilton Jos\u00e9 Freire de Queiroz<\/td><\/tr><tr><td><a href=\"https:\/\/drive.google.com\/file\/d\/1l32GCo33eBks7IVW_rBYXc94QoCsdgbQ\/view?usp=sharing\">LEM420 Teorias Lingu\u00edsticas<\/a><\/td><td>Shelton Lima de Souza<br>Sandra Mara Souza de Oliveira Silva<\/td><\/tr><\/tbody><\/table><\/figure>\n\n\n\n<h2 class=\"wp-block-heading\"><a href=\"https:\/\/drive.google.com\/file\/d\/13xP3Q-9pWsae2qt7lHW5HzmXVuMk_ClP\/view?usp=sharing\" target=\"_blank\" rel=\"noreferrer noopener\"><strong>Horario del segundo semestre de 2024<\/strong><\/a><\/h2>\n\n\n\n<figure class=\"wp-block-table\"><table class=\"has-fixed-layout\"><tbody><tr><td>ASIGNATURAS <\/td><td>DOCENTES<\/td><\/tr><tr><td><a href=\"https:\/\/drive.google.com\/file\/d\/1AG1q9f4DI4kemDlwcvoR9pVqXTsPAtNs\/view?usp=sharing\" target=\"_blank\" rel=\"noreferrer noopener\">LEM350 T\u00f3picos Especiais II<\/a><\/td><td>Gerson Rodrigues de Albuquerque<\/td><\/tr><tr><td><a href=\"https:\/\/drive.google.com\/file\/d\/1lWVM_qOTbiVgfq5NmB9GRjVmoXao-zHy\/view?usp=sharing\" target=\"_blank\" rel=\"noreferrer noopener\">LEM410 Discursos, Sujeitos e Identidades<\/a><\/td><td>Francisco Aquinei Tim\u00f3teo Queir\u00f3s<br>Marcello Messina<\/td><\/tr><tr><td><a href=\"https:\/\/drive.google.com\/file\/d\/1qChBZ3dD5x30rPPISym9ix6UIk2GpCwx\/view?usp=sharing\" target=\"_blank\" rel=\"noreferrer noopener\">LEM210 Culturas e Literaturas na Pan-Amaz\u00f4nia<\/a><\/td><td>Francielle Maria Modesto Mendes&nbsp;<br>Queila Barbosa Lopes<\/td><\/tr><tr><td><a href=\"https:\/\/drive.google.com\/file\/d\/1wD4qTphi_h2-0eBCqFZkP5HcAfsYigcx\/view?usp=sharing\" target=\"_blank\" rel=\"noreferrer noopener\">LEM290 Hist\u00f3ria Social das L\u00ednguas na Amaz\u00f4nia<\/a><\/td><td>Elderson Melo de Miranda<br>Francisco Bento da Silva<br>Shelton Lima de Souza<\/td><\/tr><tr><td><a href=\"https:\/\/drive.google.com\/file\/d\/12yfrA0c4nbFi-pVURUBPsTxng8Ta24Ro\/view?usp=sharing\" target=\"_blank\" rel=\"noreferrer noopener\">LEM330 Sociolingu\u00edstica<\/a><\/td><td>Paula Tatiana da Silva Antunes<\/td><\/tr><tr><td><a href=\"https:\/\/drive.google.com\/file\/d\/1gTSEfaiy-7IStjbR3RRFrQiaZjK_h4Dv\/view?usp=sharing\" data-type=\"link\" data-id=\"https:\/\/drive.google.com\/file\/d\/1gTSEfaiy-7IStjbR3RRFrQiaZjK_h4Dv\/view?usp=sharing\">LEM180 Semin\u00e1rio de Pesquisa II<\/a><\/td><td>Maria de Jesus Morais&nbsp;<br>Marcello Messina<\/td><\/tr><\/tbody><\/table><\/figure>\n\n\n\n<h2 class=\"wp-block-heading\"><a href=\"https:\/\/drive.google.com\/file\/d\/1J-hdoiZik2e_AH_dGidiS9-ezOMQwYs7\/view?usp=sharing\" target=\"_blank\" rel=\"noreferrer noopener\"><strong>Horario 1.\u00ba semestre de 2024<\/strong><\/a><\/h2>\n\n\n\n<figure class=\"wp-block-table\"><table class=\"has-fixed-layout\"><tbody><tr><td>ASIGNATURAS <\/td><td>DOCENTES<\/td><\/tr><tr><td><a href=\"https:\/\/drive.google.com\/file\/d\/1uzROIyldemAW0naxxNhlySZFISRWYqUo\/view?usp=sharing\" data-type=\"link\" data-id=\"https:\/\/drive.google.com\/file\/d\/1uzROIyldemAW0naxxNhlySZFISRWYqUo\/view?usp=sharing\">LEM400 Culturas, Linguagens e Sociedades Amaz\u00f4nicas &#8211; (M\/D)<\/a><\/td><td>Raquel Alves Ishii<\/td><\/tr><tr><td><a href=\"https:\/\/drive.google.com\/file\/d\/1KyCdnw0rQBu033Js3iyRwEQHwWK0GcUj\/view?usp=sharing\" target=\"_blank\" rel=\"noreferrer noopener\">LEM170 Semin\u00e1rio de Pesquisa I<\/a><\/td><td>Elderson Melo de Miranda<br>Maria de Jesus Morais&nbsp;<\/td><\/tr><tr><td><a href=\"https:\/\/drive.google.com\/file\/d\/1mq7Df6d_I6z4Q69_4hSh8ROIz1CCg5kK\/view?usp=sharing\">LEM430 Semin\u00e1rio de Tese I<\/a><\/td><td>Maria de Jesus Morais&nbsp;<br>Simone Cordeiro Oliveira Pinheiro<\/td><\/tr><tr><td><a href=\"https:\/\/drive.google.com\/file\/d\/1Tb8pDuYIKY_zgefei7jfQLA7YzBE_DF5\/view?usp=sharing\" target=\"_blank\" rel=\"noreferrer noopener\">LEM420 Teorias Lingu\u00edsticas<\/a><\/td><td>Paula Tatiana da Silva Antunes<br>Shelton Lima de Souza<\/td><\/tr><tr><td><a href=\"https:\/\/drive.google.com\/file\/d\/1i-OWIii7Vo4-5CnyOKUr5Ci8J07uszzW\/view?usp=sharing\">LEM310 Linguagem, Fronteira e Interculturalidade  (eletiva D\/M)<\/a><\/td><td>Maria de Jesus Morais<\/td><\/tr><tr><td><a href=\"https:\/\/drive.google.com\/file\/d\/1P4flcoeAswNjebCWBIJ0XGblKpYyZHyg\/view?usp=sharing\">LEM380 Tradu\u00e7\u00e3o Cultural e Estudos P\u00f3s-Coloniais  (eletiva D\/M)<\/a><\/td><td>Raquel Alves Ishii<br>Marcello Messina<\/td><\/tr><tr><td><a href=\"https:\/\/drive.google.com\/file\/d\/10W6UoUOgoiqHg9nIqNyn4CkfqO6pKhbD\/view?usp=sharing\">LEM370 T\u00f3picos IV: Mem\u00f3ria, esquecimento e narra\u00e7\u00e3o (eletiva D\/M)<\/a><\/td><td>Armstrong da Silva Santos<\/td><\/tr><tr><td>LEM440 Semin\u00e1rio de Tese II<\/td><td>Francisco Bento da Silva, Juciane dos Santos Cavalheiro, Queila Barbosa Lopes<br>Aline Suelen Santos, Fernando Simpl\u00edcio dos Santose Maria de Jesus Morais<\/td><\/tr><\/tbody><\/table><\/figure>\n\n\n\n<h2 class=\"wp-block-heading\"><strong><a href=\"https:\/\/drive.google.com\/file\/d\/1GPjnQYr8zRMOS4K2K7sT3aaJrMpKkZiF\/view?usp=drive_link\">Horario del segundo semestre de 2023<\/a><\/strong><\/h2>\n\n\n\n<figure class=\"wp-block-table\"><table><tbody><tr><td>ASIGNATURAS<\/td><td>DOCENTES<\/td><\/tr><tr><td><a href=\"https:\/\/drive.google.com\/file\/d\/1sZTluxJcXzL-LcyAwyrn7vnsJvUYJARx\/view?usp=sharing\">LEM400 Culturas, Linguagens e Sociedades Amaz\u00f4nicas (D\/M)<\/a><\/td><td>Gerson Rodrigues de Albuquerque<\/td><\/tr><tr><td><a href=\"https:\/\/drive.google.com\/file\/d\/1C9FoZvLJnjdqMg9wNcqZouBywyqOGSpi\/view?usp=sharing\">LEM410 Discursos, Sujeitos e Identidades (Obrigat\u00f3ria M\/D)<\/a><\/td><td>Aline Suelen Santos, Maur\u00edcio Neves-Corr\u00eaa, Shelton Lima de Souza e Gerson Rodrigues de Albuquerque<\/td><\/tr><tr><td><a href=\"https:\/\/drive.google.com\/file\/d\/1-OCXrHUAlsfvbh3IIoUNMkoHjQi2EhVT\/view?usp=sharing\" target=\"_blank\" rel=\"noreferrer noopener\">LEM180 Semin\u00e1rio de Pesquisa II<\/a><\/td><td>Elderson Melo de Miranda<\/td><\/tr><tr><td><a href=\"https:\/\/drive.google.com\/file\/d\/1rhv3NQaxHZnAAFHrI0dSAWL1EFm-iUy7\/view?usp=sharing\">LEM360 T\u00f3picos Especiais III &#8211; Culturas e identidades em narrativas amaz\u00f4nicas e ind\u00edgenas (Eletiva M\/D)<\/a><\/td><td>Iza Reis Gomes<\/td><\/tr><tr><td><a href=\"https:\/\/drive.google.com\/file\/d\/1-YhJlIq-k-DnuFhW-w8jVIzQ79whv6WA\/view?usp=sharing\">LEM370 T\u00f3picos Especiais IV: Comidas e saberes: comensalidades,<br>culturas e identidades alimentares (Eletiva M\/D)<\/a><\/td><td>Francisco Bento da Silva<\/td><\/tr><tr><td><a href=\"https:\/\/drive.google.com\/file\/d\/1bvkQzzoHF4iYygfNsPxcjQB31IyRsUpp\/view?usp=sharing\" target=\"_blank\" rel=\"noreferrer noopener\">LEM280 Etnolingu\u00edstica (Eletiva M\/D)<\/a><\/td><td>Shelton Lima de Souza<\/td><\/tr><tr><td><a href=\"https:\/\/drive.google.com\/file\/d\/1QWCa_vfVyx0ElEjvJEtrLEJmBa4pithL\/view?usp=sharing\">LEM320 Oralidade, Tradi\u00e7\u00e3o Oral e Literatura Oral (Eletiva M\/D)<\/a><\/td><td>Gerson Rodrigues de Albuquerque<\/td><\/tr><tr><td><a href=\"https:\/\/drive.google.com\/file\/d\/1HZvm7SRoEix_mSBeNSpupejgUI9n4eUS\/view?usp=sharing\">LEM260 Ensino de L\u00ednguas, Produ\u00e7\u00e3o e An\u00e1lise de Materiais Did\u00e1ticos<br>para a Contemporaneidade (Eletiva M\/D)<\/a><\/td><td>Simone Cordeiro Oliveira Pinheiro<\/td><\/tr><tr><td><a href=\"https:\/\/drive.google.com\/file\/d\/1hc4bCyo_XA7ihaaDz7ydqKANJfJXT7Q7\/view?usp=sharing\">LEM390 Introdu\u00e7\u00e3o \u00e0s L\u00ednguas Ind\u00edgenas Brasileiras (Eletiva M\/D)<\/a><\/td><td>Ligiane Pessoa dos Santos Bonif\u00e1cio<\/td><\/tr><\/tbody><\/table><\/figure>\n\n\n\n<h3 class=\"wp-block-heading\" style=\"font-size:26px\"><strong><a href=\"https:\/\/drive.google.com\/file\/d\/1nJnc7fCp5UrHbXrZZtQoM-SCWwElDRaY\/view?usp=share_link\">Horario 1.\u00ba semestre de 2023<\/a><\/strong><\/h3>\n\n\n\n<figure class=\"wp-block-table\"><table><tbody><tr><td>ASIGNATURAS<\/td><td>DOCENTES<\/td><\/tr><tr><td><a href=\"https:\/\/drive.google.com\/file\/d\/1OlUQ_m1jVMRc2tMzJPaaFyb4_QgYLaJX\/view\">LEM430 Semin\u00e1rio de Tese I &#8211; (D)<\/a><\/td><td>Maria de Jesus Morais e Elderson Melo de Miranda<\/td><\/tr><tr><td><a href=\"https:\/\/drive.google.com\/file\/d\/1vA9IkwqaY075WJ3-07Ba3vQXATRrV0e5\/view?usp=share_link\" target=\"_blank\" rel=\"noreferrer noopener\">LEM370 T\u00f3picos Especiais IV &#8211; Narrativas e representa\u00e7\u00f5es sobre naturezas e culturas nas Amaz\u00f4nias (D\/M)<\/a><\/td><td>Francielle Maria Modesto Mendes e Francisco Bento da Silva<\/td><\/tr><tr><td><a href=\"https:\/\/drive.google.com\/file\/d\/1FTPEVYSIb9WTsxNtpZNyzUkJIFyQDwPG\/view?usp=share_link\" target=\"_blank\" rel=\"noreferrer noopener\">LEM420 Teorias Lingu\u00edsticas (D\/M)<\/a><\/td><td>Shelton Lima de Souza<\/td><\/tr><tr><td><a href=\"https:\/\/drive.google.com\/file\/d\/1CoI0tatBp_HmsJE8R3pMRkfn_iOHriFx\/view\">LEM170 Semin\u00e1rio de Pesquisa I &#8211; (M)<\/a><\/td><td>Queila Barbosa Lopes<\/td><\/tr><tr><td>LEM440 Semin\u00e1rio de Tese II \u2013 (D)<\/td><td>Francisco Bento da Silva, Gerson Rodrigues de Albuquerque, Paula Tatiana da Silva Antunes, Elderson Melo de Miranda , Queila Barbosa Lopes, Valda In\u00eas Fontenele Pessoa, Francielle Maria Modesto Mendes, Shelton Lima de Souza, Aline Suelen Santos, Francisco Aquinei Tim\u00f3teo Queir\u00f3s, Mauricio Neves Correa, Iza Reis Gomes Ortiz e Maria De Jesus Morais<\/td><\/tr><\/tbody><\/table><\/figure>\n\n\n\n<h3 class=\"wp-block-heading\" style=\"font-size:26px\"><strong><a rel=\"noreferrer noopener\" href=\"https:\/\/drive.google.com\/file\/d\/1wcfyfND2c8lBMRooewzJQGig38RjRZFP\/view?usp=share_link\" target=\"_blank\">Horario del segundo semestre de 2022 <\/a><\/strong><\/h3>\n\n\n\n<figure class=\"wp-block-table\"><table><tbody><tr><td>ASIGNATURAS<\/td><td>DOCENTES<\/td><\/tr><tr><td>LEM170 &#8211; Semin\u00e1rio de Pesquisa I<\/td><td>Paula Tatiana da Silva Antunes<\/td><\/tr><tr><td>LEM180 &#8211; Semin\u00e1rio de Pesquisa II &#8211; Turma Ind\u00edgena<\/td><td>Maria de Jesus Morais<\/td><\/tr><tr><td>LEM430 &#8211; Semin\u00e1rio de Tese I &#8211; Turma Ind\u00edgena<\/td><td>Maria de Jesus Morais e Shelton Lima de Souza<\/td><\/tr><\/tbody><\/table><\/figure>\n\n\n\n<h3 class=\"wp-block-heading\" style=\"font-size:26px\"><strong><a href=\"https:\/\/drive.google.com\/file\/d\/1pRgkX8VpIcd1zDBkjZRaWWXofixXVB-c\/view?usp=sharing\">Horario del segundo semestre de 2022<\/a><\/strong><\/h3>\n\n\n\n<figure class=\"wp-block-table\"><table><tbody><tr><td>ASIGNATURAS<\/td><td>DOCENTES<\/td><\/tr><tr><td><a href=\"https:\/\/drive.google.com\/file\/d\/1m461SHnO-oL_-M-t8Mch6-XS5_7_1r10\/view?usp=sharing\">LEM410 &#8211; Discursos, Sujeitos e Identidades<\/a><\/td><td>Juciane dos Santos Cavalheiro e Gerson Rodrigues de Albuquerque<\/td><\/tr><tr><td><a href=\"https:\/\/drive.google.com\/file\/d\/1lUSitwF_ttI-TUVjv38iGewHAcXVJ35k\/view?usp=share_link\">LEM180 &#8211; Semin\u00e1rio de Pesquisa II<\/a><\/td><td>Maria de Jesus Morais<\/td><\/tr><tr><td><a href=\"https:\/\/drive.google.com\/file\/d\/1y-rMuLS8gBPO5aJyxz5C0kYzHndZI432\/view?usp=share_link\">LEM200 &#8211; Cultura, Educa\u00e7\u00e3o e Pr\u00e1ticas Educativas<\/a><\/td><td>Valda In\u00eas Fontenele Pessoa<\/td><\/tr><\/tbody><\/table><\/figure>\n\n\n\n<h3 class=\"wp-block-heading\" style=\"font-size:26px\"><strong><a href=\"https:\/\/drive.google.com\/file\/d\/1zQALiaunPMw9LiTdUfyopFxws5a6fHua\/view?usp=share_link\">Horario 1.\u00ba semestre de 2022<\/a><\/strong><\/h3>\n\n\n\n<figure class=\"wp-block-table\"><table><tbody><tr><td>ASIGNATURAS<\/td><td>DOCENTES<\/td><\/tr><tr><td><a href=\"https:\/\/drive.google.com\/file\/d\/1tfbRtNFlJVRjlRiag2JrGM486RJRIJqr\/view?usp=sharing\">LEM430 Semin\u00e1rio de Tese I<\/a><\/td><td>Paula Tatiana Silva Antunes e Maria de Jesus Morais<\/td><\/tr><tr><td>LEM440 Semin\u00e1rio de Tese II &#8211; (D)<\/td><td>Francisco Bento da Silva , Maria de Jesus Morais, Queila Barbosa Lopes, Juciane dos Santos Cavalheiro, <br>Shelton Lima de Souza, Valda In\u00eas Fontenele Pessoa, Gerson Rodrigues de Albuquerque,  <br>Francisco Aquinei Tim\u00f3teo Queir\u00f3s, Francielle Maria Modesto Mendes e Marcello Messina<\/td><\/tr><tr><td><a href=\"https:\/\/drive.google.com\/file\/d\/1UuGGT-DkP8UNhmT8KDdjG6UbIvUGbbFq\/view?usp=sharing\">LEM420 Teorias Lingu\u00edsticas<\/a><\/td><td>Shelton Lima de Souza<\/td><\/tr><tr><td><a href=\"https:\/\/drive.google.com\/file\/d\/1pU4qi2Nxjo8cHpQ6n7o03G3sT81FrkCq\/view?usp=sharing\">LEM170 Semin\u00e1rio de Pesquisa I<\/a><\/td><td>Queila Barbosa Lopes<\/td><\/tr><tr><td><a href=\"https:\/\/drive.google.com\/file\/d\/1BeUZEbb7yXUfZuDDE0OhZh3aQdufxy5K\/view?usp=drive_link\" target=\"_blank\" rel=\"noreferrer noopener\">LEM400 Culturas, Linguagens e Sociedades Amaz\u00f4nicas &#8211; (D)<\/a><\/td><td>Gerson Rodrigues de Albuquerque<\/td><\/tr><tr><td>LEM400 Culturas, Linguagens e Sociedades Amaz\u00f4nicas &#8211; (M)<\/td><td>Francisco Bento da Silva<\/td><\/tr><\/tbody><\/table><\/figure>\n\n\n\n<h3 class=\"wp-block-heading\" style=\"font-size:26px\"><strong><a href=\"https:\/\/drive.google.com\/file\/d\/1VC0wSdb1n_0BaMcIyXzpBrtOX8-rQ-5W\/view?usp=sharing\">Horario del segundo semestre de 2021<\/a><\/strong><\/h3>\n\n\n\n<figure class=\"wp-block-table\"><table><tbody><tr><td>ASIGNATURAS<\/td><td>DOCENTES<\/td><\/tr><tr><td><a href=\"https:\/\/docs.google.com\/document\/d\/1OglauQh4ioQ_2K1tOms_auCe2PRqMPpi\/edit?usp=sharing&amp;ouid=102502596795982921316&amp;rtpof=true&amp;sd=true\">LEM180 Semin\u00e1rio de Pesquisa II<\/a><\/td><td>Francielle Maria Modesto Mendes e Francisco Aquinei Tim\u00f3teo Queir\u00f3s<\/td><\/tr><tr><td><a href=\"https:\/\/docs.google.com\/document\/d\/1SOPLM1ff2wQyC0DMnDANdDH1FEGH-fEG\/edit?usp=sharing&amp;ouid=102502596795982921316&amp;rtpof=true&amp;sd=true\">LEM410 Discursos, Sujeitos e Identidades- (M)<\/a><\/td><td>Aline Suelen Santos<\/td><\/tr><tr><td><a href=\"https:\/\/drive.google.com\/file\/d\/1C3KPnxtikXZidOx2Qf39W79xHOzhbUEv\/view?usp=sharing\">LEM410 Discursos, Sujeitos e Identidades &#8211; (D)<\/a><\/td><td>Leonard Christy Souza Costa, Juciane Cavalheiro dos Santos e Gerson Rodrigues de Albuquerque<\/td><\/tr><tr><td><a href=\"https:\/\/drive.google.com\/file\/d\/1aOBoqkZxUgJRjORYK1HNzcAGRDzPdBRp\/view?usp=sharing\">LEM 320 Oralidade, Tradi\u00e7\u00e3o Oral e Literatura Oral<\/a><\/td><td>Agenor Sarraf Pacheco e Claudia Vanessa Bergamini<\/td><\/tr><tr><td><a href=\"https:\/\/docs.google.com\/document\/d\/1xz9BoD82hl3avULLY-V9-pX7Q_RiHh4u\/edit?usp=sharing&amp;ouid=102502596795982921316&amp;rtpof=true&amp;sd=true\" target=\"_blank\" rel=\"noreferrer noopener\">LEM 340 T\u00f3picos Especiais I \u2013 Humanidades de C\u00e9sar Vallejo: Centenario de Trilce<\/a><\/td><td>Pedro Jos\u00e9 Granados Aguero<\/td><\/tr><tr><td><a href=\"https:\/\/docs.google.com\/document\/d\/1jbIefCQc6ZCBJZicn6G3Jh4CIA0EyH42\/edit?usp=sharing&amp;ouid=102502596795982921316&amp;rtpof=true&amp;sd=true\">LEM270 Estudos e Conceitos de G\u00eanero, Ra\u00e7a e Etnia<\/a><\/td><td>Lucieneida Dov\u00e1o Praun e Madge Porto Cruz<\/td><\/tr><tr><td><a href=\"https:\/\/docs.google.com\/document\/d\/1CzOvqOaWAzYghBtJS51_vtrYk_VzAxlU\/edit?usp=sharing&amp;ouid=102502596795982921316&amp;rtpof=true&amp;sd=true\">LEM300 Leitura e Escrita em Sociedades Ind\u00edgenas<\/a><\/td><td>Maria In\u00eas de Almeida e Joaquim Paulo de Lima Kaxinaw\u00e1<\/td><\/tr><\/tbody><\/table><\/figure>\n\n\n\n<h3 class=\"wp-block-heading\"><strong><a href=\"https:\/\/drive.google.com\/file\/d\/1R0NGOJUXAwwPzAPv_WhdrevTiYw5MR9v\/view?usp=sharing\">Horario 1.\u00ba semestre de 2021<\/a><\/strong><\/h3>\n\n\n\n<figure class=\"wp-block-table\"><table><tbody><tr><td>ASIGNATURAS<\/td><td>DOCENTES<\/td><\/tr><tr><td><a rel=\"noreferrer noopener\" href=\"https:\/\/drive.google.com\/file\/d\/1duInTzfe1WFGpPJDZOmvoItWWqvo1Gzo\/view?usp=share_link\" target=\"_blank\">LEM420 Teorias Lingu\u00edsticas &#8211; (M)<\/a><\/td><td>Shelton Lima de Souza<\/td><\/tr><tr><td>LEM420 Teorias Lingu\u00edsticas &#8211; (D)<\/td><td>Gerson, Rodrigues de Albuquerque, Shelton Lima de Souza, Ana L\u00facia Trevisan e<br>Regina Helena Pires de Brito<\/td><\/tr><tr><td><a href=\"https:\/\/drive.google.com\/file\/d\/13Ds7InxciKuVBxuD3QeTSPEPts_CVqFZ\/view?usp=share_link\" target=\"_blank\" rel=\"noreferrer noopener\">LEM170 Semin\u00e1rio de Pesquisa I<\/a><\/td><td>Paula Tatiana Saliva antunes<\/td><\/tr><tr><td><a rel=\"noreferrer noopener\" href=\"https:\/\/drive.google.com\/file\/d\/1Wyh33OqYH2BX_eFFAY6-myWv8WeXxvf1\/view?usp=share_link\" target=\"_blank\">LEM400 Culturas, Linguagens e Sociedades Amaz\u00f4nicas &#8211; (D)<\/a><\/td><td>Gerson Rodrigues de Albuquerque, Leopoldo Marcos Garcia Lopes Bernucci e <br>Ana Irene Pizarro<\/td><\/tr><tr><td><a rel=\"noreferrer noopener\" href=\"https:\/\/docs.google.com\/document\/d\/12y1vvEPfH6cm5Q2XjfNxzDCh91mkmcbc\/edit?usp=share_link&amp;ouid=108436929979955917422&amp;rtpof=true&amp;sd=true\" target=\"_blank\">LEM400 Culturas, Linguagens e Sociedades Amaz\u00f4nicas &#8211; (M)<\/a><\/td><td>Francisco Bento da Silva<\/td><\/tr><tr><td><a href=\"https:\/\/drive.google.com\/file\/d\/1Q8EQSrjy9VnIAw2-AHo0iuvVM5_mampg\/view?usp=share_link\" target=\"_blank\" rel=\"noreferrer noopener\">LEM430 Semin\u00e1rio de Tese I<\/a><\/td><td>Valda In\u00eas Fontenele Pessoa<\/td><\/tr><tr><td>LEM440 &#8211; Semin\u00e1rio de Tese II &#8211; (D)<\/td><td>Gerson Rodrigues de Albuquerque, Juciane dos Santos Cavalheiro, Shelton Lima de Souza, Maria de Jesus Morais, Francisco Bento da Silva, Elizabeth Miranda de Lima, Paula Tatiana da Silva Antunes e Valda In\u00eas Fontenele Pessoa<\/td><\/tr><\/tbody><\/table><\/figure>\n\n\n\n<h3 class=\"wp-block-heading\"><strong><a href=\"https:\/\/drive.google.com\/file\/d\/1cdIlwLTvnfzZzLetcjCL9-yFpxTAO-Yu\/view?usp=sharing\">Horario del segundo semestre de 2020<\/a><\/strong><\/h3>\n\n\n\n<figure class=\"wp-block-table\"><table><tbody><tr><td>ASIGNATURAS<\/td><td>DOCENTES<\/td><\/tr><tr><td><a href=\"https:\/\/drive.google.com\/file\/d\/1TGnATpQVmXRNiJ_SqiCKQaQajza5w6wm\/view?usp=sharing\">LEM210 Culturas e Literaturas na Pan-Amaz\u00f4nia<\/a><\/td><td>Gerson Albuquerque, Ana Pizarro e Leopoldo Bernucci<\/td><\/tr><tr><td><a href=\"https:\/\/drive.google.com\/file\/d\/10vkpPU0__IdZqzQpVN6lQtPY0-Jo743g\/view?usp=sharing\">LEM260 Ensino de L\u00ednguas, Produ\u00e7\u00e3o e An\u00e1lise de Materiais Did\u00e1ticos para a Contemporaneidade<\/a><\/td><td>Queila Barbosa Lopes<\/td><\/tr><tr><td><a href=\"https:\/\/drive.google.com\/file\/d\/1OAbJGxF-4asUDNpAln4RxyJSAeq7ncIh\/view?usp=sharing\">LEM390 Introdu\u00e7\u00e3o \u00e0s L\u00ednguas Ind\u00edgenas Brasileiras<\/a><\/td><td>Sidney da Silva Facundes<\/td><\/tr><\/tbody><\/table><\/figure>\n\n\n\n<h3 class=\"wp-block-heading\"><strong><a href=\"https:\/\/drive.google.com\/file\/d\/1VdgyQw3FMuy0r13Kly-SeNItkAFS8v3-\/view?usp=sharing\">Horario 1.\u00ba semestre de 2020<\/a><\/strong><\/h3>\n\n\n\n<figure class=\"wp-block-table\"><table><tbody><tr><td>ASIGNATURAS<\/td><td>DOCENTES<\/td><\/tr><tr><td><a href=\"https:\/\/drive.google.com\/file\/d\/1SPR1wNBWtJUhu1ucQF5iHaw2-MqaZyKJ\/view?usp=sharing\">LEM300 Leitura e Escrita em Sociedades Ind\u00edgenas<\/a><\/td><td>Marcos de Almeida Matos<\/td><\/tr><tr><td><a href=\"https:\/\/drive.google.com\/file\/d\/1nQzRgRsPEpYaGR5A5fa7f7i7KLsMPURr\/view?usp=sharing\">LEM420 Teorias Lingu\u00edsticas<\/a><\/td><td>Gabriela Maria de Oliveira-Codinhoto e Shelton Lima de Souza<\/td><\/tr><tr><td><a href=\"https:\/\/drive.google.com\/file\/d\/1vYEJinDugRaWfB8VvgOyMFUP9xycLAfD\/view?usp=sharing\">LEM170 Semin\u00e1rio de Pesquisa I<\/a><\/td><td>Paula Tatiana da Silva-Antunes<\/td><\/tr><tr><td><a href=\"https:\/\/drive.google.com\/file\/d\/1Wi3sDQ-WJ9uzJPRt1Wc7yQeG5IkGFUht\/view?usp=sharing\">LEM400 Culturas, Linguagens e Sociedades Amaz\u00f4nicas<\/a><\/td><td>Gerson Rodrigues de Albuquerque<\/td><\/tr><tr><td><a href=\"https:\/\/drive.google.com\/file\/d\/18JISl3IjPf-IBSoDvYVy4Jx9cm4K5Rac\/view?usp=sharing\">LEM340 T\u00f3picos Especiais I &#8211; An\u00e1lise estrutural da narrativa<\/a><\/td><td>Camila Bylaardt Volker Dennys da Silva-Reis<\/td><\/tr><tr><td><a href=\"https:\/\/drive.google.com\/file\/d\/1JqA-9uuU_0Rol2jv0VV_Qv7G5218qGg3\/view?usp=sharing\">LEM430 Semin\u00e1rio de Tese I<\/a><\/td><td>Elizabeth Miranda e Gerson Rodrigues de Albuquerque<\/td><\/tr><\/tbody><\/table><\/figure>\n\n\n\n<h3 class=\"wp-block-heading\"><strong><a href=\"https:\/\/drive.google.com\/file\/d\/1Fe-1N9apH8u2SoTyTuq5xYb8F5puucpP\/view?usp=sharing\">Horario del segundo semestre de 2019<\/a><\/strong><\/h3>\n\n\n\n<figure class=\"wp-block-table\"><table><tbody><tr><td>ASIGNATURAS<\/td><td>DOCENTES<\/td><\/tr><tr><td><a rel=\"noreferrer noopener\" href=\"https:\/\/drive.google.com\/file\/d\/1UKdik9lsKIsU030F3TKQMhPnnhiy5S80\/view?usp=share_link\" target=\"_blank\">LEM410 Discursos, Sujeitos e Identidades &#8211; (M)<\/a><\/td><td>Gabriela Maria de Oliveira-Codinhoto e Aline Suelen Santos<\/td><\/tr><tr><td><a rel=\"noreferrer noopener\" href=\"https:\/\/drive.google.com\/file\/d\/1itMNqnbq4sYCBojHWU9qXyqnV7xOFIE2\/view?usp=share_link\" target=\"_blank\">LEM410 Discursos, Sujeitos e Identidades &#8211; (D)<\/a><\/td><td>Shelton Lima de Souza, Juciane dos Santos Cavalheiro<\/td><\/tr><tr><td><a href=\"https:\/\/drive.google.com\/file\/d\/1W8o4KB2MhrCf9Rt98eLJZkIRKA1b_LXs\/view?usp=share_link\" target=\"_blank\" rel=\"noreferrer noopener\">LEM170 Semin\u00e1rio de Pesquisa I<\/a><\/td><td>Paula Tatiana da Silva-Antunes<\/td><\/tr><tr><td><a href=\"https:\/\/drive.google.com\/file\/d\/1PYWKYG-RHxMuKJQC4RXH3X1vciV42pV1\/view?usp=share_link\" target=\"_blank\" rel=\"noreferrer noopener\">LEM350 T\u00f3picos Especiais II: Pesquisas em Lingu\u00edstica Aplicada<\/a><\/td><td>Paula Tatiana da Silva-Antunes<\/td><\/tr><tr><td><a href=\"https:\/\/drive.google.com\/file\/d\/1AkKYy6f1Q78RqFzf531Ec60-BVtwpXUw\/view?usp=share_link\" target=\"_blank\" rel=\"noreferrer noopener\">LEM360 T\u00f3picos Especiais III: Amazonialismo \u2013 inven\u00e7\u00e3o do mundo outro da linguagem<\/a><\/td><td>Gerson Rodrigues de Albuquerque<\/td><\/tr><tr><td><a href=\"https:\/\/drive.google.com\/file\/d\/1rig5Vg5KooZpB01ahKnGt63tsc1ueYv8\/view?usp=share_link\" target=\"_blank\" rel=\"noreferrer noopener\">LEM370 T\u00f3picos Especiais IV \u2013 Etnografia discursiva: linguagem, m\u00e9todo e experi\u00eancia<\/a><\/td><td>M\u00e1rio Luis Villarruel da Silva<br><\/td><\/tr><tr><td><a href=\"https:\/\/docs.google.com\/document\/d\/1Q7SOif-QjNByyV-yeBExNim69HHHOZhU\/edit?usp=share_link&amp;ouid=108436929979955917422&amp;rtpof=true&amp;sd=true\" target=\"_blank\" rel=\"noreferrer noopener\">LEM200 Cultura, Educa\u00e7\u00e3o e Pr\u00e1ticas Educativas<\/a><\/td><td>Elizabeth Miranda e Valda In\u00eas Fontenele Pessoa<\/td><\/tr><tr><td><a href=\"https:\/\/drive.google.com\/file\/d\/1C1o1K2MtOMTcnUQNsdWMbbLNUdy1QD90\/view?usp=share_link\" target=\"_blank\" rel=\"noreferrer noopener\">LEM380 Tradu\u00e7\u00e3o Cultural e Estudos P\u00f3s-Coloniais<\/a><\/td><td>H\u00e9lio Rocha e Jo\u00e3o Jos\u00e9 Veras<\/td><\/tr><tr><td><a href=\"https:\/\/drive.google.com\/file\/d\/1VrYPa_4j93fmrCTK1IWebiZ2FZQ8kbB0\/view?usp=share_link\" target=\"_blank\" rel=\"noreferrer noopener\">LEM270 Estudos e Conceitos de G\u00eanero, Ra\u00e7a e Etnia<\/a><\/td><td>Yvon\u00e9lio Nery Ferreira<\/td><\/tr><\/tbody><\/table><\/figure>\n\n\n\n<h3 class=\"wp-block-heading\"><strong><a href=\"https:\/\/drive.google.com\/file\/d\/1M5AJuCaeJJsmTgsCbRHsoIIJj92ML5fT\/view?usp=sharing\">Horario 1.\u00ba semestre de 2019<\/a><\/strong><\/h3>\n\n\n\n<figure class=\"wp-block-table\"><table><tbody><tr><td>ASIGNATURAS<\/td><td>DOCENTES<\/td><\/tr><tr><td><a href=\"https:\/\/drive.google.com\/file\/d\/1CjBGeKNIW-AGLybha8or6O8ICI6h8UjV\/view?usp=sharing\">LEM180 Semin\u00e1rio de Pesquisa II<\/a><\/td><td>Gerson Rodrigues de Albuquerque<\/td><\/tr><tr><td><a href=\"https:\/\/drive.google.com\/file\/d\/1vOOXdekvgo7Ge5nKbvxEqM9bQutIKdi4\/view?usp=sharing\">LEM420 Teorias Lingu\u00edsticas &#8211; (M)<\/a><\/td><td>Gabriela Maria de Oliveira Codinhoto<\/td><\/tr><tr><td><a href=\"https:\/\/docs.google.com\/document\/d\/1RdzEic-PJCy-kwCbsXojsupywarp8N21\/edit?usp=sharing&amp;ouid=102502596795982921316&amp;rtpof=true&amp;sd=true\">LEM420 Teorias Lingu\u00edsticas &#8211; (D)<\/a><\/td><td>Lindinalva Messias do Nascimento Chaves<\/td><\/tr><tr><td><a href=\"https:\/\/drive.google.com\/file\/d\/1HXFwo3YAkFj267oCDJ1u6GY4CGjFtybV\/view?usp=sharing\">LEM400 Culturas, Linguagens e Sociedades Amaz\u00f4nicas &#8211; (D)<\/a><\/td><td>Gerson Rodrigues de Albuquerque<\/td><\/tr><tr><td><a href=\"https:\/\/drive.google.com\/file\/d\/11xZgN4HLUCxzfe_DNl7uoZtirM4onuPb\/view?usp=sharing\">LEM400 Culturas, Linguagens e Sociedades Amaz\u00f4nicas &#8211; (M)<\/a><\/td><td>Francisco Bento da Silva e Francielle Maria Modesto Mendes<\/td><\/tr><tr><td><a href=\"https:\/\/drive.google.com\/file\/d\/1H3oi2Vf0e5WvsjPrE5cWxBGiOK4rNH-W\/view?usp=sharing\">LEM310 Linguagem, Fronteira e Interculturalidade<\/a><\/td><td>Elder Andrade de Paula e Maria de Jesus Morais<\/td><\/tr><tr><td><a href=\"https:\/\/drive.google.com\/file\/d\/1uuma05QEMwvJ5gPg_cJZaaPKeZ6nyTql\/view?usp=sharing\">LEM330 Sociolingu\u00edstica<\/a><\/td><td>Lindinalva Messias do Nascimento Chaves<\/td><\/tr><tr><td><a href=\"https:\/\/drive.google.com\/file\/d\/1lmuuhUQNS3IvHnNSJehtHtjVmnxbASCW\/view?usp=sharing\">LEM430 Semin\u00e1rio de Tese I<\/a><\/td><td>Elizabeth Miranda de Lima e Gerson Rodrigues de Albuquerque<\/td><\/tr><tr><td><a href=\"https:\/\/drive.google.com\/file\/d\/1pUUlr8ZU-OmTMjOcYaPlHDrY0rOcB05b\/view?usp=sharing\">LEM340 T\u00f3picos Especiais I: Linguagens e identidades em Terras Ind\u00edgenas do Acre<\/a><\/td><td>Maria In\u00eas de Almeida<\/td><\/tr><\/tbody><\/table><\/figure>\n\n\n\n<h3 class=\"wp-block-heading\"><strong><a href=\"https:\/\/drive.google.com\/file\/d\/1BtLb5o0P4b_PSKo-D0LsaP0G9so-sJoX\/view?usp=sharing\">Horario del segundo semestre de 2018<\/a><\/strong><\/h3>\n\n\n\n<figure class=\"wp-block-table\"><table><tbody><tr><td>ASIGNATURAS<\/td><td>DOCENTES<\/td><\/tr><tr><td><a href=\"https:\/\/drive.google.com\/file\/d\/1qnHz4BAGc4LE8wy_wSc1_z7RsI-Z6m3h\/view?usp=sharing\">LEM 160 Discursos, Sujeitos e Identidades<\/a><\/td><td>Gerson Rodrigues de Albuquerque<\/td><\/tr><tr><td><a href=\"https:\/\/drive.google.com\/file\/d\/1gtbV6cs7zD9_xlCeRhnm2a6F6TJ6Mso7\/view?usp=sharing\">LEM 180 Semin\u00e1rio de Pesquisa II<\/a><\/td><td>Gerson Rodrigues de Albuquerque<\/td><\/tr><tr><td><a href=\"https:\/\/drive.google.com\/file\/d\/1aQ0lihx9YpCB95UUe6DqwnhFs017MgY2\/view?usp=sharing\">LEM 191 Teorias Lingu\u00edsticas<\/a><\/td><td>Mar\u00edlia de Nazar\u00e9 de Oliveira Ferreira<\/td><\/tr><tr><td><a href=\"https:\/\/docs.google.com\/document\/d\/1PG99OhHnn1CZGIip1JWfU0A_rB6XeDPM\/edit?usp=sharing&amp;ouid=102502596795982921316&amp;rtpof=true&amp;sd=true\">LEM 350 T\u00f3picos Especiais II: Fon\u00e9tica e Fonologia de L\u00ednguas Ind\u00edgenas Brasileiras<\/a><\/td><td>Shelton Lima de Souza<\/td><\/tr><tr><td><a href=\"https:\/\/docs.google.com\/document\/d\/1TkOnzyKcy-Vb9GgtoJTay90_CRFqjvAz\/edit?usp=sharing&amp;ouid=102502596795982921316&amp;rtpof=true&amp;sd=true\">LEM 360 T\u00f3picos Especiais III: Po\u00e9ticas do Mito<\/a><\/td><td>Maria Ines de Almeida<\/td><\/tr><tr><td><a href=\"https:\/\/drive.google.com\/file\/d\/1NPEIUbQcgo3BFhua76LeaUA_An_uwY3N\/view?usp=sharing\">LEM 370 T\u00f3picos Especiais IV: Estudos cr\u00edticos da ra\u00e7a e da branquitude<\/a><\/td><td>Marcello Messina<\/td><\/tr><\/tbody><\/table><\/figure>\n\n\n\n<h3 class=\"wp-block-heading\"><strong><a href=\"https:\/\/drive.google.com\/file\/d\/1bqco7XjKtNnX0tX7YBLsG0QCnCjzeTTv\/view?usp=sharing\">Horario 1.\u00ba semestre de 2018<\/a><\/strong><\/h3>\n\n\n\n<figure class=\"wp-block-table\"><table><tbody><tr><td>ASIGNATURAS<\/td><td>DOCENTES<\/td><\/tr><tr><td><a href=\"https:\/\/docs.google.com\/document\/d\/1neoQPKvKux9pfWcKa3O443cE9NZq92V5\/edit?usp=sharing&amp;ouid=102502596795982921316&amp;rtpof=true&amp;sd=true\">LEM 340 Cultura, Linguagens e Sociedades amaz\u00f4nicas.<\/a><\/td><td>Francisco Bento da Silva, Francielle Maria Modesto Mendes, H\u00e9lio Rodrigues da Rocha<\/td><\/tr><tr><td><a href=\"https:\/\/docs.google.com\/document\/d\/13ZyTFdTpvIci0Y6kZVhbdHo64qJ5Ee77\/edit?usp=sharing&amp;ouid=102502596795982921316&amp;rtpof=true&amp;sd=true\">LEM 350 Semin\u00e1rio de Pesquisa I<\/a><\/td><td>Paula Tatiana Silva Antunes<\/td><\/tr><tr><td><a href=\"https:\/\/drive.google.com\/file\/d\/1uoaJuuzS2gp_Ke6UHWx25ocKv8UtwMAL\/view?usp=sharing\">LEM 280 Tradu\u00e7\u00e3o e estudos p\u00f3s-coloniais<\/a><\/td><td>Marcello Messina<\/td><\/tr><tr><td><a href=\"https:\/\/drive.google.com\/file\/d\/1sZ6wtPNtQ4ODWBpgmf2PtkXh4nF0o8md\/view?usp=sharing\">LEM 290 T\u00f3picos Especiais I: Teoria e leitura cr\u00edtica de textos liter\u00e1rios<\/a><\/td><td>Gisela Maria de Lima Braga Penha<\/td><\/tr><\/tbody><\/table><\/figure>\n\n\n\n<h3 class=\"wp-block-heading\"><strong><a href=\"https:\/\/drive.google.com\/file\/d\/1-dh54f81gigl-_odbgbV_598YyL8JlDg\/view?usp=sharing\">Horario del segundo semestre de 2017<\/a><\/strong><\/h3>\n\n\n\n<figure class=\"wp-block-table\"><table><tbody><tr><td>ASIGNATURAS<\/td><td>DOCENTES<\/td><\/tr><tr><td><a href=\"https:\/\/docs.google.com\/document\/d\/1ag7opdr0af5SYstvFgIFfOoKuqp6I7nf\/edit?usp=sharing&amp;ouid=102502596795982921316&amp;rtpof=true&amp;sd=true\">LEM 200 Etnolingu\u00edstica<\/a><\/td><td>Valdir Vegini<\/td><\/tr><tr><td><a href=\"https:\/\/docs.google.com\/document\/d\/1X8HtwwfZBb42UM2doD8AlXd8bCK1lWXv\/edit?usp=sharing&amp;ouid=102502596795982921316&amp;rtpof=true&amp;sd=true\">LEM 310 T\u00f3picos especiais III. M\u00fasica, identidade, representa\u00e7\u00f5es e poder<\/a><\/td><td>Marcello Messina<\/td><\/tr><tr><td><a href=\"https:\/\/drive.google.com\/file\/d\/1EaMnQ2OyqUkGsmy3L4lkewaziupe6IEs\/view?usp=sharing\">LEM 060 Linguagem, sociedade e diversidade amaz\u00f4nica<\/a><\/td><td>Jo\u00e3o Carlos de Carvalho<\/td><\/tr><tr><td><a href=\"https:\/\/drive.google.com\/file\/d\/13b1c9p3WMI8T22Ir1W6QN5HtHDi3KjP_\/view?usp=sharing\">LEM 360 Semin\u00e1rio de Pesquisa II<\/a><\/td><td>Gerson Rodrigues de Albuquerque<\/td><\/tr><\/tbody><\/table><\/figure>\n\n\n\n<h3 class=\"wp-block-heading\"><strong><a href=\"https:\/\/drive.google.com\/file\/d\/1N8xQuwaX0EMvRUltLismbGEhFN14Iv-r\/view?usp=sharing\">Horario 1.\u00ba semestre de 2017<\/a><\/strong><\/h3>\n\n\n\n<figure class=\"wp-block-table\"><table><tbody><tr><td>ASIGNATURAS<\/td><td>DOCENTES<\/td><\/tr><tr><td><a href=\"https:\/\/drive.google.com\/file\/d\/1x5DB5rI8FiwS1DnB41rgQl9JzqHi1f4R\/view?usp=sharing\">LEM 190 Estudos e Conceitos de G\u00eanero, Ra\u00e7a e Etnia<\/a><\/td><td>Marcello Messina<\/td><\/tr><tr><td><a href=\"https:\/\/docs.google.com\/document\/d\/1m8vNS1O9nfGc7YIfwZCC9iAsozQik-n7\/edit?usp=sharing&amp;ouid=102502596795982921316&amp;rtpof=true&amp;sd=true\">LEM 070 Lingu\u00edstica e Ensino de L\u00edngua<\/a><\/td><td>Jos\u00e9 Mauro Souza Uch\u00f4a<\/td><\/tr><tr><td><a href=\"https:\/\/drive.google.com\/file\/d\/1lyCesqSiiNsAkIxtb4AG_I3v5fmJNKxd\/view?usp=sharing\">LEM340 T\u00f3picos Especiais I: Modos de leer poes\u00eda: hacia una Mediaci\u00f3n Multinaturalista<\/a><\/td><td>Pedro Granados<\/td><\/tr><tr><td><a href=\"https:\/\/docs.google.com\/document\/d\/1ZMUPZ7RXCJINf_Ac5VB4u82WpsTDkXgh\/edit?usp=sharing&amp;ouid=102502596795982921316&amp;rtpof=true&amp;sd=true\">LEM170 Semin\u00e1rio de Pesquisa I<\/a><\/td><td>Paula Tatiana da Silva-Antunes<\/td><\/tr><tr><td><a href=\"https:\/\/drive.google.com\/file\/d\/12ugOCCI_0LJ7dZtsgusKvQuHmMzakwWl\/view?usp=sharing\">LEM 160 Cultura, educa\u00e7\u00e3o e pr\u00e1ticas educativas<\/a><\/td><td>Valda In\u00eas Fontenele Pessoa<\/td><\/tr><tr><td><a href=\"https:\/\/drive.google.com\/file\/d\/1k18qppbTAq6xlO9BfE6sB_bVGgLM5AAc\/view?usp=sharing\">LEM 140 Culturas, Linguagens e Sociedades Amaz\u00f4nicas<\/a><\/td><td>Gerson Rodrigue de Albuquerque<\/td><\/tr><\/tbody><\/table><\/figure>\n\n\n\n<h2 class=\"wp-block-heading\"><\/h2>","protected":false},"excerpt":{"rendered":"<p>Hor\u00e1rio 1\u00ba Semestre de 2026 &#8211; Rio Branco Hor\u00e1rio 2\u00ba Semestre de 2025 &#8211; Rio Branco DISCIPLINAS DOCENTES LEM370 &#8211; T\u00f3picos Especiais IV: Tempo, mem\u00f3ria, esquecimento e narra\u00e7\u00e3o Armstrong da Silva Santos LEM360 &#8211; T\u00f3picos Especiais III: Hist\u00f3ria das exist\u00eancias<\/p>","protected":false},"author":65883018,"featured_media":0,"parent":0,"menu_order":0,"comment_status":"closed","ping_status":"closed","template":"","meta":{"_coblocks_attr":"","_coblocks_dimensions":"","_coblocks_responsive_height":"","_coblocks_accordion_ie_support":"","_crdt_document":"","advanced_seo_description":"","jetpack_seo_html_title":"","jetpack_seo_noindex":false,"footnotes":""},"class_list":["post-2988","page","type-page","status-publish","hentry"],"jetpack_likes_enabled":false,"jetpack_sharing_enabled":true,"jetpack_shortlink":"https:\/\/wp.me\/P4Na16-Mc","amp_enabled":true,"_links":{"self":[{"href":"https:\/\/posletrasufac.com\/es\/wp-json\/wp\/v2\/pages\/2988","targetHints":{"allow":["GET"]}}],"collection":[{"href":"https:\/\/posletrasufac.com\/es\/wp-json\/wp\/v2\/pages"}],"about":[{"href":"https:\/\/posletrasufac.com\/es\/wp-json\/wp\/v2\/types\/page"}],"author":[{"embeddable":true,"href":"https:\/\/posletrasufac.com\/es\/wp-json\/wp\/v2\/users\/65883018"}],"replies":[{"embeddable":true,"href":"https:\/\/posletrasufac.com\/es\/wp-json\/wp\/v2\/comments?post=2988"}],"version-history":[{"count":99,"href":"https:\/\/posletrasufac.com\/es\/wp-json\/wp\/v2\/pages\/2988\/revisions"}],"predecessor-version":[{"id":18231,"href":"https:\/\/posletrasufac.com\/es\/wp-json\/wp\/v2\/pages\/2988\/revisions\/18231"}],"wp:attachment":[{"href":"https:\/\/posletrasufac.com\/es\/wp-json\/wp\/v2\/media?parent=2988"}],"curies":[{"name":"wp","href":"https:\/\/api.w.org\/{rel}","templated":true}]}}