{"id":2835,"date":"2017-03-07T16:36:51","date_gmt":"2017-03-07T21:36:51","guid":{"rendered":"http:\/\/posletrasufac.com\/?page_id=2835"},"modified":"2023-04-07T12:46:44","modified_gmt":"2023-04-07T17:46:44","slug":"area-de-concentracao","status":"publish","type":"page","link":"https:\/\/posletrasufac.com\/es\/area-de-concentracao\/","title":{"rendered":"\u00c1rea de Concentraci\u00f3n y L\u00edneas de Investigaci\u00f3n"},"content":{"rendered":"<p class=\"wp-block-paragraph\"><u>\u00c1rea de concentraci\u00f3n: <strong>Lenguaje y Cultura<\/strong><\/u><\/p>\n\n\n\n<p class=\"wp-block-paragraph\">El \u00c1rea de Concentraci\u00f3n en Lenguaje y Cultura facilita un di\u00e1logo articulado entre las l\u00edneas de investigaci\u00f3n, los proyectos de investigaci\u00f3n del profesorado y las disciplinas que conforman la Estructura Curricular del Programa, centr\u00e1ndose en la producci\u00f3n de investigaciones y estudios en torno al universo de los conceptos de cultura, entendida como todas las formas de vida, y de lengua, como todas las formas de expresi\u00f3n y producci\u00f3n de significados humanos. Esta articulaci\u00f3n busca reflexionar sobre el contexto social en el que se ubica la Universidad Federal de Acre, en una posici\u00f3n estrat\u00e9gica en la Amazon\u00eda Sudoccidental, en la frontera trinacional de Brasil, Bolivia y Per\u00fa, una macrorregi\u00f3n que conecta los oc\u00e9anos Atl\u00e1ntico y Pac\u00edfico y sus tr\u00e1nsitos sociales, ling\u00fc\u00edsticos e identitarios. Por ello, considerando el rol social de la universidad y de un programa de posgrado entrelazado con su contexto sociogeogr\u00e1fico, el enfoque de Lengua y Cultura es albergar y promover estudios e investigaciones orientados a la producci\u00f3n de conocimiento que ayude a develar los universos amaz\u00f3nicos y panamaz\u00f3nicos, con especial atenci\u00f3n a las peculiaridades y la diversidad \u00e9tnica, ling\u00fc\u00edstica y cultural regional como parte del \u2018todo-el-mundo\u201dcon el que se relaciona.<\/p>\n\n\n\n<p class=\"wp-block-paragraph\"><strong>L\u00ednea de investigaci\u00f3n: L\u00edngua(gens) e Forma\u00e7\u00e3o Docente<\/strong><\/p>\n\n\n\n<p class=\"wp-block-paragraph\">Re\u00fane estudios centrados en situaciones de contacto entre lenguas, lenguaje y la ense\u00f1anza y el aprendizaje de Lengua Materna (LM), Lenguas Extranjeras (LE) y Lenguas Ind\u00edgenas (LI) de los universos amaz\u00f3nicos y panamaz\u00f3nicos. Tambi\u00e9n se centra en investigaciones relacionadas con la descripci\u00f3n, el an\u00e1lisis y la documentaci\u00f3n de las lenguas ind\u00edgenas, as\u00ed como con las pr\u00e1cticas de lectura, escritura, an\u00e1lisis ling\u00fc\u00edstico y literacidad en relaci\u00f3n con la formaci\u00f3n y el desempe\u00f1o docente y sus interfaces con la producci\u00f3n de materiales did\u00e1cticos para la educaci\u00f3n b\u00e1sica.<\/p>\n\n\n\n<p class=\"wp-block-paragraph\"><strong>Docentes vinculados a la l\u00ednea de investigaci\u00f3n (Cuadrienio 2021-2024)<\/strong><\/p>\n\n\n\n<p class=\"wp-block-paragraph\"><strong>Docentes permanentes<\/strong><\/p>\n\n\n\n<p class=\"wp-block-paragraph\">Aline Suelen Santos<\/p>\n\n\n\n<p class=\"wp-block-paragraph\">Juciane dos Santos Cavalheiro<\/p>\n\n\n\n<p class=\"wp-block-paragraph\">Paula Tatiana da Silva Antunes<\/p>\n\n\n\n<p class=\"wp-block-paragraph\">Queila Barbosa Lopes<\/p>\n\n\n\n<p class=\"wp-block-paragraph\">Shelton Lima de Souza<\/p>\n\n\n\n<p class=\"wp-block-paragraph\">Simone Cordeiro Oliveira Pinheiro<\/p>\n\n\n\n<p class=\"wp-block-paragraph\">Valda In\u00eas Fontenele Pessoa<\/p>\n\n\n\n<p class=\"wp-block-paragraph\"><strong>Profesoras colaboradoras<\/strong><\/p>\n\n\n\n<p class=\"wp-block-paragraph\">Elizabeth Miranda de Lima<\/p>\n\n\n\n<p class=\"wp-block-paragraph\">Ligiane Pessoa dos Santos Bonif\u00e1cio<\/p>\n\n\n\n<p class=\"wp-block-paragraph\"><strong><u>Disciplinas relacionadas con la l\u00ednea de investigaci\u00f3n <\/u><\/strong><\/p>\n\n\n\n<ol class=\"wp-block-list\">\n<li><strong>Teor\u00edas ling\u00fc\u00edsticas y discursos<\/strong><\/li>\n\n\n\n<li><strong>Seminario de Investigaci\u00f3n I<\/strong><\/li>\n\n\n\n<li>Cultura, educaci\u00f3n y pr\u00e1cticas educativas<\/li>\n\n\n\n<li>Etnoling\u00fc\u00edstica<\/li>\n\n\n\n<li>Historia social de las lenguas en la Amazon\u00eda<\/li>\n\n\n\n<li>Lectura y escritura en sociedades ind\u00edgenas<\/li>\n\n\n\n<li>Ense\u00f1anza de idiomas, producci\u00f3n y an\u00e1lisis de materiales did\u00e1cticos para la contemporaneidad<\/li>\n\n\n\n<li>Socioling\u00fc\u00edstica<\/li>\n\n\n\n<li>Temas especiales I<\/li>\n\n\n\n<li>Temas especiales II<\/li>\n<\/ol>\n\n\n\n<p class=\"wp-block-paragraph\"><strong>L\u00ednea de investigaci\u00f3n: Culturas, narrativas e identidades amaz\u00f3nicas<\/strong><\/p>\n\n\n\n<p class=\"wp-block-paragraph\">Se centra en la formulaci\u00f3n de investigaciones sobre narrativas hist\u00f3ricas y literarias de los universos amaz\u00f3nicos, enfoc\u00e1ndose en el estudio de las pr\u00e1cticas culturales, los idiomas, el an\u00e1lisis del discurso y los procesos de constituci\u00f3n de identidades amaz\u00f3nicas y panamaz\u00f3nicas.<\/p>\n\n\n\n<p class=\"wp-block-paragraph\"><strong>Docentes vinculados a la l\u00ednea de investigaci\u00f3n (Cuadrienio 2021-2024) <\/strong><\/p>\n\n\n\n<p class=\"wp-block-paragraph\"><strong>Docentes permanentes<\/strong><\/p>\n\n\n\n<p class=\"wp-block-paragraph\">Elderson Melo de Miranda<\/p>\n\n\n\n<p class=\"wp-block-paragraph\">Francielle Maria Modesto Mendes<\/p>\n\n\n\n<p class=\"wp-block-paragraph\">Francisco Aquinei Timoteo Queiros<\/p>\n\n\n\n<p class=\"wp-block-paragraph\">Francisco Bento da Silva<\/p>\n\n\n\n<p class=\"wp-block-paragraph\">Gerson Rodrigues de Albuquerque<\/p>\n\n\n\n<p class=\"wp-block-paragraph\">Marcello Messina<\/p>\n\n\n\n<p class=\"wp-block-paragraph\">Maria de Jesus Morais<\/p>\n\n\n\n<p class=\"wp-block-paragraph\"><strong>Profesoras colaboradoras<\/strong><\/p>\n\n\n\n<p class=\"wp-block-paragraph\">Andrea Martini<\/p>\n\n\n\n<p class=\"wp-block-paragraph\">Lucieneida Dovao Praun<\/p>\n\n\n\n<p class=\"wp-block-paragraph\"><strong><u>Disciplinas relacionadas con la l\u00ednea de investigaci\u00f3n <\/u><\/strong><\/p>\n\n\n\n<ol class=\"wp-block-list\">\n<li><strong>Cultura, Lenguaje y Sociedad<\/strong><\/li>\n\n\n\n<li><strong>Seminario de Investigaci\u00f3n II <\/strong><\/li>\n\n\n\n<li>Culturas y literaturas en la Panamaz\u00f3nica<\/li>\n\n\n\n<li>Discursos, sujetos e identidades<\/li>\n\n\n\n<li>Estudios y conceptos de g\u00e9nero, raza y etnia<\/li>\n\n\n\n<li>Lenguaje, frontera e interculturalidad<\/li>\n\n\n\n<li>Oralidad, tradici\u00f3n oral y literatura oral<\/li>\n\n\n\n<li>Traducci\u00f3n cultural y estudios poscoloniales<\/li>\n\n\n\n<li>Temas especiales III<\/li>\n\n\n\n<li>Temas especiales IV<\/li>\n<\/ol>\n\n\n\n<p class=\"wp-block-paragraph\"><strong>Profesor visitante<\/strong><\/p>\n\n\n\n<p class=\"wp-block-paragraph\">Maria In\u00eas de Almeida<\/p>","protected":false},"excerpt":{"rendered":"<p>\u00c1rea de concentra\u00e7\u00e3o: Linguagem e Cultura A \u00c1rea de Concentra\u00e7\u00e3o \u201cLinguagem e Cultura\u201d possibilita um di\u00e1logo articulado entre as linhas de pesquisa, os projetos de pesquisa do corpo docente e as disciplinas que comp\u00f5em e Estrutura Curricular do Programa, tendo<\/p>","protected":false},"author":65883018,"featured_media":0,"parent":0,"menu_order":0,"comment_status":"closed","ping_status":"closed","template":"","meta":{"_coblocks_attr":"","_coblocks_dimensions":"","_coblocks_responsive_height":"","_coblocks_accordion_ie_support":"","_crdt_document":"","advanced_seo_description":"","jetpack_seo_html_title":"","jetpack_seo_noindex":false,"footnotes":""},"class_list":["post-2835","page","type-page","status-publish","hentry"],"jetpack_likes_enabled":false,"jetpack_sharing_enabled":true,"jetpack_shortlink":"https:\/\/wp.me\/P4Na16-JJ","amp_enabled":true,"_links":{"self":[{"href":"https:\/\/posletrasufac.com\/es\/wp-json\/wp\/v2\/pages\/2835","targetHints":{"allow":["GET"]}}],"collection":[{"href":"https:\/\/posletrasufac.com\/es\/wp-json\/wp\/v2\/pages"}],"about":[{"href":"https:\/\/posletrasufac.com\/es\/wp-json\/wp\/v2\/types\/page"}],"author":[{"embeddable":true,"href":"https:\/\/posletrasufac.com\/es\/wp-json\/wp\/v2\/users\/65883018"}],"replies":[{"embeddable":true,"href":"https:\/\/posletrasufac.com\/es\/wp-json\/wp\/v2\/comments?post=2835"}],"version-history":[{"count":28,"href":"https:\/\/posletrasufac.com\/es\/wp-json\/wp\/v2\/pages\/2835\/revisions"}],"predecessor-version":[{"id":10678,"href":"https:\/\/posletrasufac.com\/es\/wp-json\/wp\/v2\/pages\/2835\/revisions\/10678"}],"wp:attachment":[{"href":"https:\/\/posletrasufac.com\/es\/wp-json\/wp\/v2\/media?parent=2835"}],"curies":[{"name":"wp","href":"https:\/\/api.w.org\/{rel}","templated":true}]}}