{"id":6460,"date":"2020-07-29T13:19:18","date_gmt":"2020-07-29T18:19:18","guid":{"rendered":"https:\/\/posletrasufac.com\/?page_id=6460"},"modified":"2023-08-31T09:46:02","modified_gmt":"2023-08-31T14:46:02","slug":"grupos-de-pesquisa","status":"publish","type":"page","link":"https:\/\/posletrasufac.com\/en\/grupos-de-pesquisa\/","title":{"rendered":"Research Groups"},"content":{"rendered":"<p class=\"wp-block-paragraph\"><strong>Aline Suelen Santos<\/strong><\/p>\n\n\n\n<figure class=\"wp-block-table\"><table><tbody><tr><td>Grupo de Pesquisa Hist\u00f3ria e Cultura, Linguagem, Identidade e Mem\u00f3ria \u2013 GPHCLIM<\/td><td><a href=\"http:\/\/dgp.cnpq.br\/dgp\/espelhogrupo\/2307886222051341\" target=\"_blank\" rel=\"noreferrer noopener\">dgp.cnpq.br\/dgp\/espelhogrupo\/2307886222051341<\/a><\/td><\/tr><\/tbody><\/table><\/figure>\n\n\n\n<p class=\"wp-block-paragraph\"><strong>Elizabeth Miranda de Lima<\/strong><\/p>\n\n\n\n<figure class=\"wp-block-table\"><table><tbody><tr><td>Grupo de Estudos e Pesquisas em Trabalho Docente e Desenvolvimento Profissional<\/td><td><a href=\"http:\/\/dgp.cnpq.br\/dgp\/espelhogrupo\/1391017457269757\" target=\"_blank\" rel=\"noreferrer noopener\">dgp.cnpq.br\/dgp\/espelhogrupo\/1391017457269757<\/a><\/td><\/tr><\/tbody><\/table><\/figure>\n\n\n\n<p class=\"wp-block-paragraph\"><strong>Francielle Maria Modesto Mendes<\/strong><\/p>\n\n\n\n<figure class=\"wp-block-table\"><table><tbody><tr><td>M\u00cdDIAS, IMAGIN\u00c1RIO E REPRESENTA\u00c7\u00c3O: UMA CARTOGRAFIA DAS AMAZ\u00d4NIAS (MIRCA)<\/td><td><a href=\"http:\/\/dgp.cnpq.br\/dgp\/espelhogrupo\/2770518911335761\" target=\"_blank\" rel=\"noreferrer noopener\">dgp.cnpq.br\/dgp\/espelhogrupo\/2770518911335761<\/a><\/td><\/tr><tr><td>Grupo de Pesquisa Hist\u00f3ria e Cultura, Linguagem, Identidade e Mem\u00f3ria \u2013 GPHCLIM<\/td><td><a href=\"http:\/\/dgp.cnpq.br\/dgp\/espelhogrupo\/2307886222051341\" target=\"_blank\" rel=\"noreferrer noopener\">dgp.cnpq.br\/dgp\/espelhogrupo\/2307886222051341<\/a><\/td><\/tr><tr><td>NARRATIVA, LITERATURA E JORNALISMO (NALIJOR)<\/td><td><a href=\"http:\/\/dgp.cnpq.br\/dgp\/espelhogrupo\/2812742783011392\" target=\"_blank\" rel=\"noreferrer noopener\">dgp.cnpq.br\/dgp\/espelhogrupo\/2812742783011392<\/a><\/td><\/tr><\/tbody><\/table><\/figure>\n\n\n\n<p class=\"wp-block-paragraph\"><strong>Francisco Aquinei Timoteo Queir\u00f3s<\/strong><\/p>\n\n\n\n<figure class=\"wp-block-table\"><table><tbody><tr><td>NARRATIVA, LITERATURA E JORNALISMO (NALIJOR)<\/td><td><a href=\"http:\/\/dgp.cnpq.br\/dgp\/espelhogrupo\/2812742783011392\" target=\"_blank\" rel=\"noreferrer noopener\">dgp.cnpq.br\/dgp\/espelhogrupo\/2812742783011392<\/a><\/td><\/tr><tr><td>Grupo de Pesquisa Hist\u00f3ria e Cultura, Linguagem, Identidade e Mem\u00f3ria \u2013 GPHCLIM<\/td><td><a href=\"http:\/\/dgp.cnpq.br\/dgp\/espelhogrupo\/2307886222051341\" target=\"_blank\" rel=\"noreferrer noopener\">dgp.cnpq.br\/dgp\/espelhogrupo\/2307886222051341<\/a><\/td><\/tr><tr><td>Jornalismo Liter\u00e1rio e Narrativas de Transforma\u00e7\u00e3o Pessoal e Social (Jorlit) \u2013 UNISO<\/td><td><a href=\"http:\/\/dgp.cnpq.br\/dgp\/espelhogrupo\/2218670826858621\" target=\"_blank\" rel=\"noreferrer noopener\">dgp.cnpq.br\/dgp\/espelhogrupo\/2218670826858621<\/a><\/td><\/tr><tr><td>M\u00cdDIAS, IMAGIN\u00c1RIO E REPRESENTA\u00c7\u00c3O: UMA CARTOGRAFIA DAS AMAZ\u00d4NIAS (MIRCA)<\/td><td><a href=\"http:\/\/dgp.cnpq.br\/dgp\/espelhogrupo\/2770518911335761\" target=\"_blank\" rel=\"noreferrer noopener\">dgp.cnpq.br\/dgp\/espelhogrupo\/2770518911335761<\/a><\/td><\/tr><\/tbody><\/table><\/figure>\n\n\n\n<p class=\"wp-block-paragraph\"><strong>Francisco Bento Silva<\/strong><\/p>\n\n\n\n<figure class=\"wp-block-table\"><table><tbody><tr><td>Grupo de Pesquisa Hist\u00f3ria e Cultura, Linguagem, Identidade e Mem\u00f3ria \u2013 GPHCLIM \u2013 UFAC<\/td><td><a href=\"http:\/\/dgp.cnpq.br\/dgp\/espelhogrupo\/2307886222051341\" target=\"_blank\" rel=\"noreferrer noopener\">dgp.cnpq.br\/dgp\/espelhogrupo\/2307886222051341<\/a><\/td><\/tr><tr><td>Centro Interdisciplinar de Estudos e Pesquisas do Imagin\u00e1rio Social \u2013 UNIR<\/td><td><a href=\"http:\/\/dgp.cnpq.br\/dgp\/espelhogrupo\/4718447373819608\" target=\"_blank\" rel=\"noreferrer noopener\">dgp.cnpq.br\/dgp\/espelhogrupo\/4718447373819608<\/a><\/td><\/tr><\/tbody><\/table><\/figure>\n\n\n\n<p class=\"wp-block-paragraph\"><strong>Gerson Rodrigues de Albuquerque<\/strong><\/p>\n\n\n\n<figure class=\"wp-block-table\"><table><tbody><tr><td>Grupo de Pesquisa Hist\u00f3ria e Cultura, Linguagem, Identidade e Mem\u00f3ria \u2013 GPHCLIM<\/td><td><a href=\"http:\/\/dgp.cnpq.br\/dgp\/espelhogrupo\/2307886222051341\" target=\"_blank\" rel=\"noreferrer noopener\">dgp.cnpq.br\/dgp\/espelhogrupo\/2307886222051341<\/a><\/td><\/tr><tr><td>Alteridade, Literaturas do Ins\u00f3lito e Psican\u00e1lise \u2013 UFPA<\/td><td><a href=\"http:\/\/dgp.cnpq.br\/dgp\/espelhogrupo\/7960221239167520\" target=\"_blank\" rel=\"noreferrer noopener\">dgp.cnpq.br\/dgp\/espelhogrupo\/7960221239167520<\/a><\/td><\/tr><\/tbody><\/table><\/figure>\n\n\n\n<p class=\"wp-block-paragraph\"><strong>Juciane dos Santos Cavalheiro<\/strong><\/p>\n\n\n\n<figure class=\"wp-block-table\"><table><tbody><tr><td>N\u00facleo de Pesquisas em Lingu\u00edstica e Literatura \u2013 NUPELL<\/td><td><a href=\"http:\/\/dgp.cnpq.br\/dgp\/espelhogrupo\/8739828403827472\" target=\"_blank\" rel=\"noreferrer noopener\">dgp.cnpq.br\/dgp\/espelhogrupo\/8739828403827472<\/a><\/td><\/tr><tr><td>Investiga\u00e7\u00f5es sobre Mem\u00f3ria Cultural em Artes e Literatura \u2013 Memocult<\/td><td><a href=\"http:\/\/dgp.cnpq.br\/dgp\/espelhogrupo\/6151731413452043\" target=\"_blank\" rel=\"noreferrer noopener\">dgp.cnpq.br\/dgp\/espelhogrupo\/6151731413452043<\/a><\/td><\/tr><tr><td>Processos de Cria\u00e7\u00e3o na\/da Amaz\u00f4nia<\/td><td><a href=\"http:\/\/dgp.cnpq.br\/dgp\/espelhogrupo\/6731212860261612\" target=\"_blank\" rel=\"noreferrer noopener\">dgp.cnpq.br\/dgp\/espelhogrupo\/6731212860261612<\/a><\/td><\/tr><\/tbody><\/table><\/figure>\n\n\n\n<p class=\"wp-block-paragraph\"><strong>Marcello Messina<\/strong><\/p>\n\n\n\n<figure class=\"wp-block-table\"><table><tbody><tr><td>M\u00fasica e Decolonialidade \u2013 UFPB<\/td><td><a href=\"http:\/\/dgp.cnpq.br\/dgp\/espelhogrupo\/1315693713193075\" target=\"_blank\" rel=\"noreferrer noopener\">dgp.cnpq.br\/dgp\/espelhogrupo\/1315693713193075<\/a><\/td><\/tr><tr><td>Grupo de Pesquisa em Etnomusicologia \u2013 UFPB<\/td><td><a href=\"http:\/\/dgp.cnpq.br\/dgp\/espelhogrupo\/1274337280343443\" target=\"_blank\" rel=\"noreferrer noopener\">dgp.cnpq.br\/dgp\/espelhogrupo\/1274337280343443<\/a><\/td><\/tr><tr><td>Grupo de Pesquisa Hist\u00f3ria e Cultura, Linguagem, Identidade e Mem\u00f3ria \u2013 GPHCLIM \u2013 UFAC<\/td><td><a href=\"http:\/\/dgp.cnpq.br\/dgp\/espelhogrupo\/2307886222051341\" target=\"_blank\" rel=\"noreferrer noopener\">dgp.cnpq.br\/dgp\/espelhogrupo\/2307886222051341<\/a><\/td><\/tr><tr><td>N\u00facleo Amaz\u00f4nico de Pesquisa Musical \u2013 NAP \u2013 UFAC<\/td><td><a href=\"http:\/\/dgp.cnpq.br\/dgp\/espelhogrupo\/4273727401001550\" target=\"_blank\" rel=\"noreferrer noopener\">dgp.cnpq.br\/dgp\/espelhogrupo\/4273727401001550<\/a><\/td><\/tr><\/tbody><\/table><\/figure>\n\n\n\n<p class=\"wp-block-paragraph\"><strong>Maria de Jesus Morais<\/strong><\/p>\n\n\n\n<figure class=\"wp-block-table\"><table><tbody><tr><td>Grupo de Estudo em Produ\u00e7\u00e3o do Espa\u00e7o na Amaz\u00f4nia (GEPEA)<\/td><td><a href=\"http:\/\/dgp.cnpq.br\/dgp\/espelhogrupo\/3439521497121096\" target=\"_blank\" rel=\"noreferrer noopener\">dgp.cnpq.br\/dgp\/espelhogrupo\/3439521497121096<\/a><\/td><\/tr><tr><td>Grupo de Pesquisa Hist\u00f3ria e Cultura, Linguagem, Identidade e Mem\u00f3ria \u2013 GPHCLIM<\/td><td><a href=\"http:\/\/dgp.cnpq.br\/dgp\/espelhogrupo\/2307886222051341\" target=\"_blank\" rel=\"noreferrer noopener\">dgp.cnpq.br\/dgp\/espelhogrupo\/2307886222051341<\/a><\/td><\/tr><\/tbody><\/table><\/figure>\n\n\n\n<p class=\"wp-block-paragraph\"><strong>Paula Tatiana da Silva-Antunes<\/strong><\/p>\n\n\n\n<figure class=\"wp-block-table\"><table><tbody><tr><td>Grupo de Estudos em An\u00e1lise de Discursos e Ensino de L\u00ednguas \u2013 GEADEL<\/td><td><a href=\"http:\/\/dgp.cnpq.br\/dgp\/espelhogrupo\/7359038860879315\" target=\"_blank\" rel=\"noreferrer noopener\">dgp.cnpq.br\/dgp\/espelhogrupo\/7359038860879315<\/a><\/td><\/tr><\/tbody><\/table><\/figure>\n\n\n\n<p class=\"wp-block-paragraph\"><strong>Queila Barbosa Lopes<\/strong><\/p>\n\n\n\n<figure class=\"wp-block-table\"><table><tbody><tr><td>Digitalidades e Aprendizagem de L\u00ednguas \u2013 DALI \u2013 UFAC<\/td><td><a href=\"http:\/\/dgp.cnpq.br\/dgp\/espelhogrupo\/8303955296999289\" target=\"_blank\" rel=\"noreferrer noopener\">dgp.cnpq.br\/dgp\/espelhogrupo\/8303955296999289<\/a><\/td><\/tr><tr><td>DIGITAL \u2013 Grupo de Estudos em Discursos e Digitalidades \u2013 UFC<\/td><td><a href=\"http:\/\/dgp.cnpq.br\/dgp\/espelhogrupo\/6229653662295441\" target=\"_blank\" rel=\"noreferrer noopener\">dgp.cnpq.br\/dgp\/espelhogrupo\/6229653662295441<\/a><\/td><\/tr><tr><td>Grupo de Pesquisa Hist\u00f3ria e Cultura, Linguagem, Identidade e Mem\u00f3ria \u2013 GPHCLIM \u2013 UFAC<\/td><td><a href=\"http:\/\/dgp.cnpq.br\/dgp\/espelhogrupo\/2307886222051341\" target=\"_blank\" rel=\"noreferrer noopener\">dgp.cnpq.br\/dgp\/espelhogrupo\/2307886222051341<\/a><\/td><\/tr><\/tbody><\/table><\/figure>\n\n\n\n<p class=\"wp-block-paragraph\"><strong>Shelton Lima de Souza<\/strong><\/p>\n\n\n\n<figure class=\"wp-block-table\"><table><tbody><tr><td>Educa\u00e7\u00e3o de Surdos, Libras e Inclus\u00e3o \u2013 ESLIN \u2013 UFAC<\/td><td><a href=\"http:\/\/dgp.cnpq.br\/dgp\/espelhogrupo\/5414152684070450\" target=\"_blank\" rel=\"noreferrer noopener\">dgp.cnpq.br\/dgp\/espelhogrupo\/5414152684070450<\/a><\/td><\/tr><tr><td>Grupo de Estudos em An\u00e1lise de Discursos e Ensino de L\u00ednguas \u2013 GEADEL \u2013 UFAC<\/td><td><a href=\"http:\/\/dgp.cnpq.br\/dgp\/espelhogrupo\/7359038860879315\" target=\"_blank\" rel=\"noreferrer noopener\">dgp.cnpq.br\/dgp\/espelhogrupo\/7359038860879315<\/a><\/td><\/tr><tr><td>YURA \u2013 Po\u00e9ticas Ind\u00edgenas e Brasis \u2013 UFAC<\/td><td><a rel=\"noreferrer noopener\" href=\"http:\/\/dgp.cnpq.br\/dgp\/espelhogrupo\/9048937133511925\" target=\"_blank\">dgp.cnpq.br\/dgp\/espelhogrupo\/9048937133511925<\/a><\/td><\/tr><\/tbody><\/table><\/figure>\n\n\n\n<p class=\"wp-block-paragraph\"><strong>Simone Cordeiro Oliveira Pinheiro<\/strong><\/p>\n\n\n\n<figure class=\"wp-block-table\"><table><tbody><tr><td>N\u00facleo de Estudos e Pesquisas em L\u00e9xico da Amaz\u00f4nia<\/td><td><a href=\"http:\/\/dgp.cnpq.br\/dgp\/espelhogrupo\/783987\" rel=\"nofollow\">http:\/\/dgp.cnpq.br\/dgp\/espelhogrupo\/783987<\/a><\/td><\/tr><\/tbody><\/table><\/figure>\n\n\n\n<p class=\"wp-block-paragraph\"><strong>Valda In\u00eas Fontenele Pessoa<\/strong><\/p>\n\n\n\n<figure class=\"wp-block-table\"><table><tbody><tr><td>Grupo de Estudos e Pesquisas em Interdisciplinaridade \u2013 GEPI<\/td><td><a href=\"http:\/\/dgp.cnpq.br\/dgp\/espelhogrupo\/7726107055864486\" target=\"_blank\" rel=\"noreferrer noopener\">dgp.cnpq.br\/dgp\/espelhogrupo\/7726107055864486<\/a><\/td><\/tr><\/tbody><\/table><\/figure>","protected":false},"excerpt":{"rendered":"<p>Aline Suelen Santos Grupo de Pesquisa Hist\u00f3ria e Cultura, Linguagem, Identidade e Mem\u00f3ria \u2013 GPHCLIM dgp.cnpq.br\/dgp\/espelhogrupo\/2307886222051341 Elizabeth Miranda de Lima Grupo de Estudos e Pesquisas em Trabalho Docente e Desenvolvimento Profissional dgp.cnpq.br\/dgp\/espelhogrupo\/1391017457269757 Francielle Maria Modesto Mendes M\u00cdDIAS, IMAGIN\u00c1RIO E REPRESENTA\u00c7\u00c3O:<\/p>","protected":false},"author":65883018,"featured_media":0,"parent":0,"menu_order":0,"comment_status":"closed","ping_status":"closed","template":"","meta":{"_coblocks_attr":"","_coblocks_dimensions":"","_coblocks_responsive_height":"","_coblocks_accordion_ie_support":"","_crdt_document":"","advanced_seo_description":"","jetpack_seo_html_title":"","jetpack_seo_noindex":false,"footnotes":""},"class_list":["post-6460","page","type-page","status-publish","hentry"],"jetpack_likes_enabled":false,"jetpack_sharing_enabled":true,"jetpack_shortlink":"https:\/\/wp.me\/P4Na16-1Gc","amp_enabled":true,"_links":{"self":[{"href":"https:\/\/posletrasufac.com\/en\/wp-json\/wp\/v2\/pages\/6460","targetHints":{"allow":["GET"]}}],"collection":[{"href":"https:\/\/posletrasufac.com\/en\/wp-json\/wp\/v2\/pages"}],"about":[{"href":"https:\/\/posletrasufac.com\/en\/wp-json\/wp\/v2\/types\/page"}],"author":[{"embeddable":true,"href":"https:\/\/posletrasufac.com\/en\/wp-json\/wp\/v2\/users\/65883018"}],"replies":[{"embeddable":true,"href":"https:\/\/posletrasufac.com\/en\/wp-json\/wp\/v2\/comments?post=6460"}],"version-history":[{"count":15,"href":"https:\/\/posletrasufac.com\/en\/wp-json\/wp\/v2\/pages\/6460\/revisions"}],"predecessor-version":[{"id":11841,"href":"https:\/\/posletrasufac.com\/en\/wp-json\/wp\/v2\/pages\/6460\/revisions\/11841"}],"wp:attachment":[{"href":"https:\/\/posletrasufac.com\/en\/wp-json\/wp\/v2\/media?parent=6460"}],"curies":[{"name":"wp","href":"https:\/\/api.w.org\/{rel}","templated":true}]}}