{"id":6424,"date":"2020-07-29T12:57:28","date_gmt":"2020-07-29T17:57:28","guid":{"rendered":"https:\/\/posletrasufac.com\/?page_id=6424"},"modified":"2025-03-28T10:23:52","modified_gmt":"2025-03-28T15:23:52","slug":"pos-doutorandos","status":"publish","type":"page","link":"https:\/\/posletrasufac.com\/en\/pos-doutorandos\/","title":{"rendered":"Post-doctorates former Students"},"content":{"rendered":"<figure class=\"wp-block-table is-style-stripes\"><table><tbody><tr><td>N\u00ba<\/td><td>NAME<\/td><td class=\"has-text-align-left\" data-align=\"left\">TITLE OF THE RESEARCH PROJECT<\/td><td>LATTES CURRICULUM<\/td><td>SUPERVISOR<\/td><td>INTERNSHIP PERIOD<\/td><td class=\"has-text-align-center\" data-align=\"center\">PROGRAM\/EDITAL<\/td><\/tr><tr><td>1<\/td><td>Marcello Messina<\/td><td class=\"has-text-align-left\" data-align=\"left\">Narrativas subalternas, revisionismo hist\u00f3rico, protesto identit\u00e1rio e utopia autonomista nas can\u00e7\u00f5es do Sul da It\u00e1lia e das suas comunidades diasp\u00f3ricas<\/td><td><a href=\"http:\/\/lattes.cnpq.br\/4292648170113228\" target=\"_blank\" rel=\"noreferrer noopener\"><\/a><a target=\"_blank\" href=\"http:\/\/lattes.cnpq.br\/4292648170113228\" rel=\"noreferrer noopener\">http:\/\/lattes.cnpq.br\/4292648170113228<\/a><\/td><td>Prof. Dr. Gerson Rodrigues de Albuquerque<\/td><td>01\/01\/2015 a 31\/11\/2018<\/td><td class=\"has-text-align-center\" data-align=\"center\">PNPD\/CAPES<\/td><\/tr><tr><td>2<\/td><td>Joaquim Man\u00e1 Kaxinawa<\/td><td class=\"has-text-align-left\" data-align=\"left\">O Projeto Pol\u00edtico Pedag\u00f3gico para a forma\u00e7\u00e3o de professores Huni<br>Ku\u0129: uma experi\u00eancia de autoria<\/td><td><a href=\"http:\/\/lattes.cnpq.br\/5942710330971179\" target=\"_blank\" rel=\"noreferrer noopener\"><\/a><a target=\"_blank\" href=\"http:\/\/lattes.cnpq.br\/5942710330971179\" rel=\"noreferrer noopener\">http:\/\/lattes.cnpq.br\/5942710330971179<\/a><\/td><td>Prof. Dr. Shelton Lima de Souza<\/td><td>02\/01\/2019 a 01\/11\/2023<\/td><td class=\"has-text-align-center\" data-align=\"center\">PNPD\/CAPES<\/td><\/tr><tr><td>3<\/td><td>Laura Castro de Ara\u00fajo<\/td><td class=\"has-text-align-left\" data-align=\"left\">UNA SHUBU HIWEA | po\u00e9ticas e pedagogias vivas:<br>di\u00e1logos entre artistas gr\u00e1ficos, escolas da floresta e educadores socioambientais<br>ind\u00edgenas<\/td><td><a href=\"http:\/\/lattes.cnpq.br\/5784374027162127\" target=\"_blank\" rel=\"noreferrer noopener\">http:\/\/lattes.cnpq.br\/5784374027162127<\/a><\/td><td>Profa. Dr. Maria In\u00eas (Docente visitante)<\/td><td>01\/07\/2023 a 07\/12\/2023<\/td><td class=\"has-text-align-center\" data-align=\"center\">&#8211;<\/td><\/tr><tr><td>4<\/td><td>Iza Reis Gomes<\/td><td class=\"has-text-align-left\" data-align=\"left\">Advanced studies in Amazonian languages and cultures: intercultural perspectives in research and teaching of languages, literatures and humanities<\/td><td><a href=\"https:\/\/lattes.cnpq.br\/7671303144200741\" target=\"_blank\" rel=\"noreferrer noopener\">https:\/\/lattes.cnpq.br\/7671303144200741<\/a><\/td><td>Profa. Dra. Queila Barbosa Lopes<\/td><td>13\/02\/2023 a 31\/01\/2025<\/td><td class=\"has-text-align-center\" data-align=\"center\">PDPG\/CAPES<\/td><\/tr><tr><td>5<\/td><td>Ana Maria Leal Cardoso<\/td><td class=\"has-text-align-left\" data-align=\"left\">Os mitos primitivos da Amaz\u00f4nia acreana: o imagin\u00e1rio po\u00e9tico de Jos\u00e9 Potyguara em Terra Ca\u00edda<\/td><td><a href=\"http:\/\/lattes.cnpq.br\/6880397222779563\">http:\/\/lattes.cnpq.br\/6880397222779563<\/a><\/td><td>Profa. Dra. Aline Suelen Santos<\/td><td>20\/05\/2023 a 28\/05\/2024<\/td><td class=\"has-text-align-center\" data-align=\"center\">&#8211;<\/td><\/tr><tr><td>6<\/td><td>Maur\u00edcio Neves-Corr\u00eaa<\/td><td class=\"has-text-align-left\" data-align=\"left\">Interc\u00e2mbios de Saberes e Inser\u00e7\u00e3o \u00c9tnico-Lingu\u00edstica: Impacto Regional e Consolida\u00e7\u00e3o da P\u00f3s-Gradua\u00e7\u00e3o em Linguagens e Identidades no Sudoeste Amaz\u00f4nico<\/td><td><a href=\"http:\/\/lattes.cnpq.br\/7901044008620081\">http:\/\/lattes.cnpq.br\/7901044008620081<\/a><\/td><td>Prof. Dr. Shelton Lima de Souza<\/td><td>01\/05\/2023 a 01\/04\/2024<\/td><td class=\"has-text-align-center\" data-align=\"center\">PDPG\/CAPES<\/td><\/tr><tr><td>7<\/td><td>Raquel Alves Ishii<\/td><td class=\"has-text-align-left\" data-align=\"left\">Advanced studies in Amazonian languages and cultures: intercultural perspectives in research and teaching of languages, literatures and humanities<\/td><td><a href=\"http:\/\/lattes.cnpq.br\/1148962952312135\">http:\/\/lattes.cnpq.br\/1148962952312135<\/a><\/td><td>Prof. Dr. Francisco Bento da Silva<\/td><td>02\/01\/2024 a 31\/12\/2025<\/td><td class=\"has-text-align-center\" data-align=\"center\">PDPG\/CAPES<\/td><\/tr><tr><td>8<\/td><td>Maria Cristina Lobregat<\/td><td class=\"has-text-align-left\" data-align=\"left\">Interc\u00e2mbios de Saberes e Inser\u00e7\u00e3o \u00c9tnico-Lingu\u00edstica: Impacto Regional e Consolida\u00e7\u00e3o da P\u00f3s-Gradua\u00e7\u00e3o em Linguagens e Identidades no Sudoeste Amaz\u00f4nico<\/td><td><a href=\"http:\/\/lattes.cnpq.br\/2839301744524820\">http:\/\/lattes.cnpq.br\/2839301744524820<\/a><\/td><td>Prof. Dr. Gerson Rodrigues de Albuquerque<\/td><td>14\/09\/2024 a 14\/08\/2025<\/td><td class=\"has-text-align-center\" data-align=\"center\">PDPG\/CAPES<\/td><\/tr><tr><td>9<\/td><td>Sandra Mara Souza de Oliveira Silva<\/td><td class=\"has-text-align-left\" data-align=\"left\">Estudos Avan\u00e7ados em Linguagens e Culturas Amaz\u00f4nicas: Perspectivas Interculturais na Pesquisa e Ensino de L\u00ednguas, Literaturas e Humanidades<\/td><td><a href=\"http:\/\/lattes.cnpq.br\/2066219871723851\">http:\/\/lattes.cnpq.br\/2066219871723851<\/a><\/td><td>Prof. Dr. Shelton Lima de Souza<\/td><td>01\/12\/2024 a 30\/11\/2027<\/td><td class=\"has-text-align-center\" data-align=\"center\">PIPD\/CAPES<\/td><\/tr><\/tbody><\/table><\/figure>\n\n\n\n<p class=\"wp-block-paragraph\"><\/p>\n\n\n\n<p class=\"has-text-align-center wp-block-paragraph\">Would you like to join our program as a postdoctoral fellow? Check out the  <a href=\"https:\/\/drive.google.com\/file\/d\/17QknwZDub_D1-R6O7gnSrcjVjcEWsGXK\/view?usp=sharing\">Resolution No. 054\/2023: Post-doctoral internship<\/a><\/p>","protected":false},"excerpt":{"rendered":"<p>N\u00ba NOME T\u00cdTULO DO PROJETO DE PESQUISA CURR\u00cdCULO LATTES SUPERVISOR(A) PER\u00cdODO DO EST\u00c1GIO PROGRAMA\/EDITAL 1 Marcello Messina Narrativas subalternas, revisionismo hist\u00f3rico, protesto identit\u00e1rio e utopia autonomista nas can\u00e7\u00f5es do Sul da It\u00e1lia e das suas comunidades diasp\u00f3ricas <a href=\"http:\/\/lattes.cnpq.br\/4292648170113228\" rel=\"nofollow\">http:\/\/lattes.cnpq.br\/4292648170113228<\/a> Prof. Dr.<\/p>","protected":false},"author":65883018,"featured_media":0,"parent":0,"menu_order":0,"comment_status":"closed","ping_status":"closed","template":"","meta":{"_coblocks_attr":"","_coblocks_dimensions":"","_coblocks_responsive_height":"","_coblocks_accordion_ie_support":"","_crdt_document":"","advanced_seo_description":"","jetpack_seo_html_title":"","jetpack_seo_noindex":false,"footnotes":""},"class_list":["post-6424","page","type-page","status-publish","hentry"],"jetpack_likes_enabled":false,"jetpack_sharing_enabled":true,"jetpack_shortlink":"https:\/\/wp.me\/P4Na16-1FC","amp_enabled":true,"_links":{"self":[{"href":"https:\/\/posletrasufac.com\/en\/wp-json\/wp\/v2\/pages\/6424","targetHints":{"allow":["GET"]}}],"collection":[{"href":"https:\/\/posletrasufac.com\/en\/wp-json\/wp\/v2\/pages"}],"about":[{"href":"https:\/\/posletrasufac.com\/en\/wp-json\/wp\/v2\/types\/page"}],"author":[{"embeddable":true,"href":"https:\/\/posletrasufac.com\/en\/wp-json\/wp\/v2\/users\/65883018"}],"replies":[{"embeddable":true,"href":"https:\/\/posletrasufac.com\/en\/wp-json\/wp\/v2\/comments?post=6424"}],"version-history":[{"count":25,"href":"https:\/\/posletrasufac.com\/en\/wp-json\/wp\/v2\/pages\/6424\/revisions"}],"predecessor-version":[{"id":14986,"href":"https:\/\/posletrasufac.com\/en\/wp-json\/wp\/v2\/pages\/6424\/revisions\/14986"}],"wp:attachment":[{"href":"https:\/\/posletrasufac.com\/en\/wp-json\/wp\/v2\/media?parent=6424"}],"curies":[{"name":"wp","href":"https:\/\/api.w.org\/{rel}","templated":true}]}}