{"id":10369,"date":"2023-01-26T09:37:27","date_gmt":"2023-01-26T14:37:27","guid":{"rendered":"https:\/\/posletrasufac.com\/?page_id=10369"},"modified":"2025-05-26T09:14:10","modified_gmt":"2025-05-26T14:14:10","slug":"egressos-doutorado","status":"publish","type":"page","link":"https:\/\/posletrasufac.com\/en\/egressos-doutorado\/","title":{"rendered":"Former Phd students"},"content":{"rendered":"<h1 class=\"wp-block-heading\">2022-2024<\/h1>\n\n\n\n<figure class=\"wp-block-table is-style-stripes\"><table><tbody><tr><td>N\u00ba<\/td><td>NAME<\/td><td>WORK TITLE<\/td><td>LATTES CURRICULUM<\/td><td>ORIENTATOR<\/td><td>DEFENSE DATE<\/td><\/tr><tr><td>1<\/td><td>Raildo Brito Barbosa<\/td><td><a href=\"https:\/\/sucupira-legado.capes.gov.br\/sucupira\/public\/consultas\/coleta\/trabalhoConclusao\/viewTrabalhoConclusao.jsf?popup=true&amp;id_trabalho=12028041\" target=\"_blank\" rel=\"noreferrer noopener\">Narrativas cantadas: an\u00e1lise dos discursos de um sen\u00e1rio de can\u00e7\u00f5es do Festival Acreano de M\u00fasica Popular \u2013 FAMP<\/a><\/td><td><a href=\"http:\/\/lattes.cnpq.br\/8730476396651865\" target=\"_blank\" rel=\"noreferrer noopener\"><\/a><a target=\"_blank\" href=\"http:\/\/lattes.cnpq.br\/8730476396651865\" rel=\"noreferrer noopener\">http:\/\/lattes.cnpq.br\/8730476396651865<\/a><\/td><td>Francisco Bento da Silva<\/td><td>15\/12\/2022<\/td><\/tr><tr><td>2<\/td><td>Emilly Ganum Areal<\/td><td><a href=\"https:\/\/sucupira-legado.capes.gov.br\/sucupira\/public\/consultas\/coleta\/trabalhoConclusao\/viewTrabalhoConclusao.jsf?popup=true&amp;id_trabalho=13803690\" target=\"_blank\" rel=\"noreferrer noopener\">A pol\u00edtica da escola jovem de tempo integral no Acre: discursos de atua\u00e7\u00e3o<\/a><\/td><td><a href=\"http:\/\/lattes.cnpq.br\/6639123497443568\">http:\/\/lattes.cnpq.br\/6639123497443568<\/a><\/td><td>Valda In\u00eas Fontenele Pessoa<\/td><td>30\/06\/2023<\/td><\/tr><tr><td>3<\/td><td>M\u00e1rcia Barroso Loureto<\/td><td><a href=\"https:\/\/sucupira-legado.capes.gov.br\/sucupira\/public\/consultas\/coleta\/trabalhoConclusao\/viewTrabalhoConclusao.jsf?popup=true&amp;id_trabalho=13804068\" target=\"_blank\" rel=\"noreferrer noopener\">Vozes e sil\u00eancios movimentando mundos: a crian\u00e7a Huni Kuin em uma escola de educa\u00e7\u00e3o infantil de Santa Rosa do Purus-Acre<\/a><\/td><td><a href=\"http:\/\/lattes.cnpq.br\/1239767650804187\">http:\/\/lattes.cnpq.br\/1239767650804187<\/a><\/td><td>Valda In\u00eas Fontenele Pessoa<\/td><td>05\/07\/2023<\/td><\/tr><tr><td>4<\/td><td>Vivian Gon\u00e7alves Louro Vargas<\/td><td><a href=\"https:\/\/sucupira.capes.gov.br\/sucupira\/public\/consultas\/coleta\/trabalhoConclusao\/viewTrabalhoConclusao.xhtml?popup=true&amp;id_trabalho=13804092\">Professores surdos egressos do Curso de Letras-Libras da <\/a><a href=\"https:\/\/sucupira-legado.capes.gov.br\/sucupira\/public\/consultas\/coleta\/trabalhoConclusao\/viewTrabalhoConclusao.jsf?popup=true&amp;id_trabalho=13804092\" target=\"_blank\" rel=\"noreferrer noopener\">Universidade <\/a><a href=\"https:\/\/sucupira.capes.gov.br\/sucupira\/public\/consultas\/coleta\/trabalhoConclusao\/viewTrabalhoConclusao.xhtml?popup=true&amp;id_trabalho=13804092\">Federal do Acre: caracter\u00edsticas identit\u00e1rias (re)constru\u00eddas nas pr\u00e1ticas dos docentes de l\u00edngua de sinais<\/a><\/td><td><a href=\"http:\/\/lattes.cnpq.br\/7819483255493251\">http:\/\/lattes.cnpq.br\/7819483255493251<\/a><\/td><td>Shelton Lima de Souza<\/td><td>19\/07\/2023<\/td><\/tr><tr><td>5<\/td><td>Raquel Alves Ishii<\/td><td><a href=\"https:\/\/sucupira-legado.capes.gov.br\/sucupira\/public\/consultas\/coleta\/trabalhoConclusao\/viewTrabalhoConclusao.jsf?popup=true&amp;id_trabalho=13825737\" target=\"_blank\" rel=\"noreferrer noopener\">Narrada, imaginada, encenada e desviante: Amaz\u00f4nia e discurso colonial em relatos de viajantes brit\u00e2nicos no s\u00e9culo XIX<\/a><\/td><td><a href=\"http:\/\/lattes.cnpq.br\/1148962952312135\">http:\/\/lattes.cnpq.br\/1148962952312135<\/a><\/td><td>Juciane dos Santos Cavalheiro<\/td><td>25\/07\/2023<\/td><\/tr><tr><td>6<\/td><td>Armstrong da Silva Santos<\/td><td><a href=\"https:\/\/sucupira-legado.capes.gov.br\/sucupira\/public\/consultas\/coleta\/trabalhoConclusao\/viewTrabalhoConclusao.jsf?popup=true&amp;id_trabalho=13825654\" target=\"_blank\" rel=\"noreferrer noopener\">Entre palavras prof\u00e9ticas e enuncia\u00e7\u00f5es do corpo: hist\u00f3ria, silenciamentos e t\u00e1ticas de sobreviv\u00eancia elaboradas em di\u00e1sporas haitianas<\/a><\/td><td><a href=\"http:\/\/lattes.cnpq.br\/4779015089100726\">http:\/\/lattes.cnpq.br\/4779015089100726<\/a><\/td><td>Maria de Jesus Morais<\/td><td>28\/07\/2023<\/td><\/tr><tr><td>7<\/td><td>Sandra Mara Souza de Oliveira Silva<\/td><td><a href=\"https:\/\/sucupira-legado.capes.gov.br\/sucupira\/public\/consultas\/coleta\/trabalhoConclusao\/viewTrabalhoConclusao.jsf?popup=true&amp;id_trabalho=13804157\" target=\"_blank\" rel=\"noreferrer noopener\">Estudo sociolexical e identit\u00e1rio dos enunciados produzidos nas letras dos hinos cantados\/rezados no Centro Rainha da Floresta<\/a><\/td><td><a href=\"http:\/\/lattes.cnpq.br\/2066219871723851\">http:\/\/lattes.cnpq.br\/2066219871723851<\/a><\/td><td>Shelton Lima de Souza<\/td><td>21\/08\/2023<\/td><\/tr><tr><td>8<\/td><td>Evandro Luzia Teixeira<\/td><td><a href=\"https:\/\/sucupira-legado.capes.gov.br\/sucupira\/public\/consultas\/coleta\/trabalhoConclusao\/viewTrabalhoConclusao.jsf?popup=true&amp;id_trabalho=13899104\" target=\"_blank\" rel=\"noreferrer noopener\">Narrativas e leituras de si:trajet\u00f3rias de mulheres negras na amaz\u00f4nia acreana<\/a><\/td><td><a href=\"http:\/\/lattes.cnpq.br\/8536836313402592\">http:\/\/lattes.cnpq.br\/8536836313402592<\/a><\/td><td>Gerson Rodrigues de Albuquerque<\/td><td>12\/09\/2023<\/td><\/tr><tr><td>9<\/td><td>Ana Cl\u00e1udia de Souza Garcia<\/td><td><a href=\"https:\/\/sucupira-legado.capes.gov.br\/sucupira\/public\/consultas\/coleta\/trabalhoConclusao\/viewTrabalhoConclusao.jsf?popup=true&amp;id_trabalho=13899125\" target=\"_blank\" rel=\"noreferrer noopener\">G\u00eaneros discursivos em perspectiva diacr\u00f4nica: uma an\u00e1lise dial\u00f3gica do g\u00eanero not\u00edcia em peri\u00f3dicos da cidade de Cruzeiro do Sul (AC), de 1953 a 2021<\/a><\/td><td><a href=\"http:\/\/lattes.cnpq.br\/5563182894542312\">http:\/\/lattes.cnpq.br\/5563182894542312<\/a><\/td><td>Juciane dos Santos Cavalheiro<\/td><td>15\/09\/2023<\/td><\/tr><tr><td>10<\/td><td>Julia Lobato Pinto de Moura<\/td><td><a href=\"https:\/\/sucupira-legado.capes.gov.br\/sucupira\/public\/consultas\/coleta\/trabalhoConclusao\/viewTrabalhoConclusao.jsf?popup=true&amp;id_trabalho=13899135\" target=\"_blank\" rel=\"noreferrer noopener\">Territ\u00f3rios e mem\u00f3rias de uma cartografia acre: a Col\u00f4nia Cinco Mil como um lugar narrado<\/a><\/td><td><a href=\"http:\/\/lattes.cnpq.br\/7471469615043841\">http:\/\/lattes.cnpq.br\/7471469615043841<\/a><\/td><td>Maria de Jesus Morais<\/td><td>18\/10\/2023<\/td><\/tr><tr><td>11<\/td><td>Jorge Fernandes da Silva<\/td><td><a href=\"https:\/\/sucupira-legado.capes.gov.br\/sucupira\/public\/consultas\/coleta\/trabalhoConclusao\/viewTrabalhoConclusao.jsf?popup=true&amp;id_trabalho=14147577\" target=\"_blank\" rel=\"noreferrer noopener\">Sentidos da experi\u00eancia acad\u00eamica de professores(as) em forma\u00e7\u00e3o, atuando em lugares de floresta na Amaz\u00f4nia acreana<\/a><\/td><td><a href=\"http:\/\/lattes.cnpq.br\/4355850211446310\">http:\/\/lattes.cnpq.br\/4355850211446310<\/a><\/td><td>Elizabeth Miranda de Lima<\/td><td>03\/11\/2023<\/td><\/tr><tr><td>12<\/td><td>Tayson Ribeiro Teles<\/td><td><a href=\"https:\/\/sucupira-legado.capes.gov.br\/sucupira\/public\/consultas\/coleta\/trabalhoConclusao\/viewTrabalhoConclusao.jsf?popup=true&amp;id_trabalho=14431999\" target=\"_blank\" rel=\"noreferrer noopener\">Uma an\u00e1lise dial\u00f3gica do discurso pedag\u00f3gico institucional do Instituto Federal do Acre e o caso do curr\u00edculo da \u00e1rea de Economia do Campus Tarauac\u00e1<\/a><\/td><td><a href=\"http:\/\/lattes.cnpq.br\/3272508883742018\">http:\/\/lattes.cnpq.br\/3272508883742018<\/a><\/td><td>Juciane dos Santos Cavalheiro<\/td><td>01\/02\/2024<\/td><\/tr><tr><td>13<\/td><td>Marcelo Zaboetzki<\/td><td><a href=\"https:\/\/sucupira-legado.capes.gov.br\/sucupira\/public\/consultas\/coleta\/trabalhoConclusao\/viewTrabalhoConclusao.jsf?popup=true&amp;id_trabalho=15167003\" target=\"_blank\" rel=\"noreferrer noopener\">A Saga da Estrada de Ferro Madeira-Mamor\u00e9 e as Representa\u00e7\u00f5es Amaz\u00f4nicas: Vozes e Silenciamentos nos Relatos de Ernesto Matoso Maia Forte e Frank Kravigny<\/a><\/td><td><a href=\"http:\/\/lattes.cnpq.br\/2728444954208144\">http:\/\/lattes.cnpq.br\/2728444954208144<\/a><\/td><td>Simone Cordeiro Oliveira Pinheiro<\/td><td>08\/02\/2024<\/td><\/tr><tr><td>14<\/td><td>Let\u00edcia Porto Ribeiro<\/td><td><a href=\"https:\/\/sucupira-legado.capes.gov.br\/sucupira\/public\/consultas\/coleta\/trabalhoConclusao\/viewTrabalhoConclusao.jsf?popup=true&amp;id_trabalho=15166984\" target=\"_blank\" rel=\"noreferrer noopener\">Sonoridades po\u00e9ticas em repert\u00f3rios de resist\u00eancia: can\u00e7\u00f5es e protesto na Am\u00e9rica Latina<\/a><\/td><td><a href=\"http:\/\/lattes.cnpq.br\/3406045989701679\">http:\/\/lattes.cnpq.br\/3406045989701679<\/a><\/td><td>Marcello Messina<\/td><td>22\/02\/2024<\/td><\/tr><tr><td>15<\/td><td>Adriana Alves de Lima<\/td><td><a href=\"https:\/\/sucupira-legado.capes.gov.br\/sucupira\/public\/consultas\/coleta\/trabalhoConclusao\/viewTrabalhoConclusao.jsf?popup=true&amp;id_trabalho=15166758\" target=\"_blank\" rel=\"noreferrer noopener\">Tempos passados presente: mem\u00f3ria de professoras da Amaz\u00f4nia acreana<\/a><\/td><td><a href=\"http:\/\/lattes.cnpq.br\/1089782908019561\">http:\/\/lattes.cnpq.br\/1089782908019561<\/a><\/td><td>Gerson Rodrigues de Albuquerque<\/td><td>07\/03\/2024<\/td><\/tr><tr><td>16<\/td><td>Adel Malek Hanna<\/td><td><a href=\"https:\/\/sucupira-legado.capes.gov.br\/sucupira\/public\/consultas\/coleta\/trabalhoConclusao\/viewTrabalhoConclusao.jsf?popup=true&amp;id_trabalho=15166728\" target=\"_blank\" rel=\"noreferrer noopener\">Explorando Espa\u00e7os, Formas de olhar e a Vida Cotidiana na Amaz\u00f4nia: Uma An\u00e1lise de E Deus Chorou Sobre o Rio, de Elizabeth Azize, e Dois Irm\u00e3os, de Milton Hatoum<\/a><\/td><td><a href=\"http:\/\/lattes.cnpq.br\/7132485257463070\">http:\/\/lattes.cnpq.br\/7132485257463070<\/a><\/td><td>Francisco Aquinei Tim\u00f3teo Queir\u00f3s<\/td><td>11\/04\/2024<\/td><\/tr><tr><td>17<\/td><td>Luiz Eduardo Guedes Concei\u00e7\u00e3o<\/td><td><a href=\"https:\/\/sucupira-legado.capes.gov.br\/sucupira\/public\/consultas\/coleta\/trabalhoConclusao\/viewTrabalhoConclusao.jsf?popup=true&amp;id_trabalho=15166735\" target=\"_blank\" rel=\"noreferrer noopener\">O letramento digital de um professor de l\u00edngua inglesa: um estudo (auto)biogr\u00e1fico<\/a><\/td><td><a href=\"http:\/\/lattes.cnpq.br\/5193187462988092\">http:\/\/lattes.cnpq.br\/5193187462988092<\/a><\/td><td>Francielle Maria Modesto Mendes<\/td><td>25\/04\/2024<\/td><\/tr><tr><td>18<\/td><td>Jannice Moraes de Oliveira Cavalcante<\/td><td><a href=\"https:\/\/sucupira-legado.capes.gov.br\/sucupira\/public\/consultas\/coleta\/trabalhoConclusao\/viewTrabalhoConclusao.jsf?popup=true&amp;id_trabalho=15398134\" target=\"_blank\" rel=\"noreferrer noopener\">A PRODU\u00c7\u00c3O DE SENTIDOS EM AMBIENTES FORMATIVOS DO POVO NOKE KO\u1fd6: plurilinguismos, interculturalidades e identidades em perspectiva por profissionais ind\u00edgenas e n\u00e3o ind\u00edgenas da educa\u00e7\u00e3o<\/a><\/td><td><a href=\"http:\/\/lattes.cnpq.br\/5061612766029834\">http:\/\/lattes.cnpq.br\/5061612766029834<\/a><\/td><td>Shelton Lima de Souza<\/td><td>26\/08\/2024<\/td><\/tr><tr><td>19 <\/td><td>Nagila Maria Silva Oliveira<\/td><td><a href=\"https:\/\/sucupira-legado.capes.gov.br\/sucupira\/public\/consultas\/coleta\/trabalhoConclusao\/viewTrabalhoConclusao.jsf?popup=true&amp;id_trabalho=15750220\" target=\"_blank\" rel=\"noreferrer noopener\">(Auto)biografia educativa: tessituras da forma\u00e7\u00e3o lingu\u00edstica de uma professora alfabetizadora<\/a><\/td><td><a href=\"http:\/\/lattes.cnpq.br\/3689932209118748\">http:\/\/lattes.cnpq.br\/3689932209118748<\/a><\/td><td>Paula Tatiana da Silva Antunes<\/td><td>30\/09\/2024<\/td><\/tr><tr><td>20<\/td><td>Carlos Davis Barroso de Oliveira J\u00fanior<\/td><td><a href=\"https:\/\/sucupira-legado.capes.gov.br\/sucupira\/public\/consultas\/coleta\/trabalhoConclusao\/viewTrabalhoConclusao.jsf?popup=true&amp;id_trabalho=16703948\" target=\"_blank\" rel=\"noreferrer noopener\">(EFEITOS DE) SENTIDOS SOBRE O GESTO DE TRADU\u00c7\u00c3O: O SUJEITO-TRADUTOR-AUTOR-AMAZ\u00d4NICO<\/a><\/td><td><a href=\"http:\/\/lattes.cnpq.br\/1172751276979097\">http:\/\/lattes.cnpq.br\/1172751276979097<\/a><\/td><td>Elderson Melo Miranda<\/td><td>01\/11\/2024<\/td><\/tr><tr><td>21<\/td><td>Pabla Alexandre Pinheiro da Silva<\/td><td><a href=\"https:\/\/sucupira-legado.capes.gov.br\/sucupira\/public\/consultas\/coleta\/trabalhoConclusao\/viewTrabalhoConclusao.jsf?popup=true&amp;id_trabalho=15916767\" target=\"_blank\" rel=\"noreferrer noopener\">Narrativas de um trabalho invis\u00edvel: a condi\u00e7\u00e3o e o trabalho docente das professoras e dos professores de l\u00edngua portuguesa em tempos de pandemia<\/a><\/td><td><a href=\"http:\/\/lattes.cnpq.br\/7410114252359235\">http:\/\/lattes.cnpq.br\/7410114252359235<\/a><\/td><td>Elizabeth Miranda de Lima<\/td><td>26\/11\/2024<\/td><\/tr><tr><td>22<\/td><td>Aline Kieling Juliano Honorato Santos<\/td><td><a href=\"https:\/\/sucupira-legado.capes.gov.br\/sucupira\/public\/consultas\/coleta\/trabalhoConclusao\/viewTrabalhoConclusao.jsf?popup=true&amp;id_trabalho=15916590\" target=\"_blank\" rel=\"noreferrer noopener\">Tradu\u00e7\u00f5es canibais nas metamorVozes Pano: enfoque nos TCC do Curso de Licenciatura Ind\u00edgena da Universidade Federal do Acre, campus Floresta<\/a><\/td><td><a href=\"http:\/\/lattes.cnpq.br\/8538704564185190\">http:\/\/lattes.cnpq.br\/8538704564185190<\/a><\/td><td>Paula Tatiana da Silva Antunes<\/td><td>02\/12\/2024<\/td><\/tr><tr><td>23<\/td><td>Suerda Mara Monteiro Vital<\/td><td><a href=\"https:\/\/sucupira-legado.capes.gov.br\/sucupira\/public\/consultas\/coleta\/trabalhoConclusao\/viewTrabalhoConclusao.jsf?popup=true&amp;id_trabalho=15916323\" target=\"_blank\" rel=\"noreferrer noopener\">Desconstru\u00e7\u00e3o de monumentos de tinta: a dimens\u00e3o feminina como subvers\u00e3o pol\u00edtica ao horror, \u00e0 viol\u00eancia e ao sil\u00eancio em espa\u00e7os\/tempos latino-americanos<\/a><\/td><td><a href=\"http:\/\/lattes.cnpq.br\/5887909228055013\">http:\/\/lattes.cnpq.br\/5887909228055013<\/a><\/td><td>Gerson Rodrigues de Albuquerque<\/td><td>17\/12\/2024<\/td><\/tr><\/tbody><\/table><\/figure>\n\n\n\n<p class=\"wp-block-paragraph\"><\/p>","protected":false},"excerpt":{"rendered":"<p>2022-2024 N\u00ba NOME T\u00cdTULO DO TRABALHO CURR\u00cdCULO LATTES ORIENTADOR(A) DATA DEFESA 1 Raildo Brito Barbosa Narrativas cantadas: an\u00e1lise dos discursos de um sen\u00e1rio de can\u00e7\u00f5es do Festival Acreano de M\u00fasica Popular \u2013 FAMP <a href=\"http:\/\/lattes.cnpq.br\/8730476396651865\" rel=\"nofollow\">http:\/\/lattes.cnpq.br\/8730476396651865<\/a> Francisco Bento da Silva 15\/12\/2022 2<\/p>","protected":false},"author":65883018,"featured_media":0,"parent":0,"menu_order":0,"comment_status":"closed","ping_status":"closed","template":"","meta":{"_coblocks_attr":"","_coblocks_dimensions":"","_coblocks_responsive_height":"","_coblocks_accordion_ie_support":"","_crdt_document":"","advanced_seo_description":"","jetpack_seo_html_title":"","jetpack_seo_noindex":false,"footnotes":""},"class_list":["post-10369","page","type-page","status-publish","hentry"],"jetpack_likes_enabled":false,"jetpack_sharing_enabled":true,"jetpack_shortlink":"https:\/\/wp.me\/P4Na16-2Hf","amp_enabled":true,"_links":{"self":[{"href":"https:\/\/posletrasufac.com\/en\/wp-json\/wp\/v2\/pages\/10369","targetHints":{"allow":["GET"]}}],"collection":[{"href":"https:\/\/posletrasufac.com\/en\/wp-json\/wp\/v2\/pages"}],"about":[{"href":"https:\/\/posletrasufac.com\/en\/wp-json\/wp\/v2\/types\/page"}],"author":[{"embeddable":true,"href":"https:\/\/posletrasufac.com\/en\/wp-json\/wp\/v2\/users\/65883018"}],"replies":[{"embeddable":true,"href":"https:\/\/posletrasufac.com\/en\/wp-json\/wp\/v2\/comments?post=10369"}],"version-history":[{"count":26,"href":"https:\/\/posletrasufac.com\/en\/wp-json\/wp\/v2\/pages\/10369\/revisions"}],"predecessor-version":[{"id":15337,"href":"https:\/\/posletrasufac.com\/en\/wp-json\/wp\/v2\/pages\/10369\/revisions\/15337"}],"wp:attachment":[{"href":"https:\/\/posletrasufac.com\/en\/wp-json\/wp\/v2\/media?parent=10369"}],"curies":[{"name":"wp","href":"https:\/\/api.w.org\/{rel}","templated":true}]}}